{"id":391,"date":"2023-01-26T19:49:59","date_gmt":"2023-01-26T19:49:59","guid":{"rendered":"https:\/\/srmadeira.oet.pt\/wordpress\/?page_id=391"},"modified":"2023-06-01T09:04:11","modified_gmt":"2023-06-01T08:04:11","slug":"publicacoes-na-imprensa","status":"publish","type":"page","link":"https:\/\/srmadeira.oet.pt\/wordpress\/publicacoes-na-imprensa\/","title":{"rendered":"Congressos, Encontros, Jornadas, Publica\u00e7\u00f5es"},"content":{"rendered":"\n<div class=\"wp-block-uagb-tabs uagb-block-700609ff uagb-tabs__wrap uagb-tabs__hstyle1-desktop uagb-tabs__vstyle6-tablet uagb-tabs__stack1-mobile\" data-tab-active=\"0\"><ul class=\"uagb-tabs__panel uagb-tabs__align-center\" role=\"tablist\"><li class=\"uagb-tab uagb-tabs__active\" role=\"none\"><a href=\"#uagb-tabs__tab0\" class=\"uagb-tabs-list uagb-tabs__icon-position-left\" data-tab=\"0\" role=\"tab\"><span class=\"uagb-tabs__icon\"><svg xmlns=\"https:\/\/www.w3.org\/2000\/svg\" viewBox=\"0 0 384 512\"><path d=\"M256 0v128h128L256 0zM224 128L224 0H48C21.49 0 0 21.49 0 48v416C0 490.5 21.49 512 48 512h288c26.51 0 48-21.49 48-48V160h-127.1C238.3 160 224 145.7 224 128zM64 72C64 67.63 67.63 64 72 64h80C156.4 64 160 67.63 160 72v16C160 92.38 156.4 96 152 96h-80C67.63 96 64 92.38 64 88V72zM64 136C64 131.6 67.63 128 72 128h80C156.4 128 160 131.6 160 136v16C160 156.4 156.4 160 152 160h-80C67.63 160 64 156.4 64 152V136zM304 384c8.875 0 16 7.125 16 16S312.9 416 304 416h-47.25c-16.38 0-31.25-9.125-38.63-23.88c-2.875-5.875-8-6.5-10.12-6.5s-7.25 .625-10 6.125l-7.75 15.38C187.6 412.6 181.1 416 176 416H174.9c-6.5-.5-12-4.75-14-11L144 354.6L133.4 386.5C127.5 404.1 111 416 92.38 416H80C71.13 416 64 408.9 64 400S71.13 384 80 384h12.38c4.875 0 9.125-3.125 10.62-7.625l18.25-54.63C124.5 311.9 133.6 305.3 144 305.3s19.5 6.625 22.75 16.5l13.88 41.63c19.75-16.25 54.13-9.75 66 14.12c2 4 6 6.5 10.12 6.5H304z\"><\/path><\/svg><\/span>Congressos<\/a><\/li><li class=\"uagb-tab \" role=\"none\"><a href=\"#uagb-tabs__tab1\" class=\"uagb-tabs-list uagb-tabs__icon-position-left\" data-tab=\"1\" role=\"tab\"><span class=\"uagb-tabs__icon\"><svg xmlns=\"https:\/\/www.w3.org\/2000\/svg\" viewBox=\"0 0 384 512\"><path d=\"M256 0v128h128L256 0zM224 128L224 0H48C21.49 0 0 21.49 0 48v416C0 490.5 21.49 512 48 512h288c26.51 0 48-21.49 48-48V160h-127.1C238.3 160 224 145.7 224 128zM64 72C64 67.63 67.63 64 72 64h80C156.4 64 160 67.63 160 72v16C160 92.38 156.4 96 152 96h-80C67.63 96 64 92.38 64 88V72zM64 136C64 131.6 67.63 128 72 128h80C156.4 128 160 131.6 160 136v16C160 156.4 156.4 160 152 160h-80C67.63 160 64 156.4 64 152V136zM304 384c8.875 0 16 7.125 16 16S312.9 416 304 416h-47.25c-16.38 0-31.25-9.125-38.63-23.88c-2.875-5.875-8-6.5-10.12-6.5s-7.25 .625-10 6.125l-7.75 15.38C187.6 412.6 181.1 416 176 416H174.9c-6.5-.5-12-4.75-14-11L144 354.6L133.4 386.5C127.5 404.1 111 416 92.38 416H80C71.13 416 64 408.9 64 400S71.13 384 80 384h12.38c4.875 0 9.125-3.125 10.62-7.625l18.25-54.63C124.5 311.9 133.6 305.3 144 305.3s19.5 6.625 22.75 16.5l13.88 41.63c19.75-16.25 54.13-9.75 66 14.12c2 4 6 6.5 10.12 6.5H304z\"><\/path><\/svg><\/span>Eventos &#8211; at\u00e9 2022<\/a><\/li><li class=\"uagb-tab \" role=\"none\"><a href=\"#uagb-tabs__tab2\" class=\"uagb-tabs-list uagb-tabs__icon-position-left\" data-tab=\"2\" role=\"tab\"><span class=\"uagb-tabs__icon\"><svg xmlns=\"https:\/\/www.w3.org\/2000\/svg\" viewBox=\"0 0 384 512\"><path d=\"M256 0v128h128L256 0zM224 128L224 0H48C21.49 0 0 21.49 0 48v416C0 490.5 21.49 512 48 512h288c26.51 0 48-21.49 48-48V160h-127.1C238.3 160 224 145.7 224 128zM64 72C64 67.63 67.63 64 72 64h80C156.4 64 160 67.63 160 72v16C160 92.38 156.4 96 152 96h-80C67.63 96 64 92.38 64 88V72zM64 136C64 131.6 67.63 128 72 128h80C156.4 128 160 131.6 160 136v16C160 156.4 156.4 160 152 160h-80C67.63 160 64 156.4 64 152V136zM304 384c8.875 0 16 7.125 16 16S312.9 416 304 416h-47.25c-16.38 0-31.25-9.125-38.63-23.88c-2.875-5.875-8-6.5-10.12-6.5s-7.25 .625-10 6.125l-7.75 15.38C187.6 412.6 181.1 416 176 416H174.9c-6.5-.5-12-4.75-14-11L144 354.6L133.4 386.5C127.5 404.1 111 416 92.38 416H80C71.13 416 64 408.9 64 400S71.13 384 80 384h12.38c4.875 0 9.125-3.125 10.62-7.625l18.25-54.63C124.5 311.9 133.6 305.3 144 305.3s19.5 6.625 22.75 16.5l13.88 41.63c19.75-16.25 54.13-9.75 66 14.12c2 4 6 6.5 10.12 6.5H304z\"><\/path><\/svg><\/span>DN-2021<\/a><\/li><li class=\"uagb-tab \" role=\"none\"><a href=\"#uagb-tabs__tab3\" class=\"uagb-tabs-list uagb-tabs__icon-position-left\" data-tab=\"3\" role=\"tab\"><span class=\"uagb-tabs__icon\"><svg xmlns=\"https:\/\/www.w3.org\/2000\/svg\" viewBox=\"0 0 384 512\"><path d=\"M256 0v128h128L256 0zM224 128L224 0H48C21.49 0 0 21.49 0 48v416C0 490.5 21.49 512 48 512h288c26.51 0 48-21.49 48-48V160h-127.1C238.3 160 224 145.7 224 128zM64 72C64 67.63 67.63 64 72 64h80C156.4 64 160 67.63 160 72v16C160 92.38 156.4 96 152 96h-80C67.63 96 64 92.38 64 88V72zM64 136C64 131.6 67.63 128 72 128h80C156.4 128 160 131.6 160 136v16C160 156.4 156.4 160 152 160h-80C67.63 160 64 156.4 64 152V136zM304 384c8.875 0 16 7.125 16 16S312.9 416 304 416h-47.25c-16.38 0-31.25-9.125-38.63-23.88c-2.875-5.875-8-6.5-10.12-6.5s-7.25 .625-10 6.125l-7.75 15.38C187.6 412.6 181.1 416 176 416H174.9c-6.5-.5-12-4.75-14-11L144 354.6L133.4 386.5C127.5 404.1 111 416 92.38 416H80C71.13 416 64 408.9 64 400S71.13 384 80 384h12.38c4.875 0 9.125-3.125 10.62-7.625l18.25-54.63C124.5 311.9 133.6 305.3 144 305.3s19.5 6.625 22.75 16.5l13.88 41.63c19.75-16.25 54.13-9.75 66 14.12c2 4 6 6.5 10.12 6.5H304z\"><\/path><\/svg><\/span>DN-2022<\/a><\/li><li class=\"uagb-tab \" role=\"none\"><a href=\"#uagb-tabs__tab4\" class=\"uagb-tabs-list uagb-tabs__icon-position-left\" data-tab=\"4\" role=\"tab\"><span class=\"uagb-tabs__icon\"><svg xmlns=\"https:\/\/www.w3.org\/2000\/svg\" viewBox=\"0 0 384 512\"><path d=\"M256 0v128h128L256 0zM224 128L224 0H48C21.49 0 0 21.49 0 48v416C0 490.5 21.49 512 48 512h288c26.51 0 48-21.49 48-48V160h-127.1C238.3 160 224 145.7 224 128zM64 72C64 67.63 67.63 64 72 64h80C156.4 64 160 67.63 160 72v16C160 92.38 156.4 96 152 96h-80C67.63 96 64 92.38 64 88V72zM64 136C64 131.6 67.63 128 72 128h80C156.4 128 160 131.6 160 136v16C160 156.4 156.4 160 152 160h-80C67.63 160 64 156.4 64 152V136zM304 384c8.875 0 16 7.125 16 16S312.9 416 304 416h-47.25c-16.38 0-31.25-9.125-38.63-23.88c-2.875-5.875-8-6.5-10.12-6.5s-7.25 .625-10 6.125l-7.75 15.38C187.6 412.6 181.1 416 176 416H174.9c-6.5-.5-12-4.75-14-11L144 354.6L133.4 386.5C127.5 404.1 111 416 92.38 416H80C71.13 416 64 408.9 64 400S71.13 384 80 384h12.38c4.875 0 9.125-3.125 10.62-7.625l18.25-54.63C124.5 311.9 133.6 305.3 144 305.3s19.5 6.625 22.75 16.5l13.88 41.63c19.75-16.25 54.13-9.75 66 14.12c2 4 6 6.5 10.12 6.5H304z\"><\/path><\/svg><\/span>JM-Diversos<\/a><\/li><li class=\"uagb-tab \" role=\"none\"><a href=\"#uagb-tabs__tab5\" class=\"uagb-tabs-list uagb-tabs__icon-position-left\" data-tab=\"5\" role=\"tab\"><span class=\"uagb-tabs__icon\"><svg xmlns=\"https:\/\/www.w3.org\/2000\/svg\" viewBox=\"0 0 384 512\"><path d=\"M256 0v128h128L256 0zM224 128L224 0H48C21.49 0 0 21.49 0 48v416C0 490.5 21.49 512 48 512h288c26.51 0 48-21.49 48-48V160h-127.1C238.3 160 224 145.7 224 128zM64 72C64 67.63 67.63 64 72 64h80C156.4 64 160 67.63 160 72v16C160 92.38 156.4 96 152 96h-80C67.63 96 64 92.38 64 88V72zM64 136C64 131.6 67.63 128 72 128h80C156.4 128 160 131.6 160 136v16C160 156.4 156.4 160 152 160h-80C67.63 160 64 156.4 64 152V136zM304 384c8.875 0 16 7.125 16 16S312.9 416 304 416h-47.25c-16.38 0-31.25-9.125-38.63-23.88c-2.875-5.875-8-6.5-10.12-6.5s-7.25 .625-10 6.125l-7.75 15.38C187.6 412.6 181.1 416 176 416H174.9c-6.5-.5-12-4.75-14-11L144 354.6L133.4 386.5C127.5 404.1 111 416 92.38 416H80C71.13 416 64 408.9 64 400S71.13 384 80 384h12.38c4.875 0 9.125-3.125 10.62-7.625l18.25-54.63C124.5 311.9 133.6 305.3 144 305.3s19.5 6.625 22.75 16.5l13.88 41.63c19.75-16.25 54.13-9.75 66 14.12c2 4 6 6.5 10.12 6.5H304z\"><\/path><\/svg><\/span>DN-Diversos<\/a><\/li><li class=\"uagb-tab \" role=\"none\"><a href=\"#uagb-tabs__tab6\" class=\"uagb-tabs-list uagb-tabs__icon-position-left\" data-tab=\"6\" role=\"tab\"><span class=\"uagb-tabs__icon\"><svg xmlns=\"https:\/\/www.w3.org\/2000\/svg\" viewBox=\"0 0 384 512\"><path d=\"M256 0v128h128L256 0zM224 128L224 0H48C21.49 0 0 21.49 0 48v416C0 490.5 21.49 512 48 512h288c26.51 0 48-21.49 48-48V160h-127.1C238.3 160 224 145.7 224 128zM64 72C64 67.63 67.63 64 72 64h80C156.4 64 160 67.63 160 72v16C160 92.38 156.4 96 152 96h-80C67.63 96 64 92.38 64 88V72zM64 136C64 131.6 67.63 128 72 128h80C156.4 128 160 131.6 160 136v16C160 156.4 156.4 160 152 160h-80C67.63 160 64 156.4 64 152V136zM304 384c8.875 0 16 7.125 16 16S312.9 416 304 416h-47.25c-16.38 0-31.25-9.125-38.63-23.88c-2.875-5.875-8-6.5-10.12-6.5s-7.25 .625-10 6.125l-7.75 15.38C187.6 412.6 181.1 416 176 416H174.9c-6.5-.5-12-4.75-14-11L144 354.6L133.4 386.5C127.5 404.1 111 416 92.38 416H80C71.13 416 64 408.9 64 400S71.13 384 80 384h12.38c4.875 0 9.125-3.125 10.62-7.625l18.25-54.63C124.5 311.9 133.6 305.3 144 305.3s19.5 6.625 22.75 16.5l13.88 41.63c19.75-16.25 54.13-9.75 66 14.12c2 4 6 6.5 10.12 6.5H304z\"><\/path><\/svg><\/span>Suplementos<\/a><\/li><\/ul><div class=\"uagb-tabs__body-wrap\">\n<div class=\"wp-block-uagb-tabs-child uagb-tabs__body-container uagb-inner-tab-0\" aria-labelledby=\"uagb-tabs__tab0\">\n<p class=\"has-luminous-vivid-amber-background-color has-background has-medium-font-size\"> <strong>Jornadas Insulares da Engenharia &#8211; 2\u00aa Parte Porto Santo 27 Junho 2023<\/strong><\/p>\n\n\n\n<div class=\"wp-block-columns is-layout-flex wp-container-core-columns-is-layout-28f84493 wp-block-columns-is-layout-flex\">\n<div class=\"wp-block-column is-layout-flow wp-block-column-is-layout-flow\">\n<div class=\"wp-block-uagb-image uagb-block-dea8a7e8 wp-block-uagb-image--layout-default wp-block-uagb-image--effect-static wp-block-uagb-image--align-none\"><figure class=\"wp-block-uagb-image__figure\"><img decoding=\"async\" srcset=\"https:\/\/srmadeira.oet.pt\/wordpress\/wp-content\/uploads\/2023\/05\/Cartaz-Jornadas-Insulares-de-Engenharia-724x1024.jpg \" sizes=\"auto, (max-width: 480px) 150px\" src=\"https:\/\/srmadeira.oet.pt\/wordpress\/wp-content\/uploads\/2023\/05\/Cartaz-Jornadas-Insulares-de-Engenharia-724x1024.jpg\" alt=\"\" class=\"uag-image-1770\" width=\"724\" height=\"1024\" title=\"\" loading=\"lazy\"\/><\/figure><\/div>\n<\/div>\n\n\n\n<div class=\"wp-block-column is-layout-flow wp-block-column-is-layout-flow\">\n<p><a rel=\"noreferrer noopener\" href=\"https:\/\/sites.google.com\/view\/jornadas-insulares-engenharia\/porto-santo\/fotos\" target=\"_blank\">Link Fotos<\/a><\/p>\n\n\n\n<p>\u00a0<a rel=\"noreferrer noopener\" href=\"https:\/\/sites.google.com\/view\/jornadas-insulares-engenharia\/porto-santo\/transmiss%C3%A3o-televisiva-jie\" target=\"_blank\">Link V\u00eddeos<\/a><\/p>\n\n\n\n<p>\u00a0<a rel=\"noreferrer noopener\" href=\"https:\/\/sites.google.com\/view\/jornadas-insulares-engenharia\/porto-santo\/not%C3%ADcias\" target=\"_blank\">Link Noticias<\/a><\/p>\n\n\n\n<p>\u00a0<a rel=\"noreferrer noopener\" href=\"https:\/\/sites.google.com\/view\/jornadas-insulares-engenharia\/porto-santo\/oradores\" target=\"_blank\">Link Oradores<\/a><\/p>\n<\/div>\n<\/div>\n\n\n\n<p class=\"has-pale-cyan-blue-background-color has-background has-medium-font-size\"> <strong>1\u00ba Congresso Internacional de Engenharia da Madeira, Ponta do Sol. Set-2022<\/strong><\/p>\n\n\n\n<div class=\"wp-block-columns is-layout-flex wp-container-core-columns-is-layout-28f84493 wp-block-columns-is-layout-flex\">\n<div class=\"wp-block-column is-layout-flow wp-block-column-is-layout-flow\" style=\"flex-basis:33.33%\">\n<div class=\"wp-block-uagb-image uagb-block-e27a79f0 wp-block-uagb-image--layout-default wp-block-uagb-image--effect-static wp-block-uagb-image--align-none\"><figure class=\"wp-block-uagb-image__figure\"><img decoding=\"async\" srcset=\"https:\/\/srmadeira.oet.pt\/wordpress\/wp-content\/uploads\/2023\/02\/CartazFINALCongressoInternaional-1-723x1024.jpg \" sizes=\"auto, (max-width: 480px) 150px\" src=\"https:\/\/srmadeira.oet.pt\/wordpress\/wp-content\/uploads\/2023\/02\/CartazFINALCongressoInternaional-1-723x1024.jpg\" alt=\"\" class=\"uag-image-727\" width=\"723\" height=\"1024\" title=\"\" loading=\"lazy\"\/><\/figure><\/div>\n<\/div>\n\n\n\n<div class=\"wp-block-column is-layout-flow wp-block-column-is-layout-flow\" style=\"flex-basis:66.66%\">\n\n<\/div>\n<\/div>\n\n\n\n<div class=\"wp-block-columns is-layout-flex wp-container-core-columns-is-layout-28f84493 wp-block-columns-is-layout-flex\"><\/div>\n\n\n\n\n\n\n\n<p class=\"has-ast-global-color-6-background-color has-background has-medium-font-size\"><strong><a href=\"https:\/\/srmadeira.oet.pt\/publicacoes\/DN\/Diario Noticias p\u00e1gi10-150922.pdf\" target=\"_blank\" rel=\"noreferrer noopener\">Engenheiros reclamam valoriza\u00e7\u00e3o &#8211; Pedro Fino presidiu \u00e0 abertura do Congresso que decorreu na Ponta do Sol.<\/a><\/strong><\/p>\n\n\n\n\n\n\n\n<p class=\"has-ast-global-color-6-background-color has-background has-medium-font-size\"><a rel=\"noreferrer noopener\" href=\"https:\/\/srmadeira.oet.pt\/publicacoes\/JM\/JM-20220915a.pdf\" target=\"_blank\"><strong>Protagonista &#8211; Jos\u00e9 Costa GilPRESIDENTE DA OET NA MADEIRA<\/strong><\/a><\/p>\n\n\n\n\n\n\n\n<h4 class=\"wp-block-heading has-ast-global-color-6-background-color has-background\"><a rel=\"noreferrer noopener\" href=\"https:\/\/srmadeira.oet.pt\/publicacoes\/JM\/JM-20220915.pdf\" target=\"_blank\">Engenheiros reclamam sal\u00e1rios mais altos no in\u00edcio de carreira <\/a><\/h4>\n\n\n\n<h4 class=\"wp-block-heading has-ast-global-color-6-background-color has-background\"><a rel=\"noreferrer noopener\" href=\"https:\/\/srmadeira.oet.pt\/publicacoes\/JM\/JM-20220915.pdf\" target=\"_blank\">Os delegados concelhios e os Coordenadores Regionais das Especialidades da OET tomaram posse<\/a><\/h4>\n\n\n\n<p><\/p>\n\n\n\n\n\n\n\n<div class=\"wp-block-uagb-advanced-heading uagb-block-eef21427\"><h2 class=\"uagb-heading-text\"><a rel=\"noreferrer noopener\" href=\"https:\/\/naminhaterra.com\/live.php?evento=4932\" target=\"_blank\">O EVENTO &#8211; Comp\u00eandio de Especialidades<\/a><br><a href=\"https:\/\/naminhaterra.com\/live.php?evento=4932\" target=\"_blank\" rel=\"noreferrer noopener\">https:\/\/naminhaterra.com\/live.php?evento=4932<\/a><\/h2><\/div>\n\n\n\n<div class=\"wp-block-uagb-image uagb-block-ceccd8ca wp-block-uagb-image--layout-default wp-block-uagb-image--effect-static wp-block-uagb-image--align-none\"><figure class=\"wp-block-uagb-image__figure\"><a class=\"\" href=\"https:\/\/naminhaterra.com\/live.php?evento=4932\" target=\"_blank\" rel=\"noreferrer noopener\"><img decoding=\"async\" srcset=\"https:\/\/srmadeira.oet.pt\/wordpress\/wp-content\/uploads\/2023\/02\/naminhaterra2-1024x776.jpg \" sizes=\"auto, (max-width: 480px) 150px\" src=\"https:\/\/srmadeira.oet.pt\/wordpress\/wp-content\/uploads\/2023\/02\/naminhaterra2-1024x776.jpg\" alt=\"\" class=\"uag-image-731\" width=\"1024\" height=\"776\" title=\"\" loading=\"lazy\"\/><\/a><\/figure><\/div>\n<\/div>\n\n\n\n<div class=\"wp-block-uagb-tabs-child uagb-tabs__body-container uagb-inner-tab-1\" aria-labelledby=\"uagb-tabs__tab1\">\n<p class=\"has-white-color has-ast-global-color-1-background-color has-text-color has-background has-medium-font-size\">Cria\u00e7\u00e3o da Associa\u00e7\u00e3o de Engenharia da Macaron\u00e9sia com a COITTCAN e COIITF 8 Julho 2022<\/p>\n\n\n<style>#jtg-1645 .modula-item .jtg-social a, .lightbox-socials.jtg-social a{ fill: #ffffff; color: #ffffff }#jtg-1645 .modula-item .jtg-social-expandable a, #jtg-1645 .modula-item .jtg-social-expandable-icons a{ fill: #ffffff; color: #ffffff }#jtg-1645 .modula-item .jtg-social svg, .lightbox-socials.jtg-social svg { height: 16px; width: 16px }#jtg-1645 .modula-item .jtg-social-expandable svg { height: 16px; width: 16px }#jtg-1645 .modula-item .jtg-social-expandable-icons svg { height: 16px; width: 16px }#jtg-1645 .modula-item .jtg-social a:not(:last-child), .lightbox-socials.jtg-social a:not(:last-child) { margin-right: 10px }#jtg-1645 .modula-item .jtg-social-expandable-icons { gap: 10px }#jtg-1645 .modula-item .figc {color:#ffffff;}#jtg-1645 .modula-item .modula-item-content { transform: scale(1) }#jtg-1645 .modula-items .figc p.description { font-size:14px; }#jtg-1645 .modula-items .figc p.description { color:#ffffff;}#jtg-1645.modula-gallery .modula-item > a, #jtg-1645.modula-gallery .modula-item, #jtg-1645.modula-gallery .modula-item-content > a:not(.modula-no-follow) { cursor:zoom-in; } #jtg-1645.modula-gallery .modula-item-content .modula-no-follow { cursor: default; } @media screen and (max-width:480px){#jtg-1645 .modula-item .figc .jtg-title {  font-size: 12px; }#jtg-1645 .modula-items .figc p.description { color:#ffffff;font-size:10px; }}<\/style>\n<div  id=\"jtg-1645\" class=\"modula modula-gallery modula-custom-grid modula-is-lazy\" data-config=\"{&quot;height&quot;:0,&quot;tabletHeight&quot;:0,&quot;mobileHeight&quot;:0,&quot;desktopHeight&quot;:0,&quot;enableTwitter&quot;:false,&quot;enableWhatsapp&quot;:false,&quot;enableFacebook&quot;:false,&quot;enablePinterest&quot;:false,&quot;enableLinkedin&quot;:false,&quot;enableEmail&quot;:false,&quot;randomFactor&quot;:0,&quot;type&quot;:&quot;custom-grid&quot;,&quot;columns&quot;:12,&quot;gutter&quot;:10,&quot;mobileGutter&quot;:10,&quot;tabletGutter&quot;:10,&quot;desktopGutter&quot;:10,&quot;enableResponsive&quot;:&quot;0&quot;,&quot;tabletColumns&quot;:&quot;2&quot;,&quot;mobileColumns&quot;:&quot;1&quot;,&quot;lazyLoad&quot;:&quot;1&quot;,&quot;lightboxOpts&quot;:{&quot;animated&quot;:true,&quot;Thumbs&quot;:{&quot;type&quot;:&quot;modern&quot;,&quot;showOnStart&quot;:false},&quot;Toolbar&quot;:{&quot;display&quot;:{&quot;right&quot;:[&quot;close&quot;]},&quot;enabled&quot;:true},&quot;Carousel&quot;:{&quot;Panzoom&quot;:{&quot;touch&quot;:false},&quot;infinite&quot;:false},&quot;keyboard&quot;:{&quot;Escape&quot;:&quot;close&quot;,&quot;Delete&quot;:&quot;close&quot;,&quot;Backspace&quot;:&quot;close&quot;,&quot;PageUp&quot;:false,&quot;PageDown&quot;:false,&quot;ArrowUp&quot;:false,&quot;ArrowDown&quot;:false,&quot;ArrowRight&quot;:false,&quot;ArrowLeft&quot;:false},&quot;touch&quot;:false,&quot;backdropClick&quot;:false,&quot;l10n&quot;:{&quot;CLOSE&quot;:&quot;Close&quot;,&quot;NEXT&quot;:&quot;Next&quot;,&quot;PREV&quot;:&quot;Previous&quot;,&quot;Error&quot;:&quot;The requested content cannot be loaded. Please try again later.&quot;,&quot;PLAY_START&quot;:&quot;Start slideshow&quot;,&quot;PLAY_STOP&quot;:&quot;Pause slideshow&quot;,&quot;FULL_SCREEN&quot;:&quot;Full screen&quot;,&quot;THUMBS&quot;:&quot;Thumbnails&quot;,&quot;DOWNLOAD&quot;:&quot;Download&quot;,&quot;SHARE&quot;:&quot;Share&quot;,&quot;ZOOM&quot;:&quot;Zoom&quot;,&quot;EMAIL&quot;:&quot;Here is the link to the image : %%image_link%% and this is the link to the gallery : %%gallery_link%%&quot;,&quot;MODAL&quot;:&quot;You can close this modal content with the ESC key&quot;,&quot;ERROR&quot;:&quot;Something Went Wrong, Please Try Again Later&quot;,&quot;IMAGE_ERROR&quot;:&quot;Image Not Found&quot;,&quot;ELEMENT_NOT_FOUND&quot;:&quot;HTML Element Not Found&quot;,&quot;AJAX_NOT_FOUND&quot;:&quot;Error Loading AJAX : Not Found&quot;,&quot;AJAX_FORBIDDEN&quot;:&quot;Error Loading AJAX : Forbidden&quot;,&quot;IFRAME_ERROR&quot;:&quot;Error Loading Page&quot;,&quot;TOGGLE_ZOOM&quot;:&quot;Toggle zoom level&quot;,&quot;TOGGLE_THUMBS&quot;:&quot;Toggle thumbnails&quot;,&quot;TOGGLE_SLIDESHOW&quot;:&quot;Toggle slideshow&quot;,&quot;TOGGLE_FULLSCREEN&quot;:&quot;Toggle full-screen mode&quot;},&quot;Images&quot;:{&quot;Panzoom&quot;:{&quot;maxScale&quot;:2}},&quot;mainClass&quot;:&quot;modula-fancybox-container modula-lightbox-jtg-1645&quot;,&quot;Html&quot;:{&quot;videoAutoplay&quot;:0,&quot;videoTpl&quot;:&quot;&lt;video class=\\&quot;fancybox__html5video\\&quot; controls muted playsinline controlsList controlsList=\\&quot;nodownload\\&quot; poster=\\&quot;{{poster}}\\&quot; src=\\&quot;{{src}}\\&quot; type=\\&quot;{{format}}\\&quot; &gt;  Sorry, your browser doesn&#039;t support embedded videos, &lt;a href=\\&quot;{{src}}\\&quot;&gt; download &lt;\\\/a&gt; and watch with your favorite video player! &lt;\\\/video&gt;&quot;}},&quot;inView&quot;:false,&quot;email_subject&quot;:&quot;Check out this awesome image !!&quot;,&quot;email_message&quot;:&quot;Here is the link to the image : %%image_link%% and this is the link to the gallery : %%gallery_link%%&quot;,&quot;lightbox&quot;:&quot;fancybox&quot;}\">\n\n\t\n\t<div  class=\"modula-items\">\n\t\t<div class=\"modula-item effect-pufrobo\" data-width=\"2\" data-height=\"2\" >\n\t<div class=\"modula-item-overlay\"><\/div>\n\n\t<div class=\"modula-item-content\">\n\n\t\t\t\t\n\t\t\t\t\t<a data-image-id=\"1646\" tabindex=\"0\" rel=\"jtg-1645\" data-caption=\"\" aria-label=\"Open image in lightbox\" role=\"button\" class=\"tile-inner modula-item-link\"><\/a>\n\t\t\n\t\t<img class=\"pic wp-image-1646 lazyload\"  data-valign=\"middle\" data-halign=\"center\" alt=\"\" data-full=\"https:\/\/srmadeira.oet.pt\/wordpress\/wp-content\/uploads\/2023\/02\/20190605_104307_resize35percent.jpg\" title=\"20190605_104307_resize35percent\" width=\"300\" height=\"225\" data-src=\"https:\/\/srmadeira.oet.pt\/wordpress\/wp-content\/uploads\/2023\/02\/20190605_104307_resize35percent-300x225.jpg\" data-caption=\"\" data-source=\"modula\" data-srcset=\"https:\/\/srmadeira.oet.pt\/wordpress\/wp-content\/uploads\/2023\/02\/20190605_104307_resize35percent.jpg 1142w, https:\/\/srmadeira.oet.pt\/wordpress\/wp-content\/uploads\/2023\/02\/20190605_104307_resize35percent-300x225.jpg 300w, https:\/\/srmadeira.oet.pt\/wordpress\/wp-content\/uploads\/2023\/02\/20190605_104307_resize35percent-1024x768.jpg 1024w, https:\/\/srmadeira.oet.pt\/wordpress\/wp-content\/uploads\/2023\/02\/20190605_104307_resize35percent-768x576.jpg 768w\" data-sizes=\"(max-width: 300px) 100vw, 300px\" \/>\n\t\t<div class=\"figc no-description\">\n\t\t\t<div class=\"figc-inner\">\n\t\t\t\t\t\t\t\t\t\t\t\t\t\t\t<\/div>\n\t\t<\/div>\n\n\t<\/div>\n\n<\/div><div class=\"modula-item effect-pufrobo\" data-width=\"2\" data-height=\"2\" >\n\t<div class=\"modula-item-overlay\"><\/div>\n\n\t<div class=\"modula-item-content\">\n\n\t\t\t\t\n\t\t\t\t\t<a data-image-id=\"1647\" tabindex=\"0\" rel=\"jtg-1645\" data-caption=\"\" aria-label=\"Open image in lightbox\" role=\"button\" class=\"tile-inner modula-item-link\"><\/a>\n\t\t\n\t\t<img class=\"pic wp-image-1647 lazyload\"  data-valign=\"middle\" data-halign=\"center\" alt=\"\" data-full=\"https:\/\/srmadeira.oet.pt\/wordpress\/wp-content\/uploads\/2023\/02\/20190605_122547_resize35percent.jpg\" title=\"20190605_122547_resize35percent\" width=\"300\" height=\"225\" data-src=\"https:\/\/srmadeira.oet.pt\/wordpress\/wp-content\/uploads\/2023\/02\/20190605_122547_resize35percent-300x225.jpg\" data-caption=\"\" data-source=\"modula\" data-srcset=\"https:\/\/srmadeira.oet.pt\/wordpress\/wp-content\/uploads\/2023\/02\/20190605_122547_resize35percent.jpg 1142w, https:\/\/srmadeira.oet.pt\/wordpress\/wp-content\/uploads\/2023\/02\/20190605_122547_resize35percent-300x225.jpg 300w, https:\/\/srmadeira.oet.pt\/wordpress\/wp-content\/uploads\/2023\/02\/20190605_122547_resize35percent-1024x768.jpg 1024w, https:\/\/srmadeira.oet.pt\/wordpress\/wp-content\/uploads\/2023\/02\/20190605_122547_resize35percent-768x576.jpg 768w\" data-sizes=\"(max-width: 300px) 100vw, 300px\" \/>\n\t\t<div class=\"figc no-description\">\n\t\t\t<div class=\"figc-inner\">\n\t\t\t\t\t\t\t\t\t\t\t\t\t\t\t<\/div>\n\t\t<\/div>\n\n\t<\/div>\n\n<\/div><div class=\"modula-item effect-pufrobo\" data-width=\"2\" data-height=\"2\" >\n\t<div class=\"modula-item-overlay\"><\/div>\n\n\t<div class=\"modula-item-content\">\n\n\t\t\t\t\n\t\t\t\t\t<a data-image-id=\"1648\" tabindex=\"0\" rel=\"jtg-1645\" data-caption=\"\" aria-label=\"Open image in lightbox\" role=\"button\" class=\"tile-inner modula-item-link\"><\/a>\n\t\t\n\t\t<img class=\"pic wp-image-1648 lazyload\"  data-valign=\"middle\" data-halign=\"center\" alt=\"\" data-full=\"https:\/\/srmadeira.oet.pt\/wordpress\/wp-content\/uploads\/2023\/02\/IMG_20190606_181922_resize35percent.jpg\" title=\"IMG_20190606_181922_resize35percent\" width=\"300\" height=\"225\" data-src=\"https:\/\/srmadeira.oet.pt\/wordpress\/wp-content\/uploads\/2023\/02\/IMG_20190606_181922_resize35percent-300x225.jpg\" data-caption=\"\" data-source=\"modula\" data-srcset=\"https:\/\/srmadeira.oet.pt\/wordpress\/wp-content\/uploads\/2023\/02\/IMG_20190606_181922_resize35percent.jpg 1456w, https:\/\/srmadeira.oet.pt\/wordpress\/wp-content\/uploads\/2023\/02\/IMG_20190606_181922_resize35percent-300x225.jpg 300w, https:\/\/srmadeira.oet.pt\/wordpress\/wp-content\/uploads\/2023\/02\/IMG_20190606_181922_resize35percent-1024x768.jpg 1024w, https:\/\/srmadeira.oet.pt\/wordpress\/wp-content\/uploads\/2023\/02\/IMG_20190606_181922_resize35percent-768x576.jpg 768w\" data-sizes=\"(max-width: 300px) 100vw, 300px\" \/>\n\t\t<div class=\"figc no-description\">\n\t\t\t<div class=\"figc-inner\">\n\t\t\t\t\t\t\t\t\t\t\t\t\t\t\t<\/div>\n\t\t<\/div>\n\n\t<\/div>\n\n<\/div><div class=\"modula-item effect-pufrobo\" data-width=\"2\" data-height=\"2\" >\n\t<div class=\"modula-item-overlay\"><\/div>\n\n\t<div class=\"modula-item-content\">\n\n\t\t\t\t\n\t\t\t\t\t<a data-image-id=\"1649\" tabindex=\"0\" rel=\"jtg-1645\" data-caption=\"\" aria-label=\"Open image in lightbox\" role=\"button\" class=\"tile-inner modula-item-link\"><\/a>\n\t\t\n\t\t<img class=\"pic wp-image-1649 lazyload\"  data-valign=\"middle\" data-halign=\"center\" alt=\"\" data-full=\"https:\/\/srmadeira.oet.pt\/wordpress\/wp-content\/uploads\/2023\/02\/COIIT_02.jpg\" title=\"COIIT_02\" width=\"300\" height=\"200\" data-src=\"https:\/\/srmadeira.oet.pt\/wordpress\/wp-content\/uploads\/2023\/02\/COIIT_02-300x200.jpg\" data-caption=\"\" data-source=\"modula\" data-srcset=\"https:\/\/srmadeira.oet.pt\/wordpress\/wp-content\/uploads\/2023\/02\/COIIT_02.jpg 1800w, https:\/\/srmadeira.oet.pt\/wordpress\/wp-content\/uploads\/2023\/02\/COIIT_02-300x200.jpg 300w, https:\/\/srmadeira.oet.pt\/wordpress\/wp-content\/uploads\/2023\/02\/COIIT_02-1024x683.jpg 1024w, https:\/\/srmadeira.oet.pt\/wordpress\/wp-content\/uploads\/2023\/02\/COIIT_02-768x512.jpg 768w, https:\/\/srmadeira.oet.pt\/wordpress\/wp-content\/uploads\/2023\/02\/COIIT_02-1536x1024.jpg 1536w\" data-sizes=\"(max-width: 300px) 100vw, 300px\" \/>\n\t\t<div class=\"figc no-description\">\n\t\t\t<div class=\"figc-inner\">\n\t\t\t\t\t\t\t\t\t\t\t\t\t\t\t<\/div>\n\t\t<\/div>\n\n\t<\/div>\n\n<\/div>\t\t\n\t<\/div>\n\n\t\n\t\n\t<script type=\"application\/ld+json\">\n\t{\n\t\t\"@context\": \"http:\/\/schema.org\",\n\t\t\"@type\"   : \"ImageGallery\",\n\t\t\"id\"      : \"https:\/\/srmadeira.oet.pt\/wordpress\/publicacoes-na-imprensa\/\",\n\t\t\"url\"     : \"https:\/\/srmadeira.oet.pt\/wordpress\/publicacoes-na-imprensa\/\"\n\t}\n\n\t<\/script>\n\n\t\n<\/div>\n\n\n\n<p class=\"has-white-color has-ast-global-color-1-background-color has-text-color has-background\"><strong>Encontro Nacional dos Engenheiros de Seguran\u00e7a do Trabalho, que se realizou na cidade de Vila Velha, no Brasil<\/strong>  <strong>Mar\u00e7o  2022<\/strong><\/p>\n\n\n\n<div class=\"wp-block-columns is-layout-flex wp-container-core-columns-is-layout-28f84493 wp-block-columns-is-layout-flex\">\n<div class=\"wp-block-column is-layout-flow wp-block-column-is-layout-flow\">\n<\/div>\n\n\n\n<div class=\"wp-block-column is-layout-flow wp-block-column-is-layout-flow\">\n<\/div>\n<\/div>\n\n\n\n<div class=\"wp-block-columns is-layout-flex wp-container-core-columns-is-layout-28f84493 wp-block-columns-is-layout-flex\">\n<div class=\"wp-block-column is-layout-flow wp-block-column-is-layout-flow\">\n<\/div>\n\n\n\n<div class=\"wp-block-column is-layout-flow wp-block-column-is-layout-flow\">\n<\/div>\n<\/div>\n\n\n\n<p class=\"has-white-color has-ast-global-color-1-background-color has-text-color has-background has-medium-font-size\">Forma\u00e7\u00e3o Cruz Vermelha Portuguesa 05\/11\/2020.<\/p>\n\n\n<style>#jtg-1711 .modula-item .jtg-social a, .lightbox-socials.jtg-social a{ fill: #ffffff; color: #ffffff }#jtg-1711 .modula-item .jtg-social-expandable a, #jtg-1711 .modula-item .jtg-social-expandable-icons a{ fill: #ffffff; color: #ffffff }#jtg-1711 .modula-item .jtg-social svg, .lightbox-socials.jtg-social svg { height: 16px; width: 16px }#jtg-1711 .modula-item .jtg-social-expandable svg { height: 16px; width: 16px }#jtg-1711 .modula-item .jtg-social-expandable-icons svg { height: 16px; width: 16px }#jtg-1711 .modula-item .jtg-social a:not(:last-child), .lightbox-socials.jtg-social a:not(:last-child) { margin-right: 10px }#jtg-1711 .modula-item .jtg-social-expandable-icons { gap: 10px }#jtg-1711 .modula-item .figc {color:#ffffff;}#jtg-1711 .modula-item .modula-item-content { transform: scale(1) }#jtg-1711 .modula-items .figc p.description { font-size:14px; }#jtg-1711 .modula-items .figc p.description { color:#ffffff;}#jtg-1711.modula-gallery .modula-item > a, #jtg-1711.modula-gallery .modula-item, #jtg-1711.modula-gallery .modula-item-content > a:not(.modula-no-follow) { cursor:zoom-in; } #jtg-1711.modula-gallery .modula-item-content .modula-no-follow { cursor: default; } @media screen and (max-width:480px){#jtg-1711 .modula-item .figc .jtg-title {  font-size: 12px; }#jtg-1711 .modula-items .figc p.description { color:#ffffff;font-size:10px; }}<\/style>\n<div  id=\"jtg-1711\" class=\"modula modula-gallery modula-custom-grid modula-is-lazy\" data-config=\"{&quot;height&quot;:0,&quot;tabletHeight&quot;:0,&quot;mobileHeight&quot;:0,&quot;desktopHeight&quot;:0,&quot;enableTwitter&quot;:false,&quot;enableWhatsapp&quot;:false,&quot;enableFacebook&quot;:false,&quot;enablePinterest&quot;:false,&quot;enableLinkedin&quot;:false,&quot;enableEmail&quot;:false,&quot;randomFactor&quot;:0,&quot;type&quot;:&quot;custom-grid&quot;,&quot;columns&quot;:12,&quot;gutter&quot;:10,&quot;mobileGutter&quot;:10,&quot;tabletGutter&quot;:10,&quot;desktopGutter&quot;:10,&quot;enableResponsive&quot;:&quot;0&quot;,&quot;tabletColumns&quot;:&quot;2&quot;,&quot;mobileColumns&quot;:&quot;1&quot;,&quot;lazyLoad&quot;:&quot;1&quot;,&quot;lightboxOpts&quot;:{&quot;animated&quot;:true,&quot;Thumbs&quot;:{&quot;type&quot;:&quot;modern&quot;,&quot;showOnStart&quot;:false},&quot;Toolbar&quot;:{&quot;display&quot;:{&quot;right&quot;:[&quot;close&quot;]},&quot;enabled&quot;:true},&quot;Carousel&quot;:{&quot;Panzoom&quot;:{&quot;touch&quot;:false},&quot;infinite&quot;:false},&quot;keyboard&quot;:{&quot;Escape&quot;:&quot;close&quot;,&quot;Delete&quot;:&quot;close&quot;,&quot;Backspace&quot;:&quot;close&quot;,&quot;PageUp&quot;:false,&quot;PageDown&quot;:false,&quot;ArrowUp&quot;:false,&quot;ArrowDown&quot;:false,&quot;ArrowRight&quot;:false,&quot;ArrowLeft&quot;:false},&quot;touch&quot;:false,&quot;backdropClick&quot;:false,&quot;l10n&quot;:{&quot;CLOSE&quot;:&quot;Close&quot;,&quot;NEXT&quot;:&quot;Next&quot;,&quot;PREV&quot;:&quot;Previous&quot;,&quot;Error&quot;:&quot;The requested content cannot be loaded. Please try again later.&quot;,&quot;PLAY_START&quot;:&quot;Start slideshow&quot;,&quot;PLAY_STOP&quot;:&quot;Pause slideshow&quot;,&quot;FULL_SCREEN&quot;:&quot;Full screen&quot;,&quot;THUMBS&quot;:&quot;Thumbnails&quot;,&quot;DOWNLOAD&quot;:&quot;Download&quot;,&quot;SHARE&quot;:&quot;Share&quot;,&quot;ZOOM&quot;:&quot;Zoom&quot;,&quot;EMAIL&quot;:&quot;Here is the link to the image : %%image_link%% and this is the link to the gallery : %%gallery_link%%&quot;,&quot;MODAL&quot;:&quot;You can close this modal content with the ESC key&quot;,&quot;ERROR&quot;:&quot;Something Went Wrong, Please Try Again Later&quot;,&quot;IMAGE_ERROR&quot;:&quot;Image Not Found&quot;,&quot;ELEMENT_NOT_FOUND&quot;:&quot;HTML Element Not Found&quot;,&quot;AJAX_NOT_FOUND&quot;:&quot;Error Loading AJAX : Not Found&quot;,&quot;AJAX_FORBIDDEN&quot;:&quot;Error Loading AJAX : Forbidden&quot;,&quot;IFRAME_ERROR&quot;:&quot;Error Loading Page&quot;,&quot;TOGGLE_ZOOM&quot;:&quot;Toggle zoom level&quot;,&quot;TOGGLE_THUMBS&quot;:&quot;Toggle thumbnails&quot;,&quot;TOGGLE_SLIDESHOW&quot;:&quot;Toggle slideshow&quot;,&quot;TOGGLE_FULLSCREEN&quot;:&quot;Toggle full-screen mode&quot;},&quot;Images&quot;:{&quot;Panzoom&quot;:{&quot;maxScale&quot;:2}},&quot;mainClass&quot;:&quot;modula-fancybox-container modula-lightbox-jtg-1711&quot;,&quot;Html&quot;:{&quot;videoAutoplay&quot;:0,&quot;videoTpl&quot;:&quot;&lt;video class=\\&quot;fancybox__html5video\\&quot; controls muted playsinline controlsList controlsList=\\&quot;nodownload\\&quot; poster=\\&quot;{{poster}}\\&quot; src=\\&quot;{{src}}\\&quot; type=\\&quot;{{format}}\\&quot; &gt;  Sorry, your browser doesn&#039;t support embedded videos, &lt;a href=\\&quot;{{src}}\\&quot;&gt; download &lt;\\\/a&gt; and watch with your favorite video player! &lt;\\\/video&gt;&quot;}},&quot;inView&quot;:false,&quot;email_subject&quot;:&quot;Check out this awesome image !!&quot;,&quot;email_message&quot;:&quot;Here is the link to the image : %%image_link%% and this is the link to the gallery : %%gallery_link%%&quot;,&quot;lightbox&quot;:&quot;fancybox&quot;}\">\n\n\t\n\t<div  class=\"modula-items\">\n\t\t<div class=\"modula-item effect-pufrobo\" data-width=\"2\" data-height=\"2\" >\n\t<div class=\"modula-item-overlay\"><\/div>\n\n\t<div class=\"modula-item-content\">\n\n\t\t\t\t\n\t\t\t\t\t<a data-image-id=\"1712\" tabindex=\"0\" rel=\"jtg-1711\" data-caption=\"\" aria-label=\"Open image in lightbox\" role=\"button\" class=\"tile-inner modula-item-link\"><\/a>\n\t\t\n\t\t<img class=\"pic wp-image-1712 lazyload\"  data-valign=\"middle\" data-halign=\"center\" alt=\"\" data-full=\"https:\/\/srmadeira.oet.pt\/wordpress\/wp-content\/uploads\/2023\/02\/IMG_20201105_180617_resize35percent.jpg\" title=\"IMG_20201105_180617_resize35percent\" width=\"300\" height=\"225\" data-src=\"https:\/\/srmadeira.oet.pt\/wordpress\/wp-content\/uploads\/2023\/02\/IMG_20201105_180617_resize35percent-300x225.jpg\" data-caption=\"\" data-source=\"modula\" data-srcset=\"https:\/\/srmadeira.oet.pt\/wordpress\/wp-content\/uploads\/2023\/02\/IMG_20201105_180617_resize35percent-rotated.jpg 1456w, https:\/\/srmadeira.oet.pt\/wordpress\/wp-content\/uploads\/2023\/02\/IMG_20201105_180617_resize35percent-rotated-300x225.jpg 300w, https:\/\/srmadeira.oet.pt\/wordpress\/wp-content\/uploads\/2023\/02\/IMG_20201105_180617_resize35percent-1024x768.jpg 1024w, https:\/\/srmadeira.oet.pt\/wordpress\/wp-content\/uploads\/2023\/02\/IMG_20201105_180617_resize35percent-768x576.jpg 768w\" data-sizes=\"(max-width: 300px) 100vw, 300px\" \/>\n\t\t<div class=\"figc no-description\">\n\t\t\t<div class=\"figc-inner\">\n\t\t\t\t\t\t\t\t\t\t\t\t\t\t\t<\/div>\n\t\t<\/div>\n\n\t<\/div>\n\n<\/div><div class=\"modula-item effect-pufrobo\" data-width=\"2\" data-height=\"2\" >\n\t<div class=\"modula-item-overlay\"><\/div>\n\n\t<div class=\"modula-item-content\">\n\n\t\t\t\t\n\t\t\t\t\t<a data-image-id=\"1713\" tabindex=\"0\" rel=\"jtg-1711\" data-caption=\"\" aria-label=\"Open image in lightbox\" role=\"button\" class=\"tile-inner modula-item-link\"><\/a>\n\t\t\n\t\t<img class=\"pic wp-image-1713 lazyload\"  data-valign=\"middle\" data-halign=\"center\" alt=\"\" data-full=\"https:\/\/srmadeira.oet.pt\/wordpress\/wp-content\/uploads\/2023\/02\/IMG_20201105_211730_resize35percent.jpg\" title=\"IMG_20201105_211730_resize35percent\" width=\"225\" height=\"300\" data-src=\"https:\/\/srmadeira.oet.pt\/wordpress\/wp-content\/uploads\/2023\/02\/IMG_20201105_211730_resize35percent-225x300.jpg\" data-caption=\"\" data-source=\"modula\" data-srcset=\"https:\/\/srmadeira.oet.pt\/wordpress\/wp-content\/uploads\/2023\/02\/IMG_20201105_211730_resize35percent-rotated.jpg 1092w, https:\/\/srmadeira.oet.pt\/wordpress\/wp-content\/uploads\/2023\/02\/IMG_20201105_211730_resize35percent-rotated-225x300.jpg 225w, https:\/\/srmadeira.oet.pt\/wordpress\/wp-content\/uploads\/2023\/02\/IMG_20201105_211730_resize35percent-768x1024.jpg 768w\" data-sizes=\"(max-width: 225px) 100vw, 225px\" \/>\n\t\t<div class=\"figc no-description\">\n\t\t\t<div class=\"figc-inner\">\n\t\t\t\t\t\t\t\t\t\t\t\t\t\t\t<\/div>\n\t\t<\/div>\n\n\t<\/div>\n\n<\/div><div class=\"modula-item effect-pufrobo\" data-width=\"2\" data-height=\"2\" >\n\t<div class=\"modula-item-overlay\"><\/div>\n\n\t<div class=\"modula-item-content\">\n\n\t\t\t\t\n\t\t\t\t\t<a data-image-id=\"1714\" tabindex=\"0\" rel=\"jtg-1711\" data-caption=\"\" aria-label=\"Open image in lightbox\" role=\"button\" class=\"tile-inner modula-item-link\"><\/a>\n\t\t\n\t\t<img class=\"pic wp-image-1714 lazyload\"  data-valign=\"middle\" data-halign=\"center\" alt=\"\" data-full=\"https:\/\/srmadeira.oet.pt\/wordpress\/wp-content\/uploads\/2023\/02\/IMG_20201105_211738_resize35percent.jpg\" title=\"IMG_20201105_211738_resize35percent\" width=\"300\" height=\"225\" data-src=\"https:\/\/srmadeira.oet.pt\/wordpress\/wp-content\/uploads\/2023\/02\/IMG_20201105_211738_resize35percent-300x225.jpg\" data-caption=\"\" data-source=\"modula\" data-srcset=\"https:\/\/srmadeira.oet.pt\/wordpress\/wp-content\/uploads\/2023\/02\/IMG_20201105_211738_resize35percent-rotated.jpg 1456w, https:\/\/srmadeira.oet.pt\/wordpress\/wp-content\/uploads\/2023\/02\/IMG_20201105_211738_resize35percent-rotated-300x225.jpg 300w, https:\/\/srmadeira.oet.pt\/wordpress\/wp-content\/uploads\/2023\/02\/IMG_20201105_211738_resize35percent-1024x768.jpg 1024w, https:\/\/srmadeira.oet.pt\/wordpress\/wp-content\/uploads\/2023\/02\/IMG_20201105_211738_resize35percent-768x576.jpg 768w\" data-sizes=\"(max-width: 300px) 100vw, 300px\" \/>\n\t\t<div class=\"figc no-description\">\n\t\t\t<div class=\"figc-inner\">\n\t\t\t\t\t\t\t\t\t\t\t\t\t\t\t<\/div>\n\t\t<\/div>\n\n\t<\/div>\n\n<\/div>\t\t\n\t<\/div>\n\n\t\n\t\n\t<script type=\"application\/ld+json\">\n\t{\n\t\t\"@context\": \"http:\/\/schema.org\",\n\t\t\"@type\"   : \"ImageGallery\",\n\t\t\"id\"      : \"https:\/\/srmadeira.oet.pt\/wordpress\/publicacoes-na-imprensa\/\",\n\t\t\"url\"     : \"https:\/\/srmadeira.oet.pt\/wordpress\/publicacoes-na-imprensa\/\"\n\t}\n\n\t<\/script>\n\n\t\n<\/div>\n\n\n\n<p class=\"has-white-color has-ast-global-color-1-background-color has-text-color has-background has-medium-font-size\">&nbsp;Jornada t\u00e9cnica de&nbsp; Solu\u00e7\u00f5es de&nbsp;Manuten\u00e7\u00e3o&nbsp; Industrial 17\/09\/2019.<\/p>\n\n\n<style>#jtg-1685 .modula-item .jtg-social a, .lightbox-socials.jtg-social a{ fill: #ffffff; color: #ffffff }#jtg-1685 .modula-item .jtg-social-expandable a, #jtg-1685 .modula-item .jtg-social-expandable-icons a{ fill: #ffffff; color: #ffffff }#jtg-1685 .modula-item .jtg-social svg, .lightbox-socials.jtg-social svg { height: 16px; width: 16px }#jtg-1685 .modula-item .jtg-social-expandable svg { height: 16px; width: 16px }#jtg-1685 .modula-item .jtg-social-expandable-icons svg { height: 16px; width: 16px }#jtg-1685 .modula-item .jtg-social a:not(:last-child), .lightbox-socials.jtg-social a:not(:last-child) { margin-right: 10px }#jtg-1685 .modula-item .jtg-social-expandable-icons { gap: 10px }#jtg-1685 .modula-item .figc {color:#ffffff;}#jtg-1685 .modula-item .modula-item-content { transform: scale(1) }#jtg-1685 .modula-items .figc p.description { font-size:14px; }#jtg-1685 .modula-items .figc p.description { color:#ffffff;}#jtg-1685.modula-gallery .modula-item > a, #jtg-1685.modula-gallery .modula-item, #jtg-1685.modula-gallery .modula-item-content > a:not(.modula-no-follow) { cursor:zoom-in; } #jtg-1685.modula-gallery .modula-item-content .modula-no-follow { cursor: default; } @media screen and (max-width:480px){#jtg-1685 .modula-item .figc .jtg-title {  font-size: 12px; }#jtg-1685 .modula-items .figc p.description { color:#ffffff;font-size:10px; }}<\/style>\n<div  id=\"jtg-1685\" class=\"modula modula-gallery modula-custom-grid modula-is-lazy\" data-config=\"{&quot;height&quot;:0,&quot;tabletHeight&quot;:0,&quot;mobileHeight&quot;:0,&quot;desktopHeight&quot;:0,&quot;enableTwitter&quot;:false,&quot;enableWhatsapp&quot;:false,&quot;enableFacebook&quot;:false,&quot;enablePinterest&quot;:false,&quot;enableLinkedin&quot;:false,&quot;enableEmail&quot;:false,&quot;randomFactor&quot;:0,&quot;type&quot;:&quot;custom-grid&quot;,&quot;columns&quot;:12,&quot;gutter&quot;:10,&quot;mobileGutter&quot;:10,&quot;tabletGutter&quot;:10,&quot;desktopGutter&quot;:10,&quot;enableResponsive&quot;:&quot;0&quot;,&quot;tabletColumns&quot;:&quot;2&quot;,&quot;mobileColumns&quot;:&quot;1&quot;,&quot;lazyLoad&quot;:&quot;1&quot;,&quot;lightboxOpts&quot;:{&quot;animated&quot;:true,&quot;Thumbs&quot;:{&quot;type&quot;:&quot;modern&quot;,&quot;showOnStart&quot;:false},&quot;Toolbar&quot;:{&quot;display&quot;:{&quot;right&quot;:[&quot;close&quot;]},&quot;enabled&quot;:true},&quot;Carousel&quot;:{&quot;Panzoom&quot;:{&quot;touch&quot;:false},&quot;infinite&quot;:false},&quot;keyboard&quot;:{&quot;Escape&quot;:&quot;close&quot;,&quot;Delete&quot;:&quot;close&quot;,&quot;Backspace&quot;:&quot;close&quot;,&quot;PageUp&quot;:false,&quot;PageDown&quot;:false,&quot;ArrowUp&quot;:false,&quot;ArrowDown&quot;:false,&quot;ArrowRight&quot;:false,&quot;ArrowLeft&quot;:false},&quot;touch&quot;:false,&quot;backdropClick&quot;:false,&quot;l10n&quot;:{&quot;CLOSE&quot;:&quot;Close&quot;,&quot;NEXT&quot;:&quot;Next&quot;,&quot;PREV&quot;:&quot;Previous&quot;,&quot;Error&quot;:&quot;The requested content cannot be loaded. Please try again later.&quot;,&quot;PLAY_START&quot;:&quot;Start slideshow&quot;,&quot;PLAY_STOP&quot;:&quot;Pause slideshow&quot;,&quot;FULL_SCREEN&quot;:&quot;Full screen&quot;,&quot;THUMBS&quot;:&quot;Thumbnails&quot;,&quot;DOWNLOAD&quot;:&quot;Download&quot;,&quot;SHARE&quot;:&quot;Share&quot;,&quot;ZOOM&quot;:&quot;Zoom&quot;,&quot;EMAIL&quot;:&quot;Here is the link to the image : %%image_link%% and this is the link to the gallery : %%gallery_link%%&quot;,&quot;MODAL&quot;:&quot;You can close this modal content with the ESC key&quot;,&quot;ERROR&quot;:&quot;Something Went Wrong, Please Try Again Later&quot;,&quot;IMAGE_ERROR&quot;:&quot;Image Not Found&quot;,&quot;ELEMENT_NOT_FOUND&quot;:&quot;HTML Element Not Found&quot;,&quot;AJAX_NOT_FOUND&quot;:&quot;Error Loading AJAX : Not Found&quot;,&quot;AJAX_FORBIDDEN&quot;:&quot;Error Loading AJAX : Forbidden&quot;,&quot;IFRAME_ERROR&quot;:&quot;Error Loading Page&quot;,&quot;TOGGLE_ZOOM&quot;:&quot;Toggle zoom level&quot;,&quot;TOGGLE_THUMBS&quot;:&quot;Toggle thumbnails&quot;,&quot;TOGGLE_SLIDESHOW&quot;:&quot;Toggle slideshow&quot;,&quot;TOGGLE_FULLSCREEN&quot;:&quot;Toggle full-screen mode&quot;},&quot;Images&quot;:{&quot;Panzoom&quot;:{&quot;maxScale&quot;:2}},&quot;mainClass&quot;:&quot;modula-fancybox-container modula-lightbox-jtg-1685&quot;,&quot;Html&quot;:{&quot;videoAutoplay&quot;:0,&quot;videoTpl&quot;:&quot;&lt;video class=\\&quot;fancybox__html5video\\&quot; controls muted playsinline controlsList controlsList=\\&quot;nodownload\\&quot; poster=\\&quot;{{poster}}\\&quot; src=\\&quot;{{src}}\\&quot; type=\\&quot;{{format}}\\&quot; &gt;  Sorry, your browser doesn&#039;t support embedded videos, &lt;a href=\\&quot;{{src}}\\&quot;&gt; download &lt;\\\/a&gt; and watch with your favorite video player! &lt;\\\/video&gt;&quot;}},&quot;inView&quot;:false,&quot;email_subject&quot;:&quot;Check out this awesome image !!&quot;,&quot;email_message&quot;:&quot;Here is the link to the image : %%image_link%% and this is the link to the gallery : %%gallery_link%%&quot;,&quot;lightbox&quot;:&quot;fancybox&quot;}\">\n\n\t\n\t<div  class=\"modula-items\">\n\t\t<div class=\"modula-item effect-pufrobo\" data-width=\"2\" data-height=\"2\" >\n\t<div class=\"modula-item-overlay\"><\/div>\n\n\t<div class=\"modula-item-content\">\n\n\t\t\t\t\n\t\t\t\t\t<a data-image-id=\"1696\" tabindex=\"0\" rel=\"jtg-1685\" data-caption=\"\" aria-label=\"Open image in lightbox\" role=\"button\" class=\"tile-inner modula-item-link\"><\/a>\n\t\t\n\t\t<img class=\"pic wp-image-1696 lazyload\"  data-valign=\"middle\" data-halign=\"center\" alt=\"\" data-full=\"https:\/\/srmadeira.oet.pt\/wordpress\/wp-content\/uploads\/2023\/02\/IMG_20190917_113659-1_resize35percent-1.jpg\" title=\"IMG_20190917_113659 (1)_resize35percent\" width=\"300\" height=\"225\" data-src=\"https:\/\/srmadeira.oet.pt\/wordpress\/wp-content\/uploads\/2023\/02\/IMG_20190917_113659-1_resize35percent-1-300x225.jpg\" data-caption=\"\" data-source=\"modula\" data-srcset=\"https:\/\/srmadeira.oet.pt\/wordpress\/wp-content\/uploads\/2023\/02\/IMG_20190917_113659-1_resize35percent-1-rotated.jpg 1456w, https:\/\/srmadeira.oet.pt\/wordpress\/wp-content\/uploads\/2023\/02\/IMG_20190917_113659-1_resize35percent-1-rotated-300x225.jpg 300w, https:\/\/srmadeira.oet.pt\/wordpress\/wp-content\/uploads\/2023\/02\/IMG_20190917_113659-1_resize35percent-1-1024x768.jpg 1024w, https:\/\/srmadeira.oet.pt\/wordpress\/wp-content\/uploads\/2023\/02\/IMG_20190917_113659-1_resize35percent-1-768x576.jpg 768w\" data-sizes=\"(max-width: 300px) 100vw, 300px\" \/>\n\t\t<div class=\"figc no-description\">\n\t\t\t<div class=\"figc-inner\">\n\t\t\t\t\t\t\t\t\t\t\t\t\t\t\t<\/div>\n\t\t<\/div>\n\n\t<\/div>\n\n<\/div><div class=\"modula-item effect-pufrobo\" data-width=\"2\" data-height=\"2\" >\n\t<div class=\"modula-item-overlay\"><\/div>\n\n\t<div class=\"modula-item-content\">\n\n\t\t\t\t\n\t\t\t\t\t<a data-image-id=\"1697\" tabindex=\"0\" rel=\"jtg-1685\" data-caption=\"\" aria-label=\"Open image in lightbox\" role=\"button\" class=\"tile-inner modula-item-link\"><\/a>\n\t\t\n\t\t<img class=\"pic wp-image-1697 lazyload\"  data-valign=\"middle\" data-halign=\"center\" alt=\"\" data-full=\"https:\/\/srmadeira.oet.pt\/wordpress\/wp-content\/uploads\/2023\/02\/IMG_20190917_113718-1_resize35percent-1.jpg\" title=\"IMG_20190917_113718 (1)_resize35percent\" width=\"300\" height=\"225\" data-src=\"https:\/\/srmadeira.oet.pt\/wordpress\/wp-content\/uploads\/2023\/02\/IMG_20190917_113718-1_resize35percent-1-300x225.jpg\" data-caption=\"\" data-source=\"modula\" data-srcset=\"https:\/\/srmadeira.oet.pt\/wordpress\/wp-content\/uploads\/2023\/02\/IMG_20190917_113718-1_resize35percent-1-rotated.jpg 1456w, https:\/\/srmadeira.oet.pt\/wordpress\/wp-content\/uploads\/2023\/02\/IMG_20190917_113718-1_resize35percent-1-rotated-300x225.jpg 300w, https:\/\/srmadeira.oet.pt\/wordpress\/wp-content\/uploads\/2023\/02\/IMG_20190917_113718-1_resize35percent-1-1024x768.jpg 1024w, https:\/\/srmadeira.oet.pt\/wordpress\/wp-content\/uploads\/2023\/02\/IMG_20190917_113718-1_resize35percent-1-768x576.jpg 768w\" data-sizes=\"(max-width: 300px) 100vw, 300px\" \/>\n\t\t<div class=\"figc no-description\">\n\t\t\t<div class=\"figc-inner\">\n\t\t\t\t\t\t\t\t\t\t\t\t\t\t\t<\/div>\n\t\t<\/div>\n\n\t<\/div>\n\n<\/div><div class=\"modula-item effect-pufrobo\" data-width=\"2\" data-height=\"2\" >\n\t<div class=\"modula-item-overlay\"><\/div>\n\n\t<div class=\"modula-item-content\">\n\n\t\t\t\t\n\t\t\t\t\t<a data-image-id=\"1698\" tabindex=\"0\" rel=\"jtg-1685\" data-caption=\"\" aria-label=\"Open image in lightbox\" role=\"button\" class=\"tile-inner modula-item-link\"><\/a>\n\t\t\n\t\t<img class=\"pic wp-image-1698 lazyload\"  data-valign=\"middle\" data-halign=\"center\" alt=\"\" data-full=\"https:\/\/srmadeira.oet.pt\/wordpress\/wp-content\/uploads\/2023\/02\/IMG_20190917_105622-1_resize35percent-1.jpg\" title=\"IMG_20190917_105622 (1)_resize35percent\" width=\"225\" height=\"300\" data-src=\"https:\/\/srmadeira.oet.pt\/wordpress\/wp-content\/uploads\/2023\/02\/IMG_20190917_105622-1_resize35percent-1-225x300.jpg\" data-caption=\"\" data-source=\"modula\" data-srcset=\"https:\/\/srmadeira.oet.pt\/wordpress\/wp-content\/uploads\/2023\/02\/IMG_20190917_105622-1_resize35percent-1-rotated.jpg 1092w, https:\/\/srmadeira.oet.pt\/wordpress\/wp-content\/uploads\/2023\/02\/IMG_20190917_105622-1_resize35percent-1-rotated-225x300.jpg 225w, https:\/\/srmadeira.oet.pt\/wordpress\/wp-content\/uploads\/2023\/02\/IMG_20190917_105622-1_resize35percent-1-768x1024.jpg 768w\" data-sizes=\"(max-width: 225px) 100vw, 225px\" \/>\n\t\t<div class=\"figc no-description\">\n\t\t\t<div class=\"figc-inner\">\n\t\t\t\t\t\t\t\t\t\t\t\t\t\t\t<\/div>\n\t\t<\/div>\n\n\t<\/div>\n\n<\/div><div class=\"modula-item effect-pufrobo\" data-width=\"2\" data-height=\"2\" >\n\t<div class=\"modula-item-overlay\"><\/div>\n\n\t<div class=\"modula-item-content\">\n\n\t\t\t\t\n\t\t\t\t\t<a data-image-id=\"1699\" tabindex=\"0\" rel=\"jtg-1685\" data-caption=\"\" aria-label=\"Open image in lightbox\" role=\"button\" class=\"tile-inner modula-item-link\"><\/a>\n\t\t\n\t\t<img class=\"pic wp-image-1699 lazyload\"  data-valign=\"middle\" data-halign=\"center\" alt=\"\" data-full=\"https:\/\/srmadeira.oet.pt\/wordpress\/wp-content\/uploads\/2023\/02\/IMG_20190917_105920-1_resize35percent-1.jpg\" title=\"IMG_20190917_105920 (1)_resize35percent\" width=\"300\" height=\"225\" data-src=\"https:\/\/srmadeira.oet.pt\/wordpress\/wp-content\/uploads\/2023\/02\/IMG_20190917_105920-1_resize35percent-1-300x225.jpg\" data-caption=\"\" data-source=\"modula\" data-srcset=\"https:\/\/srmadeira.oet.pt\/wordpress\/wp-content\/uploads\/2023\/02\/IMG_20190917_105920-1_resize35percent-1-rotated.jpg 1456w, https:\/\/srmadeira.oet.pt\/wordpress\/wp-content\/uploads\/2023\/02\/IMG_20190917_105920-1_resize35percent-1-rotated-300x225.jpg 300w, https:\/\/srmadeira.oet.pt\/wordpress\/wp-content\/uploads\/2023\/02\/IMG_20190917_105920-1_resize35percent-1-1024x768.jpg 1024w, https:\/\/srmadeira.oet.pt\/wordpress\/wp-content\/uploads\/2023\/02\/IMG_20190917_105920-1_resize35percent-1-768x576.jpg 768w\" data-sizes=\"(max-width: 300px) 100vw, 300px\" \/>\n\t\t<div class=\"figc no-description\">\n\t\t\t<div class=\"figc-inner\">\n\t\t\t\t\t\t\t\t\t\t\t\t\t\t\t<\/div>\n\t\t<\/div>\n\n\t<\/div>\n\n<\/div><div class=\"modula-item effect-pufrobo\" data-width=\"2\" data-height=\"2\" >\n\t<div class=\"modula-item-overlay\"><\/div>\n\n\t<div class=\"modula-item-content\">\n\n\t\t\t\t\n\t\t\t\t\t<a data-image-id=\"1700\" tabindex=\"0\" rel=\"jtg-1685\" data-caption=\"\" aria-label=\"Open image in lightbox\" role=\"button\" class=\"tile-inner modula-item-link\"><\/a>\n\t\t\n\t\t<img class=\"pic wp-image-1700 lazyload\"  data-valign=\"middle\" data-halign=\"center\" alt=\"\" data-full=\"https:\/\/srmadeira.oet.pt\/wordpress\/wp-content\/uploads\/2023\/02\/IMG_20190917_105929-1_resize35percent-1.jpg\" title=\"IMG_20190917_105929 (1)_resize35percent\" width=\"300\" height=\"225\" data-src=\"https:\/\/srmadeira.oet.pt\/wordpress\/wp-content\/uploads\/2023\/02\/IMG_20190917_105929-1_resize35percent-1-300x225.jpg\" data-caption=\"\" data-source=\"modula\" data-srcset=\"https:\/\/srmadeira.oet.pt\/wordpress\/wp-content\/uploads\/2023\/02\/IMG_20190917_105929-1_resize35percent-1-rotated.jpg 1456w, https:\/\/srmadeira.oet.pt\/wordpress\/wp-content\/uploads\/2023\/02\/IMG_20190917_105929-1_resize35percent-1-rotated-300x225.jpg 300w, https:\/\/srmadeira.oet.pt\/wordpress\/wp-content\/uploads\/2023\/02\/IMG_20190917_105929-1_resize35percent-1-1024x768.jpg 1024w, https:\/\/srmadeira.oet.pt\/wordpress\/wp-content\/uploads\/2023\/02\/IMG_20190917_105929-1_resize35percent-1-768x576.jpg 768w\" data-sizes=\"(max-width: 300px) 100vw, 300px\" \/>\n\t\t<div class=\"figc no-description\">\n\t\t\t<div class=\"figc-inner\">\n\t\t\t\t\t\t\t\t\t\t\t\t\t\t\t<\/div>\n\t\t<\/div>\n\n\t<\/div>\n\n<\/div><div class=\"modula-item effect-pufrobo\" data-width=\"2\" data-height=\"2\" >\n\t<div class=\"modula-item-overlay\"><\/div>\n\n\t<div class=\"modula-item-content\">\n\n\t\t\t\t\n\t\t\t\t\t<a data-image-id=\"1701\" tabindex=\"0\" rel=\"jtg-1685\" data-caption=\"\" aria-label=\"Open image in lightbox\" role=\"button\" class=\"tile-inner modula-item-link\"><\/a>\n\t\t\n\t\t<img class=\"pic wp-image-1701 lazyload\"  data-valign=\"middle\" data-halign=\"center\" alt=\"\" data-full=\"https:\/\/srmadeira.oet.pt\/wordpress\/wp-content\/uploads\/2023\/02\/IMG_20190917_113706_resize35percent-1.jpg\" title=\"IMG_20190917_113706_resize35percent\" width=\"300\" height=\"225\" data-src=\"https:\/\/srmadeira.oet.pt\/wordpress\/wp-content\/uploads\/2023\/02\/IMG_20190917_113706_resize35percent-1-300x225.jpg\" data-caption=\"\" data-source=\"modula\" data-srcset=\"https:\/\/srmadeira.oet.pt\/wordpress\/wp-content\/uploads\/2023\/02\/IMG_20190917_113706_resize35percent-1-rotated.jpg 1456w, https:\/\/srmadeira.oet.pt\/wordpress\/wp-content\/uploads\/2023\/02\/IMG_20190917_113706_resize35percent-1-rotated-300x225.jpg 300w, https:\/\/srmadeira.oet.pt\/wordpress\/wp-content\/uploads\/2023\/02\/IMG_20190917_113706_resize35percent-1-1024x768.jpg 1024w, https:\/\/srmadeira.oet.pt\/wordpress\/wp-content\/uploads\/2023\/02\/IMG_20190917_113706_resize35percent-1-768x576.jpg 768w\" data-sizes=\"(max-width: 300px) 100vw, 300px\" \/>\n\t\t<div class=\"figc no-description\">\n\t\t\t<div class=\"figc-inner\">\n\t\t\t\t\t\t\t\t\t\t\t\t\t\t\t<\/div>\n\t\t<\/div>\n\n\t<\/div>\n\n<\/div><div class=\"modula-item effect-pufrobo\" data-width=\"2\" data-height=\"2\" >\n\t<div class=\"modula-item-overlay\"><\/div>\n\n\t<div class=\"modula-item-content\">\n\n\t\t\t\t\n\t\t\t\t\t<a data-image-id=\"1702\" tabindex=\"0\" rel=\"jtg-1685\" data-caption=\"\" aria-label=\"Open image in lightbox\" role=\"button\" class=\"tile-inner modula-item-link\"><\/a>\n\t\t\n\t\t<img class=\"pic wp-image-1702 lazyload\"  data-valign=\"middle\" data-halign=\"center\" alt=\"\" data-full=\"https:\/\/srmadeira.oet.pt\/wordpress\/wp-content\/uploads\/2023\/02\/IMG_20190917_111406-1_resize35percent-1.jpg\" title=\"IMG_20190917_111406 (1)_resize35percent\" width=\"300\" height=\"225\" data-src=\"https:\/\/srmadeira.oet.pt\/wordpress\/wp-content\/uploads\/2023\/02\/IMG_20190917_111406-1_resize35percent-1-300x225.jpg\" data-caption=\"\" data-source=\"modula\" data-srcset=\"https:\/\/srmadeira.oet.pt\/wordpress\/wp-content\/uploads\/2023\/02\/IMG_20190917_111406-1_resize35percent-1.jpg 1456w, https:\/\/srmadeira.oet.pt\/wordpress\/wp-content\/uploads\/2023\/02\/IMG_20190917_111406-1_resize35percent-1-300x225.jpg 300w, https:\/\/srmadeira.oet.pt\/wordpress\/wp-content\/uploads\/2023\/02\/IMG_20190917_111406-1_resize35percent-1-1024x768.jpg 1024w, https:\/\/srmadeira.oet.pt\/wordpress\/wp-content\/uploads\/2023\/02\/IMG_20190917_111406-1_resize35percent-1-768x576.jpg 768w\" data-sizes=\"(max-width: 300px) 100vw, 300px\" \/>\n\t\t<div class=\"figc no-description\">\n\t\t\t<div class=\"figc-inner\">\n\t\t\t\t\t\t\t\t\t\t\t\t\t\t\t<\/div>\n\t\t<\/div>\n\n\t<\/div>\n\n<\/div><div class=\"modula-item effect-pufrobo\" data-width=\"2\" data-height=\"2\" >\n\t<div class=\"modula-item-overlay\"><\/div>\n\n\t<div class=\"modula-item-content\">\n\n\t\t\t\t\n\t\t\t\t\t<a data-image-id=\"1703\" tabindex=\"0\" rel=\"jtg-1685\" data-caption=\"\" aria-label=\"Open image in lightbox\" role=\"button\" class=\"tile-inner modula-item-link\"><\/a>\n\t\t\n\t\t<img class=\"pic wp-image-1703 lazyload\"  data-valign=\"middle\" data-halign=\"center\" alt=\"\" data-full=\"https:\/\/srmadeira.oet.pt\/wordpress\/wp-content\/uploads\/2023\/02\/IMG_20190917_164456-1_resize35percent-1.jpg\" title=\"IMG_20190917_164456 (1)_resize35percent\" width=\"300\" height=\"225\" data-src=\"https:\/\/srmadeira.oet.pt\/wordpress\/wp-content\/uploads\/2023\/02\/IMG_20190917_164456-1_resize35percent-1-300x225.jpg\" data-caption=\"\" data-source=\"modula\" data-srcset=\"https:\/\/srmadeira.oet.pt\/wordpress\/wp-content\/uploads\/2023\/02\/IMG_20190917_164456-1_resize35percent-1.jpg 1456w, https:\/\/srmadeira.oet.pt\/wordpress\/wp-content\/uploads\/2023\/02\/IMG_20190917_164456-1_resize35percent-1-300x225.jpg 300w, https:\/\/srmadeira.oet.pt\/wordpress\/wp-content\/uploads\/2023\/02\/IMG_20190917_164456-1_resize35percent-1-1024x768.jpg 1024w, https:\/\/srmadeira.oet.pt\/wordpress\/wp-content\/uploads\/2023\/02\/IMG_20190917_164456-1_resize35percent-1-768x576.jpg 768w\" data-sizes=\"(max-width: 300px) 100vw, 300px\" \/>\n\t\t<div class=\"figc no-description\">\n\t\t\t<div class=\"figc-inner\">\n\t\t\t\t\t\t\t\t\t\t\t\t\t\t\t<\/div>\n\t\t<\/div>\n\n\t<\/div>\n\n<\/div><div class=\"modula-item effect-pufrobo\" data-width=\"2\" data-height=\"2\" >\n\t<div class=\"modula-item-overlay\"><\/div>\n\n\t<div class=\"modula-item-content\">\n\n\t\t\t\t\n\t\t\t\t\t<a data-image-id=\"1704\" tabindex=\"0\" rel=\"jtg-1685\" data-caption=\"\" aria-label=\"Open image in lightbox\" role=\"button\" class=\"tile-inner modula-item-link\"><\/a>\n\t\t\n\t\t<img class=\"pic wp-image-1704 lazyload\"  data-valign=\"middle\" data-halign=\"center\" alt=\"\" data-full=\"https:\/\/srmadeira.oet.pt\/wordpress\/wp-content\/uploads\/2023\/02\/IMG_20190917_164635_resize35percent-1.jpg\" title=\"IMG_20190917_164635_resize35percent\" width=\"300\" height=\"225\" data-src=\"https:\/\/srmadeira.oet.pt\/wordpress\/wp-content\/uploads\/2023\/02\/IMG_20190917_164635_resize35percent-1-300x225.jpg\" data-caption=\"\" data-source=\"modula\" data-srcset=\"https:\/\/srmadeira.oet.pt\/wordpress\/wp-content\/uploads\/2023\/02\/IMG_20190917_164635_resize35percent-1.jpg 1456w, https:\/\/srmadeira.oet.pt\/wordpress\/wp-content\/uploads\/2023\/02\/IMG_20190917_164635_resize35percent-1-300x225.jpg 300w, https:\/\/srmadeira.oet.pt\/wordpress\/wp-content\/uploads\/2023\/02\/IMG_20190917_164635_resize35percent-1-1024x768.jpg 1024w, https:\/\/srmadeira.oet.pt\/wordpress\/wp-content\/uploads\/2023\/02\/IMG_20190917_164635_resize35percent-1-768x576.jpg 768w\" data-sizes=\"(max-width: 300px) 100vw, 300px\" \/>\n\t\t<div class=\"figc no-description\">\n\t\t\t<div class=\"figc-inner\">\n\t\t\t\t\t\t\t\t\t\t\t\t\t\t\t<\/div>\n\t\t<\/div>\n\n\t<\/div>\n\n<\/div><div class=\"modula-item effect-pufrobo\" data-width=\"2\" data-height=\"2\" >\n\t<div class=\"modula-item-overlay\"><\/div>\n\n\t<div class=\"modula-item-content\">\n\n\t\t\t\t\n\t\t\t\t\t<a data-image-id=\"1705\" tabindex=\"0\" rel=\"jtg-1685\" data-caption=\"\" aria-label=\"Open image in lightbox\" role=\"button\" class=\"tile-inner modula-item-link\"><\/a>\n\t\t\n\t\t<img class=\"pic wp-image-1705 lazyload\"  data-valign=\"middle\" data-halign=\"center\" alt=\"\" data-full=\"https:\/\/srmadeira.oet.pt\/wordpress\/wp-content\/uploads\/2023\/02\/IMG_20190917_164614_resize35percent-1.jpg\" title=\"IMG_20190917_164614_resize35percent\" width=\"300\" height=\"225\" data-src=\"https:\/\/srmadeira.oet.pt\/wordpress\/wp-content\/uploads\/2023\/02\/IMG_20190917_164614_resize35percent-1-300x225.jpg\" data-caption=\"\" data-source=\"modula\" data-srcset=\"https:\/\/srmadeira.oet.pt\/wordpress\/wp-content\/uploads\/2023\/02\/IMG_20190917_164614_resize35percent-1.jpg 1456w, https:\/\/srmadeira.oet.pt\/wordpress\/wp-content\/uploads\/2023\/02\/IMG_20190917_164614_resize35percent-1-300x225.jpg 300w, https:\/\/srmadeira.oet.pt\/wordpress\/wp-content\/uploads\/2023\/02\/IMG_20190917_164614_resize35percent-1-1024x768.jpg 1024w, https:\/\/srmadeira.oet.pt\/wordpress\/wp-content\/uploads\/2023\/02\/IMG_20190917_164614_resize35percent-1-768x576.jpg 768w\" data-sizes=\"(max-width: 300px) 100vw, 300px\" \/>\n\t\t<div class=\"figc no-description\">\n\t\t\t<div class=\"figc-inner\">\n\t\t\t\t\t\t\t\t\t\t\t\t\t\t\t<\/div>\n\t\t<\/div>\n\n\t<\/div>\n\n<\/div>\t\t\n\t<\/div>\n\n\t\n\t\n\t<script type=\"application\/ld+json\">\n\t{\n\t\t\"@context\": \"http:\/\/schema.org\",\n\t\t\"@type\"   : \"ImageGallery\",\n\t\t\"id\"      : \"https:\/\/srmadeira.oet.pt\/wordpress\/publicacoes-na-imprensa\/\",\n\t\t\"url\"     : \"https:\/\/srmadeira.oet.pt\/wordpress\/publicacoes-na-imprensa\/\"\n\t}\n\n\t<\/script>\n\n\t\n<\/div>\n\n\n\n<p class=\"has-white-color has-ast-global-color-1-background-color has-text-color has-background has-medium-font-size\">&nbsp;Dia Nacional do Engenheiro T\u00e9cnico no Convento de S\u00e3o Francisco, em Coimbra a 07\/09\/2019<\/p>\n\n\n<style>#jtg-1663 .modula-item .jtg-social a, .lightbox-socials.jtg-social a{ fill: #ffffff; color: #ffffff }#jtg-1663 .modula-item .jtg-social-expandable a, #jtg-1663 .modula-item .jtg-social-expandable-icons a{ fill: #ffffff; color: #ffffff }#jtg-1663 .modula-item .jtg-social svg, .lightbox-socials.jtg-social svg { height: 16px; width: 16px }#jtg-1663 .modula-item .jtg-social-expandable svg { height: 16px; width: 16px }#jtg-1663 .modula-item .jtg-social-expandable-icons svg { height: 16px; width: 16px }#jtg-1663 .modula-item .jtg-social a:not(:last-child), .lightbox-socials.jtg-social a:not(:last-child) { margin-right: 10px }#jtg-1663 .modula-item .jtg-social-expandable-icons { gap: 10px }#jtg-1663 .modula-item .figc {color:#ffffff;}#jtg-1663 .modula-item .modula-item-content { transform: scale(1) }#jtg-1663 .modula-items .figc p.description { font-size:14px; }#jtg-1663 .modula-items .figc p.description { color:#ffffff;}#jtg-1663.modula-gallery .modula-item > a, #jtg-1663.modula-gallery .modula-item, #jtg-1663.modula-gallery .modula-item-content > a:not(.modula-no-follow) { cursor:zoom-in; } #jtg-1663.modula-gallery .modula-item-content .modula-no-follow { cursor: default; } @media screen and (max-width:480px){#jtg-1663 .modula-item .figc .jtg-title {  font-size: 12px; }#jtg-1663 .modula-items .figc p.description { color:#ffffff;font-size:10px; }}<\/style>\n<div  id=\"jtg-1663\" class=\"modula modula-gallery modula-custom-grid modula-is-lazy\" data-config=\"{&quot;height&quot;:0,&quot;tabletHeight&quot;:0,&quot;mobileHeight&quot;:0,&quot;desktopHeight&quot;:0,&quot;enableTwitter&quot;:false,&quot;enableWhatsapp&quot;:false,&quot;enableFacebook&quot;:false,&quot;enablePinterest&quot;:false,&quot;enableLinkedin&quot;:false,&quot;enableEmail&quot;:false,&quot;randomFactor&quot;:0,&quot;type&quot;:&quot;custom-grid&quot;,&quot;columns&quot;:12,&quot;gutter&quot;:10,&quot;mobileGutter&quot;:10,&quot;tabletGutter&quot;:10,&quot;desktopGutter&quot;:10,&quot;enableResponsive&quot;:&quot;0&quot;,&quot;tabletColumns&quot;:&quot;2&quot;,&quot;mobileColumns&quot;:&quot;1&quot;,&quot;lazyLoad&quot;:&quot;1&quot;,&quot;lightboxOpts&quot;:{&quot;animated&quot;:true,&quot;Thumbs&quot;:{&quot;type&quot;:&quot;modern&quot;,&quot;showOnStart&quot;:false},&quot;Toolbar&quot;:{&quot;display&quot;:{&quot;right&quot;:[&quot;close&quot;]},&quot;enabled&quot;:true},&quot;Carousel&quot;:{&quot;Panzoom&quot;:{&quot;touch&quot;:false},&quot;infinite&quot;:false},&quot;keyboard&quot;:{&quot;Escape&quot;:&quot;close&quot;,&quot;Delete&quot;:&quot;close&quot;,&quot;Backspace&quot;:&quot;close&quot;,&quot;PageUp&quot;:false,&quot;PageDown&quot;:false,&quot;ArrowUp&quot;:false,&quot;ArrowDown&quot;:false,&quot;ArrowRight&quot;:false,&quot;ArrowLeft&quot;:false},&quot;touch&quot;:false,&quot;backdropClick&quot;:false,&quot;l10n&quot;:{&quot;CLOSE&quot;:&quot;Close&quot;,&quot;NEXT&quot;:&quot;Next&quot;,&quot;PREV&quot;:&quot;Previous&quot;,&quot;Error&quot;:&quot;The requested content cannot be loaded. Please try again later.&quot;,&quot;PLAY_START&quot;:&quot;Start slideshow&quot;,&quot;PLAY_STOP&quot;:&quot;Pause slideshow&quot;,&quot;FULL_SCREEN&quot;:&quot;Full screen&quot;,&quot;THUMBS&quot;:&quot;Thumbnails&quot;,&quot;DOWNLOAD&quot;:&quot;Download&quot;,&quot;SHARE&quot;:&quot;Share&quot;,&quot;ZOOM&quot;:&quot;Zoom&quot;,&quot;EMAIL&quot;:&quot;Here is the link to the image : %%image_link%% and this is the link to the gallery : %%gallery_link%%&quot;,&quot;MODAL&quot;:&quot;You can close this modal content with the ESC key&quot;,&quot;ERROR&quot;:&quot;Something Went Wrong, Please Try Again Later&quot;,&quot;IMAGE_ERROR&quot;:&quot;Image Not Found&quot;,&quot;ELEMENT_NOT_FOUND&quot;:&quot;HTML Element Not Found&quot;,&quot;AJAX_NOT_FOUND&quot;:&quot;Error Loading AJAX : Not Found&quot;,&quot;AJAX_FORBIDDEN&quot;:&quot;Error Loading AJAX : Forbidden&quot;,&quot;IFRAME_ERROR&quot;:&quot;Error Loading Page&quot;,&quot;TOGGLE_ZOOM&quot;:&quot;Toggle zoom level&quot;,&quot;TOGGLE_THUMBS&quot;:&quot;Toggle thumbnails&quot;,&quot;TOGGLE_SLIDESHOW&quot;:&quot;Toggle slideshow&quot;,&quot;TOGGLE_FULLSCREEN&quot;:&quot;Toggle full-screen mode&quot;},&quot;Images&quot;:{&quot;Panzoom&quot;:{&quot;maxScale&quot;:2}},&quot;mainClass&quot;:&quot;modula-fancybox-container modula-lightbox-jtg-1663&quot;,&quot;Html&quot;:{&quot;videoAutoplay&quot;:0,&quot;videoTpl&quot;:&quot;&lt;video class=\\&quot;fancybox__html5video\\&quot; controls muted playsinline controlsList controlsList=\\&quot;nodownload\\&quot; poster=\\&quot;{{poster}}\\&quot; src=\\&quot;{{src}}\\&quot; type=\\&quot;{{format}}\\&quot; &gt;  Sorry, your browser doesn&#039;t support embedded videos, &lt;a href=\\&quot;{{src}}\\&quot;&gt; download &lt;\\\/a&gt; and watch with your favorite video player! &lt;\\\/video&gt;&quot;}},&quot;inView&quot;:false,&quot;email_subject&quot;:&quot;Check out this awesome image !!&quot;,&quot;email_message&quot;:&quot;Here is the link to the image : %%image_link%% and this is the link to the gallery : %%gallery_link%%&quot;,&quot;lightbox&quot;:&quot;fancybox&quot;}\">\n\n\t\n\t<div  class=\"modula-items\">\n\t\t<div class=\"modula-item effect-pufrobo\" data-width=\"2\" data-height=\"2\" >\n\t<div class=\"modula-item-overlay\"><\/div>\n\n\t<div class=\"modula-item-content\">\n\n\t\t\t\t\n\t\t\t\t\t<a data-image-id=\"1664\" tabindex=\"0\" rel=\"jtg-1663\" data-caption=\"\" aria-label=\"Open image in lightbox\" role=\"button\" class=\"tile-inner modula-item-link\"><\/a>\n\t\t\n\t\t<img class=\"pic wp-image-1664 lazyload\"  data-valign=\"middle\" data-halign=\"center\" alt=\"\" data-full=\"https:\/\/srmadeira.oet.pt\/wordpress\/wp-content\/uploads\/2023\/02\/DSC09707_resize35percent.jpg\" title=\"DSC09707_resize35percent\" width=\"300\" height=\"225\" data-src=\"https:\/\/srmadeira.oet.pt\/wordpress\/wp-content\/uploads\/2023\/02\/DSC09707_resize35percent-300x225.jpg\" data-caption=\"\" data-source=\"modula\" data-srcset=\"https:\/\/srmadeira.oet.pt\/wordpress\/wp-content\/uploads\/2023\/02\/DSC09707_resize35percent.jpg 907w, https:\/\/srmadeira.oet.pt\/wordpress\/wp-content\/uploads\/2023\/02\/DSC09707_resize35percent-300x225.jpg 300w, https:\/\/srmadeira.oet.pt\/wordpress\/wp-content\/uploads\/2023\/02\/DSC09707_resize35percent-768x576.jpg 768w\" data-sizes=\"(max-width: 300px) 100vw, 300px\" \/>\n\t\t<div class=\"figc no-description\">\n\t\t\t<div class=\"figc-inner\">\n\t\t\t\t\t\t\t\t\t\t\t\t\t\t\t<\/div>\n\t\t<\/div>\n\n\t<\/div>\n\n<\/div><div class=\"modula-item effect-pufrobo\" data-width=\"2\" data-height=\"2\" >\n\t<div class=\"modula-item-overlay\"><\/div>\n\n\t<div class=\"modula-item-content\">\n\n\t\t\t\t\n\t\t\t\t\t<a data-image-id=\"1665\" tabindex=\"0\" rel=\"jtg-1663\" data-caption=\"\" aria-label=\"Open image in lightbox\" role=\"button\" class=\"tile-inner modula-item-link\"><\/a>\n\t\t\n\t\t<img class=\"pic wp-image-1665 lazyload\"  data-valign=\"middle\" data-halign=\"center\" alt=\"\" data-full=\"https:\/\/srmadeira.oet.pt\/wordpress\/wp-content\/uploads\/2023\/02\/DSC09714_resize35percent.jpg\" title=\"DSC09714_resize35percent\" width=\"300\" height=\"225\" data-src=\"https:\/\/srmadeira.oet.pt\/wordpress\/wp-content\/uploads\/2023\/02\/DSC09714_resize35percent-300x225.jpg\" data-caption=\"\" data-source=\"modula\" data-srcset=\"https:\/\/srmadeira.oet.pt\/wordpress\/wp-content\/uploads\/2023\/02\/DSC09714_resize35percent.jpg 907w, https:\/\/srmadeira.oet.pt\/wordpress\/wp-content\/uploads\/2023\/02\/DSC09714_resize35percent-300x225.jpg 300w, https:\/\/srmadeira.oet.pt\/wordpress\/wp-content\/uploads\/2023\/02\/DSC09714_resize35percent-768x576.jpg 768w\" data-sizes=\"(max-width: 300px) 100vw, 300px\" \/>\n\t\t<div class=\"figc no-description\">\n\t\t\t<div class=\"figc-inner\">\n\t\t\t\t\t\t\t\t\t\t\t\t\t\t\t<\/div>\n\t\t<\/div>\n\n\t<\/div>\n\n<\/div><div class=\"modula-item effect-pufrobo\" data-width=\"2\" data-height=\"2\" >\n\t<div class=\"modula-item-overlay\"><\/div>\n\n\t<div class=\"modula-item-content\">\n\n\t\t\t\t\n\t\t\t\t\t<a data-image-id=\"1666\" tabindex=\"0\" rel=\"jtg-1663\" data-caption=\"\" aria-label=\"Open image in lightbox\" role=\"button\" class=\"tile-inner modula-item-link\"><\/a>\n\t\t\n\t\t<img class=\"pic wp-image-1666 lazyload\"  data-valign=\"middle\" data-halign=\"center\" alt=\"\" data-full=\"https:\/\/srmadeira.oet.pt\/wordpress\/wp-content\/uploads\/2023\/02\/DSC097171_resize35percent.jpg\" title=\"DSC09717(1)_resize35percent\" width=\"300\" height=\"225\" data-src=\"https:\/\/srmadeira.oet.pt\/wordpress\/wp-content\/uploads\/2023\/02\/DSC097171_resize35percent-300x225.jpg\" data-caption=\"\" data-source=\"modula\" data-srcset=\"https:\/\/srmadeira.oet.pt\/wordpress\/wp-content\/uploads\/2023\/02\/DSC097171_resize35percent.jpg 907w, https:\/\/srmadeira.oet.pt\/wordpress\/wp-content\/uploads\/2023\/02\/DSC097171_resize35percent-300x225.jpg 300w, https:\/\/srmadeira.oet.pt\/wordpress\/wp-content\/uploads\/2023\/02\/DSC097171_resize35percent-768x576.jpg 768w\" data-sizes=\"(max-width: 300px) 100vw, 300px\" \/>\n\t\t<div class=\"figc no-description\">\n\t\t\t<div class=\"figc-inner\">\n\t\t\t\t\t\t\t\t\t\t\t\t\t\t\t<\/div>\n\t\t<\/div>\n\n\t<\/div>\n\n<\/div><div class=\"modula-item effect-pufrobo\" data-width=\"2\" data-height=\"2\" >\n\t<div class=\"modula-item-overlay\"><\/div>\n\n\t<div class=\"modula-item-content\">\n\n\t\t\t\t\n\t\t\t\t\t<a data-image-id=\"1667\" tabindex=\"0\" rel=\"jtg-1663\" data-caption=\"\" aria-label=\"Open image in lightbox\" role=\"button\" class=\"tile-inner modula-item-link\"><\/a>\n\t\t\n\t\t<img class=\"pic wp-image-1667 lazyload\"  data-valign=\"middle\" data-halign=\"center\" alt=\"\" data-full=\"https:\/\/srmadeira.oet.pt\/wordpress\/wp-content\/uploads\/2023\/02\/IMG_20190907_091535_resize35percent.jpg\" title=\"IMG_20190907_091535_resize35percent\" width=\"300\" height=\"225\" data-src=\"https:\/\/srmadeira.oet.pt\/wordpress\/wp-content\/uploads\/2023\/02\/IMG_20190907_091535_resize35percent-300x225.jpg\" data-caption=\"\" data-source=\"modula\" data-srcset=\"https:\/\/srmadeira.oet.pt\/wordpress\/wp-content\/uploads\/2023\/02\/IMG_20190907_091535_resize35percent.jpg 1456w, https:\/\/srmadeira.oet.pt\/wordpress\/wp-content\/uploads\/2023\/02\/IMG_20190907_091535_resize35percent-300x225.jpg 300w, https:\/\/srmadeira.oet.pt\/wordpress\/wp-content\/uploads\/2023\/02\/IMG_20190907_091535_resize35percent-1024x768.jpg 1024w, https:\/\/srmadeira.oet.pt\/wordpress\/wp-content\/uploads\/2023\/02\/IMG_20190907_091535_resize35percent-768x576.jpg 768w\" data-sizes=\"(max-width: 300px) 100vw, 300px\" \/>\n\t\t<div class=\"figc no-description\">\n\t\t\t<div class=\"figc-inner\">\n\t\t\t\t\t\t\t\t\t\t\t\t\t\t\t<\/div>\n\t\t<\/div>\n\n\t<\/div>\n\n<\/div><div class=\"modula-item effect-pufrobo\" data-width=\"2\" data-height=\"2\" >\n\t<div class=\"modula-item-overlay\"><\/div>\n\n\t<div class=\"modula-item-content\">\n\n\t\t\t\t\n\t\t\t\t\t<a data-image-id=\"1668\" tabindex=\"0\" rel=\"jtg-1663\" data-caption=\"\" aria-label=\"Open image in lightbox\" role=\"button\" class=\"tile-inner modula-item-link\"><\/a>\n\t\t\n\t\t<img class=\"pic wp-image-1668 lazyload\"  data-valign=\"middle\" data-halign=\"center\" alt=\"\" data-full=\"https:\/\/srmadeira.oet.pt\/wordpress\/wp-content\/uploads\/2023\/02\/IMG_20190907_091927_resize35percent.jpg\" title=\"IMG_20190907_091927_resize35percent\" width=\"300\" height=\"225\" data-src=\"https:\/\/srmadeira.oet.pt\/wordpress\/wp-content\/uploads\/2023\/02\/IMG_20190907_091927_resize35percent-300x225.jpg\" data-caption=\"\" data-source=\"modula\" data-srcset=\"https:\/\/srmadeira.oet.pt\/wordpress\/wp-content\/uploads\/2023\/02\/IMG_20190907_091927_resize35percent.jpg 1456w, https:\/\/srmadeira.oet.pt\/wordpress\/wp-content\/uploads\/2023\/02\/IMG_20190907_091927_resize35percent-300x225.jpg 300w, https:\/\/srmadeira.oet.pt\/wordpress\/wp-content\/uploads\/2023\/02\/IMG_20190907_091927_resize35percent-1024x768.jpg 1024w, https:\/\/srmadeira.oet.pt\/wordpress\/wp-content\/uploads\/2023\/02\/IMG_20190907_091927_resize35percent-768x576.jpg 768w\" data-sizes=\"(max-width: 300px) 100vw, 300px\" \/>\n\t\t<div class=\"figc no-description\">\n\t\t\t<div class=\"figc-inner\">\n\t\t\t\t\t\t\t\t\t\t\t\t\t\t\t<\/div>\n\t\t<\/div>\n\n\t<\/div>\n\n<\/div><div class=\"modula-item effect-pufrobo\" data-width=\"2\" data-height=\"2\" >\n\t<div class=\"modula-item-overlay\"><\/div>\n\n\t<div class=\"modula-item-content\">\n\n\t\t\t\t\n\t\t\t\t\t<a data-image-id=\"1669\" tabindex=\"0\" rel=\"jtg-1663\" data-caption=\"\" aria-label=\"Open image in lightbox\" role=\"button\" class=\"tile-inner modula-item-link\"><\/a>\n\t\t\n\t\t<img class=\"pic wp-image-1669 lazyload\"  data-valign=\"middle\" data-halign=\"center\" alt=\"\" data-full=\"https:\/\/srmadeira.oet.pt\/wordpress\/wp-content\/uploads\/2023\/02\/IMG_20190907_134701_resize35percent.jpg\" title=\"IMG_20190907_134701_resize35percent\" width=\"300\" height=\"225\" data-src=\"https:\/\/srmadeira.oet.pt\/wordpress\/wp-content\/uploads\/2023\/02\/IMG_20190907_134701_resize35percent-300x225.jpg\" data-caption=\"\" data-source=\"modula\" data-srcset=\"https:\/\/srmadeira.oet.pt\/wordpress\/wp-content\/uploads\/2023\/02\/IMG_20190907_134701_resize35percent.jpg 1456w, https:\/\/srmadeira.oet.pt\/wordpress\/wp-content\/uploads\/2023\/02\/IMG_20190907_134701_resize35percent-300x225.jpg 300w, https:\/\/srmadeira.oet.pt\/wordpress\/wp-content\/uploads\/2023\/02\/IMG_20190907_134701_resize35percent-1024x768.jpg 1024w, https:\/\/srmadeira.oet.pt\/wordpress\/wp-content\/uploads\/2023\/02\/IMG_20190907_134701_resize35percent-768x576.jpg 768w\" data-sizes=\"(max-width: 300px) 100vw, 300px\" \/>\n\t\t<div class=\"figc no-description\">\n\t\t\t<div class=\"figc-inner\">\n\t\t\t\t\t\t\t\t\t\t\t\t\t\t\t<\/div>\n\t\t<\/div>\n\n\t<\/div>\n\n<\/div>\t\t\n\t<\/div>\n\n\t\n\t\n\t<script type=\"application\/ld+json\">\n\t{\n\t\t\"@context\": \"http:\/\/schema.org\",\n\t\t\"@type\"   : \"ImageGallery\",\n\t\t\"id\"      : \"https:\/\/srmadeira.oet.pt\/wordpress\/publicacoes-na-imprensa\/\",\n\t\t\"url\"     : \"https:\/\/srmadeira.oet.pt\/wordpress\/publicacoes-na-imprensa\/\"\n\t}\n\n\t<\/script>\n\n\t\n<\/div>\n\n\n\n<p class=\"has-white-color has-ast-global-color-1-background-color has-text-color has-background has-medium-font-size\">&nbsp;Forma\u00e7\u00e3o da empresa Fassabortolo&nbsp;a&nbsp;03\/07\/2019, na sua sede regional a jornada t\u00e9cnica para a especialidade de engenharia civil, intitulada Constru\u00e7\u00e3o\/Reabilita\u00e7\u00e3o\/Inova\u00e7\u00e3o.<\/p>\n\n\n\n<figure class=\"wp-block-image size-full\"><img loading=\"lazy\" decoding=\"async\" width=\"503\" height=\"378\" src=\"https:\/\/srmadeira.oet.pt\/wordpress\/wp-content\/uploads\/2023\/02\/image.png\" alt=\"\" class=\"wp-image-1683\" srcset=\"https:\/\/srmadeira.oet.pt\/wordpress\/wp-content\/uploads\/2023\/02\/image.png 503w, https:\/\/srmadeira.oet.pt\/wordpress\/wp-content\/uploads\/2023\/02\/image-300x225.png 300w\" sizes=\"auto, (max-width: 503px) 100vw, 503px\" \/><\/figure>\n\n\n\n<p class=\"has-white-color has-ast-global-color-1-background-color has-text-color has-background has-medium-font-size\">&nbsp;Reuni\u00f5es com os Delegados Concelhios em maio de 2019, na sede regional.<\/p>\n\n\n<style>#jtg-1653 .modula-item .jtg-social a, .lightbox-socials.jtg-social a{ fill: #ffffff; color: #ffffff }#jtg-1653 .modula-item .jtg-social-expandable a, #jtg-1653 .modula-item .jtg-social-expandable-icons a{ fill: #ffffff; color: #ffffff }#jtg-1653 .modula-item .jtg-social svg, .lightbox-socials.jtg-social svg { height: 16px; width: 16px }#jtg-1653 .modula-item .jtg-social-expandable svg { height: 16px; width: 16px }#jtg-1653 .modula-item .jtg-social-expandable-icons svg { height: 16px; width: 16px }#jtg-1653 .modula-item .jtg-social a:not(:last-child), .lightbox-socials.jtg-social a:not(:last-child) { margin-right: 10px }#jtg-1653 .modula-item .jtg-social-expandable-icons { gap: 10px }#jtg-1653 .modula-item .figc {color:#ffffff;}#jtg-1653 .modula-item .modula-item-content { transform: scale(1) }#jtg-1653 .modula-items .figc p.description { font-size:14px; }#jtg-1653 .modula-items .figc p.description { color:#ffffff;}#jtg-1653.modula-gallery .modula-item > a, #jtg-1653.modula-gallery .modula-item, #jtg-1653.modula-gallery .modula-item-content > a:not(.modula-no-follow) { cursor:zoom-in; } #jtg-1653.modula-gallery .modula-item-content .modula-no-follow { cursor: default; } @media screen and (max-width:480px){#jtg-1653 .modula-item .figc .jtg-title {  font-size: 12px; }#jtg-1653 .modula-items .figc p.description { color:#ffffff;font-size:10px; }}<\/style>\n<div  id=\"jtg-1653\" class=\"modula modula-gallery modula-custom-grid modula-is-lazy\" data-config=\"{&quot;height&quot;:0,&quot;tabletHeight&quot;:0,&quot;mobileHeight&quot;:0,&quot;desktopHeight&quot;:0,&quot;enableTwitter&quot;:false,&quot;enableWhatsapp&quot;:false,&quot;enableFacebook&quot;:false,&quot;enablePinterest&quot;:false,&quot;enableLinkedin&quot;:false,&quot;enableEmail&quot;:false,&quot;randomFactor&quot;:0,&quot;type&quot;:&quot;custom-grid&quot;,&quot;columns&quot;:12,&quot;gutter&quot;:10,&quot;mobileGutter&quot;:10,&quot;tabletGutter&quot;:10,&quot;desktopGutter&quot;:10,&quot;enableResponsive&quot;:&quot;0&quot;,&quot;tabletColumns&quot;:&quot;2&quot;,&quot;mobileColumns&quot;:&quot;1&quot;,&quot;lazyLoad&quot;:&quot;1&quot;,&quot;lightboxOpts&quot;:{&quot;animated&quot;:true,&quot;Thumbs&quot;:{&quot;type&quot;:&quot;modern&quot;,&quot;showOnStart&quot;:false},&quot;Toolbar&quot;:{&quot;display&quot;:{&quot;right&quot;:[&quot;close&quot;]},&quot;enabled&quot;:true},&quot;Carousel&quot;:{&quot;Panzoom&quot;:{&quot;touch&quot;:false},&quot;infinite&quot;:false},&quot;keyboard&quot;:{&quot;Escape&quot;:&quot;close&quot;,&quot;Delete&quot;:&quot;close&quot;,&quot;Backspace&quot;:&quot;close&quot;,&quot;PageUp&quot;:false,&quot;PageDown&quot;:false,&quot;ArrowUp&quot;:false,&quot;ArrowDown&quot;:false,&quot;ArrowRight&quot;:false,&quot;ArrowLeft&quot;:false},&quot;touch&quot;:false,&quot;backdropClick&quot;:false,&quot;l10n&quot;:{&quot;CLOSE&quot;:&quot;Close&quot;,&quot;NEXT&quot;:&quot;Next&quot;,&quot;PREV&quot;:&quot;Previous&quot;,&quot;Error&quot;:&quot;The requested content cannot be loaded. Please try again later.&quot;,&quot;PLAY_START&quot;:&quot;Start slideshow&quot;,&quot;PLAY_STOP&quot;:&quot;Pause slideshow&quot;,&quot;FULL_SCREEN&quot;:&quot;Full screen&quot;,&quot;THUMBS&quot;:&quot;Thumbnails&quot;,&quot;DOWNLOAD&quot;:&quot;Download&quot;,&quot;SHARE&quot;:&quot;Share&quot;,&quot;ZOOM&quot;:&quot;Zoom&quot;,&quot;EMAIL&quot;:&quot;Here is the link to the image : %%image_link%% and this is the link to the gallery : %%gallery_link%%&quot;,&quot;MODAL&quot;:&quot;You can close this modal content with the ESC key&quot;,&quot;ERROR&quot;:&quot;Something Went Wrong, Please Try Again Later&quot;,&quot;IMAGE_ERROR&quot;:&quot;Image Not Found&quot;,&quot;ELEMENT_NOT_FOUND&quot;:&quot;HTML Element Not Found&quot;,&quot;AJAX_NOT_FOUND&quot;:&quot;Error Loading AJAX : Not Found&quot;,&quot;AJAX_FORBIDDEN&quot;:&quot;Error Loading AJAX : Forbidden&quot;,&quot;IFRAME_ERROR&quot;:&quot;Error Loading Page&quot;,&quot;TOGGLE_ZOOM&quot;:&quot;Toggle zoom level&quot;,&quot;TOGGLE_THUMBS&quot;:&quot;Toggle thumbnails&quot;,&quot;TOGGLE_SLIDESHOW&quot;:&quot;Toggle slideshow&quot;,&quot;TOGGLE_FULLSCREEN&quot;:&quot;Toggle full-screen mode&quot;},&quot;Images&quot;:{&quot;Panzoom&quot;:{&quot;maxScale&quot;:2}},&quot;mainClass&quot;:&quot;modula-fancybox-container modula-lightbox-jtg-1653&quot;,&quot;Html&quot;:{&quot;videoAutoplay&quot;:0,&quot;videoTpl&quot;:&quot;&lt;video class=\\&quot;fancybox__html5video\\&quot; controls muted playsinline controlsList controlsList=\\&quot;nodownload\\&quot; poster=\\&quot;{{poster}}\\&quot; src=\\&quot;{{src}}\\&quot; type=\\&quot;{{format}}\\&quot; &gt;  Sorry, your browser doesn&#039;t support embedded videos, &lt;a href=\\&quot;{{src}}\\&quot;&gt; download &lt;\\\/a&gt; and watch with your favorite video player! &lt;\\\/video&gt;&quot;}},&quot;inView&quot;:false,&quot;email_subject&quot;:&quot;Check out this awesome image !!&quot;,&quot;email_message&quot;:&quot;Here is the link to the image : %%image_link%% and this is the link to the gallery : %%gallery_link%%&quot;,&quot;lightbox&quot;:&quot;fancybox&quot;}\">\n\n\t\n\t<div  class=\"modula-items\">\n\t\t<div class=\"modula-item effect-pufrobo\" data-width=\"2\" data-height=\"2\" >\n\t<div class=\"modula-item-overlay\"><\/div>\n\n\t<div class=\"modula-item-content\">\n\n\t\t\t\t\n\t\t\t\t\t<a data-image-id=\"1654\" tabindex=\"0\" rel=\"jtg-1653\" data-caption=\"\" aria-label=\"Open image in lightbox\" role=\"button\" class=\"tile-inner modula-item-link\"><\/a>\n\t\t\n\t\t<img class=\"pic wp-image-1654 lazyload\"  data-valign=\"middle\" data-halign=\"center\" alt=\"\" data-full=\"https:\/\/srmadeira.oet.pt\/wordpress\/wp-content\/uploads\/2023\/02\/20190530_Reu.-Delegados-Concelhios_resize35percent.jpg\" title=\"20190530_Reu. Delegados Concelhios_resize35percent\" width=\"300\" height=\"225\" data-src=\"https:\/\/srmadeira.oet.pt\/wordpress\/wp-content\/uploads\/2023\/02\/20190530_Reu.-Delegados-Concelhios_resize35percent-300x225.jpg\" data-caption=\"\" data-source=\"modula\" data-srcset=\"https:\/\/srmadeira.oet.pt\/wordpress\/wp-content\/uploads\/2023\/02\/20190530_Reu.-Delegados-Concelhios_resize35percent.jpg 1142w, https:\/\/srmadeira.oet.pt\/wordpress\/wp-content\/uploads\/2023\/02\/20190530_Reu.-Delegados-Concelhios_resize35percent-300x225.jpg 300w, https:\/\/srmadeira.oet.pt\/wordpress\/wp-content\/uploads\/2023\/02\/20190530_Reu.-Delegados-Concelhios_resize35percent-1024x768.jpg 1024w, https:\/\/srmadeira.oet.pt\/wordpress\/wp-content\/uploads\/2023\/02\/20190530_Reu.-Delegados-Concelhios_resize35percent-768x576.jpg 768w\" data-sizes=\"(max-width: 300px) 100vw, 300px\" \/>\n\t\t<div class=\"figc no-description\">\n\t\t\t<div class=\"figc-inner\">\n\t\t\t\t\t\t\t\t\t\t\t\t\t\t\t<\/div>\n\t\t<\/div>\n\n\t<\/div>\n\n<\/div><div class=\"modula-item effect-pufrobo\" data-width=\"2\" data-height=\"2\" >\n\t<div class=\"modula-item-overlay\"><\/div>\n\n\t<div class=\"modula-item-content\">\n\n\t\t\t\t\n\t\t\t\t\t<a data-image-id=\"1655\" tabindex=\"0\" rel=\"jtg-1653\" data-caption=\"\" aria-label=\"Open image in lightbox\" role=\"button\" class=\"tile-inner modula-item-link\"><\/a>\n\t\t\n\t\t<img class=\"pic wp-image-1655 lazyload\"  data-valign=\"middle\" data-halign=\"center\" alt=\"\" data-full=\"https:\/\/srmadeira.oet.pt\/wordpress\/wp-content\/uploads\/2023\/02\/20190531_Reu.-Delegados-Concelhios_resize35percent.jpg\" title=\"20190531_Reu. Delegados Concelhios_resize35percent\" width=\"300\" height=\"225\" data-src=\"https:\/\/srmadeira.oet.pt\/wordpress\/wp-content\/uploads\/2023\/02\/20190531_Reu.-Delegados-Concelhios_resize35percent-300x225.jpg\" data-caption=\"\" data-source=\"modula\" data-srcset=\"https:\/\/srmadeira.oet.pt\/wordpress\/wp-content\/uploads\/2023\/02\/20190531_Reu.-Delegados-Concelhios_resize35percent.jpg 1142w, https:\/\/srmadeira.oet.pt\/wordpress\/wp-content\/uploads\/2023\/02\/20190531_Reu.-Delegados-Concelhios_resize35percent-300x225.jpg 300w, https:\/\/srmadeira.oet.pt\/wordpress\/wp-content\/uploads\/2023\/02\/20190531_Reu.-Delegados-Concelhios_resize35percent-1024x768.jpg 1024w, https:\/\/srmadeira.oet.pt\/wordpress\/wp-content\/uploads\/2023\/02\/20190531_Reu.-Delegados-Concelhios_resize35percent-768x576.jpg 768w\" data-sizes=\"(max-width: 300px) 100vw, 300px\" \/>\n\t\t<div class=\"figc no-description\">\n\t\t\t<div class=\"figc-inner\">\n\t\t\t\t\t\t\t\t\t\t\t\t\t\t\t<\/div>\n\t\t<\/div>\n\n\t<\/div>\n\n<\/div><div class=\"modula-item effect-pufrobo\" data-width=\"2\" data-height=\"2\" >\n\t<div class=\"modula-item-overlay\"><\/div>\n\n\t<div class=\"modula-item-content\">\n\n\t\t\t\t\n\t\t\t\t\t<a data-image-id=\"1656\" tabindex=\"0\" rel=\"jtg-1653\" data-caption=\"\" aria-label=\"Open image in lightbox\" role=\"button\" class=\"tile-inner modula-item-link\"><\/a>\n\t\t\n\t\t<img class=\"pic wp-image-1656 lazyload\"  data-valign=\"middle\" data-halign=\"center\" alt=\"\" data-full=\"https:\/\/srmadeira.oet.pt\/wordpress\/wp-content\/uploads\/2023\/02\/Reuniao-Delegados-Concelhios_resize35percent.jpg\" title=\"Reuni\u00e3o Delegados Concelhios_resize35percent\" width=\"300\" height=\"225\" data-src=\"https:\/\/srmadeira.oet.pt\/wordpress\/wp-content\/uploads\/2023\/02\/Reuniao-Delegados-Concelhios_resize35percent-300x225.jpg\" data-caption=\"\" data-source=\"modula\" data-srcset=\"https:\/\/srmadeira.oet.pt\/wordpress\/wp-content\/uploads\/2023\/02\/Reuniao-Delegados-Concelhios_resize35percent.jpg 1512w, https:\/\/srmadeira.oet.pt\/wordpress\/wp-content\/uploads\/2023\/02\/Reuniao-Delegados-Concelhios_resize35percent-300x225.jpg 300w, https:\/\/srmadeira.oet.pt\/wordpress\/wp-content\/uploads\/2023\/02\/Reuniao-Delegados-Concelhios_resize35percent-1024x768.jpg 1024w, https:\/\/srmadeira.oet.pt\/wordpress\/wp-content\/uploads\/2023\/02\/Reuniao-Delegados-Concelhios_resize35percent-768x576.jpg 768w\" data-sizes=\"(max-width: 300px) 100vw, 300px\" \/>\n\t\t<div class=\"figc no-description\">\n\t\t\t<div class=\"figc-inner\">\n\t\t\t\t\t\t\t\t\t\t\t\t\t\t\t<\/div>\n\t\t<\/div>\n\n\t<\/div>\n\n<\/div>\t\t\n\t<\/div>\n\n\t\n\t\n\t<script type=\"application\/ld+json\">\n\t{\n\t\t\"@context\": \"http:\/\/schema.org\",\n\t\t\"@type\"   : \"ImageGallery\",\n\t\t\"id\"      : \"https:\/\/srmadeira.oet.pt\/wordpress\/publicacoes-na-imprensa\/\",\n\t\t\"url\"     : \"https:\/\/srmadeira.oet.pt\/wordpress\/publicacoes-na-imprensa\/\"\n\t}\n\n\t<\/script>\n\n\t\n<\/div>\n\n\n\n<p class=\"has-white-color has-ast-global-color-1-background-color has-text-color has-background has-medium-font-size\">Forma\u00e7\u00e3o de Impermeabiliza\u00e7\u00e3o&nbsp;por Cristaliza\u00e7\u00e3o &#8211; 14\/06\/2019<\/p>\n\n\n<style>#jtg-1613 .modula-item .jtg-social a, .lightbox-socials.jtg-social a{ fill: #ffffff; color: #ffffff }#jtg-1613 .modula-item .jtg-social-expandable a, #jtg-1613 .modula-item .jtg-social-expandable-icons a{ fill: #ffffff; color: #ffffff }#jtg-1613 .modula-item .jtg-social svg, .lightbox-socials.jtg-social svg { height: 16px; width: 16px }#jtg-1613 .modula-item .jtg-social-expandable svg { height: 16px; width: 16px }#jtg-1613 .modula-item .jtg-social-expandable-icons svg { height: 16px; width: 16px }#jtg-1613 .modula-item .jtg-social a:not(:last-child), .lightbox-socials.jtg-social a:not(:last-child) { margin-right: 10px }#jtg-1613 .modula-item .jtg-social-expandable-icons { gap: 10px }#jtg-1613 .modula-item .figc {color:#ffffff;}#jtg-1613 .modula-item .modula-item-content { transform: scale(1) }#jtg-1613 .modula-items .figc p.description { font-size:14px; }#jtg-1613 .modula-items .figc p.description { color:#ffffff;}#jtg-1613.modula-gallery .modula-item > a, #jtg-1613.modula-gallery .modula-item, #jtg-1613.modula-gallery .modula-item-content > a:not(.modula-no-follow) { cursor:zoom-in; } #jtg-1613.modula-gallery .modula-item-content .modula-no-follow { cursor: default; } @media screen and (max-width:480px){#jtg-1613 .modula-item .figc .jtg-title {  font-size: 12px; }#jtg-1613 .modula-items .figc p.description { color:#ffffff;font-size:10px; }}<\/style>\n<div  id=\"jtg-1613\" class=\"modula modula-gallery modula-custom-grid modula-is-lazy\" data-config=\"{&quot;height&quot;:0,&quot;tabletHeight&quot;:0,&quot;mobileHeight&quot;:0,&quot;desktopHeight&quot;:0,&quot;enableTwitter&quot;:false,&quot;enableWhatsapp&quot;:false,&quot;enableFacebook&quot;:false,&quot;enablePinterest&quot;:false,&quot;enableLinkedin&quot;:false,&quot;enableEmail&quot;:false,&quot;randomFactor&quot;:0,&quot;type&quot;:&quot;custom-grid&quot;,&quot;columns&quot;:12,&quot;gutter&quot;:10,&quot;mobileGutter&quot;:10,&quot;tabletGutter&quot;:10,&quot;desktopGutter&quot;:10,&quot;enableResponsive&quot;:&quot;0&quot;,&quot;tabletColumns&quot;:&quot;2&quot;,&quot;mobileColumns&quot;:&quot;1&quot;,&quot;lazyLoad&quot;:&quot;1&quot;,&quot;lightboxOpts&quot;:{&quot;animated&quot;:true,&quot;Thumbs&quot;:{&quot;type&quot;:&quot;modern&quot;,&quot;showOnStart&quot;:false},&quot;Toolbar&quot;:{&quot;display&quot;:{&quot;right&quot;:[&quot;close&quot;]},&quot;enabled&quot;:true},&quot;Carousel&quot;:{&quot;Panzoom&quot;:{&quot;touch&quot;:false},&quot;infinite&quot;:false},&quot;keyboard&quot;:{&quot;Escape&quot;:&quot;close&quot;,&quot;Delete&quot;:&quot;close&quot;,&quot;Backspace&quot;:&quot;close&quot;,&quot;PageUp&quot;:false,&quot;PageDown&quot;:false,&quot;ArrowUp&quot;:false,&quot;ArrowDown&quot;:false,&quot;ArrowRight&quot;:false,&quot;ArrowLeft&quot;:false},&quot;touch&quot;:false,&quot;backdropClick&quot;:false,&quot;l10n&quot;:{&quot;CLOSE&quot;:&quot;Close&quot;,&quot;NEXT&quot;:&quot;Next&quot;,&quot;PREV&quot;:&quot;Previous&quot;,&quot;Error&quot;:&quot;The requested content cannot be loaded. Please try again later.&quot;,&quot;PLAY_START&quot;:&quot;Start slideshow&quot;,&quot;PLAY_STOP&quot;:&quot;Pause slideshow&quot;,&quot;FULL_SCREEN&quot;:&quot;Full screen&quot;,&quot;THUMBS&quot;:&quot;Thumbnails&quot;,&quot;DOWNLOAD&quot;:&quot;Download&quot;,&quot;SHARE&quot;:&quot;Share&quot;,&quot;ZOOM&quot;:&quot;Zoom&quot;,&quot;EMAIL&quot;:&quot;Here is the link to the image : %%image_link%% and this is the link to the gallery : %%gallery_link%%&quot;,&quot;MODAL&quot;:&quot;You can close this modal content with the ESC key&quot;,&quot;ERROR&quot;:&quot;Something Went Wrong, Please Try Again Later&quot;,&quot;IMAGE_ERROR&quot;:&quot;Image Not Found&quot;,&quot;ELEMENT_NOT_FOUND&quot;:&quot;HTML Element Not Found&quot;,&quot;AJAX_NOT_FOUND&quot;:&quot;Error Loading AJAX : Not Found&quot;,&quot;AJAX_FORBIDDEN&quot;:&quot;Error Loading AJAX : Forbidden&quot;,&quot;IFRAME_ERROR&quot;:&quot;Error Loading Page&quot;,&quot;TOGGLE_ZOOM&quot;:&quot;Toggle zoom level&quot;,&quot;TOGGLE_THUMBS&quot;:&quot;Toggle thumbnails&quot;,&quot;TOGGLE_SLIDESHOW&quot;:&quot;Toggle slideshow&quot;,&quot;TOGGLE_FULLSCREEN&quot;:&quot;Toggle full-screen mode&quot;},&quot;Images&quot;:{&quot;Panzoom&quot;:{&quot;maxScale&quot;:2}},&quot;mainClass&quot;:&quot;modula-fancybox-container modula-lightbox-jtg-1613&quot;,&quot;Html&quot;:{&quot;videoAutoplay&quot;:0,&quot;videoTpl&quot;:&quot;&lt;video class=\\&quot;fancybox__html5video\\&quot; controls muted playsinline controlsList controlsList=\\&quot;nodownload\\&quot; poster=\\&quot;{{poster}}\\&quot; src=\\&quot;{{src}}\\&quot; type=\\&quot;{{format}}\\&quot; &gt;  Sorry, your browser doesn&#039;t support embedded videos, &lt;a href=\\&quot;{{src}}\\&quot;&gt; download &lt;\\\/a&gt; and watch with your favorite video player! &lt;\\\/video&gt;&quot;}},&quot;inView&quot;:false,&quot;email_subject&quot;:&quot;Check out this awesome image !!&quot;,&quot;email_message&quot;:&quot;Here is the link to the image : %%image_link%% and this is the link to the gallery : %%gallery_link%%&quot;,&quot;lightbox&quot;:&quot;fancybox&quot;}\">\n\n\t\n\t<div  class=\"modula-items\">\n\t\t<div class=\"modula-item effect-pufrobo\" data-width=\"2\" data-height=\"2\" >\n\t<div class=\"modula-item-overlay\"><\/div>\n\n\t<div class=\"modula-item-content\">\n\n\t\t\t\t\n\t\t\t\t\t<a data-image-id=\"1614\" tabindex=\"0\" rel=\"jtg-1613\" data-caption=\"\" aria-label=\"Open image in lightbox\" role=\"button\" class=\"tile-inner modula-item-link\"><\/a>\n\t\t\n\t\t<img class=\"pic wp-image-1614 lazyload\"  data-valign=\"middle\" data-halign=\"center\" alt=\"\" data-full=\"https:\/\/srmadeira.oet.pt\/wordpress\/wp-content\/uploads\/2023\/02\/IMG_20190614_100515_resize40percent.jpg\" title=\"IMG_20190614_100515_resize40percent\" width=\"300\" height=\"225\" data-src=\"https:\/\/srmadeira.oet.pt\/wordpress\/wp-content\/uploads\/2023\/02\/IMG_20190614_100515_resize40percent-300x225.jpg\" data-caption=\"\" data-source=\"modula\" data-srcset=\"https:\/\/srmadeira.oet.pt\/wordpress\/wp-content\/uploads\/2023\/02\/IMG_20190614_100515_resize40percent.jpg 1664w, https:\/\/srmadeira.oet.pt\/wordpress\/wp-content\/uploads\/2023\/02\/IMG_20190614_100515_resize40percent-300x225.jpg 300w, https:\/\/srmadeira.oet.pt\/wordpress\/wp-content\/uploads\/2023\/02\/IMG_20190614_100515_resize40percent-1024x768.jpg 1024w, https:\/\/srmadeira.oet.pt\/wordpress\/wp-content\/uploads\/2023\/02\/IMG_20190614_100515_resize40percent-768x576.jpg 768w, https:\/\/srmadeira.oet.pt\/wordpress\/wp-content\/uploads\/2023\/02\/IMG_20190614_100515_resize40percent-1536x1152.jpg 1536w\" data-sizes=\"(max-width: 300px) 100vw, 300px\" \/>\n\t\t<div class=\"figc no-description\">\n\t\t\t<div class=\"figc-inner\">\n\t\t\t\t\t\t\t\t\t\t\t\t\t\t\t<\/div>\n\t\t<\/div>\n\n\t<\/div>\n\n<\/div><div class=\"modula-item effect-pufrobo\" data-width=\"2\" data-height=\"2\" >\n\t<div class=\"modula-item-overlay\"><\/div>\n\n\t<div class=\"modula-item-content\">\n\n\t\t\t\t\n\t\t\t\t\t<a data-image-id=\"1615\" tabindex=\"0\" rel=\"jtg-1613\" data-caption=\"\" aria-label=\"Open image in lightbox\" role=\"button\" class=\"tile-inner modula-item-link\"><\/a>\n\t\t\n\t\t<img class=\"pic wp-image-1615 lazyload\"  data-valign=\"middle\" data-halign=\"center\" alt=\"\" data-full=\"https:\/\/srmadeira.oet.pt\/wordpress\/wp-content\/uploads\/2023\/02\/IMG_20190614_113302_resize40percent.jpg\" title=\"IMG_20190614_113302_resize40percent\" width=\"300\" height=\"225\" data-src=\"https:\/\/srmadeira.oet.pt\/wordpress\/wp-content\/uploads\/2023\/02\/IMG_20190614_113302_resize40percent-300x225.jpg\" data-caption=\"\" data-source=\"modula\" data-srcset=\"https:\/\/srmadeira.oet.pt\/wordpress\/wp-content\/uploads\/2023\/02\/IMG_20190614_113302_resize40percent.jpg 1664w, https:\/\/srmadeira.oet.pt\/wordpress\/wp-content\/uploads\/2023\/02\/IMG_20190614_113302_resize40percent-300x225.jpg 300w, https:\/\/srmadeira.oet.pt\/wordpress\/wp-content\/uploads\/2023\/02\/IMG_20190614_113302_resize40percent-1024x768.jpg 1024w, https:\/\/srmadeira.oet.pt\/wordpress\/wp-content\/uploads\/2023\/02\/IMG_20190614_113302_resize40percent-768x576.jpg 768w, https:\/\/srmadeira.oet.pt\/wordpress\/wp-content\/uploads\/2023\/02\/IMG_20190614_113302_resize40percent-1536x1152.jpg 1536w\" data-sizes=\"(max-width: 300px) 100vw, 300px\" \/>\n\t\t<div class=\"figc no-description\">\n\t\t\t<div class=\"figc-inner\">\n\t\t\t\t\t\t\t\t\t\t\t\t\t\t\t<\/div>\n\t\t<\/div>\n\n\t<\/div>\n\n<\/div><div class=\"modula-item effect-pufrobo\" data-width=\"2\" data-height=\"2\" >\n\t<div class=\"modula-item-overlay\"><\/div>\n\n\t<div class=\"modula-item-content\">\n\n\t\t\t\t\n\t\t\t\t\t<a data-image-id=\"1616\" tabindex=\"0\" rel=\"jtg-1613\" data-caption=\"\" aria-label=\"Open image in lightbox\" role=\"button\" class=\"tile-inner modula-item-link\"><\/a>\n\t\t\n\t\t<img class=\"pic wp-image-1616 lazyload\"  data-valign=\"middle\" data-halign=\"center\" alt=\"\" data-full=\"https:\/\/srmadeira.oet.pt\/wordpress\/wp-content\/uploads\/2023\/02\/IMG_20190614_114205_resize40percent.jpg\" title=\"IMG_20190614_114205_resize40percent\" width=\"300\" height=\"225\" data-src=\"https:\/\/srmadeira.oet.pt\/wordpress\/wp-content\/uploads\/2023\/02\/IMG_20190614_114205_resize40percent-300x225.jpg\" data-caption=\"\" data-source=\"modula\" data-srcset=\"https:\/\/srmadeira.oet.pt\/wordpress\/wp-content\/uploads\/2023\/02\/IMG_20190614_114205_resize40percent.jpg 1664w, https:\/\/srmadeira.oet.pt\/wordpress\/wp-content\/uploads\/2023\/02\/IMG_20190614_114205_resize40percent-300x225.jpg 300w, https:\/\/srmadeira.oet.pt\/wordpress\/wp-content\/uploads\/2023\/02\/IMG_20190614_114205_resize40percent-1024x768.jpg 1024w, https:\/\/srmadeira.oet.pt\/wordpress\/wp-content\/uploads\/2023\/02\/IMG_20190614_114205_resize40percent-768x576.jpg 768w, https:\/\/srmadeira.oet.pt\/wordpress\/wp-content\/uploads\/2023\/02\/IMG_20190614_114205_resize40percent-1536x1152.jpg 1536w\" data-sizes=\"(max-width: 300px) 100vw, 300px\" \/>\n\t\t<div class=\"figc no-description\">\n\t\t\t<div class=\"figc-inner\">\n\t\t\t\t\t\t\t\t\t\t\t\t\t\t\t<\/div>\n\t\t<\/div>\n\n\t<\/div>\n\n<\/div><div class=\"modula-item effect-pufrobo\" data-width=\"2\" data-height=\"2\" >\n\t<div class=\"modula-item-overlay\"><\/div>\n\n\t<div class=\"modula-item-content\">\n\n\t\t\t\t\n\t\t\t\t\t<a data-image-id=\"1617\" tabindex=\"0\" rel=\"jtg-1613\" data-caption=\"\" aria-label=\"Open image in lightbox\" role=\"button\" class=\"tile-inner modula-item-link\"><\/a>\n\t\t\n\t\t<img class=\"pic wp-image-1617 lazyload\"  data-valign=\"middle\" data-halign=\"center\" alt=\"\" data-full=\"https:\/\/srmadeira.oet.pt\/wordpress\/wp-content\/uploads\/2023\/02\/IMG_20190614_113215_resize40percent.jpg\" title=\"IMG_20190614_113215_resize40percent\" width=\"300\" height=\"225\" data-src=\"https:\/\/srmadeira.oet.pt\/wordpress\/wp-content\/uploads\/2023\/02\/IMG_20190614_113215_resize40percent-300x225.jpg\" data-caption=\"\" data-source=\"modula\" data-srcset=\"https:\/\/srmadeira.oet.pt\/wordpress\/wp-content\/uploads\/2023\/02\/IMG_20190614_113215_resize40percent.jpg 1664w, https:\/\/srmadeira.oet.pt\/wordpress\/wp-content\/uploads\/2023\/02\/IMG_20190614_113215_resize40percent-300x225.jpg 300w, https:\/\/srmadeira.oet.pt\/wordpress\/wp-content\/uploads\/2023\/02\/IMG_20190614_113215_resize40percent-1024x768.jpg 1024w, https:\/\/srmadeira.oet.pt\/wordpress\/wp-content\/uploads\/2023\/02\/IMG_20190614_113215_resize40percent-768x576.jpg 768w, https:\/\/srmadeira.oet.pt\/wordpress\/wp-content\/uploads\/2023\/02\/IMG_20190614_113215_resize40percent-1536x1152.jpg 1536w\" data-sizes=\"(max-width: 300px) 100vw, 300px\" \/>\n\t\t<div class=\"figc no-description\">\n\t\t\t<div class=\"figc-inner\">\n\t\t\t\t\t\t\t\t\t\t\t\t\t\t\t<\/div>\n\t\t<\/div>\n\n\t<\/div>\n\n<\/div>\t\t\n\t<\/div>\n\n\t\n\t\n\t<script type=\"application\/ld+json\">\n\t{\n\t\t\"@context\": \"http:\/\/schema.org\",\n\t\t\"@type\"   : \"ImageGallery\",\n\t\t\"id\"      : \"https:\/\/srmadeira.oet.pt\/wordpress\/publicacoes-na-imprensa\/\",\n\t\t\"url\"     : \"https:\/\/srmadeira.oet.pt\/wordpress\/publicacoes-na-imprensa\/\"\n\t}\n\n\t<\/script>\n\n\t\n<\/div>\n\n\n\n<p class=\"has-white-color has-ast-global-color-1-background-color has-text-color has-background has-medium-font-size\">Forma\u00e7\u00e3o na Cruz Vermelha pelo Sr. Eng. T\u00e9c. Jo\u00e3o Garanito, Coordenador da Especialidade de Engenharia de Prote\u00e7\u00e3o&nbsp;Civil a 22\/03\/2019<\/p>\n\n\n<style>#jtg-1673 .modula-item .jtg-social a, .lightbox-socials.jtg-social a{ fill: #ffffff; color: #ffffff }#jtg-1673 .modula-item .jtg-social-expandable a, #jtg-1673 .modula-item .jtg-social-expandable-icons a{ fill: #ffffff; color: #ffffff }#jtg-1673 .modula-item .jtg-social svg, .lightbox-socials.jtg-social svg { height: 16px; width: 16px }#jtg-1673 .modula-item .jtg-social-expandable svg { height: 16px; width: 16px }#jtg-1673 .modula-item .jtg-social-expandable-icons svg { height: 16px; width: 16px }#jtg-1673 .modula-item .jtg-social a:not(:last-child), .lightbox-socials.jtg-social a:not(:last-child) { margin-right: 10px }#jtg-1673 .modula-item .jtg-social-expandable-icons { gap: 10px }#jtg-1673 .modula-item .figc {color:#ffffff;}#jtg-1673 .modula-item .modula-item-content { transform: scale(1) }#jtg-1673 .modula-items .figc p.description { font-size:14px; }#jtg-1673 .modula-items .figc p.description { color:#ffffff;}#jtg-1673.modula-gallery .modula-item > a, #jtg-1673.modula-gallery .modula-item, #jtg-1673.modula-gallery .modula-item-content > a:not(.modula-no-follow) { cursor:zoom-in; } #jtg-1673.modula-gallery .modula-item-content .modula-no-follow { cursor: default; } @media screen and (max-width:480px){#jtg-1673 .modula-item .figc .jtg-title {  font-size: 12px; }#jtg-1673 .modula-items .figc p.description { color:#ffffff;font-size:10px; }}<\/style>\n<div  id=\"jtg-1673\" class=\"modula modula-gallery modula-custom-grid modula-is-lazy\" data-config=\"{&quot;height&quot;:0,&quot;tabletHeight&quot;:0,&quot;mobileHeight&quot;:0,&quot;desktopHeight&quot;:0,&quot;enableTwitter&quot;:false,&quot;enableWhatsapp&quot;:false,&quot;enableFacebook&quot;:false,&quot;enablePinterest&quot;:false,&quot;enableLinkedin&quot;:false,&quot;enableEmail&quot;:false,&quot;randomFactor&quot;:0,&quot;type&quot;:&quot;custom-grid&quot;,&quot;columns&quot;:12,&quot;gutter&quot;:10,&quot;mobileGutter&quot;:10,&quot;tabletGutter&quot;:10,&quot;desktopGutter&quot;:10,&quot;enableResponsive&quot;:&quot;0&quot;,&quot;tabletColumns&quot;:&quot;2&quot;,&quot;mobileColumns&quot;:&quot;1&quot;,&quot;lazyLoad&quot;:&quot;1&quot;,&quot;lightboxOpts&quot;:{&quot;animated&quot;:true,&quot;Thumbs&quot;:{&quot;type&quot;:&quot;modern&quot;,&quot;showOnStart&quot;:false},&quot;Toolbar&quot;:{&quot;display&quot;:{&quot;right&quot;:[&quot;close&quot;]},&quot;enabled&quot;:true},&quot;Carousel&quot;:{&quot;Panzoom&quot;:{&quot;touch&quot;:false},&quot;infinite&quot;:false},&quot;keyboard&quot;:{&quot;Escape&quot;:&quot;close&quot;,&quot;Delete&quot;:&quot;close&quot;,&quot;Backspace&quot;:&quot;close&quot;,&quot;PageUp&quot;:false,&quot;PageDown&quot;:false,&quot;ArrowUp&quot;:false,&quot;ArrowDown&quot;:false,&quot;ArrowRight&quot;:false,&quot;ArrowLeft&quot;:false},&quot;touch&quot;:false,&quot;backdropClick&quot;:false,&quot;l10n&quot;:{&quot;CLOSE&quot;:&quot;Close&quot;,&quot;NEXT&quot;:&quot;Next&quot;,&quot;PREV&quot;:&quot;Previous&quot;,&quot;Error&quot;:&quot;The requested content cannot be loaded. Please try again later.&quot;,&quot;PLAY_START&quot;:&quot;Start slideshow&quot;,&quot;PLAY_STOP&quot;:&quot;Pause slideshow&quot;,&quot;FULL_SCREEN&quot;:&quot;Full screen&quot;,&quot;THUMBS&quot;:&quot;Thumbnails&quot;,&quot;DOWNLOAD&quot;:&quot;Download&quot;,&quot;SHARE&quot;:&quot;Share&quot;,&quot;ZOOM&quot;:&quot;Zoom&quot;,&quot;EMAIL&quot;:&quot;Here is the link to the image : %%image_link%% and this is the link to the gallery : %%gallery_link%%&quot;,&quot;MODAL&quot;:&quot;You can close this modal content with the ESC key&quot;,&quot;ERROR&quot;:&quot;Something Went Wrong, Please Try Again Later&quot;,&quot;IMAGE_ERROR&quot;:&quot;Image Not Found&quot;,&quot;ELEMENT_NOT_FOUND&quot;:&quot;HTML Element Not Found&quot;,&quot;AJAX_NOT_FOUND&quot;:&quot;Error Loading AJAX : Not Found&quot;,&quot;AJAX_FORBIDDEN&quot;:&quot;Error Loading AJAX : Forbidden&quot;,&quot;IFRAME_ERROR&quot;:&quot;Error Loading Page&quot;,&quot;TOGGLE_ZOOM&quot;:&quot;Toggle zoom level&quot;,&quot;TOGGLE_THUMBS&quot;:&quot;Toggle thumbnails&quot;,&quot;TOGGLE_SLIDESHOW&quot;:&quot;Toggle slideshow&quot;,&quot;TOGGLE_FULLSCREEN&quot;:&quot;Toggle full-screen mode&quot;},&quot;Images&quot;:{&quot;Panzoom&quot;:{&quot;maxScale&quot;:2}},&quot;mainClass&quot;:&quot;modula-fancybox-container modula-lightbox-jtg-1673&quot;,&quot;Html&quot;:{&quot;videoAutoplay&quot;:0,&quot;videoTpl&quot;:&quot;&lt;video class=\\&quot;fancybox__html5video\\&quot; controls muted playsinline controlsList controlsList=\\&quot;nodownload\\&quot; poster=\\&quot;{{poster}}\\&quot; src=\\&quot;{{src}}\\&quot; type=\\&quot;{{format}}\\&quot; &gt;  Sorry, your browser doesn&#039;t support embedded videos, &lt;a href=\\&quot;{{src}}\\&quot;&gt; download &lt;\\\/a&gt; and watch with your favorite video player! &lt;\\\/video&gt;&quot;}},&quot;inView&quot;:false,&quot;email_subject&quot;:&quot;Check out this awesome image !!&quot;,&quot;email_message&quot;:&quot;Here is the link to the image : %%image_link%% and this is the link to the gallery : %%gallery_link%%&quot;,&quot;lightbox&quot;:&quot;fancybox&quot;}\">\n\n\t\n\t<div  class=\"modula-items\">\n\t\t<div class=\"modula-item effect-pufrobo\" data-width=\"2\" data-height=\"2\" >\n\t<div class=\"modula-item-overlay\"><\/div>\n\n\t<div class=\"modula-item-content\">\n\n\t\t\t\t\n\t\t\t\t\t<a data-image-id=\"1674\" tabindex=\"0\" rel=\"jtg-1673\" data-caption=\"\" aria-label=\"Open image in lightbox\" role=\"button\" class=\"tile-inner modula-item-link\"><\/a>\n\t\t\n\t\t<img class=\"pic wp-image-1674 lazyload\"  data-valign=\"middle\" data-halign=\"center\" alt=\"\" data-full=\"https:\/\/srmadeira.oet.pt\/wordpress\/wp-content\/uploads\/2023\/02\/WhatsApp-Image-2019-03-22-at-15.35.29-4.jpeg\" title=\"WhatsApp Image 2019-03-22 at 15.35.29 (4)\" width=\"300\" height=\"225\" data-src=\"https:\/\/srmadeira.oet.pt\/wordpress\/wp-content\/uploads\/2023\/02\/WhatsApp-Image-2019-03-22-at-15.35.29-4-300x225.jpeg\" data-caption=\"\" data-source=\"modula\" data-srcset=\"https:\/\/srmadeira.oet.pt\/wordpress\/wp-content\/uploads\/2023\/02\/WhatsApp-Image-2019-03-22-at-15.35.29-4.jpeg 1600w, https:\/\/srmadeira.oet.pt\/wordpress\/wp-content\/uploads\/2023\/02\/WhatsApp-Image-2019-03-22-at-15.35.29-4-300x225.jpeg 300w, https:\/\/srmadeira.oet.pt\/wordpress\/wp-content\/uploads\/2023\/02\/WhatsApp-Image-2019-03-22-at-15.35.29-4-1024x768.jpeg 1024w, https:\/\/srmadeira.oet.pt\/wordpress\/wp-content\/uploads\/2023\/02\/WhatsApp-Image-2019-03-22-at-15.35.29-4-768x576.jpeg 768w, https:\/\/srmadeira.oet.pt\/wordpress\/wp-content\/uploads\/2023\/02\/WhatsApp-Image-2019-03-22-at-15.35.29-4-1536x1152.jpeg 1536w\" data-sizes=\"(max-width: 300px) 100vw, 300px\" \/>\n\t\t<div class=\"figc no-description\">\n\t\t\t<div class=\"figc-inner\">\n\t\t\t\t\t\t\t\t\t\t\t\t\t\t\t<\/div>\n\t\t<\/div>\n\n\t<\/div>\n\n<\/div><div class=\"modula-item effect-pufrobo\" data-width=\"2\" data-height=\"2\" >\n\t<div class=\"modula-item-overlay\"><\/div>\n\n\t<div class=\"modula-item-content\">\n\n\t\t\t\t\n\t\t\t\t\t<a data-image-id=\"1675\" tabindex=\"0\" rel=\"jtg-1673\" data-caption=\"\" aria-label=\"Open image in lightbox\" role=\"button\" class=\"tile-inner modula-item-link\"><\/a>\n\t\t\n\t\t<img class=\"pic wp-image-1675 lazyload\"  data-valign=\"middle\" data-halign=\"center\" alt=\"\" data-full=\"https:\/\/srmadeira.oet.pt\/wordpress\/wp-content\/uploads\/2023\/02\/WhatsApp-Image-2019-03-21-at-23.00.59-2.jpeg\" title=\"WhatsApp Image 2019-03-21 at 23.00.59 (2)\" width=\"300\" height=\"146\" data-src=\"https:\/\/srmadeira.oet.pt\/wordpress\/wp-content\/uploads\/2023\/02\/WhatsApp-Image-2019-03-21-at-23.00.59-2-300x146.jpeg\" data-caption=\"\" data-source=\"modula\" data-srcset=\"https:\/\/srmadeira.oet.pt\/wordpress\/wp-content\/uploads\/2023\/02\/WhatsApp-Image-2019-03-21-at-23.00.59-2.jpeg 1600w, https:\/\/srmadeira.oet.pt\/wordpress\/wp-content\/uploads\/2023\/02\/WhatsApp-Image-2019-03-21-at-23.00.59-2-300x146.jpeg 300w, https:\/\/srmadeira.oet.pt\/wordpress\/wp-content\/uploads\/2023\/02\/WhatsApp-Image-2019-03-21-at-23.00.59-2-1024x497.jpeg 1024w, https:\/\/srmadeira.oet.pt\/wordpress\/wp-content\/uploads\/2023\/02\/WhatsApp-Image-2019-03-21-at-23.00.59-2-768x373.jpeg 768w, https:\/\/srmadeira.oet.pt\/wordpress\/wp-content\/uploads\/2023\/02\/WhatsApp-Image-2019-03-21-at-23.00.59-2-1536x746.jpeg 1536w\" data-sizes=\"(max-width: 300px) 100vw, 300px\" \/>\n\t\t<div class=\"figc no-description\">\n\t\t\t<div class=\"figc-inner\">\n\t\t\t\t\t\t\t\t\t\t\t\t\t\t\t<\/div>\n\t\t<\/div>\n\n\t<\/div>\n\n<\/div><div class=\"modula-item effect-pufrobo\" data-width=\"2\" data-height=\"2\" >\n\t<div class=\"modula-item-overlay\"><\/div>\n\n\t<div class=\"modula-item-content\">\n\n\t\t\t\t\n\t\t\t\t\t<a data-image-id=\"1676\" tabindex=\"0\" rel=\"jtg-1673\" data-caption=\"\" aria-label=\"Open image in lightbox\" role=\"button\" class=\"tile-inner modula-item-link\"><\/a>\n\t\t\n\t\t<img class=\"pic wp-image-1676 lazyload\"  data-valign=\"middle\" data-halign=\"center\" alt=\"\" data-full=\"https:\/\/srmadeira.oet.pt\/wordpress\/wp-content\/uploads\/2023\/02\/WhatsApp-Image-2019-03-22-at-15.35.29.jpeg\" title=\"WhatsApp Image 2019-03-22 at 15.35.29\" width=\"300\" height=\"225\" data-src=\"https:\/\/srmadeira.oet.pt\/wordpress\/wp-content\/uploads\/2023\/02\/WhatsApp-Image-2019-03-22-at-15.35.29-300x225.jpeg\" data-caption=\"\" data-source=\"modula\" data-srcset=\"https:\/\/srmadeira.oet.pt\/wordpress\/wp-content\/uploads\/2023\/02\/WhatsApp-Image-2019-03-22-at-15.35.29.jpeg 1600w, https:\/\/srmadeira.oet.pt\/wordpress\/wp-content\/uploads\/2023\/02\/WhatsApp-Image-2019-03-22-at-15.35.29-300x225.jpeg 300w, https:\/\/srmadeira.oet.pt\/wordpress\/wp-content\/uploads\/2023\/02\/WhatsApp-Image-2019-03-22-at-15.35.29-1024x768.jpeg 1024w, https:\/\/srmadeira.oet.pt\/wordpress\/wp-content\/uploads\/2023\/02\/WhatsApp-Image-2019-03-22-at-15.35.29-768x576.jpeg 768w, https:\/\/srmadeira.oet.pt\/wordpress\/wp-content\/uploads\/2023\/02\/WhatsApp-Image-2019-03-22-at-15.35.29-1536x1152.jpeg 1536w\" data-sizes=\"(max-width: 300px) 100vw, 300px\" \/>\n\t\t<div class=\"figc no-description\">\n\t\t\t<div class=\"figc-inner\">\n\t\t\t\t\t\t\t\t\t\t\t\t\t\t\t<\/div>\n\t\t<\/div>\n\n\t<\/div>\n\n<\/div><div class=\"modula-item effect-pufrobo\" data-width=\"2\" data-height=\"2\" >\n\t<div class=\"modula-item-overlay\"><\/div>\n\n\t<div class=\"modula-item-content\">\n\n\t\t\t\t\n\t\t\t\t\t<a data-image-id=\"1677\" tabindex=\"0\" rel=\"jtg-1673\" data-caption=\"\" aria-label=\"Open image in lightbox\" role=\"button\" class=\"tile-inner modula-item-link\"><\/a>\n\t\t\n\t\t<img class=\"pic wp-image-1677 lazyload\"  data-valign=\"middle\" data-halign=\"center\" alt=\"\" data-full=\"https:\/\/srmadeira.oet.pt\/wordpress\/wp-content\/uploads\/2023\/02\/21032019-formacao-cruz-vermelha-2.jpeg\" title=\"21032019 forma\u00e7\u00e3o cruz vermelha (2)\" width=\"300\" height=\"146\" data-src=\"https:\/\/srmadeira.oet.pt\/wordpress\/wp-content\/uploads\/2023\/02\/21032019-formacao-cruz-vermelha-2-300x146.jpeg\" data-caption=\"\" data-source=\"modula\" data-srcset=\"https:\/\/srmadeira.oet.pt\/wordpress\/wp-content\/uploads\/2023\/02\/21032019-formacao-cruz-vermelha-2.jpeg 1600w, https:\/\/srmadeira.oet.pt\/wordpress\/wp-content\/uploads\/2023\/02\/21032019-formacao-cruz-vermelha-2-300x146.jpeg 300w, https:\/\/srmadeira.oet.pt\/wordpress\/wp-content\/uploads\/2023\/02\/21032019-formacao-cruz-vermelha-2-1024x497.jpeg 1024w, https:\/\/srmadeira.oet.pt\/wordpress\/wp-content\/uploads\/2023\/02\/21032019-formacao-cruz-vermelha-2-768x373.jpeg 768w, https:\/\/srmadeira.oet.pt\/wordpress\/wp-content\/uploads\/2023\/02\/21032019-formacao-cruz-vermelha-2-1536x746.jpeg 1536w\" data-sizes=\"(max-width: 300px) 100vw, 300px\" \/>\n\t\t<div class=\"figc no-description\">\n\t\t\t<div class=\"figc-inner\">\n\t\t\t\t\t\t\t\t\t\t\t\t\t\t\t<\/div>\n\t\t<\/div>\n\n\t<\/div>\n\n<\/div>\t\t\n\t<\/div>\n\n\t\n\t\n\t<script type=\"application\/ld+json\">\n\t{\n\t\t\"@context\": \"http:\/\/schema.org\",\n\t\t\"@type\"   : \"ImageGallery\",\n\t\t\"id\"      : \"https:\/\/srmadeira.oet.pt\/wordpress\/publicacoes-na-imprensa\/\",\n\t\t\"url\"     : \"https:\/\/srmadeira.oet.pt\/wordpress\/publicacoes-na-imprensa\/\"\n\t}\n\n\t<\/script>\n\n\t\n<\/div>\n\n\n\n<p class=\"has-white-color has-ast-global-color-1-background-color has-text-color has-background has-medium-font-size\">A IMPORT\u00c2NCIA DO AEROPORTO DO PORTO SANTO NAS LIGA\u00c7\u00d5ES A\u00c9REAS \u00c0 ILHA DA MADEIRA 20 Mar\u00e7o, 2018<\/p>\n\n\n<style>#jtg-1519 .modula-item .jtg-social a, .lightbox-socials.jtg-social a{ fill: #ffffff; color: #ffffff }#jtg-1519 .modula-item .jtg-social-expandable a, #jtg-1519 .modula-item .jtg-social-expandable-icons a{ fill: #ffffff; color: #ffffff }#jtg-1519 .modula-item .jtg-social svg, .lightbox-socials.jtg-social svg { height: 16px; width: 16px }#jtg-1519 .modula-item .jtg-social-expandable svg { height: 16px; width: 16px }#jtg-1519 .modula-item .jtg-social-expandable-icons svg { height: 16px; width: 16px }#jtg-1519 .modula-item .jtg-social a:not(:last-child), .lightbox-socials.jtg-social a:not(:last-child) { margin-right: 10px }#jtg-1519 .modula-item .jtg-social-expandable-icons { gap: 10px }#jtg-1519 .modula-item .figc {color:#ffffff;}#jtg-1519 .modula-item .modula-item-content { transform: scale(1) }#jtg-1519 .modula-items .figc p.description { font-size:14px; }#jtg-1519 .modula-items .figc p.description { color:#ffffff;}#jtg-1519.modula-gallery .modula-item > a, #jtg-1519.modula-gallery .modula-item, #jtg-1519.modula-gallery .modula-item-content > a:not(.modula-no-follow) { cursor:zoom-in; } #jtg-1519.modula-gallery .modula-item-content .modula-no-follow { cursor: default; } @media screen and (max-width:480px){#jtg-1519 .modula-item .figc .jtg-title {  font-size: 12px; }#jtg-1519 .modula-items .figc p.description { color:#ffffff;font-size:10px; }}<\/style>\n<div  id=\"jtg-1519\" class=\"modula modula-gallery modula-custom-grid modula-is-lazy\" data-config=\"{&quot;height&quot;:0,&quot;tabletHeight&quot;:0,&quot;mobileHeight&quot;:0,&quot;desktopHeight&quot;:0,&quot;enableTwitter&quot;:false,&quot;enableWhatsapp&quot;:false,&quot;enableFacebook&quot;:false,&quot;enablePinterest&quot;:false,&quot;enableLinkedin&quot;:false,&quot;enableEmail&quot;:false,&quot;randomFactor&quot;:0,&quot;type&quot;:&quot;custom-grid&quot;,&quot;columns&quot;:12,&quot;gutter&quot;:10,&quot;mobileGutter&quot;:10,&quot;tabletGutter&quot;:10,&quot;desktopGutter&quot;:10,&quot;enableResponsive&quot;:&quot;0&quot;,&quot;tabletColumns&quot;:&quot;2&quot;,&quot;mobileColumns&quot;:&quot;1&quot;,&quot;lazyLoad&quot;:&quot;1&quot;,&quot;lightboxOpts&quot;:{&quot;animated&quot;:true,&quot;Thumbs&quot;:{&quot;type&quot;:&quot;modern&quot;,&quot;showOnStart&quot;:false},&quot;Toolbar&quot;:{&quot;display&quot;:{&quot;right&quot;:[&quot;close&quot;]},&quot;enabled&quot;:true},&quot;Carousel&quot;:{&quot;Panzoom&quot;:{&quot;touch&quot;:false},&quot;infinite&quot;:false},&quot;keyboard&quot;:{&quot;Escape&quot;:&quot;close&quot;,&quot;Delete&quot;:&quot;close&quot;,&quot;Backspace&quot;:&quot;close&quot;,&quot;PageUp&quot;:false,&quot;PageDown&quot;:false,&quot;ArrowUp&quot;:false,&quot;ArrowDown&quot;:false,&quot;ArrowRight&quot;:false,&quot;ArrowLeft&quot;:false},&quot;touch&quot;:false,&quot;backdropClick&quot;:false,&quot;l10n&quot;:{&quot;CLOSE&quot;:&quot;Close&quot;,&quot;NEXT&quot;:&quot;Next&quot;,&quot;PREV&quot;:&quot;Previous&quot;,&quot;Error&quot;:&quot;The requested content cannot be loaded. Please try again later.&quot;,&quot;PLAY_START&quot;:&quot;Start slideshow&quot;,&quot;PLAY_STOP&quot;:&quot;Pause slideshow&quot;,&quot;FULL_SCREEN&quot;:&quot;Full screen&quot;,&quot;THUMBS&quot;:&quot;Thumbnails&quot;,&quot;DOWNLOAD&quot;:&quot;Download&quot;,&quot;SHARE&quot;:&quot;Share&quot;,&quot;ZOOM&quot;:&quot;Zoom&quot;,&quot;EMAIL&quot;:&quot;Here is the link to the image : %%image_link%% and this is the link to the gallery : %%gallery_link%%&quot;,&quot;MODAL&quot;:&quot;You can close this modal content with the ESC key&quot;,&quot;ERROR&quot;:&quot;Something Went Wrong, Please Try Again Later&quot;,&quot;IMAGE_ERROR&quot;:&quot;Image Not Found&quot;,&quot;ELEMENT_NOT_FOUND&quot;:&quot;HTML Element Not Found&quot;,&quot;AJAX_NOT_FOUND&quot;:&quot;Error Loading AJAX : Not Found&quot;,&quot;AJAX_FORBIDDEN&quot;:&quot;Error Loading AJAX : Forbidden&quot;,&quot;IFRAME_ERROR&quot;:&quot;Error Loading Page&quot;,&quot;TOGGLE_ZOOM&quot;:&quot;Toggle zoom level&quot;,&quot;TOGGLE_THUMBS&quot;:&quot;Toggle thumbnails&quot;,&quot;TOGGLE_SLIDESHOW&quot;:&quot;Toggle slideshow&quot;,&quot;TOGGLE_FULLSCREEN&quot;:&quot;Toggle full-screen mode&quot;},&quot;Images&quot;:{&quot;Panzoom&quot;:{&quot;maxScale&quot;:2}},&quot;mainClass&quot;:&quot;modula-fancybox-container modula-lightbox-jtg-1519&quot;,&quot;Html&quot;:{&quot;videoAutoplay&quot;:0,&quot;videoTpl&quot;:&quot;&lt;video class=\\&quot;fancybox__html5video\\&quot; controls muted playsinline controlsList controlsList=\\&quot;nodownload\\&quot; poster=\\&quot;{{poster}}\\&quot; src=\\&quot;{{src}}\\&quot; type=\\&quot;{{format}}\\&quot; &gt;  Sorry, your browser doesn&#039;t support embedded videos, &lt;a href=\\&quot;{{src}}\\&quot;&gt; download &lt;\\\/a&gt; and watch with your favorite video player! &lt;\\\/video&gt;&quot;}},&quot;inView&quot;:false,&quot;email_subject&quot;:&quot;Check out this awesome image !!&quot;,&quot;email_message&quot;:&quot;Here is the link to the image : %%image_link%% and this is the link to the gallery : %%gallery_link%%&quot;,&quot;lightbox&quot;:&quot;fancybox&quot;}\">\n\n\t\n\t<div  class=\"modula-items\">\n\t\t<div class=\"modula-item effect-pufrobo\" data-width=\"2\" data-height=\"2\" >\n\t<div class=\"modula-item-overlay\"><\/div>\n\n\t<div class=\"modula-item-content\">\n\n\t\t\t\t\n\t\t\t\t\t<a data-image-id=\"1520\" tabindex=\"0\" rel=\"jtg-1519\" data-caption=\"\" aria-label=\"Open image in lightbox\" role=\"button\" class=\"tile-inner modula-item-link\"><\/a>\n\t\t\n\t\t<img class=\"pic wp-image-1520 lazyload\"  data-valign=\"middle\" data-halign=\"center\" alt=\"\" data-full=\"https:\/\/srmadeira.oet.pt\/wordpress\/wp-content\/uploads\/2023\/02\/03A_PUBLICO_A-IMPORTANCIA-AEROPORTO-DO-PORTO-SANTO_10_resize50percent.jpg\" title=\"03A_P\u00daBLICO_A IMPORT\u00c2NCIA AEROPORTO DO PORTO SANTO_10_resize50percent\" width=\"300\" height=\"200\" data-src=\"https:\/\/srmadeira.oet.pt\/wordpress\/wp-content\/uploads\/2023\/02\/03A_PUBLICO_A-IMPORTANCIA-AEROPORTO-DO-PORTO-SANTO_10_resize50percent-300x200.jpg\" data-caption=\"\" data-source=\"modula\" data-srcset=\"https:\/\/srmadeira.oet.pt\/wordpress\/wp-content\/uploads\/2023\/02\/03A_PUBLICO_A-IMPORTANCIA-AEROPORTO-DO-PORTO-SANTO_10_resize50percent.jpg 1650w, https:\/\/srmadeira.oet.pt\/wordpress\/wp-content\/uploads\/2023\/02\/03A_PUBLICO_A-IMPORTANCIA-AEROPORTO-DO-PORTO-SANTO_10_resize50percent-300x200.jpg 300w, https:\/\/srmadeira.oet.pt\/wordpress\/wp-content\/uploads\/2023\/02\/03A_PUBLICO_A-IMPORTANCIA-AEROPORTO-DO-PORTO-SANTO_10_resize50percent-1024x683.jpg 1024w, https:\/\/srmadeira.oet.pt\/wordpress\/wp-content\/uploads\/2023\/02\/03A_PUBLICO_A-IMPORTANCIA-AEROPORTO-DO-PORTO-SANTO_10_resize50percent-768x512.jpg 768w, https:\/\/srmadeira.oet.pt\/wordpress\/wp-content\/uploads\/2023\/02\/03A_PUBLICO_A-IMPORTANCIA-AEROPORTO-DO-PORTO-SANTO_10_resize50percent-1536x1024.jpg 1536w\" data-sizes=\"(max-width: 300px) 100vw, 300px\" \/>\n\t\t<div class=\"figc no-description\">\n\t\t\t<div class=\"figc-inner\">\n\t\t\t\t\t\t\t\t\t\t\t\t\t\t\t<\/div>\n\t\t<\/div>\n\n\t<\/div>\n\n<\/div><div class=\"modula-item effect-pufrobo\" data-width=\"2\" data-height=\"2\" >\n\t<div class=\"modula-item-overlay\"><\/div>\n\n\t<div class=\"modula-item-content\">\n\n\t\t\t\t\n\t\t\t\t\t<a data-image-id=\"1521\" tabindex=\"0\" rel=\"jtg-1519\" data-caption=\"\" aria-label=\"Open image in lightbox\" role=\"button\" class=\"tile-inner modula-item-link\"><\/a>\n\t\t\n\t\t<img class=\"pic wp-image-1521 lazyload\"  data-valign=\"middle\" data-halign=\"center\" alt=\"\" data-full=\"https:\/\/srmadeira.oet.pt\/wordpress\/wp-content\/uploads\/2023\/02\/04A-grande_A-IMPORTANCIA-AEROPORTO-DO-PORTO-SANTO_resize50percent.jpg\" title=\"04A grande_A IMPORT\u00c2NCIA AEROPORTO DO PORTO SANTO_resize50percent\" width=\"300\" height=\"200\" data-src=\"https:\/\/srmadeira.oet.pt\/wordpress\/wp-content\/uploads\/2023\/02\/04A-grande_A-IMPORTANCIA-AEROPORTO-DO-PORTO-SANTO_resize50percent-300x200.jpg\" data-caption=\"\" data-source=\"modula\" data-srcset=\"https:\/\/srmadeira.oet.pt\/wordpress\/wp-content\/uploads\/2023\/02\/04A-grande_A-IMPORTANCIA-AEROPORTO-DO-PORTO-SANTO_resize50percent.jpg 1650w, https:\/\/srmadeira.oet.pt\/wordpress\/wp-content\/uploads\/2023\/02\/04A-grande_A-IMPORTANCIA-AEROPORTO-DO-PORTO-SANTO_resize50percent-300x200.jpg 300w, https:\/\/srmadeira.oet.pt\/wordpress\/wp-content\/uploads\/2023\/02\/04A-grande_A-IMPORTANCIA-AEROPORTO-DO-PORTO-SANTO_resize50percent-1024x683.jpg 1024w, https:\/\/srmadeira.oet.pt\/wordpress\/wp-content\/uploads\/2023\/02\/04A-grande_A-IMPORTANCIA-AEROPORTO-DO-PORTO-SANTO_resize50percent-768x512.jpg 768w, https:\/\/srmadeira.oet.pt\/wordpress\/wp-content\/uploads\/2023\/02\/04A-grande_A-IMPORTANCIA-AEROPORTO-DO-PORTO-SANTO_resize50percent-1536x1024.jpg 1536w\" data-sizes=\"(max-width: 300px) 100vw, 300px\" \/>\n\t\t<div class=\"figc no-description\">\n\t\t\t<div class=\"figc-inner\">\n\t\t\t\t\t\t\t\t\t\t\t\t\t\t\t<\/div>\n\t\t<\/div>\n\n\t<\/div>\n\n<\/div><div class=\"modula-item effect-pufrobo\" data-width=\"2\" data-height=\"2\" >\n\t<div class=\"modula-item-overlay\"><\/div>\n\n\t<div class=\"modula-item-content\">\n\n\t\t\t\t\n\t\t\t\t\t<a data-image-id=\"1522\" tabindex=\"0\" rel=\"jtg-1519\" data-caption=\"\" aria-label=\"Open image in lightbox\" role=\"button\" class=\"tile-inner modula-item-link\"><\/a>\n\t\t\n\t\t<img class=\"pic wp-image-1522 lazyload\"  data-valign=\"middle\" data-halign=\"center\" alt=\"\" data-full=\"https:\/\/srmadeira.oet.pt\/wordpress\/wp-content\/uploads\/2023\/02\/04b_A-IMPORTANCIA-AEROPORTO-DO-PORTO-SANTO_25_resize50percent.jpg\" title=\"04b_A IMPORT\u00c2NCIA AEROPORTO DO PORTO SANTO_25_resize50percent\" width=\"300\" height=\"200\" data-src=\"https:\/\/srmadeira.oet.pt\/wordpress\/wp-content\/uploads\/2023\/02\/04b_A-IMPORTANCIA-AEROPORTO-DO-PORTO-SANTO_25_resize50percent-300x200.jpg\" data-caption=\"\" data-source=\"modula\" data-srcset=\"https:\/\/srmadeira.oet.pt\/wordpress\/wp-content\/uploads\/2023\/02\/04b_A-IMPORTANCIA-AEROPORTO-DO-PORTO-SANTO_25_resize50percent.jpg 1650w, https:\/\/srmadeira.oet.pt\/wordpress\/wp-content\/uploads\/2023\/02\/04b_A-IMPORTANCIA-AEROPORTO-DO-PORTO-SANTO_25_resize50percent-300x200.jpg 300w, https:\/\/srmadeira.oet.pt\/wordpress\/wp-content\/uploads\/2023\/02\/04b_A-IMPORTANCIA-AEROPORTO-DO-PORTO-SANTO_25_resize50percent-1024x683.jpg 1024w, https:\/\/srmadeira.oet.pt\/wordpress\/wp-content\/uploads\/2023\/02\/04b_A-IMPORTANCIA-AEROPORTO-DO-PORTO-SANTO_25_resize50percent-768x512.jpg 768w, https:\/\/srmadeira.oet.pt\/wordpress\/wp-content\/uploads\/2023\/02\/04b_A-IMPORTANCIA-AEROPORTO-DO-PORTO-SANTO_25_resize50percent-1536x1024.jpg 1536w\" data-sizes=\"(max-width: 300px) 100vw, 300px\" \/>\n\t\t<div class=\"figc no-description\">\n\t\t\t<div class=\"figc-inner\">\n\t\t\t\t\t\t\t\t\t\t\t\t\t\t\t<\/div>\n\t\t<\/div>\n\n\t<\/div>\n\n<\/div><div class=\"modula-item effect-pufrobo\" data-width=\"2\" data-height=\"2\" >\n\t<div class=\"modula-item-overlay\"><\/div>\n\n\t<div class=\"modula-item-content\">\n\n\t\t\t\t\n\t\t\t\t\t<a data-image-id=\"1523\" tabindex=\"0\" rel=\"jtg-1519\" data-caption=\"\" aria-label=\"Open image in lightbox\" role=\"button\" class=\"tile-inner modula-item-link\"><\/a>\n\t\t\n\t\t<img class=\"pic wp-image-1523 lazyload\"  data-valign=\"middle\" data-halign=\"center\" alt=\"\" data-full=\"https:\/\/srmadeira.oet.pt\/wordpress\/wp-content\/uploads\/2023\/02\/04d_FILIPE-SOUSA_A-IMPORTANCIA-AEROPORTO-DO-PORTO-SANTO_02_resize50percent.jpg\" title=\"04d_FILIPE SOUSA_A IMPORT\u00c2NCIA AEROPORTO DO PORTO SANTO_02_resize50percent\" width=\"300\" height=\"200\" data-src=\"https:\/\/srmadeira.oet.pt\/wordpress\/wp-content\/uploads\/2023\/02\/04d_FILIPE-SOUSA_A-IMPORTANCIA-AEROPORTO-DO-PORTO-SANTO_02_resize50percent-300x200.jpg\" data-caption=\"\" data-source=\"modula\" data-srcset=\"https:\/\/srmadeira.oet.pt\/wordpress\/wp-content\/uploads\/2023\/02\/04d_FILIPE-SOUSA_A-IMPORTANCIA-AEROPORTO-DO-PORTO-SANTO_02_resize50percent.jpg 1650w, https:\/\/srmadeira.oet.pt\/wordpress\/wp-content\/uploads\/2023\/02\/04d_FILIPE-SOUSA_A-IMPORTANCIA-AEROPORTO-DO-PORTO-SANTO_02_resize50percent-300x200.jpg 300w, https:\/\/srmadeira.oet.pt\/wordpress\/wp-content\/uploads\/2023\/02\/04d_FILIPE-SOUSA_A-IMPORTANCIA-AEROPORTO-DO-PORTO-SANTO_02_resize50percent-1024x683.jpg 1024w, https:\/\/srmadeira.oet.pt\/wordpress\/wp-content\/uploads\/2023\/02\/04d_FILIPE-SOUSA_A-IMPORTANCIA-AEROPORTO-DO-PORTO-SANTO_02_resize50percent-768x512.jpg 768w, https:\/\/srmadeira.oet.pt\/wordpress\/wp-content\/uploads\/2023\/02\/04d_FILIPE-SOUSA_A-IMPORTANCIA-AEROPORTO-DO-PORTO-SANTO_02_resize50percent-1536x1024.jpg 1536w\" data-sizes=\"(max-width: 300px) 100vw, 300px\" \/>\n\t\t<div class=\"figc no-description\">\n\t\t\t<div class=\"figc-inner\">\n\t\t\t\t\t\t\t\t\t\t\t\t\t\t\t<\/div>\n\t\t<\/div>\n\n\t<\/div>\n\n<\/div><div class=\"modula-item effect-pufrobo\" data-width=\"2\" data-height=\"2\" >\n\t<div class=\"modula-item-overlay\"><\/div>\n\n\t<div class=\"modula-item-content\">\n\n\t\t\t\t\n\t\t\t\t\t<a data-image-id=\"1524\" tabindex=\"0\" rel=\"jtg-1519\" data-caption=\"\" aria-label=\"Open image in lightbox\" role=\"button\" class=\"tile-inner modula-item-link\"><\/a>\n\t\t\n\t\t<img class=\"pic wp-image-1524 lazyload\"  data-valign=\"middle\" data-halign=\"center\" alt=\"\" data-full=\"https:\/\/srmadeira.oet.pt\/wordpress\/wp-content\/uploads\/2023\/02\/04e_JOSE-CARDOSO_A-IMPORTANCIA-AEROPORTO-DO-PORTO-SANTO_03_resize50percent.jpg\" title=\"04e_JOS\u00c9 CARDOSO_A IMPORT\u00c2NCIA AEROPORTO DO PORTO SANTO_03_resize50percent\" width=\"300\" height=\"200\" data-src=\"https:\/\/srmadeira.oet.pt\/wordpress\/wp-content\/uploads\/2023\/02\/04e_JOSE-CARDOSO_A-IMPORTANCIA-AEROPORTO-DO-PORTO-SANTO_03_resize50percent-300x200.jpg\" data-caption=\"\" data-source=\"modula\" data-srcset=\"https:\/\/srmadeira.oet.pt\/wordpress\/wp-content\/uploads\/2023\/02\/04e_JOSE-CARDOSO_A-IMPORTANCIA-AEROPORTO-DO-PORTO-SANTO_03_resize50percent.jpg 1650w, https:\/\/srmadeira.oet.pt\/wordpress\/wp-content\/uploads\/2023\/02\/04e_JOSE-CARDOSO_A-IMPORTANCIA-AEROPORTO-DO-PORTO-SANTO_03_resize50percent-300x200.jpg 300w, https:\/\/srmadeira.oet.pt\/wordpress\/wp-content\/uploads\/2023\/02\/04e_JOSE-CARDOSO_A-IMPORTANCIA-AEROPORTO-DO-PORTO-SANTO_03_resize50percent-1024x683.jpg 1024w, https:\/\/srmadeira.oet.pt\/wordpress\/wp-content\/uploads\/2023\/02\/04e_JOSE-CARDOSO_A-IMPORTANCIA-AEROPORTO-DO-PORTO-SANTO_03_resize50percent-768x512.jpg 768w, https:\/\/srmadeira.oet.pt\/wordpress\/wp-content\/uploads\/2023\/02\/04e_JOSE-CARDOSO_A-IMPORTANCIA-AEROPORTO-DO-PORTO-SANTO_03_resize50percent-1536x1024.jpg 1536w\" data-sizes=\"(max-width: 300px) 100vw, 300px\" \/>\n\t\t<div class=\"figc no-description\">\n\t\t\t<div class=\"figc-inner\">\n\t\t\t\t\t\t\t\t\t\t\t\t\t\t\t<\/div>\n\t\t<\/div>\n\n\t<\/div>\n\n<\/div><div class=\"modula-item effect-pufrobo\" data-width=\"2\" data-height=\"2\" >\n\t<div class=\"modula-item-overlay\"><\/div>\n\n\t<div class=\"modula-item-content\">\n\n\t\t\t\t\n\t\t\t\t\t<a data-image-id=\"1525\" tabindex=\"0\" rel=\"jtg-1519\" data-caption=\"\" aria-label=\"Open image in lightbox\" role=\"button\" class=\"tile-inner modula-item-link\"><\/a>\n\t\t\n\t\t<img class=\"pic wp-image-1525 lazyload\"  data-valign=\"middle\" data-halign=\"center\" alt=\"\" data-full=\"https:\/\/srmadeira.oet.pt\/wordpress\/wp-content\/uploads\/2023\/02\/05a_ALBERTO-JOAO-JARDIM_A-IMPORTANCIA-AEROPORTO-DO-PORTO-SANTO_86_resize50percent.jpg\" title=\"05a_ALBERTO JO\u00c3O JARDIM_A IMPORT\u00c2NCIA AEROPORTO DO PORTO SANTO_86_resize50percent\" width=\"300\" height=\"200\" data-src=\"https:\/\/srmadeira.oet.pt\/wordpress\/wp-content\/uploads\/2023\/02\/05a_ALBERTO-JOAO-JARDIM_A-IMPORTANCIA-AEROPORTO-DO-PORTO-SANTO_86_resize50percent-300x200.jpg\" data-caption=\"\" data-source=\"modula\" data-srcset=\"https:\/\/srmadeira.oet.pt\/wordpress\/wp-content\/uploads\/2023\/02\/05a_ALBERTO-JOAO-JARDIM_A-IMPORTANCIA-AEROPORTO-DO-PORTO-SANTO_86_resize50percent.jpg 1650w, https:\/\/srmadeira.oet.pt\/wordpress\/wp-content\/uploads\/2023\/02\/05a_ALBERTO-JOAO-JARDIM_A-IMPORTANCIA-AEROPORTO-DO-PORTO-SANTO_86_resize50percent-300x200.jpg 300w, https:\/\/srmadeira.oet.pt\/wordpress\/wp-content\/uploads\/2023\/02\/05a_ALBERTO-JOAO-JARDIM_A-IMPORTANCIA-AEROPORTO-DO-PORTO-SANTO_86_resize50percent-1024x683.jpg 1024w, https:\/\/srmadeira.oet.pt\/wordpress\/wp-content\/uploads\/2023\/02\/05a_ALBERTO-JOAO-JARDIM_A-IMPORTANCIA-AEROPORTO-DO-PORTO-SANTO_86_resize50percent-768x512.jpg 768w, https:\/\/srmadeira.oet.pt\/wordpress\/wp-content\/uploads\/2023\/02\/05a_ALBERTO-JOAO-JARDIM_A-IMPORTANCIA-AEROPORTO-DO-PORTO-SANTO_86_resize50percent-1536x1024.jpg 1536w\" data-sizes=\"(max-width: 300px) 100vw, 300px\" \/>\n\t\t<div class=\"figc no-description\">\n\t\t\t<div class=\"figc-inner\">\n\t\t\t\t\t\t\t\t\t\t\t\t\t\t\t<\/div>\n\t\t<\/div>\n\n\t<\/div>\n\n<\/div><div class=\"modula-item effect-pufrobo\" data-width=\"2\" data-height=\"2\" >\n\t<div class=\"modula-item-overlay\"><\/div>\n\n\t<div class=\"modula-item-content\">\n\n\t\t\t\t\n\t\t\t\t\t<a data-image-id=\"1526\" tabindex=\"0\" rel=\"jtg-1519\" data-caption=\"\" aria-label=\"Open image in lightbox\" role=\"button\" class=\"tile-inner modula-item-link\"><\/a>\n\t\t\n\t\t<img class=\"pic wp-image-1526 lazyload\"  data-valign=\"middle\" data-halign=\"center\" alt=\"\" data-full=\"https:\/\/srmadeira.oet.pt\/wordpress\/wp-content\/uploads\/2023\/02\/05b_JOAO-PAULO-MARQUES_A-IMPORTANCIA-AEROPORTO-DO-PORTO-SANTO_03_resize50percent.jpg\" title=\"05b_JO\u00c3O PAULO MARQUES_A IMPORT\u00c2NCIA AEROPORTO DO PORTO SANTO_03_resize50percent\" width=\"300\" height=\"200\" data-src=\"https:\/\/srmadeira.oet.pt\/wordpress\/wp-content\/uploads\/2023\/02\/05b_JOAO-PAULO-MARQUES_A-IMPORTANCIA-AEROPORTO-DO-PORTO-SANTO_03_resize50percent-300x200.jpg\" data-caption=\"\" data-source=\"modula\" data-srcset=\"https:\/\/srmadeira.oet.pt\/wordpress\/wp-content\/uploads\/2023\/02\/05b_JOAO-PAULO-MARQUES_A-IMPORTANCIA-AEROPORTO-DO-PORTO-SANTO_03_resize50percent.jpg 1650w, https:\/\/srmadeira.oet.pt\/wordpress\/wp-content\/uploads\/2023\/02\/05b_JOAO-PAULO-MARQUES_A-IMPORTANCIA-AEROPORTO-DO-PORTO-SANTO_03_resize50percent-300x200.jpg 300w, https:\/\/srmadeira.oet.pt\/wordpress\/wp-content\/uploads\/2023\/02\/05b_JOAO-PAULO-MARQUES_A-IMPORTANCIA-AEROPORTO-DO-PORTO-SANTO_03_resize50percent-1024x683.jpg 1024w, https:\/\/srmadeira.oet.pt\/wordpress\/wp-content\/uploads\/2023\/02\/05b_JOAO-PAULO-MARQUES_A-IMPORTANCIA-AEROPORTO-DO-PORTO-SANTO_03_resize50percent-768x512.jpg 768w, https:\/\/srmadeira.oet.pt\/wordpress\/wp-content\/uploads\/2023\/02\/05b_JOAO-PAULO-MARQUES_A-IMPORTANCIA-AEROPORTO-DO-PORTO-SANTO_03_resize50percent-1536x1024.jpg 1536w\" data-sizes=\"(max-width: 300px) 100vw, 300px\" \/>\n\t\t<div class=\"figc no-description\">\n\t\t\t<div class=\"figc-inner\">\n\t\t\t\t\t\t\t\t\t\t\t\t\t\t\t<\/div>\n\t\t<\/div>\n\n\t<\/div>\n\n<\/div><div class=\"modula-item effect-pufrobo\" data-width=\"2\" data-height=\"2\" >\n\t<div class=\"modula-item-overlay\"><\/div>\n\n\t<div class=\"modula-item-content\">\n\n\t\t\t\t\n\t\t\t\t\t<a data-image-id=\"1527\" tabindex=\"0\" rel=\"jtg-1519\" data-caption=\"\" aria-label=\"Open image in lightbox\" role=\"button\" class=\"tile-inner modula-item-link\"><\/a>\n\t\t\n\t\t<img class=\"pic wp-image-1527 lazyload\"  data-valign=\"middle\" data-halign=\"center\" alt=\"\" data-full=\"https:\/\/srmadeira.oet.pt\/wordpress\/wp-content\/uploads\/2023\/02\/05B_PUBLICO_A-IMPORTANCIA-AEROPORTO-DO-PORTO-SANTO_06_resize50percent.jpg\" title=\"05B_P\u00daBLICO_A IMPORT\u00c2NCIA AEROPORTO DO PORTO SANTO_06_resize50percent\" width=\"300\" height=\"200\" data-src=\"https:\/\/srmadeira.oet.pt\/wordpress\/wp-content\/uploads\/2023\/02\/05B_PUBLICO_A-IMPORTANCIA-AEROPORTO-DO-PORTO-SANTO_06_resize50percent-300x200.jpg\" data-caption=\"\" data-source=\"modula\" data-srcset=\"https:\/\/srmadeira.oet.pt\/wordpress\/wp-content\/uploads\/2023\/02\/05B_PUBLICO_A-IMPORTANCIA-AEROPORTO-DO-PORTO-SANTO_06_resize50percent.jpg 1650w, https:\/\/srmadeira.oet.pt\/wordpress\/wp-content\/uploads\/2023\/02\/05B_PUBLICO_A-IMPORTANCIA-AEROPORTO-DO-PORTO-SANTO_06_resize50percent-300x200.jpg 300w, https:\/\/srmadeira.oet.pt\/wordpress\/wp-content\/uploads\/2023\/02\/05B_PUBLICO_A-IMPORTANCIA-AEROPORTO-DO-PORTO-SANTO_06_resize50percent-1024x683.jpg 1024w, https:\/\/srmadeira.oet.pt\/wordpress\/wp-content\/uploads\/2023\/02\/05B_PUBLICO_A-IMPORTANCIA-AEROPORTO-DO-PORTO-SANTO_06_resize50percent-768x512.jpg 768w, https:\/\/srmadeira.oet.pt\/wordpress\/wp-content\/uploads\/2023\/02\/05B_PUBLICO_A-IMPORTANCIA-AEROPORTO-DO-PORTO-SANTO_06_resize50percent-1536x1024.jpg 1536w\" data-sizes=\"(max-width: 300px) 100vw, 300px\" \/>\n\t\t<div class=\"figc no-description\">\n\t\t\t<div class=\"figc-inner\">\n\t\t\t\t\t\t\t\t\t\t\t\t\t\t\t<\/div>\n\t\t<\/div>\n\n\t<\/div>\n\n<\/div><div class=\"modula-item effect-pufrobo\" data-width=\"2\" data-height=\"2\" >\n\t<div class=\"modula-item-overlay\"><\/div>\n\n\t<div class=\"modula-item-content\">\n\n\t\t\t\t\n\t\t\t\t\t<a data-image-id=\"1528\" tabindex=\"0\" rel=\"jtg-1519\" data-caption=\"\" aria-label=\"Open image in lightbox\" role=\"button\" class=\"tile-inner modula-item-link\"><\/a>\n\t\t\n\t\t<img class=\"pic wp-image-1528 lazyload\"  data-valign=\"middle\" data-halign=\"center\" alt=\"\" data-full=\"https:\/\/srmadeira.oet.pt\/wordpress\/wp-content\/uploads\/2023\/02\/05c_ELVIO-CAMACHO_A-IMPORTANCIA-AEROPORTO-DO-PORTO-SANTO_01_resize50percent.jpg\" title=\"05c_\u00c9LVIO CAMACHO_A IMPORT\u00c2NCIA AEROPORTO DO PORTO SANTO_01_resize50percent\" width=\"300\" height=\"200\" data-src=\"https:\/\/srmadeira.oet.pt\/wordpress\/wp-content\/uploads\/2023\/02\/05c_ELVIO-CAMACHO_A-IMPORTANCIA-AEROPORTO-DO-PORTO-SANTO_01_resize50percent-300x200.jpg\" data-caption=\"\" data-source=\"modula\" data-srcset=\"https:\/\/srmadeira.oet.pt\/wordpress\/wp-content\/uploads\/2023\/02\/05c_ELVIO-CAMACHO_A-IMPORTANCIA-AEROPORTO-DO-PORTO-SANTO_01_resize50percent.jpg 1650w, https:\/\/srmadeira.oet.pt\/wordpress\/wp-content\/uploads\/2023\/02\/05c_ELVIO-CAMACHO_A-IMPORTANCIA-AEROPORTO-DO-PORTO-SANTO_01_resize50percent-300x200.jpg 300w, https:\/\/srmadeira.oet.pt\/wordpress\/wp-content\/uploads\/2023\/02\/05c_ELVIO-CAMACHO_A-IMPORTANCIA-AEROPORTO-DO-PORTO-SANTO_01_resize50percent-1024x683.jpg 1024w, https:\/\/srmadeira.oet.pt\/wordpress\/wp-content\/uploads\/2023\/02\/05c_ELVIO-CAMACHO_A-IMPORTANCIA-AEROPORTO-DO-PORTO-SANTO_01_resize50percent-768x512.jpg 768w, https:\/\/srmadeira.oet.pt\/wordpress\/wp-content\/uploads\/2023\/02\/05c_ELVIO-CAMACHO_A-IMPORTANCIA-AEROPORTO-DO-PORTO-SANTO_01_resize50percent-1536x1024.jpg 1536w\" data-sizes=\"(max-width: 300px) 100vw, 300px\" \/>\n\t\t<div class=\"figc no-description\">\n\t\t\t<div class=\"figc-inner\">\n\t\t\t\t\t\t\t\t\t\t\t\t\t\t\t<\/div>\n\t\t<\/div>\n\n\t<\/div>\n\n<\/div><div class=\"modula-item effect-pufrobo\" data-width=\"2\" data-height=\"2\" >\n\t<div class=\"modula-item-overlay\"><\/div>\n\n\t<div class=\"modula-item-content\">\n\n\t\t\t\t\n\t\t\t\t\t<a data-image-id=\"1529\" tabindex=\"0\" rel=\"jtg-1519\" data-caption=\"\" aria-label=\"Open image in lightbox\" role=\"button\" class=\"tile-inner modula-item-link\"><\/a>\n\t\t\n\t\t<img class=\"pic wp-image-1529 lazyload\"  data-valign=\"middle\" data-halign=\"center\" alt=\"\" data-full=\"https:\/\/srmadeira.oet.pt\/wordpress\/wp-content\/uploads\/2023\/02\/05d_RICARDO-FRANCO_A-IMPORTANCIA-AEROPORTO-DO-PORTO-SANTO_03_resize50percent.jpg\" title=\"05d_RICARDO FRANCO_A IMPORT\u00c2NCIA AEROPORTO DO PORTO SANTO_03_resize50percent\" width=\"300\" height=\"200\" data-src=\"https:\/\/srmadeira.oet.pt\/wordpress\/wp-content\/uploads\/2023\/02\/05d_RICARDO-FRANCO_A-IMPORTANCIA-AEROPORTO-DO-PORTO-SANTO_03_resize50percent-300x200.jpg\" data-caption=\"\" data-source=\"modula\" data-srcset=\"https:\/\/srmadeira.oet.pt\/wordpress\/wp-content\/uploads\/2023\/02\/05d_RICARDO-FRANCO_A-IMPORTANCIA-AEROPORTO-DO-PORTO-SANTO_03_resize50percent.jpg 1650w, https:\/\/srmadeira.oet.pt\/wordpress\/wp-content\/uploads\/2023\/02\/05d_RICARDO-FRANCO_A-IMPORTANCIA-AEROPORTO-DO-PORTO-SANTO_03_resize50percent-300x200.jpg 300w, https:\/\/srmadeira.oet.pt\/wordpress\/wp-content\/uploads\/2023\/02\/05d_RICARDO-FRANCO_A-IMPORTANCIA-AEROPORTO-DO-PORTO-SANTO_03_resize50percent-1024x683.jpg 1024w, https:\/\/srmadeira.oet.pt\/wordpress\/wp-content\/uploads\/2023\/02\/05d_RICARDO-FRANCO_A-IMPORTANCIA-AEROPORTO-DO-PORTO-SANTO_03_resize50percent-768x512.jpg 768w, https:\/\/srmadeira.oet.pt\/wordpress\/wp-content\/uploads\/2023\/02\/05d_RICARDO-FRANCO_A-IMPORTANCIA-AEROPORTO-DO-PORTO-SANTO_03_resize50percent-1536x1024.jpg 1536w\" data-sizes=\"(max-width: 300px) 100vw, 300px\" \/>\n\t\t<div class=\"figc no-description\">\n\t\t\t<div class=\"figc-inner\">\n\t\t\t\t\t\t\t\t\t\t\t\t\t\t\t<\/div>\n\t\t<\/div>\n\n\t<\/div>\n\n<\/div><div class=\"modula-item effect-pufrobo\" data-width=\"2\" data-height=\"2\" >\n\t<div class=\"modula-item-overlay\"><\/div>\n\n\t<div class=\"modula-item-content\">\n\n\t\t\t\t\n\t\t\t\t\t<a data-image-id=\"1530\" tabindex=\"0\" rel=\"jtg-1519\" data-caption=\"\" aria-label=\"Open image in lightbox\" role=\"button\" class=\"tile-inner modula-item-link\"><\/a>\n\t\t\n\t\t<img class=\"pic wp-image-1530 lazyload\"  data-valign=\"middle\" data-halign=\"center\" alt=\"\" data-full=\"https:\/\/srmadeira.oet.pt\/wordpress\/wp-content\/uploads\/2023\/02\/05e_ANDRE-BARRETO_A-IMPORTANCIA-AEROPORTO-DO-PORTO-SANTO_02_resize50percent.jpg\" title=\"05e_ANDR\u00c9 BARRETO_A IMPORT\u00c2NCIA AEROPORTO DO PORTO SANTO_02_resize50percent\" width=\"300\" height=\"200\" data-src=\"https:\/\/srmadeira.oet.pt\/wordpress\/wp-content\/uploads\/2023\/02\/05e_ANDRE-BARRETO_A-IMPORTANCIA-AEROPORTO-DO-PORTO-SANTO_02_resize50percent-300x200.jpg\" data-caption=\"\" data-source=\"modula\" data-srcset=\"https:\/\/srmadeira.oet.pt\/wordpress\/wp-content\/uploads\/2023\/02\/05e_ANDRE-BARRETO_A-IMPORTANCIA-AEROPORTO-DO-PORTO-SANTO_02_resize50percent.jpg 1650w, https:\/\/srmadeira.oet.pt\/wordpress\/wp-content\/uploads\/2023\/02\/05e_ANDRE-BARRETO_A-IMPORTANCIA-AEROPORTO-DO-PORTO-SANTO_02_resize50percent-300x200.jpg 300w, https:\/\/srmadeira.oet.pt\/wordpress\/wp-content\/uploads\/2023\/02\/05e_ANDRE-BARRETO_A-IMPORTANCIA-AEROPORTO-DO-PORTO-SANTO_02_resize50percent-1024x683.jpg 1024w, https:\/\/srmadeira.oet.pt\/wordpress\/wp-content\/uploads\/2023\/02\/05e_ANDRE-BARRETO_A-IMPORTANCIA-AEROPORTO-DO-PORTO-SANTO_02_resize50percent-768x512.jpg 768w, https:\/\/srmadeira.oet.pt\/wordpress\/wp-content\/uploads\/2023\/02\/05e_ANDRE-BARRETO_A-IMPORTANCIA-AEROPORTO-DO-PORTO-SANTO_02_resize50percent-1536x1024.jpg 1536w\" data-sizes=\"(max-width: 300px) 100vw, 300px\" \/>\n\t\t<div class=\"figc no-description\">\n\t\t\t<div class=\"figc-inner\">\n\t\t\t\t\t\t\t\t\t\t\t\t\t\t\t<\/div>\n\t\t<\/div>\n\n\t<\/div>\n\n<\/div><div class=\"modula-item effect-pufrobo\" data-width=\"2\" data-height=\"2\" >\n\t<div class=\"modula-item-overlay\"><\/div>\n\n\t<div class=\"modula-item-content\">\n\n\t\t\t\t\n\t\t\t\t\t<a data-image-id=\"1531\" tabindex=\"0\" rel=\"jtg-1519\" data-caption=\"\" aria-label=\"Open image in lightbox\" role=\"button\" class=\"tile-inner modula-item-link\"><\/a>\n\t\t\n\t\t<img class=\"pic wp-image-1531 lazyload\"  data-valign=\"middle\" data-halign=\"center\" alt=\"\" data-full=\"https:\/\/srmadeira.oet.pt\/wordpress\/wp-content\/uploads\/2023\/02\/05f_SERGIO-GONCALVES_A-IMPORTANCIA-AEROPORTO-DO-PORTO-SANTO_85_resize50percent.jpg\" title=\"05f_S\u00c9RGIO GON\u00c7ALVES_A IMPORT\u00c2NCIA AEROPORTO DO PORTO SANTO_85_resize50percent\" width=\"300\" height=\"200\" data-src=\"https:\/\/srmadeira.oet.pt\/wordpress\/wp-content\/uploads\/2023\/02\/05f_SERGIO-GONCALVES_A-IMPORTANCIA-AEROPORTO-DO-PORTO-SANTO_85_resize50percent-300x200.jpg\" data-caption=\"\" data-source=\"modula\" data-srcset=\"https:\/\/srmadeira.oet.pt\/wordpress\/wp-content\/uploads\/2023\/02\/05f_SERGIO-GONCALVES_A-IMPORTANCIA-AEROPORTO-DO-PORTO-SANTO_85_resize50percent.jpg 1650w, https:\/\/srmadeira.oet.pt\/wordpress\/wp-content\/uploads\/2023\/02\/05f_SERGIO-GONCALVES_A-IMPORTANCIA-AEROPORTO-DO-PORTO-SANTO_85_resize50percent-300x200.jpg 300w, https:\/\/srmadeira.oet.pt\/wordpress\/wp-content\/uploads\/2023\/02\/05f_SERGIO-GONCALVES_A-IMPORTANCIA-AEROPORTO-DO-PORTO-SANTO_85_resize50percent-1024x683.jpg 1024w, https:\/\/srmadeira.oet.pt\/wordpress\/wp-content\/uploads\/2023\/02\/05f_SERGIO-GONCALVES_A-IMPORTANCIA-AEROPORTO-DO-PORTO-SANTO_85_resize50percent-768x512.jpg 768w, https:\/\/srmadeira.oet.pt\/wordpress\/wp-content\/uploads\/2023\/02\/05f_SERGIO-GONCALVES_A-IMPORTANCIA-AEROPORTO-DO-PORTO-SANTO_85_resize50percent-1536x1024.jpg 1536w\" data-sizes=\"(max-width: 300px) 100vw, 300px\" \/>\n\t\t<div class=\"figc no-description\">\n\t\t\t<div class=\"figc-inner\">\n\t\t\t\t\t\t\t\t\t\t\t\t\t\t\t<\/div>\n\t\t<\/div>\n\n\t<\/div>\n\n<\/div><div class=\"modula-item effect-pufrobo\" data-width=\"2\" data-height=\"2\" >\n\t<div class=\"modula-item-overlay\"><\/div>\n\n\t<div class=\"modula-item-content\">\n\n\t\t\t\t\n\t\t\t\t\t<a data-image-id=\"1532\" tabindex=\"0\" rel=\"jtg-1519\" data-caption=\"\" aria-label=\"Open image in lightbox\" role=\"button\" class=\"tile-inner modula-item-link\"><\/a>\n\t\t\n\t\t<img class=\"pic wp-image-1532 lazyload\"  data-valign=\"middle\" data-halign=\"center\" alt=\"\" data-full=\"https:\/\/srmadeira.oet.pt\/wordpress\/wp-content\/uploads\/2023\/02\/05g_PAULO-GOMES_A-IMPORTANCIA-AEROPORTO-DO-PORTO-SANTO_01_resize50percent.jpg\" title=\"05g_PAULO GOMES_A IMPORT\u00c2NCIA AEROPORTO DO PORTO SANTO_01_resize50percent\" width=\"300\" height=\"200\" data-src=\"https:\/\/srmadeira.oet.pt\/wordpress\/wp-content\/uploads\/2023\/02\/05g_PAULO-GOMES_A-IMPORTANCIA-AEROPORTO-DO-PORTO-SANTO_01_resize50percent-300x200.jpg\" data-caption=\"\" data-source=\"modula\" data-srcset=\"https:\/\/srmadeira.oet.pt\/wordpress\/wp-content\/uploads\/2023\/02\/05g_PAULO-GOMES_A-IMPORTANCIA-AEROPORTO-DO-PORTO-SANTO_01_resize50percent.jpg 1650w, https:\/\/srmadeira.oet.pt\/wordpress\/wp-content\/uploads\/2023\/02\/05g_PAULO-GOMES_A-IMPORTANCIA-AEROPORTO-DO-PORTO-SANTO_01_resize50percent-300x200.jpg 300w, https:\/\/srmadeira.oet.pt\/wordpress\/wp-content\/uploads\/2023\/02\/05g_PAULO-GOMES_A-IMPORTANCIA-AEROPORTO-DO-PORTO-SANTO_01_resize50percent-1024x683.jpg 1024w, https:\/\/srmadeira.oet.pt\/wordpress\/wp-content\/uploads\/2023\/02\/05g_PAULO-GOMES_A-IMPORTANCIA-AEROPORTO-DO-PORTO-SANTO_01_resize50percent-768x512.jpg 768w, https:\/\/srmadeira.oet.pt\/wordpress\/wp-content\/uploads\/2023\/02\/05g_PAULO-GOMES_A-IMPORTANCIA-AEROPORTO-DO-PORTO-SANTO_01_resize50percent-1536x1024.jpg 1536w\" data-sizes=\"(max-width: 300px) 100vw, 300px\" \/>\n\t\t<div class=\"figc no-description\">\n\t\t\t<div class=\"figc-inner\">\n\t\t\t\t\t\t\t\t\t\t\t\t\t\t\t<\/div>\n\t\t<\/div>\n\n\t<\/div>\n\n<\/div><div class=\"modula-item effect-pufrobo\" data-width=\"2\" data-height=\"2\" >\n\t<div class=\"modula-item-overlay\"><\/div>\n\n\t<div class=\"modula-item-content\">\n\n\t\t\t\t\n\t\t\t\t\t<a data-image-id=\"1533\" tabindex=\"0\" rel=\"jtg-1519\" data-caption=\"\" aria-label=\"Open image in lightbox\" role=\"button\" class=\"tile-inner modula-item-link\"><\/a>\n\t\t\n\t\t<img class=\"pic wp-image-1533 lazyload\"  data-valign=\"middle\" data-halign=\"center\" alt=\"\" data-full=\"https:\/\/srmadeira.oet.pt\/wordpress\/wp-content\/uploads\/2023\/02\/05h_IVO-CORREIA_A-IMPORTANCIA-AEROPORTO-DO-PORTO-SANTO_03_resize50percent.jpg\" title=\"05h_IVO CORREIA_A IMPORT\u00c2NCIA AEROPORTO DO PORTO SANTO_03_resize50percent\" width=\"300\" height=\"200\" data-src=\"https:\/\/srmadeira.oet.pt\/wordpress\/wp-content\/uploads\/2023\/02\/05h_IVO-CORREIA_A-IMPORTANCIA-AEROPORTO-DO-PORTO-SANTO_03_resize50percent-300x200.jpg\" data-caption=\"\" data-source=\"modula\" data-srcset=\"https:\/\/srmadeira.oet.pt\/wordpress\/wp-content\/uploads\/2023\/02\/05h_IVO-CORREIA_A-IMPORTANCIA-AEROPORTO-DO-PORTO-SANTO_03_resize50percent.jpg 1650w, https:\/\/srmadeira.oet.pt\/wordpress\/wp-content\/uploads\/2023\/02\/05h_IVO-CORREIA_A-IMPORTANCIA-AEROPORTO-DO-PORTO-SANTO_03_resize50percent-300x200.jpg 300w, https:\/\/srmadeira.oet.pt\/wordpress\/wp-content\/uploads\/2023\/02\/05h_IVO-CORREIA_A-IMPORTANCIA-AEROPORTO-DO-PORTO-SANTO_03_resize50percent-1024x683.jpg 1024w, https:\/\/srmadeira.oet.pt\/wordpress\/wp-content\/uploads\/2023\/02\/05h_IVO-CORREIA_A-IMPORTANCIA-AEROPORTO-DO-PORTO-SANTO_03_resize50percent-768x512.jpg 768w, https:\/\/srmadeira.oet.pt\/wordpress\/wp-content\/uploads\/2023\/02\/05h_IVO-CORREIA_A-IMPORTANCIA-AEROPORTO-DO-PORTO-SANTO_03_resize50percent-1536x1024.jpg 1536w\" data-sizes=\"(max-width: 300px) 100vw, 300px\" \/>\n\t\t<div class=\"figc no-description\">\n\t\t\t<div class=\"figc-inner\">\n\t\t\t\t\t\t\t\t\t\t\t\t\t\t\t<\/div>\n\t\t<\/div>\n\n\t<\/div>\n\n<\/div><div class=\"modula-item effect-pufrobo\" data-width=\"2\" data-height=\"2\" >\n\t<div class=\"modula-item-overlay\"><\/div>\n\n\t<div class=\"modula-item-content\">\n\n\t\t\t\t\n\t\t\t\t\t<a data-image-id=\"1534\" tabindex=\"0\" rel=\"jtg-1519\" data-caption=\"\" aria-label=\"Open image in lightbox\" role=\"button\" class=\"tile-inner modula-item-link\"><\/a>\n\t\t\n\t\t<img class=\"pic wp-image-1534 lazyload\"  data-valign=\"middle\" data-halign=\"center\" alt=\"\" data-full=\"https:\/\/srmadeira.oet.pt\/wordpress\/wp-content\/uploads\/2023\/02\/A-IMPORTANCIA-AEROPORTO-DO-PORTO-SANTO_09_resize50percent.jpg\" title=\"A IMPORT\u00c2NCIA AEROPORTO DO PORTO SANTO_09_resize50percent\" width=\"300\" height=\"200\" data-src=\"https:\/\/srmadeira.oet.pt\/wordpress\/wp-content\/uploads\/2023\/02\/A-IMPORTANCIA-AEROPORTO-DO-PORTO-SANTO_09_resize50percent-300x200.jpg\" data-caption=\"\" data-source=\"modula\" data-srcset=\"https:\/\/srmadeira.oet.pt\/wordpress\/wp-content\/uploads\/2023\/02\/A-IMPORTANCIA-AEROPORTO-DO-PORTO-SANTO_09_resize50percent.jpg 1650w, https:\/\/srmadeira.oet.pt\/wordpress\/wp-content\/uploads\/2023\/02\/A-IMPORTANCIA-AEROPORTO-DO-PORTO-SANTO_09_resize50percent-300x200.jpg 300w, https:\/\/srmadeira.oet.pt\/wordpress\/wp-content\/uploads\/2023\/02\/A-IMPORTANCIA-AEROPORTO-DO-PORTO-SANTO_09_resize50percent-1024x683.jpg 1024w, https:\/\/srmadeira.oet.pt\/wordpress\/wp-content\/uploads\/2023\/02\/A-IMPORTANCIA-AEROPORTO-DO-PORTO-SANTO_09_resize50percent-768x512.jpg 768w, https:\/\/srmadeira.oet.pt\/wordpress\/wp-content\/uploads\/2023\/02\/A-IMPORTANCIA-AEROPORTO-DO-PORTO-SANTO_09_resize50percent-1536x1024.jpg 1536w\" data-sizes=\"(max-width: 300px) 100vw, 300px\" \/>\n\t\t<div class=\"figc no-description\">\n\t\t\t<div class=\"figc-inner\">\n\t\t\t\t\t\t\t\t\t\t\t\t\t\t\t<\/div>\n\t\t<\/div>\n\n\t<\/div>\n\n<\/div><div class=\"modula-item effect-pufrobo\" data-width=\"2\" data-height=\"2\" >\n\t<div class=\"modula-item-overlay\"><\/div>\n\n\t<div class=\"modula-item-content\">\n\n\t\t\t\t\n\t\t\t\t\t<a data-image-id=\"1535\" tabindex=\"0\" rel=\"jtg-1519\" data-caption=\"\" aria-label=\"Open image in lightbox\" role=\"button\" class=\"tile-inner modula-item-link\"><\/a>\n\t\t\n\t\t<img class=\"pic wp-image-1535 lazyload\"  data-valign=\"middle\" data-halign=\"center\" alt=\"\" data-full=\"https:\/\/srmadeira.oet.pt\/wordpress\/wp-content\/uploads\/2023\/02\/A-IMPORTANCIA-AEROPORTO-DO-PORTO-SANTO_10_resize50percent.jpg\" title=\"A IMPORT\u00c2NCIA AEROPORTO DO PORTO SANTO_10_resize50percent\" width=\"300\" height=\"200\" data-src=\"https:\/\/srmadeira.oet.pt\/wordpress\/wp-content\/uploads\/2023\/02\/A-IMPORTANCIA-AEROPORTO-DO-PORTO-SANTO_10_resize50percent-300x200.jpg\" data-caption=\"\" data-source=\"modula\" data-srcset=\"https:\/\/srmadeira.oet.pt\/wordpress\/wp-content\/uploads\/2023\/02\/A-IMPORTANCIA-AEROPORTO-DO-PORTO-SANTO_10_resize50percent.jpg 1650w, https:\/\/srmadeira.oet.pt\/wordpress\/wp-content\/uploads\/2023\/02\/A-IMPORTANCIA-AEROPORTO-DO-PORTO-SANTO_10_resize50percent-300x200.jpg 300w, https:\/\/srmadeira.oet.pt\/wordpress\/wp-content\/uploads\/2023\/02\/A-IMPORTANCIA-AEROPORTO-DO-PORTO-SANTO_10_resize50percent-1024x683.jpg 1024w, https:\/\/srmadeira.oet.pt\/wordpress\/wp-content\/uploads\/2023\/02\/A-IMPORTANCIA-AEROPORTO-DO-PORTO-SANTO_10_resize50percent-768x512.jpg 768w, https:\/\/srmadeira.oet.pt\/wordpress\/wp-content\/uploads\/2023\/02\/A-IMPORTANCIA-AEROPORTO-DO-PORTO-SANTO_10_resize50percent-1536x1024.jpg 1536w\" data-sizes=\"(max-width: 300px) 100vw, 300px\" \/>\n\t\t<div class=\"figc no-description\">\n\t\t\t<div class=\"figc-inner\">\n\t\t\t\t\t\t\t\t\t\t\t\t\t\t\t<\/div>\n\t\t<\/div>\n\n\t<\/div>\n\n<\/div><div class=\"modula-item effect-pufrobo\" data-width=\"2\" data-height=\"2\" >\n\t<div class=\"modula-item-overlay\"><\/div>\n\n\t<div class=\"modula-item-content\">\n\n\t\t\t\t\n\t\t\t\t\t<a data-image-id=\"1536\" tabindex=\"0\" rel=\"jtg-1519\" data-caption=\"\" aria-label=\"Open image in lightbox\" role=\"button\" class=\"tile-inner modula-item-link\"><\/a>\n\t\t\n\t\t<img class=\"pic wp-image-1536 lazyload\"  data-valign=\"middle\" data-halign=\"center\" alt=\"\" data-full=\"https:\/\/srmadeira.oet.pt\/wordpress\/wp-content\/uploads\/2023\/02\/A-IMPORTANCIA-AEROPORTO-DO-PORTO-SANTO_21_resize50percent.jpg\" title=\"A IMPORT\u00c2NCIA AEROPORTO DO PORTO SANTO_21_resize50percent\" width=\"300\" height=\"200\" data-src=\"https:\/\/srmadeira.oet.pt\/wordpress\/wp-content\/uploads\/2023\/02\/A-IMPORTANCIA-AEROPORTO-DO-PORTO-SANTO_21_resize50percent-300x200.jpg\" data-caption=\"\" data-source=\"modula\" data-srcset=\"https:\/\/srmadeira.oet.pt\/wordpress\/wp-content\/uploads\/2023\/02\/A-IMPORTANCIA-AEROPORTO-DO-PORTO-SANTO_21_resize50percent.jpg 1650w, https:\/\/srmadeira.oet.pt\/wordpress\/wp-content\/uploads\/2023\/02\/A-IMPORTANCIA-AEROPORTO-DO-PORTO-SANTO_21_resize50percent-300x200.jpg 300w, https:\/\/srmadeira.oet.pt\/wordpress\/wp-content\/uploads\/2023\/02\/A-IMPORTANCIA-AEROPORTO-DO-PORTO-SANTO_21_resize50percent-1024x683.jpg 1024w, https:\/\/srmadeira.oet.pt\/wordpress\/wp-content\/uploads\/2023\/02\/A-IMPORTANCIA-AEROPORTO-DO-PORTO-SANTO_21_resize50percent-768x512.jpg 768w, https:\/\/srmadeira.oet.pt\/wordpress\/wp-content\/uploads\/2023\/02\/A-IMPORTANCIA-AEROPORTO-DO-PORTO-SANTO_21_resize50percent-1536x1024.jpg 1536w\" data-sizes=\"(max-width: 300px) 100vw, 300px\" \/>\n\t\t<div class=\"figc no-description\">\n\t\t\t<div class=\"figc-inner\">\n\t\t\t\t\t\t\t\t\t\t\t\t\t\t\t<\/div>\n\t\t<\/div>\n\n\t<\/div>\n\n<\/div><div class=\"modula-item effect-pufrobo\" data-width=\"2\" data-height=\"2\" >\n\t<div class=\"modula-item-overlay\"><\/div>\n\n\t<div class=\"modula-item-content\">\n\n\t\t\t\t\n\t\t\t\t\t<a data-image-id=\"1537\" tabindex=\"0\" rel=\"jtg-1519\" data-caption=\"\" aria-label=\"Open image in lightbox\" role=\"button\" class=\"tile-inner modula-item-link\"><\/a>\n\t\t\n\t\t<img class=\"pic wp-image-1537 lazyload\"  data-valign=\"middle\" data-halign=\"center\" alt=\"\" data-full=\"https:\/\/srmadeira.oet.pt\/wordpress\/wp-content\/uploads\/2023\/02\/A-IMPORTANCIA-AEROPORTO-DO-PORTO-SANTO_32_resize50percent.jpg\" title=\"A IMPORT\u00c2NCIA AEROPORTO DO PORTO SANTO_32_resize50percent\" width=\"300\" height=\"200\" data-src=\"https:\/\/srmadeira.oet.pt\/wordpress\/wp-content\/uploads\/2023\/02\/A-IMPORTANCIA-AEROPORTO-DO-PORTO-SANTO_32_resize50percent-300x200.jpg\" data-caption=\"\" data-source=\"modula\" data-srcset=\"https:\/\/srmadeira.oet.pt\/wordpress\/wp-content\/uploads\/2023\/02\/A-IMPORTANCIA-AEROPORTO-DO-PORTO-SANTO_32_resize50percent.jpg 1650w, https:\/\/srmadeira.oet.pt\/wordpress\/wp-content\/uploads\/2023\/02\/A-IMPORTANCIA-AEROPORTO-DO-PORTO-SANTO_32_resize50percent-300x200.jpg 300w, https:\/\/srmadeira.oet.pt\/wordpress\/wp-content\/uploads\/2023\/02\/A-IMPORTANCIA-AEROPORTO-DO-PORTO-SANTO_32_resize50percent-1024x683.jpg 1024w, https:\/\/srmadeira.oet.pt\/wordpress\/wp-content\/uploads\/2023\/02\/A-IMPORTANCIA-AEROPORTO-DO-PORTO-SANTO_32_resize50percent-768x512.jpg 768w, https:\/\/srmadeira.oet.pt\/wordpress\/wp-content\/uploads\/2023\/02\/A-IMPORTANCIA-AEROPORTO-DO-PORTO-SANTO_32_resize50percent-1536x1024.jpg 1536w\" data-sizes=\"(max-width: 300px) 100vw, 300px\" \/>\n\t\t<div class=\"figc no-description\">\n\t\t\t<div class=\"figc-inner\">\n\t\t\t\t\t\t\t\t\t\t\t\t\t\t\t<\/div>\n\t\t<\/div>\n\n\t<\/div>\n\n<\/div><div class=\"modula-item effect-pufrobo\" data-width=\"2\" data-height=\"2\" >\n\t<div class=\"modula-item-overlay\"><\/div>\n\n\t<div class=\"modula-item-content\">\n\n\t\t\t\t\n\t\t\t\t\t<a data-image-id=\"1538\" tabindex=\"0\" rel=\"jtg-1519\" data-caption=\"\" aria-label=\"Open image in lightbox\" role=\"button\" class=\"tile-inner modula-item-link\"><\/a>\n\t\t\n\t\t<img class=\"pic wp-image-1538 lazyload\"  data-valign=\"middle\" data-halign=\"center\" alt=\"\" data-full=\"https:\/\/srmadeira.oet.pt\/wordpress\/wp-content\/uploads\/2023\/02\/A-IMPORTANCIA-AEROPORTO-DO-PORTO-SANTO_70_resize50percent.jpg\" title=\"A IMPORT\u00c2NCIA AEROPORTO DO PORTO SANTO_70_resize50percent\" width=\"300\" height=\"200\" data-src=\"https:\/\/srmadeira.oet.pt\/wordpress\/wp-content\/uploads\/2023\/02\/A-IMPORTANCIA-AEROPORTO-DO-PORTO-SANTO_70_resize50percent-300x200.jpg\" data-caption=\"\" data-source=\"modula\" data-srcset=\"https:\/\/srmadeira.oet.pt\/wordpress\/wp-content\/uploads\/2023\/02\/A-IMPORTANCIA-AEROPORTO-DO-PORTO-SANTO_70_resize50percent.jpg 1650w, https:\/\/srmadeira.oet.pt\/wordpress\/wp-content\/uploads\/2023\/02\/A-IMPORTANCIA-AEROPORTO-DO-PORTO-SANTO_70_resize50percent-300x200.jpg 300w, https:\/\/srmadeira.oet.pt\/wordpress\/wp-content\/uploads\/2023\/02\/A-IMPORTANCIA-AEROPORTO-DO-PORTO-SANTO_70_resize50percent-1024x683.jpg 1024w, https:\/\/srmadeira.oet.pt\/wordpress\/wp-content\/uploads\/2023\/02\/A-IMPORTANCIA-AEROPORTO-DO-PORTO-SANTO_70_resize50percent-768x512.jpg 768w, https:\/\/srmadeira.oet.pt\/wordpress\/wp-content\/uploads\/2023\/02\/A-IMPORTANCIA-AEROPORTO-DO-PORTO-SANTO_70_resize50percent-1536x1024.jpg 1536w\" data-sizes=\"(max-width: 300px) 100vw, 300px\" \/>\n\t\t<div class=\"figc no-description\">\n\t\t\t<div class=\"figc-inner\">\n\t\t\t\t\t\t\t\t\t\t\t\t\t\t\t<\/div>\n\t\t<\/div>\n\n\t<\/div>\n\n<\/div><div class=\"modula-item effect-pufrobo\" data-width=\"2\" data-height=\"2\" >\n\t<div class=\"modula-item-overlay\"><\/div>\n\n\t<div class=\"modula-item-content\">\n\n\t\t\t\t\n\t\t\t\t\t<a data-image-id=\"1539\" tabindex=\"0\" rel=\"jtg-1519\" data-caption=\"\" aria-label=\"Open image in lightbox\" role=\"button\" class=\"tile-inner modula-item-link\"><\/a>\n\t\t\n\t\t<img class=\"pic wp-image-1539 lazyload\"  data-valign=\"middle\" data-halign=\"center\" alt=\"\" data-full=\"https:\/\/srmadeira.oet.pt\/wordpress\/wp-content\/uploads\/2023\/02\/A-IMPORTANCIA-AEROPORTO-DO-PORTO-SANTO_73_resize50percent.jpg\" title=\"A IMPORT\u00c2NCIA AEROPORTO DO PORTO SANTO_73_resize50percent\" width=\"300\" height=\"200\" data-src=\"https:\/\/srmadeira.oet.pt\/wordpress\/wp-content\/uploads\/2023\/02\/A-IMPORTANCIA-AEROPORTO-DO-PORTO-SANTO_73_resize50percent-300x200.jpg\" data-caption=\"\" data-source=\"modula\" data-srcset=\"https:\/\/srmadeira.oet.pt\/wordpress\/wp-content\/uploads\/2023\/02\/A-IMPORTANCIA-AEROPORTO-DO-PORTO-SANTO_73_resize50percent.jpg 1650w, https:\/\/srmadeira.oet.pt\/wordpress\/wp-content\/uploads\/2023\/02\/A-IMPORTANCIA-AEROPORTO-DO-PORTO-SANTO_73_resize50percent-300x200.jpg 300w, https:\/\/srmadeira.oet.pt\/wordpress\/wp-content\/uploads\/2023\/02\/A-IMPORTANCIA-AEROPORTO-DO-PORTO-SANTO_73_resize50percent-1024x683.jpg 1024w, https:\/\/srmadeira.oet.pt\/wordpress\/wp-content\/uploads\/2023\/02\/A-IMPORTANCIA-AEROPORTO-DO-PORTO-SANTO_73_resize50percent-768x512.jpg 768w, https:\/\/srmadeira.oet.pt\/wordpress\/wp-content\/uploads\/2023\/02\/A-IMPORTANCIA-AEROPORTO-DO-PORTO-SANTO_73_resize50percent-1536x1024.jpg 1536w\" data-sizes=\"(max-width: 300px) 100vw, 300px\" \/>\n\t\t<div class=\"figc no-description\">\n\t\t\t<div class=\"figc-inner\">\n\t\t\t\t\t\t\t\t\t\t\t\t\t\t\t<\/div>\n\t\t<\/div>\n\n\t<\/div>\n\n<\/div><div class=\"modula-item effect-pufrobo\" data-width=\"2\" data-height=\"2\" >\n\t<div class=\"modula-item-overlay\"><\/div>\n\n\t<div class=\"modula-item-content\">\n\n\t\t\t\t\n\t\t\t\t\t<a data-image-id=\"1540\" tabindex=\"0\" rel=\"jtg-1519\" data-caption=\"\" aria-label=\"Open image in lightbox\" role=\"button\" class=\"tile-inner modula-item-link\"><\/a>\n\t\t\n\t\t<img class=\"pic wp-image-1540 lazyload\"  data-valign=\"middle\" data-halign=\"center\" alt=\"\" data-full=\"https:\/\/srmadeira.oet.pt\/wordpress\/wp-content\/uploads\/2023\/02\/A-IMPORTANCIA-AEROPORTO-DO-PORTO-SANTO_77_resize50percent.jpg\" title=\"A IMPORT\u00c2NCIA AEROPORTO DO PORTO SANTO_77_resize50percent\" width=\"300\" height=\"223\" data-src=\"https:\/\/srmadeira.oet.pt\/wordpress\/wp-content\/uploads\/2023\/02\/A-IMPORTANCIA-AEROPORTO-DO-PORTO-SANTO_77_resize50percent-300x223.jpg\" data-caption=\"\" data-source=\"modula\" data-srcset=\"https:\/\/srmadeira.oet.pt\/wordpress\/wp-content\/uploads\/2023\/02\/A-IMPORTANCIA-AEROPORTO-DO-PORTO-SANTO_77_resize50percent.jpg 1650w, https:\/\/srmadeira.oet.pt\/wordpress\/wp-content\/uploads\/2023\/02\/A-IMPORTANCIA-AEROPORTO-DO-PORTO-SANTO_77_resize50percent-300x223.jpg 300w, https:\/\/srmadeira.oet.pt\/wordpress\/wp-content\/uploads\/2023\/02\/A-IMPORTANCIA-AEROPORTO-DO-PORTO-SANTO_77_resize50percent-1024x760.jpg 1024w, https:\/\/srmadeira.oet.pt\/wordpress\/wp-content\/uploads\/2023\/02\/A-IMPORTANCIA-AEROPORTO-DO-PORTO-SANTO_77_resize50percent-768x570.jpg 768w, https:\/\/srmadeira.oet.pt\/wordpress\/wp-content\/uploads\/2023\/02\/A-IMPORTANCIA-AEROPORTO-DO-PORTO-SANTO_77_resize50percent-1536x1140.jpg 1536w\" data-sizes=\"(max-width: 300px) 100vw, 300px\" \/>\n\t\t<div class=\"figc no-description\">\n\t\t\t<div class=\"figc-inner\">\n\t\t\t\t\t\t\t\t\t\t\t\t\t\t\t<\/div>\n\t\t<\/div>\n\n\t<\/div>\n\n<\/div><div class=\"modula-item effect-pufrobo\" data-width=\"2\" data-height=\"2\" >\n\t<div class=\"modula-item-overlay\"><\/div>\n\n\t<div class=\"modula-item-content\">\n\n\t\t\t\t\n\t\t\t\t\t<a data-image-id=\"1541\" tabindex=\"0\" rel=\"jtg-1519\" data-caption=\"\" aria-label=\"Open image in lightbox\" role=\"button\" class=\"tile-inner modula-item-link\"><\/a>\n\t\t\n\t\t<img class=\"pic wp-image-1541 lazyload\"  data-valign=\"middle\" data-halign=\"center\" alt=\"\" data-full=\"https:\/\/srmadeira.oet.pt\/wordpress\/wp-content\/uploads\/2023\/02\/A-IMPORTANCIA-AEROPORTO-DO-PORTO-SANTO_78_resize50percent.jpg\" title=\"A IMPORT\u00c2NCIA AEROPORTO DO PORTO SANTO_78_resize50percent\" width=\"300\" height=\"200\" data-src=\"https:\/\/srmadeira.oet.pt\/wordpress\/wp-content\/uploads\/2023\/02\/A-IMPORTANCIA-AEROPORTO-DO-PORTO-SANTO_78_resize50percent-300x200.jpg\" data-caption=\"\" data-source=\"modula\" data-srcset=\"https:\/\/srmadeira.oet.pt\/wordpress\/wp-content\/uploads\/2023\/02\/A-IMPORTANCIA-AEROPORTO-DO-PORTO-SANTO_78_resize50percent.jpg 1650w, https:\/\/srmadeira.oet.pt\/wordpress\/wp-content\/uploads\/2023\/02\/A-IMPORTANCIA-AEROPORTO-DO-PORTO-SANTO_78_resize50percent-300x200.jpg 300w, https:\/\/srmadeira.oet.pt\/wordpress\/wp-content\/uploads\/2023\/02\/A-IMPORTANCIA-AEROPORTO-DO-PORTO-SANTO_78_resize50percent-1024x683.jpg 1024w, https:\/\/srmadeira.oet.pt\/wordpress\/wp-content\/uploads\/2023\/02\/A-IMPORTANCIA-AEROPORTO-DO-PORTO-SANTO_78_resize50percent-768x512.jpg 768w, https:\/\/srmadeira.oet.pt\/wordpress\/wp-content\/uploads\/2023\/02\/A-IMPORTANCIA-AEROPORTO-DO-PORTO-SANTO_78_resize50percent-1536x1024.jpg 1536w\" data-sizes=\"(max-width: 300px) 100vw, 300px\" \/>\n\t\t<div class=\"figc no-description\">\n\t\t\t<div class=\"figc-inner\">\n\t\t\t\t\t\t\t\t\t\t\t\t\t\t\t<\/div>\n\t\t<\/div>\n\n\t<\/div>\n\n<\/div><div class=\"modula-item effect-pufrobo\" data-width=\"2\" data-height=\"2\" >\n\t<div class=\"modula-item-overlay\"><\/div>\n\n\t<div class=\"modula-item-content\">\n\n\t\t\t\t\n\t\t\t\t\t<a data-image-id=\"1542\" tabindex=\"0\" rel=\"jtg-1519\" data-caption=\"\" aria-label=\"Open image in lightbox\" role=\"button\" class=\"tile-inner modula-item-link\"><\/a>\n\t\t\n\t\t<img class=\"pic wp-image-1542 lazyload\"  data-valign=\"middle\" data-halign=\"center\" alt=\"\" data-full=\"https:\/\/srmadeira.oet.pt\/wordpress\/wp-content\/uploads\/2023\/02\/A-IMPORTANCIA-AEROPORTO-DO-PORTO-SANTO_80_resize50percent.jpg\" title=\"A IMPORT\u00c2NCIA AEROPORTO DO PORTO SANTO_80_resize50percent\" width=\"300\" height=\"200\" data-src=\"https:\/\/srmadeira.oet.pt\/wordpress\/wp-content\/uploads\/2023\/02\/A-IMPORTANCIA-AEROPORTO-DO-PORTO-SANTO_80_resize50percent-300x200.jpg\" data-caption=\"\" data-source=\"modula\" data-srcset=\"https:\/\/srmadeira.oet.pt\/wordpress\/wp-content\/uploads\/2023\/02\/A-IMPORTANCIA-AEROPORTO-DO-PORTO-SANTO_80_resize50percent.jpg 1650w, https:\/\/srmadeira.oet.pt\/wordpress\/wp-content\/uploads\/2023\/02\/A-IMPORTANCIA-AEROPORTO-DO-PORTO-SANTO_80_resize50percent-300x200.jpg 300w, https:\/\/srmadeira.oet.pt\/wordpress\/wp-content\/uploads\/2023\/02\/A-IMPORTANCIA-AEROPORTO-DO-PORTO-SANTO_80_resize50percent-1024x683.jpg 1024w, https:\/\/srmadeira.oet.pt\/wordpress\/wp-content\/uploads\/2023\/02\/A-IMPORTANCIA-AEROPORTO-DO-PORTO-SANTO_80_resize50percent-768x512.jpg 768w, https:\/\/srmadeira.oet.pt\/wordpress\/wp-content\/uploads\/2023\/02\/A-IMPORTANCIA-AEROPORTO-DO-PORTO-SANTO_80_resize50percent-1536x1024.jpg 1536w\" data-sizes=\"(max-width: 300px) 100vw, 300px\" \/>\n\t\t<div class=\"figc no-description\">\n\t\t\t<div class=\"figc-inner\">\n\t\t\t\t\t\t\t\t\t\t\t\t\t\t\t<\/div>\n\t\t<\/div>\n\n\t<\/div>\n\n<\/div><div class=\"modula-item effect-pufrobo\" data-width=\"2\" data-height=\"2\" >\n\t<div class=\"modula-item-overlay\"><\/div>\n\n\t<div class=\"modula-item-content\">\n\n\t\t\t\t\n\t\t\t\t\t<a data-image-id=\"1543\" tabindex=\"0\" rel=\"jtg-1519\" data-caption=\"\" aria-label=\"Open image in lightbox\" role=\"button\" class=\"tile-inner modula-item-link\"><\/a>\n\t\t\n\t\t<img class=\"pic wp-image-1543 lazyload\"  data-valign=\"middle\" data-halign=\"center\" alt=\"\" data-full=\"https:\/\/srmadeira.oet.pt\/wordpress\/wp-content\/uploads\/2023\/02\/A-IMPORTANCIA-AEROPORTO-DO-PORTO-SANTO_81_resize50percent.jpg\" title=\"A IMPORT\u00c2NCIA AEROPORTO DO PORTO SANTO_81_resize50percent\" width=\"300\" height=\"200\" data-src=\"https:\/\/srmadeira.oet.pt\/wordpress\/wp-content\/uploads\/2023\/02\/A-IMPORTANCIA-AEROPORTO-DO-PORTO-SANTO_81_resize50percent-300x200.jpg\" data-caption=\"\" data-source=\"modula\" data-srcset=\"https:\/\/srmadeira.oet.pt\/wordpress\/wp-content\/uploads\/2023\/02\/A-IMPORTANCIA-AEROPORTO-DO-PORTO-SANTO_81_resize50percent.jpg 1650w, https:\/\/srmadeira.oet.pt\/wordpress\/wp-content\/uploads\/2023\/02\/A-IMPORTANCIA-AEROPORTO-DO-PORTO-SANTO_81_resize50percent-300x200.jpg 300w, https:\/\/srmadeira.oet.pt\/wordpress\/wp-content\/uploads\/2023\/02\/A-IMPORTANCIA-AEROPORTO-DO-PORTO-SANTO_81_resize50percent-1024x683.jpg 1024w, https:\/\/srmadeira.oet.pt\/wordpress\/wp-content\/uploads\/2023\/02\/A-IMPORTANCIA-AEROPORTO-DO-PORTO-SANTO_81_resize50percent-768x512.jpg 768w, https:\/\/srmadeira.oet.pt\/wordpress\/wp-content\/uploads\/2023\/02\/A-IMPORTANCIA-AEROPORTO-DO-PORTO-SANTO_81_resize50percent-1536x1024.jpg 1536w\" data-sizes=\"(max-width: 300px) 100vw, 300px\" \/>\n\t\t<div class=\"figc no-description\">\n\t\t\t<div class=\"figc-inner\">\n\t\t\t\t\t\t\t\t\t\t\t\t\t\t\t<\/div>\n\t\t<\/div>\n\n\t<\/div>\n\n<\/div><div class=\"modula-item effect-pufrobo\" data-width=\"2\" data-height=\"2\" >\n\t<div class=\"modula-item-overlay\"><\/div>\n\n\t<div class=\"modula-item-content\">\n\n\t\t\t\t\n\t\t\t\t\t<a data-image-id=\"1544\" tabindex=\"0\" rel=\"jtg-1519\" data-caption=\"\" aria-label=\"Open image in lightbox\" role=\"button\" class=\"tile-inner modula-item-link\"><\/a>\n\t\t\n\t\t<img class=\"pic wp-image-1544 lazyload\"  data-valign=\"middle\" data-halign=\"center\" alt=\"\" data-full=\"https:\/\/srmadeira.oet.pt\/wordpress\/wp-content\/uploads\/2023\/02\/A-IMPORTANCIA-AEROPORTO-DO-PORTO-SANTO_83_resize50percent.jpg\" title=\"A IMPORT\u00c2NCIA AEROPORTO DO PORTO SANTO_83_resize50percent\" width=\"300\" height=\"200\" data-src=\"https:\/\/srmadeira.oet.pt\/wordpress\/wp-content\/uploads\/2023\/02\/A-IMPORTANCIA-AEROPORTO-DO-PORTO-SANTO_83_resize50percent-300x200.jpg\" data-caption=\"\" data-source=\"modula\" data-srcset=\"https:\/\/srmadeira.oet.pt\/wordpress\/wp-content\/uploads\/2023\/02\/A-IMPORTANCIA-AEROPORTO-DO-PORTO-SANTO_83_resize50percent.jpg 1650w, https:\/\/srmadeira.oet.pt\/wordpress\/wp-content\/uploads\/2023\/02\/A-IMPORTANCIA-AEROPORTO-DO-PORTO-SANTO_83_resize50percent-300x200.jpg 300w, https:\/\/srmadeira.oet.pt\/wordpress\/wp-content\/uploads\/2023\/02\/A-IMPORTANCIA-AEROPORTO-DO-PORTO-SANTO_83_resize50percent-1024x683.jpg 1024w, https:\/\/srmadeira.oet.pt\/wordpress\/wp-content\/uploads\/2023\/02\/A-IMPORTANCIA-AEROPORTO-DO-PORTO-SANTO_83_resize50percent-768x512.jpg 768w, https:\/\/srmadeira.oet.pt\/wordpress\/wp-content\/uploads\/2023\/02\/A-IMPORTANCIA-AEROPORTO-DO-PORTO-SANTO_83_resize50percent-1536x1024.jpg 1536w\" data-sizes=\"(max-width: 300px) 100vw, 300px\" \/>\n\t\t<div class=\"figc no-description\">\n\t\t\t<div class=\"figc-inner\">\n\t\t\t\t\t\t\t\t\t\t\t\t\t\t\t<\/div>\n\t\t<\/div>\n\n\t<\/div>\n\n<\/div><div class=\"modula-item effect-pufrobo\" data-width=\"2\" data-height=\"2\" >\n\t<div class=\"modula-item-overlay\"><\/div>\n\n\t<div class=\"modula-item-content\">\n\n\t\t\t\t\n\t\t\t\t\t<a data-image-id=\"1545\" tabindex=\"0\" rel=\"jtg-1519\" data-caption=\"\" aria-label=\"Open image in lightbox\" role=\"button\" class=\"tile-inner modula-item-link\"><\/a>\n\t\t\n\t\t<img class=\"pic wp-image-1545 lazyload\"  data-valign=\"middle\" data-halign=\"center\" alt=\"\" data-full=\"https:\/\/srmadeira.oet.pt\/wordpress\/wp-content\/uploads\/2023\/02\/A-IMPORTANCIA-AEROPORTO-DO-PORTO-SANTO_84_resize50percent.jpg\" title=\"A IMPORT\u00c2NCIA AEROPORTO DO PORTO SANTO_84_resize50percent\" width=\"300\" height=\"200\" data-src=\"https:\/\/srmadeira.oet.pt\/wordpress\/wp-content\/uploads\/2023\/02\/A-IMPORTANCIA-AEROPORTO-DO-PORTO-SANTO_84_resize50percent-300x200.jpg\" data-caption=\"\" data-source=\"modula\" data-srcset=\"https:\/\/srmadeira.oet.pt\/wordpress\/wp-content\/uploads\/2023\/02\/A-IMPORTANCIA-AEROPORTO-DO-PORTO-SANTO_84_resize50percent.jpg 1650w, https:\/\/srmadeira.oet.pt\/wordpress\/wp-content\/uploads\/2023\/02\/A-IMPORTANCIA-AEROPORTO-DO-PORTO-SANTO_84_resize50percent-300x200.jpg 300w, https:\/\/srmadeira.oet.pt\/wordpress\/wp-content\/uploads\/2023\/02\/A-IMPORTANCIA-AEROPORTO-DO-PORTO-SANTO_84_resize50percent-1024x683.jpg 1024w, https:\/\/srmadeira.oet.pt\/wordpress\/wp-content\/uploads\/2023\/02\/A-IMPORTANCIA-AEROPORTO-DO-PORTO-SANTO_84_resize50percent-768x512.jpg 768w, https:\/\/srmadeira.oet.pt\/wordpress\/wp-content\/uploads\/2023\/02\/A-IMPORTANCIA-AEROPORTO-DO-PORTO-SANTO_84_resize50percent-1536x1024.jpg 1536w\" data-sizes=\"(max-width: 300px) 100vw, 300px\" \/>\n\t\t<div class=\"figc no-description\">\n\t\t\t<div class=\"figc-inner\">\n\t\t\t\t\t\t\t\t\t\t\t\t\t\t\t<\/div>\n\t\t<\/div>\n\n\t<\/div>\n\n<\/div><div class=\"modula-item effect-pufrobo\" data-width=\"2\" data-height=\"2\" >\n\t<div class=\"modula-item-overlay\"><\/div>\n\n\t<div class=\"modula-item-content\">\n\n\t\t\t\t\n\t\t\t\t\t<a data-image-id=\"1546\" tabindex=\"0\" rel=\"jtg-1519\" data-caption=\"\" aria-label=\"Open image in lightbox\" role=\"button\" class=\"tile-inner modula-item-link\"><\/a>\n\t\t\n\t\t<img class=\"pic wp-image-1546 lazyload\"  data-valign=\"middle\" data-halign=\"center\" alt=\"\" data-full=\"https:\/\/srmadeira.oet.pt\/wordpress\/wp-content\/uploads\/2023\/02\/A-IMPORTANCIA-AEROPORTO-DO-PORTO-SANTO_88_resize50percent.jpg\" title=\"A IMPORT\u00c2NCIA AEROPORTO DO PORTO SANTO_88_resize50percent\" width=\"300\" height=\"200\" data-src=\"https:\/\/srmadeira.oet.pt\/wordpress\/wp-content\/uploads\/2023\/02\/A-IMPORTANCIA-AEROPORTO-DO-PORTO-SANTO_88_resize50percent-300x200.jpg\" data-caption=\"\" data-source=\"modula\" data-srcset=\"https:\/\/srmadeira.oet.pt\/wordpress\/wp-content\/uploads\/2023\/02\/A-IMPORTANCIA-AEROPORTO-DO-PORTO-SANTO_88_resize50percent.jpg 1650w, https:\/\/srmadeira.oet.pt\/wordpress\/wp-content\/uploads\/2023\/02\/A-IMPORTANCIA-AEROPORTO-DO-PORTO-SANTO_88_resize50percent-300x200.jpg 300w, https:\/\/srmadeira.oet.pt\/wordpress\/wp-content\/uploads\/2023\/02\/A-IMPORTANCIA-AEROPORTO-DO-PORTO-SANTO_88_resize50percent-1024x683.jpg 1024w, https:\/\/srmadeira.oet.pt\/wordpress\/wp-content\/uploads\/2023\/02\/A-IMPORTANCIA-AEROPORTO-DO-PORTO-SANTO_88_resize50percent-768x512.jpg 768w, https:\/\/srmadeira.oet.pt\/wordpress\/wp-content\/uploads\/2023\/02\/A-IMPORTANCIA-AEROPORTO-DO-PORTO-SANTO_88_resize50percent-1536x1024.jpg 1536w\" data-sizes=\"(max-width: 300px) 100vw, 300px\" \/>\n\t\t<div class=\"figc no-description\">\n\t\t\t<div class=\"figc-inner\">\n\t\t\t\t\t\t\t\t\t\t\t\t\t\t\t<\/div>\n\t\t<\/div>\n\n\t<\/div>\n\n<\/div><div class=\"modula-item effect-pufrobo\" data-width=\"2\" data-height=\"2\" >\n\t<div class=\"modula-item-overlay\"><\/div>\n\n\t<div class=\"modula-item-content\">\n\n\t\t\t\t\n\t\t\t\t\t<a data-image-id=\"1547\" tabindex=\"0\" rel=\"jtg-1519\" data-caption=\"\" aria-label=\"Open image in lightbox\" role=\"button\" class=\"tile-inner modula-item-link\"><\/a>\n\t\t\n\t\t<img class=\"pic wp-image-1547 lazyload\"  data-valign=\"middle\" data-halign=\"center\" alt=\"\" data-full=\"https:\/\/srmadeira.oet.pt\/wordpress\/wp-content\/uploads\/2023\/02\/ALBERTO-JOAO-JARDIM-E-JOSE-COSTA-GIL_A-IMPORTANCIA-AEROPORTO-DO-PORTO-SANTO_14_resize50percent.jpg\" title=\"ALBERTO JO\u00c3O JARDIM E JOS\u00c9 COSTA GIL_A IMPORT\u00c2NCIA AEROPORTO DO PORTO SANTO_14_resize50percent\" width=\"300\" height=\"228\" data-src=\"https:\/\/srmadeira.oet.pt\/wordpress\/wp-content\/uploads\/2023\/02\/ALBERTO-JOAO-JARDIM-E-JOSE-COSTA-GIL_A-IMPORTANCIA-AEROPORTO-DO-PORTO-SANTO_14_resize50percent-300x228.jpg\" data-caption=\"\" data-source=\"modula\" data-srcset=\"https:\/\/srmadeira.oet.pt\/wordpress\/wp-content\/uploads\/2023\/02\/ALBERTO-JOAO-JARDIM-E-JOSE-COSTA-GIL_A-IMPORTANCIA-AEROPORTO-DO-PORTO-SANTO_14_resize50percent.jpg 1650w, https:\/\/srmadeira.oet.pt\/wordpress\/wp-content\/uploads\/2023\/02\/ALBERTO-JOAO-JARDIM-E-JOSE-COSTA-GIL_A-IMPORTANCIA-AEROPORTO-DO-PORTO-SANTO_14_resize50percent-300x228.jpg 300w, https:\/\/srmadeira.oet.pt\/wordpress\/wp-content\/uploads\/2023\/02\/ALBERTO-JOAO-JARDIM-E-JOSE-COSTA-GIL_A-IMPORTANCIA-AEROPORTO-DO-PORTO-SANTO_14_resize50percent-1024x779.jpg 1024w, https:\/\/srmadeira.oet.pt\/wordpress\/wp-content\/uploads\/2023\/02\/ALBERTO-JOAO-JARDIM-E-JOSE-COSTA-GIL_A-IMPORTANCIA-AEROPORTO-DO-PORTO-SANTO_14_resize50percent-768x585.jpg 768w, https:\/\/srmadeira.oet.pt\/wordpress\/wp-content\/uploads\/2023\/02\/ALBERTO-JOAO-JARDIM-E-JOSE-COSTA-GIL_A-IMPORTANCIA-AEROPORTO-DO-PORTO-SANTO_14_resize50percent-1536x1169.jpg 1536w\" data-sizes=\"(max-width: 300px) 100vw, 300px\" \/>\n\t\t<div class=\"figc no-description\">\n\t\t\t<div class=\"figc-inner\">\n\t\t\t\t\t\t\t\t\t\t\t\t\t\t\t<\/div>\n\t\t<\/div>\n\n\t<\/div>\n\n<\/div><div class=\"modula-item effect-pufrobo\" data-width=\"2\" data-height=\"2\" >\n\t<div class=\"modula-item-overlay\"><\/div>\n\n\t<div class=\"modula-item-content\">\n\n\t\t\t\t\n\t\t\t\t\t<a data-image-id=\"1548\" tabindex=\"0\" rel=\"jtg-1519\" data-caption=\"\" aria-label=\"Open image in lightbox\" role=\"button\" class=\"tile-inner modula-item-link\"><\/a>\n\t\t\n\t\t<img class=\"pic wp-image-1548 lazyload\"  data-valign=\"middle\" data-halign=\"center\" alt=\"\" data-full=\"https:\/\/srmadeira.oet.pt\/wordpress\/wp-content\/uploads\/2023\/02\/ALBERTO-JOAO-JARDIM_A-IMPORTANCIA-AEROPORTO-DO-PORTO-SANTO_01_resize50percent.jpg\" title=\"ALBERTO JO\u00c3O JARDIM_A IMPORT\u00c2NCIA AEROPORTO DO PORTO SANTO_01_resize50percent\" width=\"300\" height=\"200\" data-src=\"https:\/\/srmadeira.oet.pt\/wordpress\/wp-content\/uploads\/2023\/02\/ALBERTO-JOAO-JARDIM_A-IMPORTANCIA-AEROPORTO-DO-PORTO-SANTO_01_resize50percent-300x200.jpg\" data-caption=\"\" data-source=\"modula\" data-srcset=\"https:\/\/srmadeira.oet.pt\/wordpress\/wp-content\/uploads\/2023\/02\/ALBERTO-JOAO-JARDIM_A-IMPORTANCIA-AEROPORTO-DO-PORTO-SANTO_01_resize50percent.jpg 1650w, https:\/\/srmadeira.oet.pt\/wordpress\/wp-content\/uploads\/2023\/02\/ALBERTO-JOAO-JARDIM_A-IMPORTANCIA-AEROPORTO-DO-PORTO-SANTO_01_resize50percent-300x200.jpg 300w, https:\/\/srmadeira.oet.pt\/wordpress\/wp-content\/uploads\/2023\/02\/ALBERTO-JOAO-JARDIM_A-IMPORTANCIA-AEROPORTO-DO-PORTO-SANTO_01_resize50percent-1024x683.jpg 1024w, https:\/\/srmadeira.oet.pt\/wordpress\/wp-content\/uploads\/2023\/02\/ALBERTO-JOAO-JARDIM_A-IMPORTANCIA-AEROPORTO-DO-PORTO-SANTO_01_resize50percent-768x512.jpg 768w, https:\/\/srmadeira.oet.pt\/wordpress\/wp-content\/uploads\/2023\/02\/ALBERTO-JOAO-JARDIM_A-IMPORTANCIA-AEROPORTO-DO-PORTO-SANTO_01_resize50percent-1536x1024.jpg 1536w\" data-sizes=\"(max-width: 300px) 100vw, 300px\" \/>\n\t\t<div class=\"figc no-description\">\n\t\t\t<div class=\"figc-inner\">\n\t\t\t\t\t\t\t\t\t\t\t\t\t\t\t<\/div>\n\t\t<\/div>\n\n\t<\/div>\n\n<\/div><div class=\"modula-item effect-pufrobo\" data-width=\"2\" data-height=\"2\" >\n\t<div class=\"modula-item-overlay\"><\/div>\n\n\t<div class=\"modula-item-content\">\n\n\t\t\t\t\n\t\t\t\t\t<a data-image-id=\"1549\" tabindex=\"0\" rel=\"jtg-1519\" data-caption=\"\" aria-label=\"Open image in lightbox\" role=\"button\" class=\"tile-inner modula-item-link\"><\/a>\n\t\t\n\t\t<img class=\"pic wp-image-1549 lazyload\"  data-valign=\"middle\" data-halign=\"center\" alt=\"\" data-full=\"https:\/\/srmadeira.oet.pt\/wordpress\/wp-content\/uploads\/2023\/02\/ALBERTO-JOAO-JARDIM_A-IMPORTANCIA-AEROPORTO-DO-PORTO-SANTO_02_resize50percent.jpg\" title=\"ALBERTO JO\u00c3O JARDIM_A IMPORT\u00c2NCIA AEROPORTO DO PORTO SANTO_02_resize50percent\" width=\"300\" height=\"200\" data-src=\"https:\/\/srmadeira.oet.pt\/wordpress\/wp-content\/uploads\/2023\/02\/ALBERTO-JOAO-JARDIM_A-IMPORTANCIA-AEROPORTO-DO-PORTO-SANTO_02_resize50percent-300x200.jpg\" data-caption=\"\" data-source=\"modula\" data-srcset=\"https:\/\/srmadeira.oet.pt\/wordpress\/wp-content\/uploads\/2023\/02\/ALBERTO-JOAO-JARDIM_A-IMPORTANCIA-AEROPORTO-DO-PORTO-SANTO_02_resize50percent.jpg 1650w, https:\/\/srmadeira.oet.pt\/wordpress\/wp-content\/uploads\/2023\/02\/ALBERTO-JOAO-JARDIM_A-IMPORTANCIA-AEROPORTO-DO-PORTO-SANTO_02_resize50percent-300x200.jpg 300w, https:\/\/srmadeira.oet.pt\/wordpress\/wp-content\/uploads\/2023\/02\/ALBERTO-JOAO-JARDIM_A-IMPORTANCIA-AEROPORTO-DO-PORTO-SANTO_02_resize50percent-1024x683.jpg 1024w, https:\/\/srmadeira.oet.pt\/wordpress\/wp-content\/uploads\/2023\/02\/ALBERTO-JOAO-JARDIM_A-IMPORTANCIA-AEROPORTO-DO-PORTO-SANTO_02_resize50percent-768x512.jpg 768w, https:\/\/srmadeira.oet.pt\/wordpress\/wp-content\/uploads\/2023\/02\/ALBERTO-JOAO-JARDIM_A-IMPORTANCIA-AEROPORTO-DO-PORTO-SANTO_02_resize50percent-1536x1024.jpg 1536w\" data-sizes=\"(max-width: 300px) 100vw, 300px\" \/>\n\t\t<div class=\"figc no-description\">\n\t\t\t<div class=\"figc-inner\">\n\t\t\t\t\t\t\t\t\t\t\t\t\t\t\t<\/div>\n\t\t<\/div>\n\n\t<\/div>\n\n<\/div><div class=\"modula-item effect-pufrobo\" data-width=\"2\" data-height=\"2\" >\n\t<div class=\"modula-item-overlay\"><\/div>\n\n\t<div class=\"modula-item-content\">\n\n\t\t\t\t\n\t\t\t\t\t<a data-image-id=\"1550\" tabindex=\"0\" rel=\"jtg-1519\" data-caption=\"\" aria-label=\"Open image in lightbox\" role=\"button\" class=\"tile-inner modula-item-link\"><\/a>\n\t\t\n\t\t<img class=\"pic wp-image-1550 lazyload\"  data-valign=\"middle\" data-halign=\"center\" alt=\"\" data-full=\"https:\/\/srmadeira.oet.pt\/wordpress\/wp-content\/uploads\/2023\/02\/ALBERTO-JOAO-JARDIM_A-IMPORTANCIA-AEROPORTO-DO-PORTO-SANTO_03_resize50percent.jpg\" title=\"ALBERTO JO\u00c3O JARDIM_A IMPORT\u00c2NCIA AEROPORTO DO PORTO SANTO_03_resize50percent\" width=\"300\" height=\"200\" data-src=\"https:\/\/srmadeira.oet.pt\/wordpress\/wp-content\/uploads\/2023\/02\/ALBERTO-JOAO-JARDIM_A-IMPORTANCIA-AEROPORTO-DO-PORTO-SANTO_03_resize50percent-300x200.jpg\" data-caption=\"\" data-source=\"modula\" data-srcset=\"https:\/\/srmadeira.oet.pt\/wordpress\/wp-content\/uploads\/2023\/02\/ALBERTO-JOAO-JARDIM_A-IMPORTANCIA-AEROPORTO-DO-PORTO-SANTO_03_resize50percent.jpg 1650w, https:\/\/srmadeira.oet.pt\/wordpress\/wp-content\/uploads\/2023\/02\/ALBERTO-JOAO-JARDIM_A-IMPORTANCIA-AEROPORTO-DO-PORTO-SANTO_03_resize50percent-300x200.jpg 300w, https:\/\/srmadeira.oet.pt\/wordpress\/wp-content\/uploads\/2023\/02\/ALBERTO-JOAO-JARDIM_A-IMPORTANCIA-AEROPORTO-DO-PORTO-SANTO_03_resize50percent-1024x683.jpg 1024w, https:\/\/srmadeira.oet.pt\/wordpress\/wp-content\/uploads\/2023\/02\/ALBERTO-JOAO-JARDIM_A-IMPORTANCIA-AEROPORTO-DO-PORTO-SANTO_03_resize50percent-768x512.jpg 768w, https:\/\/srmadeira.oet.pt\/wordpress\/wp-content\/uploads\/2023\/02\/ALBERTO-JOAO-JARDIM_A-IMPORTANCIA-AEROPORTO-DO-PORTO-SANTO_03_resize50percent-1536x1024.jpg 1536w\" data-sizes=\"(max-width: 300px) 100vw, 300px\" \/>\n\t\t<div class=\"figc no-description\">\n\t\t\t<div class=\"figc-inner\">\n\t\t\t\t\t\t\t\t\t\t\t\t\t\t\t<\/div>\n\t\t<\/div>\n\n\t<\/div>\n\n<\/div><div class=\"modula-item effect-pufrobo\" data-width=\"2\" data-height=\"2\" >\n\t<div class=\"modula-item-overlay\"><\/div>\n\n\t<div class=\"modula-item-content\">\n\n\t\t\t\t\n\t\t\t\t\t<a data-image-id=\"1551\" tabindex=\"0\" rel=\"jtg-1519\" data-caption=\"\" aria-label=\"Open image in lightbox\" role=\"button\" class=\"tile-inner modula-item-link\"><\/a>\n\t\t\n\t\t<img class=\"pic wp-image-1551 lazyload\"  data-valign=\"middle\" data-halign=\"center\" alt=\"\" data-full=\"https:\/\/srmadeira.oet.pt\/wordpress\/wp-content\/uploads\/2023\/02\/ALBERTO-JOAO-JARDIM_A-IMPORTANCIA-AEROPORTO-DO-PORTO-SANTO_04_resize50percent.jpg\" title=\"ALBERTO JO\u00c3O JARDIM_A IMPORT\u00c2NCIA AEROPORTO DO PORTO SANTO_04_resize50percent\" width=\"300\" height=\"200\" data-src=\"https:\/\/srmadeira.oet.pt\/wordpress\/wp-content\/uploads\/2023\/02\/ALBERTO-JOAO-JARDIM_A-IMPORTANCIA-AEROPORTO-DO-PORTO-SANTO_04_resize50percent-300x200.jpg\" data-caption=\"\" data-source=\"modula\" data-srcset=\"https:\/\/srmadeira.oet.pt\/wordpress\/wp-content\/uploads\/2023\/02\/ALBERTO-JOAO-JARDIM_A-IMPORTANCIA-AEROPORTO-DO-PORTO-SANTO_04_resize50percent.jpg 1650w, https:\/\/srmadeira.oet.pt\/wordpress\/wp-content\/uploads\/2023\/02\/ALBERTO-JOAO-JARDIM_A-IMPORTANCIA-AEROPORTO-DO-PORTO-SANTO_04_resize50percent-300x200.jpg 300w, https:\/\/srmadeira.oet.pt\/wordpress\/wp-content\/uploads\/2023\/02\/ALBERTO-JOAO-JARDIM_A-IMPORTANCIA-AEROPORTO-DO-PORTO-SANTO_04_resize50percent-1024x683.jpg 1024w, https:\/\/srmadeira.oet.pt\/wordpress\/wp-content\/uploads\/2023\/02\/ALBERTO-JOAO-JARDIM_A-IMPORTANCIA-AEROPORTO-DO-PORTO-SANTO_04_resize50percent-768x512.jpg 768w, https:\/\/srmadeira.oet.pt\/wordpress\/wp-content\/uploads\/2023\/02\/ALBERTO-JOAO-JARDIM_A-IMPORTANCIA-AEROPORTO-DO-PORTO-SANTO_04_resize50percent-1536x1024.jpg 1536w\" data-sizes=\"(max-width: 300px) 100vw, 300px\" \/>\n\t\t<div class=\"figc no-description\">\n\t\t\t<div class=\"figc-inner\">\n\t\t\t\t\t\t\t\t\t\t\t\t\t\t\t<\/div>\n\t\t<\/div>\n\n\t<\/div>\n\n<\/div><div class=\"modula-item effect-pufrobo\" data-width=\"2\" data-height=\"2\" >\n\t<div class=\"modula-item-overlay\"><\/div>\n\n\t<div class=\"modula-item-content\">\n\n\t\t\t\t\n\t\t\t\t\t<a data-image-id=\"1552\" tabindex=\"0\" rel=\"jtg-1519\" data-caption=\"\" aria-label=\"Open image in lightbox\" role=\"button\" class=\"tile-inner modula-item-link\"><\/a>\n\t\t\n\t\t<img class=\"pic wp-image-1552 lazyload\"  data-valign=\"middle\" data-halign=\"center\" alt=\"\" data-full=\"https:\/\/srmadeira.oet.pt\/wordpress\/wp-content\/uploads\/2023\/02\/ALBERTO-JOAO-JARDIM_A-IMPORTANCIA-AEROPORTO-DO-PORTO-SANTO_05_resize50percent.jpg\" title=\"ALBERTO JO\u00c3O JARDIM_A IMPORT\u00c2NCIA AEROPORTO DO PORTO SANTO_05_resize50percent\" width=\"300\" height=\"200\" data-src=\"https:\/\/srmadeira.oet.pt\/wordpress\/wp-content\/uploads\/2023\/02\/ALBERTO-JOAO-JARDIM_A-IMPORTANCIA-AEROPORTO-DO-PORTO-SANTO_05_resize50percent-300x200.jpg\" data-caption=\"\" data-source=\"modula\" data-srcset=\"https:\/\/srmadeira.oet.pt\/wordpress\/wp-content\/uploads\/2023\/02\/ALBERTO-JOAO-JARDIM_A-IMPORTANCIA-AEROPORTO-DO-PORTO-SANTO_05_resize50percent.jpg 1650w, https:\/\/srmadeira.oet.pt\/wordpress\/wp-content\/uploads\/2023\/02\/ALBERTO-JOAO-JARDIM_A-IMPORTANCIA-AEROPORTO-DO-PORTO-SANTO_05_resize50percent-300x200.jpg 300w, https:\/\/srmadeira.oet.pt\/wordpress\/wp-content\/uploads\/2023\/02\/ALBERTO-JOAO-JARDIM_A-IMPORTANCIA-AEROPORTO-DO-PORTO-SANTO_05_resize50percent-1024x683.jpg 1024w, https:\/\/srmadeira.oet.pt\/wordpress\/wp-content\/uploads\/2023\/02\/ALBERTO-JOAO-JARDIM_A-IMPORTANCIA-AEROPORTO-DO-PORTO-SANTO_05_resize50percent-768x512.jpg 768w, https:\/\/srmadeira.oet.pt\/wordpress\/wp-content\/uploads\/2023\/02\/ALBERTO-JOAO-JARDIM_A-IMPORTANCIA-AEROPORTO-DO-PORTO-SANTO_05_resize50percent-1536x1024.jpg 1536w\" data-sizes=\"(max-width: 300px) 100vw, 300px\" \/>\n\t\t<div class=\"figc no-description\">\n\t\t\t<div class=\"figc-inner\">\n\t\t\t\t\t\t\t\t\t\t\t\t\t\t\t<\/div>\n\t\t<\/div>\n\n\t<\/div>\n\n<\/div><div class=\"modula-item effect-pufrobo\" data-width=\"2\" data-height=\"2\" >\n\t<div class=\"modula-item-overlay\"><\/div>\n\n\t<div class=\"modula-item-content\">\n\n\t\t\t\t\n\t\t\t\t\t<a data-image-id=\"1553\" tabindex=\"0\" rel=\"jtg-1519\" data-caption=\"\" aria-label=\"Open image in lightbox\" role=\"button\" class=\"tile-inner modula-item-link\"><\/a>\n\t\t\n\t\t<img class=\"pic wp-image-1553 lazyload\"  data-valign=\"middle\" data-halign=\"center\" alt=\"\" data-full=\"https:\/\/srmadeira.oet.pt\/wordpress\/wp-content\/uploads\/2023\/02\/ALBERTO-JOAO-JARDIM_A-IMPORTANCIA-AEROPORTO-DO-PORTO-SANTO_13_resize50percent.jpg\" title=\"ALBERTO JO\u00c3O JARDIM_A IMPORT\u00c2NCIA AEROPORTO DO PORTO SANTO_13_resize50percent\" width=\"200\" height=\"300\" data-src=\"https:\/\/srmadeira.oet.pt\/wordpress\/wp-content\/uploads\/2023\/02\/ALBERTO-JOAO-JARDIM_A-IMPORTANCIA-AEROPORTO-DO-PORTO-SANTO_13_resize50percent-200x300.jpg\" data-caption=\"\" data-source=\"modula\" data-srcset=\"https:\/\/srmadeira.oet.pt\/wordpress\/wp-content\/uploads\/2023\/02\/ALBERTO-JOAO-JARDIM_A-IMPORTANCIA-AEROPORTO-DO-PORTO-SANTO_13_resize50percent.jpg 1100w, https:\/\/srmadeira.oet.pt\/wordpress\/wp-content\/uploads\/2023\/02\/ALBERTO-JOAO-JARDIM_A-IMPORTANCIA-AEROPORTO-DO-PORTO-SANTO_13_resize50percent-200x300.jpg 200w, https:\/\/srmadeira.oet.pt\/wordpress\/wp-content\/uploads\/2023\/02\/ALBERTO-JOAO-JARDIM_A-IMPORTANCIA-AEROPORTO-DO-PORTO-SANTO_13_resize50percent-683x1024.jpg 683w, https:\/\/srmadeira.oet.pt\/wordpress\/wp-content\/uploads\/2023\/02\/ALBERTO-JOAO-JARDIM_A-IMPORTANCIA-AEROPORTO-DO-PORTO-SANTO_13_resize50percent-768x1152.jpg 768w, https:\/\/srmadeira.oet.pt\/wordpress\/wp-content\/uploads\/2023\/02\/ALBERTO-JOAO-JARDIM_A-IMPORTANCIA-AEROPORTO-DO-PORTO-SANTO_13_resize50percent-1024x1536.jpg 1024w\" data-sizes=\"(max-width: 200px) 100vw, 200px\" \/>\n\t\t<div class=\"figc no-description\">\n\t\t\t<div class=\"figc-inner\">\n\t\t\t\t\t\t\t\t\t\t\t\t\t\t\t<\/div>\n\t\t<\/div>\n\n\t<\/div>\n\n<\/div><div class=\"modula-item effect-pufrobo\" data-width=\"2\" data-height=\"2\" >\n\t<div class=\"modula-item-overlay\"><\/div>\n\n\t<div class=\"modula-item-content\">\n\n\t\t\t\t\n\t\t\t\t\t<a data-image-id=\"1554\" tabindex=\"0\" rel=\"jtg-1519\" data-caption=\"\" aria-label=\"Open image in lightbox\" role=\"button\" class=\"tile-inner modula-item-link\"><\/a>\n\t\t\n\t\t<img class=\"pic wp-image-1554 lazyload\"  data-valign=\"middle\" data-halign=\"center\" alt=\"\" data-full=\"https:\/\/srmadeira.oet.pt\/wordpress\/wp-content\/uploads\/2023\/02\/ALBERTO-JOAO-JARDIM_A-IMPORTANCIA-AEROPORTO-DO-PORTO-SANTO_87_resize50percent.jpg\" title=\"ALBERTO JO\u00c3O JARDIM_A IMPORT\u00c2NCIA AEROPORTO DO PORTO SANTO_87_resize50percent\" width=\"300\" height=\"200\" data-src=\"https:\/\/srmadeira.oet.pt\/wordpress\/wp-content\/uploads\/2023\/02\/ALBERTO-JOAO-JARDIM_A-IMPORTANCIA-AEROPORTO-DO-PORTO-SANTO_87_resize50percent-300x200.jpg\" data-caption=\"\" data-source=\"modula\" data-srcset=\"https:\/\/srmadeira.oet.pt\/wordpress\/wp-content\/uploads\/2023\/02\/ALBERTO-JOAO-JARDIM_A-IMPORTANCIA-AEROPORTO-DO-PORTO-SANTO_87_resize50percent.jpg 1650w, https:\/\/srmadeira.oet.pt\/wordpress\/wp-content\/uploads\/2023\/02\/ALBERTO-JOAO-JARDIM_A-IMPORTANCIA-AEROPORTO-DO-PORTO-SANTO_87_resize50percent-300x200.jpg 300w, https:\/\/srmadeira.oet.pt\/wordpress\/wp-content\/uploads\/2023\/02\/ALBERTO-JOAO-JARDIM_A-IMPORTANCIA-AEROPORTO-DO-PORTO-SANTO_87_resize50percent-1024x683.jpg 1024w, https:\/\/srmadeira.oet.pt\/wordpress\/wp-content\/uploads\/2023\/02\/ALBERTO-JOAO-JARDIM_A-IMPORTANCIA-AEROPORTO-DO-PORTO-SANTO_87_resize50percent-768x512.jpg 768w, https:\/\/srmadeira.oet.pt\/wordpress\/wp-content\/uploads\/2023\/02\/ALBERTO-JOAO-JARDIM_A-IMPORTANCIA-AEROPORTO-DO-PORTO-SANTO_87_resize50percent-1536x1024.jpg 1536w\" data-sizes=\"(max-width: 300px) 100vw, 300px\" \/>\n\t\t<div class=\"figc no-description\">\n\t\t\t<div class=\"figc-inner\">\n\t\t\t\t\t\t\t\t\t\t\t\t\t\t\t<\/div>\n\t\t<\/div>\n\n\t<\/div>\n\n<\/div><div class=\"modula-item effect-pufrobo\" data-width=\"2\" data-height=\"2\" >\n\t<div class=\"modula-item-overlay\"><\/div>\n\n\t<div class=\"modula-item-content\">\n\n\t\t\t\t\n\t\t\t\t\t<a data-image-id=\"1555\" tabindex=\"0\" rel=\"jtg-1519\" data-caption=\"\" aria-label=\"Open image in lightbox\" role=\"button\" class=\"tile-inner modula-item-link\"><\/a>\n\t\t\n\t\t<img class=\"pic wp-image-1555 lazyload\"  data-valign=\"middle\" data-halign=\"center\" alt=\"\" data-full=\"https:\/\/srmadeira.oet.pt\/wordpress\/wp-content\/uploads\/2023\/02\/ANDRE-BARRETO_A-IMPORTANCIA-AEROPORTO-DO-PORTO-SANTO_01_resize50percent.jpg\" title=\"ANDR\u00c9 BARRETO_A IMPORT\u00c2NCIA AEROPORTO DO PORTO SANTO_01_resize50percent\" width=\"224\" height=\"300\" data-src=\"https:\/\/srmadeira.oet.pt\/wordpress\/wp-content\/uploads\/2023\/02\/ANDRE-BARRETO_A-IMPORTANCIA-AEROPORTO-DO-PORTO-SANTO_01_resize50percent-224x300.jpg\" data-caption=\"\" data-source=\"modula\" data-srcset=\"https:\/\/srmadeira.oet.pt\/wordpress\/wp-content\/uploads\/2023\/02\/ANDRE-BARRETO_A-IMPORTANCIA-AEROPORTO-DO-PORTO-SANTO_01_resize50percent.jpg 1231w, https:\/\/srmadeira.oet.pt\/wordpress\/wp-content\/uploads\/2023\/02\/ANDRE-BARRETO_A-IMPORTANCIA-AEROPORTO-DO-PORTO-SANTO_01_resize50percent-224x300.jpg 224w, https:\/\/srmadeira.oet.pt\/wordpress\/wp-content\/uploads\/2023\/02\/ANDRE-BARRETO_A-IMPORTANCIA-AEROPORTO-DO-PORTO-SANTO_01_resize50percent-764x1024.jpg 764w, https:\/\/srmadeira.oet.pt\/wordpress\/wp-content\/uploads\/2023\/02\/ANDRE-BARRETO_A-IMPORTANCIA-AEROPORTO-DO-PORTO-SANTO_01_resize50percent-768x1029.jpg 768w, https:\/\/srmadeira.oet.pt\/wordpress\/wp-content\/uploads\/2023\/02\/ANDRE-BARRETO_A-IMPORTANCIA-AEROPORTO-DO-PORTO-SANTO_01_resize50percent-1146x1536.jpg 1146w\" data-sizes=\"(max-width: 224px) 100vw, 224px\" \/>\n\t\t<div class=\"figc no-description\">\n\t\t\t<div class=\"figc-inner\">\n\t\t\t\t\t\t\t\t\t\t\t\t\t\t\t<\/div>\n\t\t<\/div>\n\n\t<\/div>\n\n<\/div><div class=\"modula-item effect-pufrobo\" data-width=\"2\" data-height=\"2\" >\n\t<div class=\"modula-item-overlay\"><\/div>\n\n\t<div class=\"modula-item-content\">\n\n\t\t\t\t\n\t\t\t\t\t<a data-image-id=\"1556\" tabindex=\"0\" rel=\"jtg-1519\" data-caption=\"\" aria-label=\"Open image in lightbox\" role=\"button\" class=\"tile-inner modula-item-link\"><\/a>\n\t\t\n\t\t<img class=\"pic wp-image-1556 lazyload\"  data-valign=\"middle\" data-halign=\"center\" alt=\"\" data-full=\"https:\/\/srmadeira.oet.pt\/wordpress\/wp-content\/uploads\/2023\/02\/ANDRE-BARRETO_A-IMPORTANCIA-AEROPORTO-DO-PORTO-SANTO_03_resize50percent.jpg\" title=\"ANDR\u00c9 BARRETO_A IMPORT\u00c2NCIA AEROPORTO DO PORTO SANTO_03_resize50percent\" width=\"300\" height=\"200\" data-src=\"https:\/\/srmadeira.oet.pt\/wordpress\/wp-content\/uploads\/2023\/02\/ANDRE-BARRETO_A-IMPORTANCIA-AEROPORTO-DO-PORTO-SANTO_03_resize50percent-300x200.jpg\" data-caption=\"\" data-source=\"modula\" data-srcset=\"https:\/\/srmadeira.oet.pt\/wordpress\/wp-content\/uploads\/2023\/02\/ANDRE-BARRETO_A-IMPORTANCIA-AEROPORTO-DO-PORTO-SANTO_03_resize50percent.jpg 1650w, https:\/\/srmadeira.oet.pt\/wordpress\/wp-content\/uploads\/2023\/02\/ANDRE-BARRETO_A-IMPORTANCIA-AEROPORTO-DO-PORTO-SANTO_03_resize50percent-300x200.jpg 300w, https:\/\/srmadeira.oet.pt\/wordpress\/wp-content\/uploads\/2023\/02\/ANDRE-BARRETO_A-IMPORTANCIA-AEROPORTO-DO-PORTO-SANTO_03_resize50percent-1024x683.jpg 1024w, https:\/\/srmadeira.oet.pt\/wordpress\/wp-content\/uploads\/2023\/02\/ANDRE-BARRETO_A-IMPORTANCIA-AEROPORTO-DO-PORTO-SANTO_03_resize50percent-768x512.jpg 768w, https:\/\/srmadeira.oet.pt\/wordpress\/wp-content\/uploads\/2023\/02\/ANDRE-BARRETO_A-IMPORTANCIA-AEROPORTO-DO-PORTO-SANTO_03_resize50percent-1536x1024.jpg 1536w\" data-sizes=\"(max-width: 300px) 100vw, 300px\" \/>\n\t\t<div class=\"figc no-description\">\n\t\t\t<div class=\"figc-inner\">\n\t\t\t\t\t\t\t\t\t\t\t\t\t\t\t<\/div>\n\t\t<\/div>\n\n\t<\/div>\n\n<\/div><div class=\"modula-item effect-pufrobo\" data-width=\"2\" data-height=\"2\" >\n\t<div class=\"modula-item-overlay\"><\/div>\n\n\t<div class=\"modula-item-content\">\n\n\t\t\t\t\n\t\t\t\t\t<a data-image-id=\"1557\" tabindex=\"0\" rel=\"jtg-1519\" data-caption=\"\" aria-label=\"Open image in lightbox\" role=\"button\" class=\"tile-inner modula-item-link\"><\/a>\n\t\t\n\t\t<img class=\"pic wp-image-1557 lazyload\"  data-valign=\"middle\" data-halign=\"center\" alt=\"\" data-full=\"https:\/\/srmadeira.oet.pt\/wordpress\/wp-content\/uploads\/2023\/02\/BANDEIRA-PORTO-SANTO_A-IMPORTANCIA-AEROPORTO-DO-PORTO-SANTO_39_resize50percent.jpg\" title=\"BANDEIRA PORTO SANTO_A IMPORT\u00c2NCIA AEROPORTO DO PORTO SANTO_39_resize50percent\" width=\"300\" height=\"200\" data-src=\"https:\/\/srmadeira.oet.pt\/wordpress\/wp-content\/uploads\/2023\/02\/BANDEIRA-PORTO-SANTO_A-IMPORTANCIA-AEROPORTO-DO-PORTO-SANTO_39_resize50percent-300x200.jpg\" data-caption=\"\" data-source=\"modula\" data-srcset=\"https:\/\/srmadeira.oet.pt\/wordpress\/wp-content\/uploads\/2023\/02\/BANDEIRA-PORTO-SANTO_A-IMPORTANCIA-AEROPORTO-DO-PORTO-SANTO_39_resize50percent.jpg 1650w, https:\/\/srmadeira.oet.pt\/wordpress\/wp-content\/uploads\/2023\/02\/BANDEIRA-PORTO-SANTO_A-IMPORTANCIA-AEROPORTO-DO-PORTO-SANTO_39_resize50percent-300x200.jpg 300w, https:\/\/srmadeira.oet.pt\/wordpress\/wp-content\/uploads\/2023\/02\/BANDEIRA-PORTO-SANTO_A-IMPORTANCIA-AEROPORTO-DO-PORTO-SANTO_39_resize50percent-1024x683.jpg 1024w, https:\/\/srmadeira.oet.pt\/wordpress\/wp-content\/uploads\/2023\/02\/BANDEIRA-PORTO-SANTO_A-IMPORTANCIA-AEROPORTO-DO-PORTO-SANTO_39_resize50percent-768x512.jpg 768w, https:\/\/srmadeira.oet.pt\/wordpress\/wp-content\/uploads\/2023\/02\/BANDEIRA-PORTO-SANTO_A-IMPORTANCIA-AEROPORTO-DO-PORTO-SANTO_39_resize50percent-1536x1024.jpg 1536w\" data-sizes=\"(max-width: 300px) 100vw, 300px\" \/>\n\t\t<div class=\"figc no-description\">\n\t\t\t<div class=\"figc-inner\">\n\t\t\t\t\t\t\t\t\t\t\t\t\t\t\t<\/div>\n\t\t<\/div>\n\n\t<\/div>\n\n<\/div><div class=\"modula-item effect-pufrobo\" data-width=\"2\" data-height=\"2\" >\n\t<div class=\"modula-item-overlay\"><\/div>\n\n\t<div class=\"modula-item-content\">\n\n\t\t\t\t\n\t\t\t\t\t<a data-image-id=\"1558\" tabindex=\"0\" rel=\"jtg-1519\" data-caption=\"\" aria-label=\"Open image in lightbox\" role=\"button\" class=\"tile-inner modula-item-link\"><\/a>\n\t\t\n\t\t<img class=\"pic wp-image-1558 lazyload\"  data-valign=\"middle\" data-halign=\"center\" alt=\"\" data-full=\"https:\/\/srmadeira.oet.pt\/wordpress\/wp-content\/uploads\/2023\/02\/CARLOS-PEREIRA_A-IMPORTANCIA-AEROPORTO-DO-PORTO-SANTO_01_resize50percent.jpg\" title=\"CARLOS PEREIRA_A IMPORT\u00c2NCIA AEROPORTO DO PORTO SANTO_01_resize50percent\" width=\"300\" height=\"222\" data-src=\"https:\/\/srmadeira.oet.pt\/wordpress\/wp-content\/uploads\/2023\/02\/CARLOS-PEREIRA_A-IMPORTANCIA-AEROPORTO-DO-PORTO-SANTO_01_resize50percent-300x222.jpg\" data-caption=\"\" data-source=\"modula\" data-srcset=\"https:\/\/srmadeira.oet.pt\/wordpress\/wp-content\/uploads\/2023\/02\/CARLOS-PEREIRA_A-IMPORTANCIA-AEROPORTO-DO-PORTO-SANTO_01_resize50percent.jpg 1650w, https:\/\/srmadeira.oet.pt\/wordpress\/wp-content\/uploads\/2023\/02\/CARLOS-PEREIRA_A-IMPORTANCIA-AEROPORTO-DO-PORTO-SANTO_01_resize50percent-300x222.jpg 300w, https:\/\/srmadeira.oet.pt\/wordpress\/wp-content\/uploads\/2023\/02\/CARLOS-PEREIRA_A-IMPORTANCIA-AEROPORTO-DO-PORTO-SANTO_01_resize50percent-1024x758.jpg 1024w, https:\/\/srmadeira.oet.pt\/wordpress\/wp-content\/uploads\/2023\/02\/CARLOS-PEREIRA_A-IMPORTANCIA-AEROPORTO-DO-PORTO-SANTO_01_resize50percent-768x568.jpg 768w, https:\/\/srmadeira.oet.pt\/wordpress\/wp-content\/uploads\/2023\/02\/CARLOS-PEREIRA_A-IMPORTANCIA-AEROPORTO-DO-PORTO-SANTO_01_resize50percent-1536x1137.jpg 1536w\" data-sizes=\"(max-width: 300px) 100vw, 300px\" \/>\n\t\t<div class=\"figc no-description\">\n\t\t\t<div class=\"figc-inner\">\n\t\t\t\t\t\t\t\t\t\t\t\t\t\t\t<\/div>\n\t\t<\/div>\n\n\t<\/div>\n\n<\/div><div class=\"modula-item effect-pufrobo\" data-width=\"2\" data-height=\"2\" >\n\t<div class=\"modula-item-overlay\"><\/div>\n\n\t<div class=\"modula-item-content\">\n\n\t\t\t\t\n\t\t\t\t\t<a data-image-id=\"1559\" tabindex=\"0\" rel=\"jtg-1519\" data-caption=\"\" aria-label=\"Open image in lightbox\" role=\"button\" class=\"tile-inner modula-item-link\"><\/a>\n\t\t\n\t\t<img class=\"pic wp-image-1559 lazyload\"  data-valign=\"middle\" data-halign=\"center\" alt=\"\" data-full=\"https:\/\/srmadeira.oet.pt\/wordpress\/wp-content\/uploads\/2023\/02\/CARLOS-PEREIRA_A-IMPORTANCIA-AEROPORTO-DO-PORTO-SANTO_02_resize50percent.jpg\" title=\"CARLOS PEREIRA_A IMPORT\u00c2NCIA AEROPORTO DO PORTO SANTO_02_resize50percent\" width=\"300\" height=\"200\" data-src=\"https:\/\/srmadeira.oet.pt\/wordpress\/wp-content\/uploads\/2023\/02\/CARLOS-PEREIRA_A-IMPORTANCIA-AEROPORTO-DO-PORTO-SANTO_02_resize50percent-300x200.jpg\" data-caption=\"\" data-source=\"modula\" data-srcset=\"https:\/\/srmadeira.oet.pt\/wordpress\/wp-content\/uploads\/2023\/02\/CARLOS-PEREIRA_A-IMPORTANCIA-AEROPORTO-DO-PORTO-SANTO_02_resize50percent.jpg 1650w, https:\/\/srmadeira.oet.pt\/wordpress\/wp-content\/uploads\/2023\/02\/CARLOS-PEREIRA_A-IMPORTANCIA-AEROPORTO-DO-PORTO-SANTO_02_resize50percent-300x200.jpg 300w, https:\/\/srmadeira.oet.pt\/wordpress\/wp-content\/uploads\/2023\/02\/CARLOS-PEREIRA_A-IMPORTANCIA-AEROPORTO-DO-PORTO-SANTO_02_resize50percent-1024x683.jpg 1024w, https:\/\/srmadeira.oet.pt\/wordpress\/wp-content\/uploads\/2023\/02\/CARLOS-PEREIRA_A-IMPORTANCIA-AEROPORTO-DO-PORTO-SANTO_02_resize50percent-768x512.jpg 768w, https:\/\/srmadeira.oet.pt\/wordpress\/wp-content\/uploads\/2023\/02\/CARLOS-PEREIRA_A-IMPORTANCIA-AEROPORTO-DO-PORTO-SANTO_02_resize50percent-1536x1024.jpg 1536w\" data-sizes=\"(max-width: 300px) 100vw, 300px\" \/>\n\t\t<div class=\"figc no-description\">\n\t\t\t<div class=\"figc-inner\">\n\t\t\t\t\t\t\t\t\t\t\t\t\t\t\t<\/div>\n\t\t<\/div>\n\n\t<\/div>\n\n<\/div><div class=\"modula-item effect-pufrobo\" data-width=\"2\" data-height=\"2\" >\n\t<div class=\"modula-item-overlay\"><\/div>\n\n\t<div class=\"modula-item-content\">\n\n\t\t\t\t\n\t\t\t\t\t<a data-image-id=\"1560\" tabindex=\"0\" rel=\"jtg-1519\" data-caption=\"\" aria-label=\"Open image in lightbox\" role=\"button\" class=\"tile-inner modula-item-link\"><\/a>\n\t\t\n\t\t<img class=\"pic wp-image-1560 lazyload\"  data-valign=\"middle\" data-halign=\"center\" alt=\"\" data-full=\"https:\/\/srmadeira.oet.pt\/wordpress\/wp-content\/uploads\/2023\/02\/CARLOS-PEREIRA_A-IMPORTANCIA-AEROPORTO-DO-PORTO-SANTO_03_resize50percent.jpg\" title=\"CARLOS PEREIRA_A IMPORT\u00c2NCIA AEROPORTO DO PORTO SANTO_03_resize50percent\" width=\"300\" height=\"200\" data-src=\"https:\/\/srmadeira.oet.pt\/wordpress\/wp-content\/uploads\/2023\/02\/CARLOS-PEREIRA_A-IMPORTANCIA-AEROPORTO-DO-PORTO-SANTO_03_resize50percent-300x200.jpg\" data-caption=\"\" data-source=\"modula\" data-srcset=\"https:\/\/srmadeira.oet.pt\/wordpress\/wp-content\/uploads\/2023\/02\/CARLOS-PEREIRA_A-IMPORTANCIA-AEROPORTO-DO-PORTO-SANTO_03_resize50percent.jpg 1650w, https:\/\/srmadeira.oet.pt\/wordpress\/wp-content\/uploads\/2023\/02\/CARLOS-PEREIRA_A-IMPORTANCIA-AEROPORTO-DO-PORTO-SANTO_03_resize50percent-300x200.jpg 300w, https:\/\/srmadeira.oet.pt\/wordpress\/wp-content\/uploads\/2023\/02\/CARLOS-PEREIRA_A-IMPORTANCIA-AEROPORTO-DO-PORTO-SANTO_03_resize50percent-1024x683.jpg 1024w, https:\/\/srmadeira.oet.pt\/wordpress\/wp-content\/uploads\/2023\/02\/CARLOS-PEREIRA_A-IMPORTANCIA-AEROPORTO-DO-PORTO-SANTO_03_resize50percent-768x512.jpg 768w, https:\/\/srmadeira.oet.pt\/wordpress\/wp-content\/uploads\/2023\/02\/CARLOS-PEREIRA_A-IMPORTANCIA-AEROPORTO-DO-PORTO-SANTO_03_resize50percent-1536x1024.jpg 1536w\" data-sizes=\"(max-width: 300px) 100vw, 300px\" \/>\n\t\t<div class=\"figc no-description\">\n\t\t\t<div class=\"figc-inner\">\n\t\t\t\t\t\t\t\t\t\t\t\t\t\t\t<\/div>\n\t\t<\/div>\n\n\t<\/div>\n\n<\/div><div class=\"modula-item effect-pufrobo\" data-width=\"2\" data-height=\"2\" >\n\t<div class=\"modula-item-overlay\"><\/div>\n\n\t<div class=\"modula-item-content\">\n\n\t\t\t\t\n\t\t\t\t\t<a data-image-id=\"1561\" tabindex=\"0\" rel=\"jtg-1519\" data-caption=\"\" aria-label=\"Open image in lightbox\" role=\"button\" class=\"tile-inner modula-item-link\"><\/a>\n\t\t\n\t\t<img class=\"pic wp-image-1561 lazyload\"  data-valign=\"middle\" data-halign=\"center\" alt=\"\" data-full=\"https:\/\/srmadeira.oet.pt\/wordpress\/wp-content\/uploads\/2023\/02\/CARLOS-PEREIRA_A-IMPORTANCIA-AEROPORTO-DO-PORTO-SANTO_04_resize50percent.jpg\" title=\"CARLOS PEREIRA_A IMPORT\u00c2NCIA AEROPORTO DO PORTO SANTO_04_resize50percent\" width=\"300\" height=\"200\" data-src=\"https:\/\/srmadeira.oet.pt\/wordpress\/wp-content\/uploads\/2023\/02\/CARLOS-PEREIRA_A-IMPORTANCIA-AEROPORTO-DO-PORTO-SANTO_04_resize50percent-300x200.jpg\" data-caption=\"\" data-source=\"modula\" data-srcset=\"https:\/\/srmadeira.oet.pt\/wordpress\/wp-content\/uploads\/2023\/02\/CARLOS-PEREIRA_A-IMPORTANCIA-AEROPORTO-DO-PORTO-SANTO_04_resize50percent.jpg 1650w, https:\/\/srmadeira.oet.pt\/wordpress\/wp-content\/uploads\/2023\/02\/CARLOS-PEREIRA_A-IMPORTANCIA-AEROPORTO-DO-PORTO-SANTO_04_resize50percent-300x200.jpg 300w, https:\/\/srmadeira.oet.pt\/wordpress\/wp-content\/uploads\/2023\/02\/CARLOS-PEREIRA_A-IMPORTANCIA-AEROPORTO-DO-PORTO-SANTO_04_resize50percent-1024x683.jpg 1024w, https:\/\/srmadeira.oet.pt\/wordpress\/wp-content\/uploads\/2023\/02\/CARLOS-PEREIRA_A-IMPORTANCIA-AEROPORTO-DO-PORTO-SANTO_04_resize50percent-768x512.jpg 768w, https:\/\/srmadeira.oet.pt\/wordpress\/wp-content\/uploads\/2023\/02\/CARLOS-PEREIRA_A-IMPORTANCIA-AEROPORTO-DO-PORTO-SANTO_04_resize50percent-1536x1024.jpg 1536w\" data-sizes=\"(max-width: 300px) 100vw, 300px\" \/>\n\t\t<div class=\"figc no-description\">\n\t\t\t<div class=\"figc-inner\">\n\t\t\t\t\t\t\t\t\t\t\t\t\t\t\t<\/div>\n\t\t<\/div>\n\n\t<\/div>\n\n<\/div><div class=\"modula-item effect-pufrobo\" data-width=\"2\" data-height=\"2\" >\n\t<div class=\"modula-item-overlay\"><\/div>\n\n\t<div class=\"modula-item-content\">\n\n\t\t\t\t\n\t\t\t\t\t<a data-image-id=\"1562\" tabindex=\"0\" rel=\"jtg-1519\" data-caption=\"\" aria-label=\"Open image in lightbox\" role=\"button\" class=\"tile-inner modula-item-link\"><\/a>\n\t\t\n\t\t<img class=\"pic wp-image-1562 lazyload\"  data-valign=\"middle\" data-halign=\"center\" alt=\"\" data-full=\"https:\/\/srmadeira.oet.pt\/wordpress\/wp-content\/uploads\/2023\/02\/CARLOS-PEREIRA_A-IMPORTANCIA-AEROPORTO-DO-PORTO-SANTO_05_resize50percent.jpg\" title=\"CARLOS PEREIRA_A IMPORT\u00c2NCIA AEROPORTO DO PORTO SANTO_05_resize50percent\" width=\"300\" height=\"200\" data-src=\"https:\/\/srmadeira.oet.pt\/wordpress\/wp-content\/uploads\/2023\/02\/CARLOS-PEREIRA_A-IMPORTANCIA-AEROPORTO-DO-PORTO-SANTO_05_resize50percent-300x200.jpg\" data-caption=\"\" data-source=\"modula\" data-srcset=\"https:\/\/srmadeira.oet.pt\/wordpress\/wp-content\/uploads\/2023\/02\/CARLOS-PEREIRA_A-IMPORTANCIA-AEROPORTO-DO-PORTO-SANTO_05_resize50percent.jpg 1650w, https:\/\/srmadeira.oet.pt\/wordpress\/wp-content\/uploads\/2023\/02\/CARLOS-PEREIRA_A-IMPORTANCIA-AEROPORTO-DO-PORTO-SANTO_05_resize50percent-300x200.jpg 300w, https:\/\/srmadeira.oet.pt\/wordpress\/wp-content\/uploads\/2023\/02\/CARLOS-PEREIRA_A-IMPORTANCIA-AEROPORTO-DO-PORTO-SANTO_05_resize50percent-1024x683.jpg 1024w, https:\/\/srmadeira.oet.pt\/wordpress\/wp-content\/uploads\/2023\/02\/CARLOS-PEREIRA_A-IMPORTANCIA-AEROPORTO-DO-PORTO-SANTO_05_resize50percent-768x512.jpg 768w, https:\/\/srmadeira.oet.pt\/wordpress\/wp-content\/uploads\/2023\/02\/CARLOS-PEREIRA_A-IMPORTANCIA-AEROPORTO-DO-PORTO-SANTO_05_resize50percent-1536x1024.jpg 1536w\" data-sizes=\"(max-width: 300px) 100vw, 300px\" \/>\n\t\t<div class=\"figc no-description\">\n\t\t\t<div class=\"figc-inner\">\n\t\t\t\t\t\t\t\t\t\t\t\t\t\t\t<\/div>\n\t\t<\/div>\n\n\t<\/div>\n\n<\/div><div class=\"modula-item effect-pufrobo\" data-width=\"2\" data-height=\"2\" >\n\t<div class=\"modula-item-overlay\"><\/div>\n\n\t<div class=\"modula-item-content\">\n\n\t\t\t\t\n\t\t\t\t\t<a data-image-id=\"1563\" tabindex=\"0\" rel=\"jtg-1519\" data-caption=\"\" aria-label=\"Open image in lightbox\" role=\"button\" class=\"tile-inner modula-item-link\"><\/a>\n\t\t\n\t\t<img class=\"pic wp-image-1563 lazyload\"  data-valign=\"middle\" data-halign=\"center\" alt=\"\" data-full=\"https:\/\/srmadeira.oet.pt\/wordpress\/wp-content\/uploads\/2023\/02\/CARLOS-PEREIRA_A-IMPORTANCIA-AEROPORTO-DO-PORTO-SANTO_06_resize50percent.jpg\" title=\"CARLOS PEREIRA_A IMPORT\u00c2NCIA AEROPORTO DO PORTO SANTO_06_resize50percent\" width=\"300\" height=\"200\" data-src=\"https:\/\/srmadeira.oet.pt\/wordpress\/wp-content\/uploads\/2023\/02\/CARLOS-PEREIRA_A-IMPORTANCIA-AEROPORTO-DO-PORTO-SANTO_06_resize50percent-300x200.jpg\" data-caption=\"\" data-source=\"modula\" data-srcset=\"https:\/\/srmadeira.oet.pt\/wordpress\/wp-content\/uploads\/2023\/02\/CARLOS-PEREIRA_A-IMPORTANCIA-AEROPORTO-DO-PORTO-SANTO_06_resize50percent.jpg 1650w, https:\/\/srmadeira.oet.pt\/wordpress\/wp-content\/uploads\/2023\/02\/CARLOS-PEREIRA_A-IMPORTANCIA-AEROPORTO-DO-PORTO-SANTO_06_resize50percent-300x200.jpg 300w, https:\/\/srmadeira.oet.pt\/wordpress\/wp-content\/uploads\/2023\/02\/CARLOS-PEREIRA_A-IMPORTANCIA-AEROPORTO-DO-PORTO-SANTO_06_resize50percent-1024x683.jpg 1024w, https:\/\/srmadeira.oet.pt\/wordpress\/wp-content\/uploads\/2023\/02\/CARLOS-PEREIRA_A-IMPORTANCIA-AEROPORTO-DO-PORTO-SANTO_06_resize50percent-768x512.jpg 768w, https:\/\/srmadeira.oet.pt\/wordpress\/wp-content\/uploads\/2023\/02\/CARLOS-PEREIRA_A-IMPORTANCIA-AEROPORTO-DO-PORTO-SANTO_06_resize50percent-1536x1024.jpg 1536w\" data-sizes=\"(max-width: 300px) 100vw, 300px\" \/>\n\t\t<div class=\"figc no-description\">\n\t\t\t<div class=\"figc-inner\">\n\t\t\t\t\t\t\t\t\t\t\t\t\t\t\t<\/div>\n\t\t<\/div>\n\n\t<\/div>\n\n<\/div><div class=\"modula-item effect-pufrobo\" data-width=\"2\" data-height=\"2\" >\n\t<div class=\"modula-item-overlay\"><\/div>\n\n\t<div class=\"modula-item-content\">\n\n\t\t\t\t\n\t\t\t\t\t<a data-image-id=\"1564\" tabindex=\"0\" rel=\"jtg-1519\" data-caption=\"\" aria-label=\"Open image in lightbox\" role=\"button\" class=\"tile-inner modula-item-link\"><\/a>\n\t\t\n\t\t<img class=\"pic wp-image-1564 lazyload\"  data-valign=\"middle\" data-halign=\"center\" alt=\"\" data-full=\"https:\/\/srmadeira.oet.pt\/wordpress\/wp-content\/uploads\/2023\/02\/CARLOS-PEREIRA_A-IMPORTANCIA-AEROPORTO-DO-PORTO-SANTO_07_resize50percent.jpg\" title=\"CARLOS PEREIRA_A IMPORT\u00c2NCIA AEROPORTO DO PORTO SANTO_07_resize50percent\" width=\"300\" height=\"200\" data-src=\"https:\/\/srmadeira.oet.pt\/wordpress\/wp-content\/uploads\/2023\/02\/CARLOS-PEREIRA_A-IMPORTANCIA-AEROPORTO-DO-PORTO-SANTO_07_resize50percent-300x200.jpg\" data-caption=\"\" data-source=\"modula\" data-srcset=\"https:\/\/srmadeira.oet.pt\/wordpress\/wp-content\/uploads\/2023\/02\/CARLOS-PEREIRA_A-IMPORTANCIA-AEROPORTO-DO-PORTO-SANTO_07_resize50percent.jpg 1650w, https:\/\/srmadeira.oet.pt\/wordpress\/wp-content\/uploads\/2023\/02\/CARLOS-PEREIRA_A-IMPORTANCIA-AEROPORTO-DO-PORTO-SANTO_07_resize50percent-300x200.jpg 300w, https:\/\/srmadeira.oet.pt\/wordpress\/wp-content\/uploads\/2023\/02\/CARLOS-PEREIRA_A-IMPORTANCIA-AEROPORTO-DO-PORTO-SANTO_07_resize50percent-1024x683.jpg 1024w, https:\/\/srmadeira.oet.pt\/wordpress\/wp-content\/uploads\/2023\/02\/CARLOS-PEREIRA_A-IMPORTANCIA-AEROPORTO-DO-PORTO-SANTO_07_resize50percent-768x512.jpg 768w, https:\/\/srmadeira.oet.pt\/wordpress\/wp-content\/uploads\/2023\/02\/CARLOS-PEREIRA_A-IMPORTANCIA-AEROPORTO-DO-PORTO-SANTO_07_resize50percent-1536x1024.jpg 1536w\" data-sizes=\"(max-width: 300px) 100vw, 300px\" \/>\n\t\t<div class=\"figc no-description\">\n\t\t\t<div class=\"figc-inner\">\n\t\t\t\t\t\t\t\t\t\t\t\t\t\t\t<\/div>\n\t\t<\/div>\n\n\t<\/div>\n\n<\/div><div class=\"modula-item effect-pufrobo\" data-width=\"2\" data-height=\"2\" >\n\t<div class=\"modula-item-overlay\"><\/div>\n\n\t<div class=\"modula-item-content\">\n\n\t\t\t\t\n\t\t\t\t\t<a data-image-id=\"1565\" tabindex=\"0\" rel=\"jtg-1519\" data-caption=\"\" aria-label=\"Open image in lightbox\" role=\"button\" class=\"tile-inner modula-item-link\"><\/a>\n\t\t\n\t\t<img class=\"pic wp-image-1565 lazyload\"  data-valign=\"middle\" data-halign=\"center\" alt=\"\" data-full=\"https:\/\/srmadeira.oet.pt\/wordpress\/wp-content\/uploads\/2023\/02\/ELVIO-CAMACHO_A-IMPORTANCIA-AEROPORTO-DO-PORTO-SANTO_02_resize50percent.jpg\" title=\"\u00c9LVIO CAMACHO_A IMPORT\u00c2NCIA AEROPORTO DO PORTO SANTO_02_resize50percent\" width=\"300\" height=\"200\" data-src=\"https:\/\/srmadeira.oet.pt\/wordpress\/wp-content\/uploads\/2023\/02\/ELVIO-CAMACHO_A-IMPORTANCIA-AEROPORTO-DO-PORTO-SANTO_02_resize50percent-300x200.jpg\" data-caption=\"\" data-source=\"modula\" data-srcset=\"https:\/\/srmadeira.oet.pt\/wordpress\/wp-content\/uploads\/2023\/02\/ELVIO-CAMACHO_A-IMPORTANCIA-AEROPORTO-DO-PORTO-SANTO_02_resize50percent.jpg 1650w, https:\/\/srmadeira.oet.pt\/wordpress\/wp-content\/uploads\/2023\/02\/ELVIO-CAMACHO_A-IMPORTANCIA-AEROPORTO-DO-PORTO-SANTO_02_resize50percent-300x200.jpg 300w, https:\/\/srmadeira.oet.pt\/wordpress\/wp-content\/uploads\/2023\/02\/ELVIO-CAMACHO_A-IMPORTANCIA-AEROPORTO-DO-PORTO-SANTO_02_resize50percent-1024x683.jpg 1024w, https:\/\/srmadeira.oet.pt\/wordpress\/wp-content\/uploads\/2023\/02\/ELVIO-CAMACHO_A-IMPORTANCIA-AEROPORTO-DO-PORTO-SANTO_02_resize50percent-768x512.jpg 768w, https:\/\/srmadeira.oet.pt\/wordpress\/wp-content\/uploads\/2023\/02\/ELVIO-CAMACHO_A-IMPORTANCIA-AEROPORTO-DO-PORTO-SANTO_02_resize50percent-1536x1024.jpg 1536w\" data-sizes=\"(max-width: 300px) 100vw, 300px\" \/>\n\t\t<div class=\"figc no-description\">\n\t\t\t<div class=\"figc-inner\">\n\t\t\t\t\t\t\t\t\t\t\t\t\t\t\t<\/div>\n\t\t<\/div>\n\n\t<\/div>\n\n<\/div><div class=\"modula-item effect-pufrobo\" data-width=\"2\" data-height=\"2\" >\n\t<div class=\"modula-item-overlay\"><\/div>\n\n\t<div class=\"modula-item-content\">\n\n\t\t\t\t\n\t\t\t\t\t<a data-image-id=\"1566\" tabindex=\"0\" rel=\"jtg-1519\" data-caption=\"\" aria-label=\"Open image in lightbox\" role=\"button\" class=\"tile-inner modula-item-link\"><\/a>\n\t\t\n\t\t<img class=\"pic wp-image-1566 lazyload\"  data-valign=\"middle\" data-halign=\"center\" alt=\"\" data-full=\"https:\/\/srmadeira.oet.pt\/wordpress\/wp-content\/uploads\/2023\/02\/ELVIO-CAMACHO_A-IMPORTANCIA-AEROPORTO-DO-PORTO-SANTO_03_resize50percent.jpg\" title=\"\u00c9LVIO CAMACHO_A IMPORT\u00c2NCIA AEROPORTO DO PORTO SANTO_03_resize50percent\" width=\"300\" height=\"200\" data-src=\"https:\/\/srmadeira.oet.pt\/wordpress\/wp-content\/uploads\/2023\/02\/ELVIO-CAMACHO_A-IMPORTANCIA-AEROPORTO-DO-PORTO-SANTO_03_resize50percent-300x200.jpg\" data-caption=\"\" data-source=\"modula\" data-srcset=\"https:\/\/srmadeira.oet.pt\/wordpress\/wp-content\/uploads\/2023\/02\/ELVIO-CAMACHO_A-IMPORTANCIA-AEROPORTO-DO-PORTO-SANTO_03_resize50percent.jpg 1650w, https:\/\/srmadeira.oet.pt\/wordpress\/wp-content\/uploads\/2023\/02\/ELVIO-CAMACHO_A-IMPORTANCIA-AEROPORTO-DO-PORTO-SANTO_03_resize50percent-300x200.jpg 300w, https:\/\/srmadeira.oet.pt\/wordpress\/wp-content\/uploads\/2023\/02\/ELVIO-CAMACHO_A-IMPORTANCIA-AEROPORTO-DO-PORTO-SANTO_03_resize50percent-1024x683.jpg 1024w, https:\/\/srmadeira.oet.pt\/wordpress\/wp-content\/uploads\/2023\/02\/ELVIO-CAMACHO_A-IMPORTANCIA-AEROPORTO-DO-PORTO-SANTO_03_resize50percent-768x512.jpg 768w, https:\/\/srmadeira.oet.pt\/wordpress\/wp-content\/uploads\/2023\/02\/ELVIO-CAMACHO_A-IMPORTANCIA-AEROPORTO-DO-PORTO-SANTO_03_resize50percent-1536x1024.jpg 1536w\" data-sizes=\"(max-width: 300px) 100vw, 300px\" \/>\n\t\t<div class=\"figc no-description\">\n\t\t\t<div class=\"figc-inner\">\n\t\t\t\t\t\t\t\t\t\t\t\t\t\t\t<\/div>\n\t\t<\/div>\n\n\t<\/div>\n\n<\/div><div class=\"modula-item effect-pufrobo\" data-width=\"2\" data-height=\"2\" >\n\t<div class=\"modula-item-overlay\"><\/div>\n\n\t<div class=\"modula-item-content\">\n\n\t\t\t\t\n\t\t\t\t\t<a data-image-id=\"1567\" tabindex=\"0\" rel=\"jtg-1519\" data-caption=\"\" aria-label=\"Open image in lightbox\" role=\"button\" class=\"tile-inner modula-item-link\"><\/a>\n\t\t\n\t\t<img class=\"pic wp-image-1567 lazyload\"  data-valign=\"middle\" data-halign=\"center\" alt=\"\" data-full=\"https:\/\/srmadeira.oet.pt\/wordpress\/wp-content\/uploads\/2023\/02\/ELVIO-CAMACHO_A-IMPORTANCIA-AEROPORTO-DO-PORTO-SANTO_04_resize50percent.jpg\" title=\"\u00c9LVIO CAMACHO_A IMPORT\u00c2NCIA AEROPORTO DO PORTO SANTO_04_resize50percent\" width=\"300\" height=\"200\" data-src=\"https:\/\/srmadeira.oet.pt\/wordpress\/wp-content\/uploads\/2023\/02\/ELVIO-CAMACHO_A-IMPORTANCIA-AEROPORTO-DO-PORTO-SANTO_04_resize50percent-300x200.jpg\" data-caption=\"\" data-source=\"modula\" data-srcset=\"https:\/\/srmadeira.oet.pt\/wordpress\/wp-content\/uploads\/2023\/02\/ELVIO-CAMACHO_A-IMPORTANCIA-AEROPORTO-DO-PORTO-SANTO_04_resize50percent.jpg 1650w, https:\/\/srmadeira.oet.pt\/wordpress\/wp-content\/uploads\/2023\/02\/ELVIO-CAMACHO_A-IMPORTANCIA-AEROPORTO-DO-PORTO-SANTO_04_resize50percent-300x200.jpg 300w, https:\/\/srmadeira.oet.pt\/wordpress\/wp-content\/uploads\/2023\/02\/ELVIO-CAMACHO_A-IMPORTANCIA-AEROPORTO-DO-PORTO-SANTO_04_resize50percent-1024x683.jpg 1024w, https:\/\/srmadeira.oet.pt\/wordpress\/wp-content\/uploads\/2023\/02\/ELVIO-CAMACHO_A-IMPORTANCIA-AEROPORTO-DO-PORTO-SANTO_04_resize50percent-768x512.jpg 768w, https:\/\/srmadeira.oet.pt\/wordpress\/wp-content\/uploads\/2023\/02\/ELVIO-CAMACHO_A-IMPORTANCIA-AEROPORTO-DO-PORTO-SANTO_04_resize50percent-1536x1024.jpg 1536w\" data-sizes=\"(max-width: 300px) 100vw, 300px\" \/>\n\t\t<div class=\"figc no-description\">\n\t\t\t<div class=\"figc-inner\">\n\t\t\t\t\t\t\t\t\t\t\t\t\t\t\t<\/div>\n\t\t<\/div>\n\n\t<\/div>\n\n<\/div><div class=\"modula-item effect-pufrobo\" data-width=\"2\" data-height=\"2\" >\n\t<div class=\"modula-item-overlay\"><\/div>\n\n\t<div class=\"modula-item-content\">\n\n\t\t\t\t\n\t\t\t\t\t<a data-image-id=\"1568\" tabindex=\"0\" rel=\"jtg-1519\" data-caption=\"\" aria-label=\"Open image in lightbox\" role=\"button\" class=\"tile-inner modula-item-link\"><\/a>\n\t\t\n\t\t<img class=\"pic wp-image-1568 lazyload\"  data-valign=\"middle\" data-halign=\"center\" alt=\"\" data-full=\"https:\/\/srmadeira.oet.pt\/wordpress\/wp-content\/uploads\/2023\/02\/FILIPE-MENEZES_A-IMPORTANCIA-AEROPORTO-DO-PORTO-SANTO_75_resize50percent.jpg\" title=\"FILIPE MENEZES_A IMPORT\u00c2NCIA AEROPORTO DO PORTO SANTO_75_resize50percent\" width=\"300\" height=\"200\" data-src=\"https:\/\/srmadeira.oet.pt\/wordpress\/wp-content\/uploads\/2023\/02\/FILIPE-MENEZES_A-IMPORTANCIA-AEROPORTO-DO-PORTO-SANTO_75_resize50percent-300x200.jpg\" data-caption=\"\" data-source=\"modula\" data-srcset=\"https:\/\/srmadeira.oet.pt\/wordpress\/wp-content\/uploads\/2023\/02\/FILIPE-MENEZES_A-IMPORTANCIA-AEROPORTO-DO-PORTO-SANTO_75_resize50percent.jpg 1650w, https:\/\/srmadeira.oet.pt\/wordpress\/wp-content\/uploads\/2023\/02\/FILIPE-MENEZES_A-IMPORTANCIA-AEROPORTO-DO-PORTO-SANTO_75_resize50percent-300x200.jpg 300w, https:\/\/srmadeira.oet.pt\/wordpress\/wp-content\/uploads\/2023\/02\/FILIPE-MENEZES_A-IMPORTANCIA-AEROPORTO-DO-PORTO-SANTO_75_resize50percent-1024x683.jpg 1024w, https:\/\/srmadeira.oet.pt\/wordpress\/wp-content\/uploads\/2023\/02\/FILIPE-MENEZES_A-IMPORTANCIA-AEROPORTO-DO-PORTO-SANTO_75_resize50percent-768x512.jpg 768w, https:\/\/srmadeira.oet.pt\/wordpress\/wp-content\/uploads\/2023\/02\/FILIPE-MENEZES_A-IMPORTANCIA-AEROPORTO-DO-PORTO-SANTO_75_resize50percent-1536x1024.jpg 1536w\" data-sizes=\"(max-width: 300px) 100vw, 300px\" \/>\n\t\t<div class=\"figc no-description\">\n\t\t\t<div class=\"figc-inner\">\n\t\t\t\t\t\t\t\t\t\t\t\t\t\t\t<\/div>\n\t\t<\/div>\n\n\t<\/div>\n\n<\/div><div class=\"modula-item effect-pufrobo\" data-width=\"2\" data-height=\"2\" >\n\t<div class=\"modula-item-overlay\"><\/div>\n\n\t<div class=\"modula-item-content\">\n\n\t\t\t\t\n\t\t\t\t\t<a data-image-id=\"1569\" tabindex=\"0\" rel=\"jtg-1519\" data-caption=\"\" aria-label=\"Open image in lightbox\" role=\"button\" class=\"tile-inner modula-item-link\"><\/a>\n\t\t\n\t\t<img class=\"pic wp-image-1569 lazyload\"  data-valign=\"middle\" data-halign=\"center\" alt=\"\" data-full=\"https:\/\/srmadeira.oet.pt\/wordpress\/wp-content\/uploads\/2023\/02\/FILIPE-SOUSA_A-IMPORTANCIA-AEROPORTO-DO-PORTO-SANTO_01_resize50percent.jpg\" title=\"FILIPE SOUSA_A IMPORT\u00c2NCIA AEROPORTO DO PORTO SANTO_01_resize50percent\" width=\"300\" height=\"200\" data-src=\"https:\/\/srmadeira.oet.pt\/wordpress\/wp-content\/uploads\/2023\/02\/FILIPE-SOUSA_A-IMPORTANCIA-AEROPORTO-DO-PORTO-SANTO_01_resize50percent-300x200.jpg\" data-caption=\"\" data-source=\"modula\" data-srcset=\"https:\/\/srmadeira.oet.pt\/wordpress\/wp-content\/uploads\/2023\/02\/FILIPE-SOUSA_A-IMPORTANCIA-AEROPORTO-DO-PORTO-SANTO_01_resize50percent.jpg 1650w, https:\/\/srmadeira.oet.pt\/wordpress\/wp-content\/uploads\/2023\/02\/FILIPE-SOUSA_A-IMPORTANCIA-AEROPORTO-DO-PORTO-SANTO_01_resize50percent-300x200.jpg 300w, https:\/\/srmadeira.oet.pt\/wordpress\/wp-content\/uploads\/2023\/02\/FILIPE-SOUSA_A-IMPORTANCIA-AEROPORTO-DO-PORTO-SANTO_01_resize50percent-1024x683.jpg 1024w, https:\/\/srmadeira.oet.pt\/wordpress\/wp-content\/uploads\/2023\/02\/FILIPE-SOUSA_A-IMPORTANCIA-AEROPORTO-DO-PORTO-SANTO_01_resize50percent-768x512.jpg 768w, https:\/\/srmadeira.oet.pt\/wordpress\/wp-content\/uploads\/2023\/02\/FILIPE-SOUSA_A-IMPORTANCIA-AEROPORTO-DO-PORTO-SANTO_01_resize50percent-1536x1024.jpg 1536w\" data-sizes=\"(max-width: 300px) 100vw, 300px\" \/>\n\t\t<div class=\"figc no-description\">\n\t\t\t<div class=\"figc-inner\">\n\t\t\t\t\t\t\t\t\t\t\t\t\t\t\t<\/div>\n\t\t<\/div>\n\n\t<\/div>\n\n<\/div><div class=\"modula-item effect-pufrobo\" data-width=\"2\" data-height=\"2\" >\n\t<div class=\"modula-item-overlay\"><\/div>\n\n\t<div class=\"modula-item-content\">\n\n\t\t\t\t\n\t\t\t\t\t<a data-image-id=\"1570\" tabindex=\"0\" rel=\"jtg-1519\" data-caption=\"\" aria-label=\"Open image in lightbox\" role=\"button\" class=\"tile-inner modula-item-link\"><\/a>\n\t\t\n\t\t<img class=\"pic wp-image-1570 lazyload\"  data-valign=\"middle\" data-halign=\"center\" alt=\"\" data-full=\"https:\/\/srmadeira.oet.pt\/wordpress\/wp-content\/uploads\/2023\/02\/IVO-CORREIA_A-IMPORTANCIA-AEROPORTO-DO-PORTO-SANTO_01_resize50percent.jpg\" title=\"IVO CORREIA_A IMPORT\u00c2NCIA AEROPORTO DO PORTO SANTO_01_resize50percent\" width=\"300\" height=\"200\" data-src=\"https:\/\/srmadeira.oet.pt\/wordpress\/wp-content\/uploads\/2023\/02\/IVO-CORREIA_A-IMPORTANCIA-AEROPORTO-DO-PORTO-SANTO_01_resize50percent-300x200.jpg\" data-caption=\"\" data-source=\"modula\" data-srcset=\"https:\/\/srmadeira.oet.pt\/wordpress\/wp-content\/uploads\/2023\/02\/IVO-CORREIA_A-IMPORTANCIA-AEROPORTO-DO-PORTO-SANTO_01_resize50percent.jpg 1650w, https:\/\/srmadeira.oet.pt\/wordpress\/wp-content\/uploads\/2023\/02\/IVO-CORREIA_A-IMPORTANCIA-AEROPORTO-DO-PORTO-SANTO_01_resize50percent-300x200.jpg 300w, https:\/\/srmadeira.oet.pt\/wordpress\/wp-content\/uploads\/2023\/02\/IVO-CORREIA_A-IMPORTANCIA-AEROPORTO-DO-PORTO-SANTO_01_resize50percent-1024x683.jpg 1024w, https:\/\/srmadeira.oet.pt\/wordpress\/wp-content\/uploads\/2023\/02\/IVO-CORREIA_A-IMPORTANCIA-AEROPORTO-DO-PORTO-SANTO_01_resize50percent-768x512.jpg 768w, https:\/\/srmadeira.oet.pt\/wordpress\/wp-content\/uploads\/2023\/02\/IVO-CORREIA_A-IMPORTANCIA-AEROPORTO-DO-PORTO-SANTO_01_resize50percent-1536x1024.jpg 1536w\" data-sizes=\"(max-width: 300px) 100vw, 300px\" \/>\n\t\t<div class=\"figc no-description\">\n\t\t\t<div class=\"figc-inner\">\n\t\t\t\t\t\t\t\t\t\t\t\t\t\t\t<\/div>\n\t\t<\/div>\n\n\t<\/div>\n\n<\/div><div class=\"modula-item effect-pufrobo\" data-width=\"2\" data-height=\"2\" >\n\t<div class=\"modula-item-overlay\"><\/div>\n\n\t<div class=\"modula-item-content\">\n\n\t\t\t\t\n\t\t\t\t\t<a data-image-id=\"1571\" tabindex=\"0\" rel=\"jtg-1519\" data-caption=\"\" aria-label=\"Open image in lightbox\" role=\"button\" class=\"tile-inner modula-item-link\"><\/a>\n\t\t\n\t\t<img class=\"pic wp-image-1571 lazyload\"  data-valign=\"middle\" data-halign=\"center\" alt=\"\" data-full=\"https:\/\/srmadeira.oet.pt\/wordpress\/wp-content\/uploads\/2023\/02\/IVO-CORREIA_A-IMPORTANCIA-AEROPORTO-DO-PORTO-SANTO_02_resize50percent.jpg\" title=\"IVO CORREIA_A IMPORT\u00c2NCIA AEROPORTO DO PORTO SANTO_02_resize50percent\" width=\"300\" height=\"200\" data-src=\"https:\/\/srmadeira.oet.pt\/wordpress\/wp-content\/uploads\/2023\/02\/IVO-CORREIA_A-IMPORTANCIA-AEROPORTO-DO-PORTO-SANTO_02_resize50percent-300x200.jpg\" data-caption=\"\" data-source=\"modula\" data-srcset=\"https:\/\/srmadeira.oet.pt\/wordpress\/wp-content\/uploads\/2023\/02\/IVO-CORREIA_A-IMPORTANCIA-AEROPORTO-DO-PORTO-SANTO_02_resize50percent.jpg 1650w, https:\/\/srmadeira.oet.pt\/wordpress\/wp-content\/uploads\/2023\/02\/IVO-CORREIA_A-IMPORTANCIA-AEROPORTO-DO-PORTO-SANTO_02_resize50percent-300x200.jpg 300w, https:\/\/srmadeira.oet.pt\/wordpress\/wp-content\/uploads\/2023\/02\/IVO-CORREIA_A-IMPORTANCIA-AEROPORTO-DO-PORTO-SANTO_02_resize50percent-1024x683.jpg 1024w, https:\/\/srmadeira.oet.pt\/wordpress\/wp-content\/uploads\/2023\/02\/IVO-CORREIA_A-IMPORTANCIA-AEROPORTO-DO-PORTO-SANTO_02_resize50percent-768x512.jpg 768w, https:\/\/srmadeira.oet.pt\/wordpress\/wp-content\/uploads\/2023\/02\/IVO-CORREIA_A-IMPORTANCIA-AEROPORTO-DO-PORTO-SANTO_02_resize50percent-1536x1024.jpg 1536w\" data-sizes=\"(max-width: 300px) 100vw, 300px\" \/>\n\t\t<div class=\"figc no-description\">\n\t\t\t<div class=\"figc-inner\">\n\t\t\t\t\t\t\t\t\t\t\t\t\t\t\t<\/div>\n\t\t<\/div>\n\n\t<\/div>\n\n<\/div><div class=\"modula-item effect-pufrobo\" data-width=\"2\" data-height=\"2\" >\n\t<div class=\"modula-item-overlay\"><\/div>\n\n\t<div class=\"modula-item-content\">\n\n\t\t\t\t\n\t\t\t\t\t<a data-image-id=\"1572\" tabindex=\"0\" rel=\"jtg-1519\" data-caption=\"\" aria-label=\"Open image in lightbox\" role=\"button\" class=\"tile-inner modula-item-link\"><\/a>\n\t\t\n\t\t<img class=\"pic wp-image-1572 lazyload\"  data-valign=\"middle\" data-halign=\"center\" alt=\"\" data-full=\"https:\/\/srmadeira.oet.pt\/wordpress\/wp-content\/uploads\/2023\/02\/JOAO-PAULO-MARQUES_A-IMPORTANCIA-AEROPORTO-DO-PORTO-SANTO_01_resize50percent.jpg\" title=\"JO\u00c3O PAULO MARQUES_A IMPORT\u00c2NCIA AEROPORTO DO PORTO SANTO_01_resize50percent\" width=\"300\" height=\"200\" data-src=\"https:\/\/srmadeira.oet.pt\/wordpress\/wp-content\/uploads\/2023\/02\/JOAO-PAULO-MARQUES_A-IMPORTANCIA-AEROPORTO-DO-PORTO-SANTO_01_resize50percent-300x200.jpg\" data-caption=\"\" data-source=\"modula\" data-srcset=\"https:\/\/srmadeira.oet.pt\/wordpress\/wp-content\/uploads\/2023\/02\/JOAO-PAULO-MARQUES_A-IMPORTANCIA-AEROPORTO-DO-PORTO-SANTO_01_resize50percent.jpg 1650w, https:\/\/srmadeira.oet.pt\/wordpress\/wp-content\/uploads\/2023\/02\/JOAO-PAULO-MARQUES_A-IMPORTANCIA-AEROPORTO-DO-PORTO-SANTO_01_resize50percent-300x200.jpg 300w, https:\/\/srmadeira.oet.pt\/wordpress\/wp-content\/uploads\/2023\/02\/JOAO-PAULO-MARQUES_A-IMPORTANCIA-AEROPORTO-DO-PORTO-SANTO_01_resize50percent-1024x683.jpg 1024w, https:\/\/srmadeira.oet.pt\/wordpress\/wp-content\/uploads\/2023\/02\/JOAO-PAULO-MARQUES_A-IMPORTANCIA-AEROPORTO-DO-PORTO-SANTO_01_resize50percent-768x512.jpg 768w, https:\/\/srmadeira.oet.pt\/wordpress\/wp-content\/uploads\/2023\/02\/JOAO-PAULO-MARQUES_A-IMPORTANCIA-AEROPORTO-DO-PORTO-SANTO_01_resize50percent-1536x1024.jpg 1536w\" data-sizes=\"(max-width: 300px) 100vw, 300px\" \/>\n\t\t<div class=\"figc no-description\">\n\t\t\t<div class=\"figc-inner\">\n\t\t\t\t\t\t\t\t\t\t\t\t\t\t\t<\/div>\n\t\t<\/div>\n\n\t<\/div>\n\n<\/div><div class=\"modula-item effect-pufrobo\" data-width=\"2\" data-height=\"2\" >\n\t<div class=\"modula-item-overlay\"><\/div>\n\n\t<div class=\"modula-item-content\">\n\n\t\t\t\t\n\t\t\t\t\t<a data-image-id=\"1573\" tabindex=\"0\" rel=\"jtg-1519\" data-caption=\"\" aria-label=\"Open image in lightbox\" role=\"button\" class=\"tile-inner modula-item-link\"><\/a>\n\t\t\n\t\t<img class=\"pic wp-image-1573 lazyload\"  data-valign=\"middle\" data-halign=\"center\" alt=\"\" data-full=\"https:\/\/srmadeira.oet.pt\/wordpress\/wp-content\/uploads\/2023\/02\/JOAO-PAULO-MARQUES_A-IMPORTANCIA-AEROPORTO-DO-PORTO-SANTO_02_resize50percent.jpg\" title=\"JO\u00c3O PAULO MARQUES_A IMPORT\u00c2NCIA AEROPORTO DO PORTO SANTO_02_resize50percent\" width=\"300\" height=\"200\" data-src=\"https:\/\/srmadeira.oet.pt\/wordpress\/wp-content\/uploads\/2023\/02\/JOAO-PAULO-MARQUES_A-IMPORTANCIA-AEROPORTO-DO-PORTO-SANTO_02_resize50percent-300x200.jpg\" data-caption=\"\" data-source=\"modula\" data-srcset=\"https:\/\/srmadeira.oet.pt\/wordpress\/wp-content\/uploads\/2023\/02\/JOAO-PAULO-MARQUES_A-IMPORTANCIA-AEROPORTO-DO-PORTO-SANTO_02_resize50percent.jpg 1650w, https:\/\/srmadeira.oet.pt\/wordpress\/wp-content\/uploads\/2023\/02\/JOAO-PAULO-MARQUES_A-IMPORTANCIA-AEROPORTO-DO-PORTO-SANTO_02_resize50percent-300x200.jpg 300w, https:\/\/srmadeira.oet.pt\/wordpress\/wp-content\/uploads\/2023\/02\/JOAO-PAULO-MARQUES_A-IMPORTANCIA-AEROPORTO-DO-PORTO-SANTO_02_resize50percent-1024x683.jpg 1024w, https:\/\/srmadeira.oet.pt\/wordpress\/wp-content\/uploads\/2023\/02\/JOAO-PAULO-MARQUES_A-IMPORTANCIA-AEROPORTO-DO-PORTO-SANTO_02_resize50percent-768x512.jpg 768w, https:\/\/srmadeira.oet.pt\/wordpress\/wp-content\/uploads\/2023\/02\/JOAO-PAULO-MARQUES_A-IMPORTANCIA-AEROPORTO-DO-PORTO-SANTO_02_resize50percent-1536x1024.jpg 1536w\" data-sizes=\"(max-width: 300px) 100vw, 300px\" \/>\n\t\t<div class=\"figc no-description\">\n\t\t\t<div class=\"figc-inner\">\n\t\t\t\t\t\t\t\t\t\t\t\t\t\t\t<\/div>\n\t\t<\/div>\n\n\t<\/div>\n\n<\/div><div class=\"modula-item effect-pufrobo\" data-width=\"2\" data-height=\"2\" >\n\t<div class=\"modula-item-overlay\"><\/div>\n\n\t<div class=\"modula-item-content\">\n\n\t\t\t\t\n\t\t\t\t\t<a data-image-id=\"1574\" tabindex=\"0\" rel=\"jtg-1519\" data-caption=\"\" aria-label=\"Open image in lightbox\" role=\"button\" class=\"tile-inner modula-item-link\"><\/a>\n\t\t\n\t\t<img class=\"pic wp-image-1574 lazyload\"  data-valign=\"middle\" data-halign=\"center\" alt=\"\" data-full=\"https:\/\/srmadeira.oet.pt\/wordpress\/wp-content\/uploads\/2023\/02\/JOAO-PAULO-MARQUES_A-IMPORTANCIA-AEROPORTO-DO-PORTO-SANTO_04_resize50percent.jpg\" title=\"JO\u00c3O PAULO MARQUES_A IMPORT\u00c2NCIA AEROPORTO DO PORTO SANTO_04_resize50percent\" width=\"300\" height=\"200\" data-src=\"https:\/\/srmadeira.oet.pt\/wordpress\/wp-content\/uploads\/2023\/02\/JOAO-PAULO-MARQUES_A-IMPORTANCIA-AEROPORTO-DO-PORTO-SANTO_04_resize50percent-300x200.jpg\" data-caption=\"\" data-source=\"modula\" data-srcset=\"https:\/\/srmadeira.oet.pt\/wordpress\/wp-content\/uploads\/2023\/02\/JOAO-PAULO-MARQUES_A-IMPORTANCIA-AEROPORTO-DO-PORTO-SANTO_04_resize50percent.jpg 1650w, https:\/\/srmadeira.oet.pt\/wordpress\/wp-content\/uploads\/2023\/02\/JOAO-PAULO-MARQUES_A-IMPORTANCIA-AEROPORTO-DO-PORTO-SANTO_04_resize50percent-300x200.jpg 300w, https:\/\/srmadeira.oet.pt\/wordpress\/wp-content\/uploads\/2023\/02\/JOAO-PAULO-MARQUES_A-IMPORTANCIA-AEROPORTO-DO-PORTO-SANTO_04_resize50percent-1024x683.jpg 1024w, https:\/\/srmadeira.oet.pt\/wordpress\/wp-content\/uploads\/2023\/02\/JOAO-PAULO-MARQUES_A-IMPORTANCIA-AEROPORTO-DO-PORTO-SANTO_04_resize50percent-768x512.jpg 768w, https:\/\/srmadeira.oet.pt\/wordpress\/wp-content\/uploads\/2023\/02\/JOAO-PAULO-MARQUES_A-IMPORTANCIA-AEROPORTO-DO-PORTO-SANTO_04_resize50percent-1536x1024.jpg 1536w\" data-sizes=\"(max-width: 300px) 100vw, 300px\" \/>\n\t\t<div class=\"figc no-description\">\n\t\t\t<div class=\"figc-inner\">\n\t\t\t\t\t\t\t\t\t\t\t\t\t\t\t<\/div>\n\t\t<\/div>\n\n\t<\/div>\n\n<\/div><div class=\"modula-item effect-pufrobo\" data-width=\"2\" data-height=\"2\" >\n\t<div class=\"modula-item-overlay\"><\/div>\n\n\t<div class=\"modula-item-content\">\n\n\t\t\t\t\n\t\t\t\t\t<a data-image-id=\"1575\" tabindex=\"0\" rel=\"jtg-1519\" data-caption=\"\" aria-label=\"Open image in lightbox\" role=\"button\" class=\"tile-inner modula-item-link\"><\/a>\n\t\t\n\t\t<img class=\"pic wp-image-1575 lazyload\"  data-valign=\"middle\" data-halign=\"center\" alt=\"\" data-full=\"https:\/\/srmadeira.oet.pt\/wordpress\/wp-content\/uploads\/2023\/02\/JOAO-PAULO-MARQUES_A-IMPORTANCIA-AEROPORTO-DO-PORTO-SANTO_05_resize50percent.jpg\" title=\"JO\u00c3O PAULO MARQUES_A IMPORT\u00c2NCIA AEROPORTO DO PORTO SANTO_05_resize50percent\" width=\"300\" height=\"200\" data-src=\"https:\/\/srmadeira.oet.pt\/wordpress\/wp-content\/uploads\/2023\/02\/JOAO-PAULO-MARQUES_A-IMPORTANCIA-AEROPORTO-DO-PORTO-SANTO_05_resize50percent-300x200.jpg\" data-caption=\"\" data-source=\"modula\" data-srcset=\"https:\/\/srmadeira.oet.pt\/wordpress\/wp-content\/uploads\/2023\/02\/JOAO-PAULO-MARQUES_A-IMPORTANCIA-AEROPORTO-DO-PORTO-SANTO_05_resize50percent.jpg 1650w, https:\/\/srmadeira.oet.pt\/wordpress\/wp-content\/uploads\/2023\/02\/JOAO-PAULO-MARQUES_A-IMPORTANCIA-AEROPORTO-DO-PORTO-SANTO_05_resize50percent-300x200.jpg 300w, https:\/\/srmadeira.oet.pt\/wordpress\/wp-content\/uploads\/2023\/02\/JOAO-PAULO-MARQUES_A-IMPORTANCIA-AEROPORTO-DO-PORTO-SANTO_05_resize50percent-1024x683.jpg 1024w, https:\/\/srmadeira.oet.pt\/wordpress\/wp-content\/uploads\/2023\/02\/JOAO-PAULO-MARQUES_A-IMPORTANCIA-AEROPORTO-DO-PORTO-SANTO_05_resize50percent-768x512.jpg 768w, https:\/\/srmadeira.oet.pt\/wordpress\/wp-content\/uploads\/2023\/02\/JOAO-PAULO-MARQUES_A-IMPORTANCIA-AEROPORTO-DO-PORTO-SANTO_05_resize50percent-1536x1024.jpg 1536w\" data-sizes=\"(max-width: 300px) 100vw, 300px\" \/>\n\t\t<div class=\"figc no-description\">\n\t\t\t<div class=\"figc-inner\">\n\t\t\t\t\t\t\t\t\t\t\t\t\t\t\t<\/div>\n\t\t<\/div>\n\n\t<\/div>\n\n<\/div><div class=\"modula-item effect-pufrobo\" data-width=\"2\" data-height=\"2\" >\n\t<div class=\"modula-item-overlay\"><\/div>\n\n\t<div class=\"modula-item-content\">\n\n\t\t\t\t\n\t\t\t\t\t<a data-image-id=\"1576\" tabindex=\"0\" rel=\"jtg-1519\" data-caption=\"\" aria-label=\"Open image in lightbox\" role=\"button\" class=\"tile-inner modula-item-link\"><\/a>\n\t\t\n\t\t<img class=\"pic wp-image-1576 lazyload\"  data-valign=\"middle\" data-halign=\"center\" alt=\"\" data-full=\"https:\/\/srmadeira.oet.pt\/wordpress\/wp-content\/uploads\/2023\/02\/JOSE-CARDOSO_A-IMPORTANCIA-AEROPORTO-DO-PORTO-SANTO_04_resize50percent.jpg\" title=\"JOS\u00c9 CARDOSO_A IMPORT\u00c2NCIA AEROPORTO DO PORTO SANTO_04_resize50percent\" width=\"300\" height=\"200\" data-src=\"https:\/\/srmadeira.oet.pt\/wordpress\/wp-content\/uploads\/2023\/02\/JOSE-CARDOSO_A-IMPORTANCIA-AEROPORTO-DO-PORTO-SANTO_04_resize50percent-300x200.jpg\" data-caption=\"\" data-source=\"modula\" data-srcset=\"https:\/\/srmadeira.oet.pt\/wordpress\/wp-content\/uploads\/2023\/02\/JOSE-CARDOSO_A-IMPORTANCIA-AEROPORTO-DO-PORTO-SANTO_04_resize50percent.jpg 1650w, https:\/\/srmadeira.oet.pt\/wordpress\/wp-content\/uploads\/2023\/02\/JOSE-CARDOSO_A-IMPORTANCIA-AEROPORTO-DO-PORTO-SANTO_04_resize50percent-300x200.jpg 300w, https:\/\/srmadeira.oet.pt\/wordpress\/wp-content\/uploads\/2023\/02\/JOSE-CARDOSO_A-IMPORTANCIA-AEROPORTO-DO-PORTO-SANTO_04_resize50percent-1024x683.jpg 1024w, https:\/\/srmadeira.oet.pt\/wordpress\/wp-content\/uploads\/2023\/02\/JOSE-CARDOSO_A-IMPORTANCIA-AEROPORTO-DO-PORTO-SANTO_04_resize50percent-768x512.jpg 768w, https:\/\/srmadeira.oet.pt\/wordpress\/wp-content\/uploads\/2023\/02\/JOSE-CARDOSO_A-IMPORTANCIA-AEROPORTO-DO-PORTO-SANTO_04_resize50percent-1536x1024.jpg 1536w\" data-sizes=\"(max-width: 300px) 100vw, 300px\" \/>\n\t\t<div class=\"figc no-description\">\n\t\t\t<div class=\"figc-inner\">\n\t\t\t\t\t\t\t\t\t\t\t\t\t\t\t<\/div>\n\t\t<\/div>\n\n\t<\/div>\n\n<\/div><div class=\"modula-item effect-pufrobo\" data-width=\"2\" data-height=\"2\" >\n\t<div class=\"modula-item-overlay\"><\/div>\n\n\t<div class=\"modula-item-content\">\n\n\t\t\t\t\n\t\t\t\t\t<a data-image-id=\"1577\" tabindex=\"0\" rel=\"jtg-1519\" data-caption=\"\" aria-label=\"Open image in lightbox\" role=\"button\" class=\"tile-inner modula-item-link\"><\/a>\n\t\t\n\t\t<img class=\"pic wp-image-1577 lazyload\"  data-valign=\"middle\" data-halign=\"center\" alt=\"\" data-full=\"https:\/\/srmadeira.oet.pt\/wordpress\/wp-content\/uploads\/2023\/02\/JOSE-COSTA-GIL_A-IMPORTANCIA-AEROPORTO-DO-PORTO-SANTO_01_resize50percent.jpg\" title=\"JOS\u00c9 COSTA GIL_A IMPORT\u00c2NCIA AEROPORTO DO PORTO SANTO_01_resize50percent\" width=\"300\" height=\"200\" data-src=\"https:\/\/srmadeira.oet.pt\/wordpress\/wp-content\/uploads\/2023\/02\/JOSE-COSTA-GIL_A-IMPORTANCIA-AEROPORTO-DO-PORTO-SANTO_01_resize50percent-300x200.jpg\" data-caption=\"\" data-source=\"modula\" data-srcset=\"https:\/\/srmadeira.oet.pt\/wordpress\/wp-content\/uploads\/2023\/02\/JOSE-COSTA-GIL_A-IMPORTANCIA-AEROPORTO-DO-PORTO-SANTO_01_resize50percent.jpg 1650w, https:\/\/srmadeira.oet.pt\/wordpress\/wp-content\/uploads\/2023\/02\/JOSE-COSTA-GIL_A-IMPORTANCIA-AEROPORTO-DO-PORTO-SANTO_01_resize50percent-300x200.jpg 300w, https:\/\/srmadeira.oet.pt\/wordpress\/wp-content\/uploads\/2023\/02\/JOSE-COSTA-GIL_A-IMPORTANCIA-AEROPORTO-DO-PORTO-SANTO_01_resize50percent-1024x683.jpg 1024w, https:\/\/srmadeira.oet.pt\/wordpress\/wp-content\/uploads\/2023\/02\/JOSE-COSTA-GIL_A-IMPORTANCIA-AEROPORTO-DO-PORTO-SANTO_01_resize50percent-768x512.jpg 768w, https:\/\/srmadeira.oet.pt\/wordpress\/wp-content\/uploads\/2023\/02\/JOSE-COSTA-GIL_A-IMPORTANCIA-AEROPORTO-DO-PORTO-SANTO_01_resize50percent-1536x1024.jpg 1536w\" data-sizes=\"(max-width: 300px) 100vw, 300px\" \/>\n\t\t<div class=\"figc no-description\">\n\t\t\t<div class=\"figc-inner\">\n\t\t\t\t\t\t\t\t\t\t\t\t\t\t\t<\/div>\n\t\t<\/div>\n\n\t<\/div>\n\n<\/div><div class=\"modula-item effect-pufrobo\" data-width=\"2\" data-height=\"2\" >\n\t<div class=\"modula-item-overlay\"><\/div>\n\n\t<div class=\"modula-item-content\">\n\n\t\t\t\t\n\t\t\t\t\t<a data-image-id=\"1578\" tabindex=\"0\" rel=\"jtg-1519\" data-caption=\"\" aria-label=\"Open image in lightbox\" role=\"button\" class=\"tile-inner modula-item-link\"><\/a>\n\t\t\n\t\t<img class=\"pic wp-image-1578 lazyload\"  data-valign=\"middle\" data-halign=\"center\" alt=\"\" data-full=\"https:\/\/srmadeira.oet.pt\/wordpress\/wp-content\/uploads\/2023\/02\/JOSE-COSTA-GIL_A-IMPORTANCIA-AEROPORTO-DO-PORTO-SANTO_02_resize50percent.jpg\" title=\"JOS\u00c9 COSTA GIL_A IMPORT\u00c2NCIA AEROPORTO DO PORTO SANTO_02_resize50percent\" width=\"230\" height=\"300\" data-src=\"https:\/\/srmadeira.oet.pt\/wordpress\/wp-content\/uploads\/2023\/02\/JOSE-COSTA-GIL_A-IMPORTANCIA-AEROPORTO-DO-PORTO-SANTO_02_resize50percent-230x300.jpg\" data-caption=\"\" data-source=\"modula\" data-srcset=\"https:\/\/srmadeira.oet.pt\/wordpress\/wp-content\/uploads\/2023\/02\/JOSE-COSTA-GIL_A-IMPORTANCIA-AEROPORTO-DO-PORTO-SANTO_02_resize50percent.jpg 1267w, https:\/\/srmadeira.oet.pt\/wordpress\/wp-content\/uploads\/2023\/02\/JOSE-COSTA-GIL_A-IMPORTANCIA-AEROPORTO-DO-PORTO-SANTO_02_resize50percent-230x300.jpg 230w, https:\/\/srmadeira.oet.pt\/wordpress\/wp-content\/uploads\/2023\/02\/JOSE-COSTA-GIL_A-IMPORTANCIA-AEROPORTO-DO-PORTO-SANTO_02_resize50percent-786x1024.jpg 786w, https:\/\/srmadeira.oet.pt\/wordpress\/wp-content\/uploads\/2023\/02\/JOSE-COSTA-GIL_A-IMPORTANCIA-AEROPORTO-DO-PORTO-SANTO_02_resize50percent-768x1000.jpg 768w, https:\/\/srmadeira.oet.pt\/wordpress\/wp-content\/uploads\/2023\/02\/JOSE-COSTA-GIL_A-IMPORTANCIA-AEROPORTO-DO-PORTO-SANTO_02_resize50percent-1179x1536.jpg 1179w\" data-sizes=\"(max-width: 230px) 100vw, 230px\" \/>\n\t\t<div class=\"figc no-description\">\n\t\t\t<div class=\"figc-inner\">\n\t\t\t\t\t\t\t\t\t\t\t\t\t\t\t<\/div>\n\t\t<\/div>\n\n\t<\/div>\n\n<\/div><div class=\"modula-item effect-pufrobo\" data-width=\"2\" data-height=\"2\" >\n\t<div class=\"modula-item-overlay\"><\/div>\n\n\t<div class=\"modula-item-content\">\n\n\t\t\t\t\n\t\t\t\t\t<a data-image-id=\"1579\" tabindex=\"0\" rel=\"jtg-1519\" data-caption=\"\" aria-label=\"Open image in lightbox\" role=\"button\" class=\"tile-inner modula-item-link\"><\/a>\n\t\t\n\t\t<img class=\"pic wp-image-1579 lazyload\"  data-valign=\"middle\" data-halign=\"center\" alt=\"\" data-full=\"https:\/\/srmadeira.oet.pt\/wordpress\/wp-content\/uploads\/2023\/02\/JOSE-COSTA-GIL_A-IMPORTANCIA-AEROPORTO-DO-PORTO-SANTO_03_resize50percent.jpg\" title=\"JOS\u00c9 COSTA GIL_A IMPORT\u00c2NCIA AEROPORTO DO PORTO SANTO_03_resize50percent\" width=\"300\" height=\"200\" data-src=\"https:\/\/srmadeira.oet.pt\/wordpress\/wp-content\/uploads\/2023\/02\/JOSE-COSTA-GIL_A-IMPORTANCIA-AEROPORTO-DO-PORTO-SANTO_03_resize50percent-300x200.jpg\" data-caption=\"\" data-source=\"modula\" data-srcset=\"https:\/\/srmadeira.oet.pt\/wordpress\/wp-content\/uploads\/2023\/02\/JOSE-COSTA-GIL_A-IMPORTANCIA-AEROPORTO-DO-PORTO-SANTO_03_resize50percent.jpg 1650w, https:\/\/srmadeira.oet.pt\/wordpress\/wp-content\/uploads\/2023\/02\/JOSE-COSTA-GIL_A-IMPORTANCIA-AEROPORTO-DO-PORTO-SANTO_03_resize50percent-300x200.jpg 300w, https:\/\/srmadeira.oet.pt\/wordpress\/wp-content\/uploads\/2023\/02\/JOSE-COSTA-GIL_A-IMPORTANCIA-AEROPORTO-DO-PORTO-SANTO_03_resize50percent-1024x683.jpg 1024w, https:\/\/srmadeira.oet.pt\/wordpress\/wp-content\/uploads\/2023\/02\/JOSE-COSTA-GIL_A-IMPORTANCIA-AEROPORTO-DO-PORTO-SANTO_03_resize50percent-768x512.jpg 768w, https:\/\/srmadeira.oet.pt\/wordpress\/wp-content\/uploads\/2023\/02\/JOSE-COSTA-GIL_A-IMPORTANCIA-AEROPORTO-DO-PORTO-SANTO_03_resize50percent-1536x1024.jpg 1536w\" data-sizes=\"(max-width: 300px) 100vw, 300px\" \/>\n\t\t<div class=\"figc no-description\">\n\t\t\t<div class=\"figc-inner\">\n\t\t\t\t\t\t\t\t\t\t\t\t\t\t\t<\/div>\n\t\t<\/div>\n\n\t<\/div>\n\n<\/div><div class=\"modula-item effect-pufrobo\" data-width=\"2\" data-height=\"2\" >\n\t<div class=\"modula-item-overlay\"><\/div>\n\n\t<div class=\"modula-item-content\">\n\n\t\t\t\t\n\t\t\t\t\t<a data-image-id=\"1580\" tabindex=\"0\" rel=\"jtg-1519\" data-caption=\"\" aria-label=\"Open image in lightbox\" role=\"button\" class=\"tile-inner modula-item-link\"><\/a>\n\t\t\n\t\t<img class=\"pic wp-image-1580 lazyload\"  data-valign=\"middle\" data-halign=\"center\" alt=\"\" data-full=\"https:\/\/srmadeira.oet.pt\/wordpress\/wp-content\/uploads\/2023\/02\/MANUEL-ANTONIO-E-RICARDO-FRANCO_A-IMPORTANCIA-AEROPORTO-DO-PORTO-SANTO_07_resize50percent.jpg\" title=\"MANUEL ANT\u00d3NIO E RICARDO FRANCO_A IMPORT\u00c2NCIA AEROPORTO DO PORTO SANTO_07_resize50percent\" width=\"300\" height=\"253\" data-src=\"https:\/\/srmadeira.oet.pt\/wordpress\/wp-content\/uploads\/2023\/02\/MANUEL-ANTONIO-E-RICARDO-FRANCO_A-IMPORTANCIA-AEROPORTO-DO-PORTO-SANTO_07_resize50percent-300x253.jpg\" data-caption=\"\" data-source=\"modula\" data-srcset=\"https:\/\/srmadeira.oet.pt\/wordpress\/wp-content\/uploads\/2023\/02\/MANUEL-ANTONIO-E-RICARDO-FRANCO_A-IMPORTANCIA-AEROPORTO-DO-PORTO-SANTO_07_resize50percent.jpg 1960w, https:\/\/srmadeira.oet.pt\/wordpress\/wp-content\/uploads\/2023\/02\/MANUEL-ANTONIO-E-RICARDO-FRANCO_A-IMPORTANCIA-AEROPORTO-DO-PORTO-SANTO_07_resize50percent-300x253.jpg 300w, https:\/\/srmadeira.oet.pt\/wordpress\/wp-content\/uploads\/2023\/02\/MANUEL-ANTONIO-E-RICARDO-FRANCO_A-IMPORTANCIA-AEROPORTO-DO-PORTO-SANTO_07_resize50percent-1024x862.jpg 1024w, https:\/\/srmadeira.oet.pt\/wordpress\/wp-content\/uploads\/2023\/02\/MANUEL-ANTONIO-E-RICARDO-FRANCO_A-IMPORTANCIA-AEROPORTO-DO-PORTO-SANTO_07_resize50percent-768x647.jpg 768w, https:\/\/srmadeira.oet.pt\/wordpress\/wp-content\/uploads\/2023\/02\/MANUEL-ANTONIO-E-RICARDO-FRANCO_A-IMPORTANCIA-AEROPORTO-DO-PORTO-SANTO_07_resize50percent-1536x1293.jpg 1536w\" data-sizes=\"(max-width: 300px) 100vw, 300px\" \/>\n\t\t<div class=\"figc no-description\">\n\t\t\t<div class=\"figc-inner\">\n\t\t\t\t\t\t\t\t\t\t\t\t\t\t\t<\/div>\n\t\t<\/div>\n\n\t<\/div>\n\n<\/div><div class=\"modula-item effect-pufrobo\" data-width=\"2\" data-height=\"2\" >\n\t<div class=\"modula-item-overlay\"><\/div>\n\n\t<div class=\"modula-item-content\">\n\n\t\t\t\t\n\t\t\t\t\t<a data-image-id=\"1581\" tabindex=\"0\" rel=\"jtg-1519\" data-caption=\"\" aria-label=\"Open image in lightbox\" role=\"button\" class=\"tile-inner modula-item-link\"><\/a>\n\t\t\n\t\t<img class=\"pic wp-image-1581 lazyload\"  data-valign=\"middle\" data-halign=\"center\" alt=\"\" data-full=\"https:\/\/srmadeira.oet.pt\/wordpress\/wp-content\/uploads\/2023\/02\/opcao_01_A-IMPORTANCIA-AEROPORTO-DO-PORTO-SANTO_resize50percent.jpg\" title=\"opcao_01_A IMPORT\u00c2NCIA AEROPORTO DO PORTO SANTO_resize50percent\" width=\"300\" height=\"200\" data-src=\"https:\/\/srmadeira.oet.pt\/wordpress\/wp-content\/uploads\/2023\/02\/opcao_01_A-IMPORTANCIA-AEROPORTO-DO-PORTO-SANTO_resize50percent-300x200.jpg\" data-caption=\"\" data-source=\"modula\" data-srcset=\"https:\/\/srmadeira.oet.pt\/wordpress\/wp-content\/uploads\/2023\/02\/opcao_01_A-IMPORTANCIA-AEROPORTO-DO-PORTO-SANTO_resize50percent.jpg 1650w, https:\/\/srmadeira.oet.pt\/wordpress\/wp-content\/uploads\/2023\/02\/opcao_01_A-IMPORTANCIA-AEROPORTO-DO-PORTO-SANTO_resize50percent-300x200.jpg 300w, https:\/\/srmadeira.oet.pt\/wordpress\/wp-content\/uploads\/2023\/02\/opcao_01_A-IMPORTANCIA-AEROPORTO-DO-PORTO-SANTO_resize50percent-1024x683.jpg 1024w, https:\/\/srmadeira.oet.pt\/wordpress\/wp-content\/uploads\/2023\/02\/opcao_01_A-IMPORTANCIA-AEROPORTO-DO-PORTO-SANTO_resize50percent-768x512.jpg 768w, https:\/\/srmadeira.oet.pt\/wordpress\/wp-content\/uploads\/2023\/02\/opcao_01_A-IMPORTANCIA-AEROPORTO-DO-PORTO-SANTO_resize50percent-1536x1024.jpg 1536w\" data-sizes=\"(max-width: 300px) 100vw, 300px\" \/>\n\t\t<div class=\"figc no-description\">\n\t\t\t<div class=\"figc-inner\">\n\t\t\t\t\t\t\t\t\t\t\t\t\t\t\t<\/div>\n\t\t<\/div>\n\n\t<\/div>\n\n<\/div><div class=\"modula-item effect-pufrobo\" data-width=\"2\" data-height=\"2\" >\n\t<div class=\"modula-item-overlay\"><\/div>\n\n\t<div class=\"modula-item-content\">\n\n\t\t\t\t\n\t\t\t\t\t<a data-image-id=\"1582\" tabindex=\"0\" rel=\"jtg-1519\" data-caption=\"\" aria-label=\"Open image in lightbox\" role=\"button\" class=\"tile-inner modula-item-link\"><\/a>\n\t\t\n\t\t<img class=\"pic wp-image-1582 lazyload\"  data-valign=\"middle\" data-halign=\"center\" alt=\"\" data-full=\"https:\/\/srmadeira.oet.pt\/wordpress\/wp-content\/uploads\/2023\/02\/opcao_02_A-IMPORTANCIA-AEROPORTO-DO-PORTO-SANTO_resize50percent.jpg\" title=\"opcao_02_A IMPORT\u00c2NCIA AEROPORTO DO PORTO SANTO_resize50percent\" width=\"300\" height=\"200\" data-src=\"https:\/\/srmadeira.oet.pt\/wordpress\/wp-content\/uploads\/2023\/02\/opcao_02_A-IMPORTANCIA-AEROPORTO-DO-PORTO-SANTO_resize50percent-300x200.jpg\" data-caption=\"\" data-source=\"modula\" data-srcset=\"https:\/\/srmadeira.oet.pt\/wordpress\/wp-content\/uploads\/2023\/02\/opcao_02_A-IMPORTANCIA-AEROPORTO-DO-PORTO-SANTO_resize50percent.jpg 1650w, https:\/\/srmadeira.oet.pt\/wordpress\/wp-content\/uploads\/2023\/02\/opcao_02_A-IMPORTANCIA-AEROPORTO-DO-PORTO-SANTO_resize50percent-300x200.jpg 300w, https:\/\/srmadeira.oet.pt\/wordpress\/wp-content\/uploads\/2023\/02\/opcao_02_A-IMPORTANCIA-AEROPORTO-DO-PORTO-SANTO_resize50percent-1024x683.jpg 1024w, https:\/\/srmadeira.oet.pt\/wordpress\/wp-content\/uploads\/2023\/02\/opcao_02_A-IMPORTANCIA-AEROPORTO-DO-PORTO-SANTO_resize50percent-768x512.jpg 768w, https:\/\/srmadeira.oet.pt\/wordpress\/wp-content\/uploads\/2023\/02\/opcao_02_A-IMPORTANCIA-AEROPORTO-DO-PORTO-SANTO_resize50percent-1536x1024.jpg 1536w\" data-sizes=\"(max-width: 300px) 100vw, 300px\" \/>\n\t\t<div class=\"figc no-description\">\n\t\t\t<div class=\"figc-inner\">\n\t\t\t\t\t\t\t\t\t\t\t\t\t\t\t<\/div>\n\t\t<\/div>\n\n\t<\/div>\n\n<\/div><div class=\"modula-item effect-pufrobo\" data-width=\"2\" data-height=\"2\" >\n\t<div class=\"modula-item-overlay\"><\/div>\n\n\t<div class=\"modula-item-content\">\n\n\t\t\t\t\n\t\t\t\t\t<a data-image-id=\"1583\" tabindex=\"0\" rel=\"jtg-1519\" data-caption=\"\" aria-label=\"Open image in lightbox\" role=\"button\" class=\"tile-inner modula-item-link\"><\/a>\n\t\t\n\t\t<img class=\"pic wp-image-1583 lazyload\"  data-valign=\"middle\" data-halign=\"center\" alt=\"\" data-full=\"https:\/\/srmadeira.oet.pt\/wordpress\/wp-content\/uploads\/2023\/02\/opcao_04_A-IMPORTANCIA-AEROPORTO-DO-PORTO-SANTO_resize50percent.jpg\" title=\"opcao_04_A IMPORT\u00c2NCIA AEROPORTO DO PORTO SANTO_resize50percent\" width=\"300\" height=\"200\" data-src=\"https:\/\/srmadeira.oet.pt\/wordpress\/wp-content\/uploads\/2023\/02\/opcao_04_A-IMPORTANCIA-AEROPORTO-DO-PORTO-SANTO_resize50percent-300x200.jpg\" data-caption=\"\" data-source=\"modula\" data-srcset=\"https:\/\/srmadeira.oet.pt\/wordpress\/wp-content\/uploads\/2023\/02\/opcao_04_A-IMPORTANCIA-AEROPORTO-DO-PORTO-SANTO_resize50percent.jpg 1650w, https:\/\/srmadeira.oet.pt\/wordpress\/wp-content\/uploads\/2023\/02\/opcao_04_A-IMPORTANCIA-AEROPORTO-DO-PORTO-SANTO_resize50percent-300x200.jpg 300w, https:\/\/srmadeira.oet.pt\/wordpress\/wp-content\/uploads\/2023\/02\/opcao_04_A-IMPORTANCIA-AEROPORTO-DO-PORTO-SANTO_resize50percent-1024x683.jpg 1024w, https:\/\/srmadeira.oet.pt\/wordpress\/wp-content\/uploads\/2023\/02\/opcao_04_A-IMPORTANCIA-AEROPORTO-DO-PORTO-SANTO_resize50percent-768x512.jpg 768w, https:\/\/srmadeira.oet.pt\/wordpress\/wp-content\/uploads\/2023\/02\/opcao_04_A-IMPORTANCIA-AEROPORTO-DO-PORTO-SANTO_resize50percent-1536x1024.jpg 1536w\" data-sizes=\"(max-width: 300px) 100vw, 300px\" \/>\n\t\t<div class=\"figc no-description\">\n\t\t\t<div class=\"figc-inner\">\n\t\t\t\t\t\t\t\t\t\t\t\t\t\t\t<\/div>\n\t\t<\/div>\n\n\t<\/div>\n\n<\/div><div class=\"modula-item effect-pufrobo\" data-width=\"2\" data-height=\"2\" >\n\t<div class=\"modula-item-overlay\"><\/div>\n\n\t<div class=\"modula-item-content\">\n\n\t\t\t\t\n\t\t\t\t\t<a data-image-id=\"1584\" tabindex=\"0\" rel=\"jtg-1519\" data-caption=\"\" aria-label=\"Open image in lightbox\" role=\"button\" class=\"tile-inner modula-item-link\"><\/a>\n\t\t\n\t\t<img class=\"pic wp-image-1584 lazyload\"  data-valign=\"middle\" data-halign=\"center\" alt=\"\" data-full=\"https:\/\/srmadeira.oet.pt\/wordpress\/wp-content\/uploads\/2023\/02\/PAULO-GOMES_A-IMPORTANCIA-AEROPORTO-DO-PORTO-SANTO_02_resize50percent.jpg\" title=\"PAULO GOMES_A IMPORT\u00c2NCIA AEROPORTO DO PORTO SANTO_02_resize50percent\" width=\"300\" height=\"200\" data-src=\"https:\/\/srmadeira.oet.pt\/wordpress\/wp-content\/uploads\/2023\/02\/PAULO-GOMES_A-IMPORTANCIA-AEROPORTO-DO-PORTO-SANTO_02_resize50percent-300x200.jpg\" data-caption=\"\" data-source=\"modula\" data-srcset=\"https:\/\/srmadeira.oet.pt\/wordpress\/wp-content\/uploads\/2023\/02\/PAULO-GOMES_A-IMPORTANCIA-AEROPORTO-DO-PORTO-SANTO_02_resize50percent.jpg 1650w, https:\/\/srmadeira.oet.pt\/wordpress\/wp-content\/uploads\/2023\/02\/PAULO-GOMES_A-IMPORTANCIA-AEROPORTO-DO-PORTO-SANTO_02_resize50percent-300x200.jpg 300w, https:\/\/srmadeira.oet.pt\/wordpress\/wp-content\/uploads\/2023\/02\/PAULO-GOMES_A-IMPORTANCIA-AEROPORTO-DO-PORTO-SANTO_02_resize50percent-1024x683.jpg 1024w, https:\/\/srmadeira.oet.pt\/wordpress\/wp-content\/uploads\/2023\/02\/PAULO-GOMES_A-IMPORTANCIA-AEROPORTO-DO-PORTO-SANTO_02_resize50percent-768x512.jpg 768w, https:\/\/srmadeira.oet.pt\/wordpress\/wp-content\/uploads\/2023\/02\/PAULO-GOMES_A-IMPORTANCIA-AEROPORTO-DO-PORTO-SANTO_02_resize50percent-1536x1024.jpg 1536w\" data-sizes=\"(max-width: 300px) 100vw, 300px\" \/>\n\t\t<div class=\"figc no-description\">\n\t\t\t<div class=\"figc-inner\">\n\t\t\t\t\t\t\t\t\t\t\t\t\t\t\t<\/div>\n\t\t<\/div>\n\n\t<\/div>\n\n<\/div><div class=\"modula-item effect-pufrobo\" data-width=\"2\" data-height=\"2\" >\n\t<div class=\"modula-item-overlay\"><\/div>\n\n\t<div class=\"modula-item-content\">\n\n\t\t\t\t\n\t\t\t\t\t<a data-image-id=\"1585\" tabindex=\"0\" rel=\"jtg-1519\" data-caption=\"\" aria-label=\"Open image in lightbox\" role=\"button\" class=\"tile-inner modula-item-link\"><\/a>\n\t\t\n\t\t<img class=\"pic wp-image-1585 lazyload\"  data-valign=\"middle\" data-halign=\"center\" alt=\"\" data-full=\"https:\/\/srmadeira.oet.pt\/wordpress\/wp-content\/uploads\/2023\/02\/PILOTO_A-IMPORTANCIA-AEROPORTO-DO-PORTO-SANTO_33_resize50percent.jpg\" title=\"PILOTO_A IMPORT\u00c2NCIA AEROPORTO DO PORTO SANTO_33_resize50percent\" width=\"300\" height=\"200\" data-src=\"https:\/\/srmadeira.oet.pt\/wordpress\/wp-content\/uploads\/2023\/02\/PILOTO_A-IMPORTANCIA-AEROPORTO-DO-PORTO-SANTO_33_resize50percent-300x200.jpg\" data-caption=\"\" data-source=\"modula\" data-srcset=\"https:\/\/srmadeira.oet.pt\/wordpress\/wp-content\/uploads\/2023\/02\/PILOTO_A-IMPORTANCIA-AEROPORTO-DO-PORTO-SANTO_33_resize50percent.jpg 1650w, https:\/\/srmadeira.oet.pt\/wordpress\/wp-content\/uploads\/2023\/02\/PILOTO_A-IMPORTANCIA-AEROPORTO-DO-PORTO-SANTO_33_resize50percent-300x200.jpg 300w, https:\/\/srmadeira.oet.pt\/wordpress\/wp-content\/uploads\/2023\/02\/PILOTO_A-IMPORTANCIA-AEROPORTO-DO-PORTO-SANTO_33_resize50percent-1024x683.jpg 1024w, https:\/\/srmadeira.oet.pt\/wordpress\/wp-content\/uploads\/2023\/02\/PILOTO_A-IMPORTANCIA-AEROPORTO-DO-PORTO-SANTO_33_resize50percent-768x512.jpg 768w, https:\/\/srmadeira.oet.pt\/wordpress\/wp-content\/uploads\/2023\/02\/PILOTO_A-IMPORTANCIA-AEROPORTO-DO-PORTO-SANTO_33_resize50percent-1536x1024.jpg 1536w\" data-sizes=\"(max-width: 300px) 100vw, 300px\" \/>\n\t\t<div class=\"figc no-description\">\n\t\t\t<div class=\"figc-inner\">\n\t\t\t\t\t\t\t\t\t\t\t\t\t\t\t<\/div>\n\t\t<\/div>\n\n\t<\/div>\n\n<\/div><div class=\"modula-item effect-pufrobo\" data-width=\"2\" data-height=\"2\" >\n\t<div class=\"modula-item-overlay\"><\/div>\n\n\t<div class=\"modula-item-content\">\n\n\t\t\t\t\n\t\t\t\t\t<a data-image-id=\"1586\" tabindex=\"0\" rel=\"jtg-1519\" data-caption=\"\" aria-label=\"Open image in lightbox\" role=\"button\" class=\"tile-inner modula-item-link\"><\/a>\n\t\t\n\t\t<img class=\"pic wp-image-1586 lazyload\"  data-valign=\"middle\" data-halign=\"center\" alt=\"\" data-full=\"https:\/\/srmadeira.oet.pt\/wordpress\/wp-content\/uploads\/2023\/02\/PILOTO_A-IMPORTANCIA-AEROPORTO-DO-PORTO-SANTO_40_resize50percent.jpg\" title=\"PILOTO_A IMPORT\u00c2NCIA AEROPORTO DO PORTO SANTO_40_resize50percent\" width=\"300\" height=\"200\" data-src=\"https:\/\/srmadeira.oet.pt\/wordpress\/wp-content\/uploads\/2023\/02\/PILOTO_A-IMPORTANCIA-AEROPORTO-DO-PORTO-SANTO_40_resize50percent-300x200.jpg\" data-caption=\"\" data-source=\"modula\" data-srcset=\"https:\/\/srmadeira.oet.pt\/wordpress\/wp-content\/uploads\/2023\/02\/PILOTO_A-IMPORTANCIA-AEROPORTO-DO-PORTO-SANTO_40_resize50percent.jpg 1650w, https:\/\/srmadeira.oet.pt\/wordpress\/wp-content\/uploads\/2023\/02\/PILOTO_A-IMPORTANCIA-AEROPORTO-DO-PORTO-SANTO_40_resize50percent-300x200.jpg 300w, https:\/\/srmadeira.oet.pt\/wordpress\/wp-content\/uploads\/2023\/02\/PILOTO_A-IMPORTANCIA-AEROPORTO-DO-PORTO-SANTO_40_resize50percent-1024x683.jpg 1024w, https:\/\/srmadeira.oet.pt\/wordpress\/wp-content\/uploads\/2023\/02\/PILOTO_A-IMPORTANCIA-AEROPORTO-DO-PORTO-SANTO_40_resize50percent-768x512.jpg 768w, https:\/\/srmadeira.oet.pt\/wordpress\/wp-content\/uploads\/2023\/02\/PILOTO_A-IMPORTANCIA-AEROPORTO-DO-PORTO-SANTO_40_resize50percent-1536x1024.jpg 1536w\" data-sizes=\"(max-width: 300px) 100vw, 300px\" \/>\n\t\t<div class=\"figc no-description\">\n\t\t\t<div class=\"figc-inner\">\n\t\t\t\t\t\t\t\t\t\t\t\t\t\t\t<\/div>\n\t\t<\/div>\n\n\t<\/div>\n\n<\/div><div class=\"modula-item effect-pufrobo\" data-width=\"2\" data-height=\"2\" >\n\t<div class=\"modula-item-overlay\"><\/div>\n\n\t<div class=\"modula-item-content\">\n\n\t\t\t\t\n\t\t\t\t\t<a data-image-id=\"1587\" tabindex=\"0\" rel=\"jtg-1519\" data-caption=\"\" aria-label=\"Open image in lightbox\" role=\"button\" class=\"tile-inner modula-item-link\"><\/a>\n\t\t\n\t\t<img class=\"pic wp-image-1587 lazyload\"  data-valign=\"middle\" data-halign=\"center\" alt=\"\" data-full=\"https:\/\/srmadeira.oet.pt\/wordpress\/wp-content\/uploads\/2023\/02\/PUBLICO_A-IMPORTANCIA-AEROPORTO-DO-PORTO-SANTO_01_resize50percent.jpg\" title=\"P\u00daBLICO_A IMPORT\u00c2NCIA AEROPORTO DO PORTO SANTO_01_resize50percent\" width=\"300\" height=\"200\" data-src=\"https:\/\/srmadeira.oet.pt\/wordpress\/wp-content\/uploads\/2023\/02\/PUBLICO_A-IMPORTANCIA-AEROPORTO-DO-PORTO-SANTO_01_resize50percent-300x200.jpg\" data-caption=\"\" data-source=\"modula\" data-srcset=\"https:\/\/srmadeira.oet.pt\/wordpress\/wp-content\/uploads\/2023\/02\/PUBLICO_A-IMPORTANCIA-AEROPORTO-DO-PORTO-SANTO_01_resize50percent.jpg 1650w, https:\/\/srmadeira.oet.pt\/wordpress\/wp-content\/uploads\/2023\/02\/PUBLICO_A-IMPORTANCIA-AEROPORTO-DO-PORTO-SANTO_01_resize50percent-300x200.jpg 300w, https:\/\/srmadeira.oet.pt\/wordpress\/wp-content\/uploads\/2023\/02\/PUBLICO_A-IMPORTANCIA-AEROPORTO-DO-PORTO-SANTO_01_resize50percent-1024x683.jpg 1024w, https:\/\/srmadeira.oet.pt\/wordpress\/wp-content\/uploads\/2023\/02\/PUBLICO_A-IMPORTANCIA-AEROPORTO-DO-PORTO-SANTO_01_resize50percent-768x512.jpg 768w, https:\/\/srmadeira.oet.pt\/wordpress\/wp-content\/uploads\/2023\/02\/PUBLICO_A-IMPORTANCIA-AEROPORTO-DO-PORTO-SANTO_01_resize50percent-1536x1024.jpg 1536w\" data-sizes=\"(max-width: 300px) 100vw, 300px\" \/>\n\t\t<div class=\"figc no-description\">\n\t\t\t<div class=\"figc-inner\">\n\t\t\t\t\t\t\t\t\t\t\t\t\t\t\t<\/div>\n\t\t<\/div>\n\n\t<\/div>\n\n<\/div><div class=\"modula-item effect-pufrobo\" data-width=\"2\" data-height=\"2\" >\n\t<div class=\"modula-item-overlay\"><\/div>\n\n\t<div class=\"modula-item-content\">\n\n\t\t\t\t\n\t\t\t\t\t<a data-image-id=\"1588\" tabindex=\"0\" rel=\"jtg-1519\" data-caption=\"\" aria-label=\"Open image in lightbox\" role=\"button\" class=\"tile-inner modula-item-link\"><\/a>\n\t\t\n\t\t<img class=\"pic wp-image-1588 lazyload\"  data-valign=\"middle\" data-halign=\"center\" alt=\"\" data-full=\"https:\/\/srmadeira.oet.pt\/wordpress\/wp-content\/uploads\/2023\/02\/PUBLICO_A-IMPORTANCIA-AEROPORTO-DO-PORTO-SANTO_02_resize50percent.jpg\" title=\"P\u00daBLICO_A IMPORT\u00c2NCIA AEROPORTO DO PORTO SANTO_02_resize50percent\" width=\"300\" height=\"200\" data-src=\"https:\/\/srmadeira.oet.pt\/wordpress\/wp-content\/uploads\/2023\/02\/PUBLICO_A-IMPORTANCIA-AEROPORTO-DO-PORTO-SANTO_02_resize50percent-300x200.jpg\" data-caption=\"\" data-source=\"modula\" data-srcset=\"https:\/\/srmadeira.oet.pt\/wordpress\/wp-content\/uploads\/2023\/02\/PUBLICO_A-IMPORTANCIA-AEROPORTO-DO-PORTO-SANTO_02_resize50percent.jpg 1650w, https:\/\/srmadeira.oet.pt\/wordpress\/wp-content\/uploads\/2023\/02\/PUBLICO_A-IMPORTANCIA-AEROPORTO-DO-PORTO-SANTO_02_resize50percent-300x200.jpg 300w, https:\/\/srmadeira.oet.pt\/wordpress\/wp-content\/uploads\/2023\/02\/PUBLICO_A-IMPORTANCIA-AEROPORTO-DO-PORTO-SANTO_02_resize50percent-1024x683.jpg 1024w, https:\/\/srmadeira.oet.pt\/wordpress\/wp-content\/uploads\/2023\/02\/PUBLICO_A-IMPORTANCIA-AEROPORTO-DO-PORTO-SANTO_02_resize50percent-768x512.jpg 768w, https:\/\/srmadeira.oet.pt\/wordpress\/wp-content\/uploads\/2023\/02\/PUBLICO_A-IMPORTANCIA-AEROPORTO-DO-PORTO-SANTO_02_resize50percent-1536x1024.jpg 1536w\" data-sizes=\"(max-width: 300px) 100vw, 300px\" \/>\n\t\t<div class=\"figc no-description\">\n\t\t\t<div class=\"figc-inner\">\n\t\t\t\t\t\t\t\t\t\t\t\t\t\t\t<\/div>\n\t\t<\/div>\n\n\t<\/div>\n\n<\/div><div class=\"modula-item effect-pufrobo\" data-width=\"2\" data-height=\"2\" >\n\t<div class=\"modula-item-overlay\"><\/div>\n\n\t<div class=\"modula-item-content\">\n\n\t\t\t\t\n\t\t\t\t\t<a data-image-id=\"1589\" tabindex=\"0\" rel=\"jtg-1519\" data-caption=\"\" aria-label=\"Open image in lightbox\" role=\"button\" class=\"tile-inner modula-item-link\"><\/a>\n\t\t\n\t\t<img class=\"pic wp-image-1589 lazyload\"  data-valign=\"middle\" data-halign=\"center\" alt=\"\" data-full=\"https:\/\/srmadeira.oet.pt\/wordpress\/wp-content\/uploads\/2023\/02\/PUBLICO_A-IMPORTANCIA-AEROPORTO-DO-PORTO-SANTO_03_resize50percent.jpg\" title=\"P\u00daBLICO_A IMPORT\u00c2NCIA AEROPORTO DO PORTO SANTO_03_resize50percent\" width=\"300\" height=\"200\" data-src=\"https:\/\/srmadeira.oet.pt\/wordpress\/wp-content\/uploads\/2023\/02\/PUBLICO_A-IMPORTANCIA-AEROPORTO-DO-PORTO-SANTO_03_resize50percent-300x200.jpg\" data-caption=\"\" data-source=\"modula\" data-srcset=\"https:\/\/srmadeira.oet.pt\/wordpress\/wp-content\/uploads\/2023\/02\/PUBLICO_A-IMPORTANCIA-AEROPORTO-DO-PORTO-SANTO_03_resize50percent.jpg 1650w, https:\/\/srmadeira.oet.pt\/wordpress\/wp-content\/uploads\/2023\/02\/PUBLICO_A-IMPORTANCIA-AEROPORTO-DO-PORTO-SANTO_03_resize50percent-300x200.jpg 300w, https:\/\/srmadeira.oet.pt\/wordpress\/wp-content\/uploads\/2023\/02\/PUBLICO_A-IMPORTANCIA-AEROPORTO-DO-PORTO-SANTO_03_resize50percent-1024x683.jpg 1024w, https:\/\/srmadeira.oet.pt\/wordpress\/wp-content\/uploads\/2023\/02\/PUBLICO_A-IMPORTANCIA-AEROPORTO-DO-PORTO-SANTO_03_resize50percent-768x512.jpg 768w, https:\/\/srmadeira.oet.pt\/wordpress\/wp-content\/uploads\/2023\/02\/PUBLICO_A-IMPORTANCIA-AEROPORTO-DO-PORTO-SANTO_03_resize50percent-1536x1024.jpg 1536w\" data-sizes=\"(max-width: 300px) 100vw, 300px\" \/>\n\t\t<div class=\"figc no-description\">\n\t\t\t<div class=\"figc-inner\">\n\t\t\t\t\t\t\t\t\t\t\t\t\t\t\t<\/div>\n\t\t<\/div>\n\n\t<\/div>\n\n<\/div><div class=\"modula-item effect-pufrobo\" data-width=\"2\" data-height=\"2\" >\n\t<div class=\"modula-item-overlay\"><\/div>\n\n\t<div class=\"modula-item-content\">\n\n\t\t\t\t\n\t\t\t\t\t<a data-image-id=\"1590\" tabindex=\"0\" rel=\"jtg-1519\" data-caption=\"\" aria-label=\"Open image in lightbox\" role=\"button\" class=\"tile-inner modula-item-link\"><\/a>\n\t\t\n\t\t<img class=\"pic wp-image-1590 lazyload\"  data-valign=\"middle\" data-halign=\"center\" alt=\"\" data-full=\"https:\/\/srmadeira.oet.pt\/wordpress\/wp-content\/uploads\/2023\/02\/PUBLICO_A-IMPORTANCIA-AEROPORTO-DO-PORTO-SANTO_04_resize50percent.jpg\" title=\"P\u00daBLICO_A IMPORT\u00c2NCIA AEROPORTO DO PORTO SANTO_04_resize50percent\" width=\"300\" height=\"200\" data-src=\"https:\/\/srmadeira.oet.pt\/wordpress\/wp-content\/uploads\/2023\/02\/PUBLICO_A-IMPORTANCIA-AEROPORTO-DO-PORTO-SANTO_04_resize50percent-300x200.jpg\" data-caption=\"\" data-source=\"modula\" data-srcset=\"https:\/\/srmadeira.oet.pt\/wordpress\/wp-content\/uploads\/2023\/02\/PUBLICO_A-IMPORTANCIA-AEROPORTO-DO-PORTO-SANTO_04_resize50percent.jpg 1650w, https:\/\/srmadeira.oet.pt\/wordpress\/wp-content\/uploads\/2023\/02\/PUBLICO_A-IMPORTANCIA-AEROPORTO-DO-PORTO-SANTO_04_resize50percent-300x200.jpg 300w, https:\/\/srmadeira.oet.pt\/wordpress\/wp-content\/uploads\/2023\/02\/PUBLICO_A-IMPORTANCIA-AEROPORTO-DO-PORTO-SANTO_04_resize50percent-1024x683.jpg 1024w, https:\/\/srmadeira.oet.pt\/wordpress\/wp-content\/uploads\/2023\/02\/PUBLICO_A-IMPORTANCIA-AEROPORTO-DO-PORTO-SANTO_04_resize50percent-768x512.jpg 768w, https:\/\/srmadeira.oet.pt\/wordpress\/wp-content\/uploads\/2023\/02\/PUBLICO_A-IMPORTANCIA-AEROPORTO-DO-PORTO-SANTO_04_resize50percent-1536x1024.jpg 1536w\" data-sizes=\"(max-width: 300px) 100vw, 300px\" \/>\n\t\t<div class=\"figc no-description\">\n\t\t\t<div class=\"figc-inner\">\n\t\t\t\t\t\t\t\t\t\t\t\t\t\t\t<\/div>\n\t\t<\/div>\n\n\t<\/div>\n\n<\/div><div class=\"modula-item effect-pufrobo\" data-width=\"2\" data-height=\"2\" >\n\t<div class=\"modula-item-overlay\"><\/div>\n\n\t<div class=\"modula-item-content\">\n\n\t\t\t\t\n\t\t\t\t\t<a data-image-id=\"1591\" tabindex=\"0\" rel=\"jtg-1519\" data-caption=\"\" aria-label=\"Open image in lightbox\" role=\"button\" class=\"tile-inner modula-item-link\"><\/a>\n\t\t\n\t\t<img class=\"pic wp-image-1591 lazyload\"  data-valign=\"middle\" data-halign=\"center\" alt=\"\" data-full=\"https:\/\/srmadeira.oet.pt\/wordpress\/wp-content\/uploads\/2023\/02\/PUBLICO_A-IMPORTANCIA-AEROPORTO-DO-PORTO-SANTO_05_resize50percent.jpg\" title=\"P\u00daBLICO_A IMPORT\u00c2NCIA AEROPORTO DO PORTO SANTO_05_resize50percent\" width=\"300\" height=\"200\" data-src=\"https:\/\/srmadeira.oet.pt\/wordpress\/wp-content\/uploads\/2023\/02\/PUBLICO_A-IMPORTANCIA-AEROPORTO-DO-PORTO-SANTO_05_resize50percent-300x200.jpg\" data-caption=\"\" data-source=\"modula\" data-srcset=\"https:\/\/srmadeira.oet.pt\/wordpress\/wp-content\/uploads\/2023\/02\/PUBLICO_A-IMPORTANCIA-AEROPORTO-DO-PORTO-SANTO_05_resize50percent.jpg 1650w, https:\/\/srmadeira.oet.pt\/wordpress\/wp-content\/uploads\/2023\/02\/PUBLICO_A-IMPORTANCIA-AEROPORTO-DO-PORTO-SANTO_05_resize50percent-300x200.jpg 300w, https:\/\/srmadeira.oet.pt\/wordpress\/wp-content\/uploads\/2023\/02\/PUBLICO_A-IMPORTANCIA-AEROPORTO-DO-PORTO-SANTO_05_resize50percent-1024x683.jpg 1024w, https:\/\/srmadeira.oet.pt\/wordpress\/wp-content\/uploads\/2023\/02\/PUBLICO_A-IMPORTANCIA-AEROPORTO-DO-PORTO-SANTO_05_resize50percent-768x512.jpg 768w, https:\/\/srmadeira.oet.pt\/wordpress\/wp-content\/uploads\/2023\/02\/PUBLICO_A-IMPORTANCIA-AEROPORTO-DO-PORTO-SANTO_05_resize50percent-1536x1024.jpg 1536w\" data-sizes=\"(max-width: 300px) 100vw, 300px\" \/>\n\t\t<div class=\"figc no-description\">\n\t\t\t<div class=\"figc-inner\">\n\t\t\t\t\t\t\t\t\t\t\t\t\t\t\t<\/div>\n\t\t<\/div>\n\n\t<\/div>\n\n<\/div><div class=\"modula-item effect-pufrobo\" data-width=\"2\" data-height=\"2\" >\n\t<div class=\"modula-item-overlay\"><\/div>\n\n\t<div class=\"modula-item-content\">\n\n\t\t\t\t\n\t\t\t\t\t<a data-image-id=\"1592\" tabindex=\"0\" rel=\"jtg-1519\" data-caption=\"\" aria-label=\"Open image in lightbox\" role=\"button\" class=\"tile-inner modula-item-link\"><\/a>\n\t\t\n\t\t<img class=\"pic wp-image-1592 lazyload\"  data-valign=\"middle\" data-halign=\"center\" alt=\"\" data-full=\"https:\/\/srmadeira.oet.pt\/wordpress\/wp-content\/uploads\/2023\/02\/PUBLICO_A-IMPORTANCIA-AEROPORTO-DO-PORTO-SANTO_07_resize50percent.jpg\" title=\"P\u00daBLICO_A IMPORT\u00c2NCIA AEROPORTO DO PORTO SANTO_07_resize50percent\" width=\"300\" height=\"200\" data-src=\"https:\/\/srmadeira.oet.pt\/wordpress\/wp-content\/uploads\/2023\/02\/PUBLICO_A-IMPORTANCIA-AEROPORTO-DO-PORTO-SANTO_07_resize50percent-300x200.jpg\" data-caption=\"\" data-source=\"modula\" data-srcset=\"https:\/\/srmadeira.oet.pt\/wordpress\/wp-content\/uploads\/2023\/02\/PUBLICO_A-IMPORTANCIA-AEROPORTO-DO-PORTO-SANTO_07_resize50percent.jpg 1650w, https:\/\/srmadeira.oet.pt\/wordpress\/wp-content\/uploads\/2023\/02\/PUBLICO_A-IMPORTANCIA-AEROPORTO-DO-PORTO-SANTO_07_resize50percent-300x200.jpg 300w, https:\/\/srmadeira.oet.pt\/wordpress\/wp-content\/uploads\/2023\/02\/PUBLICO_A-IMPORTANCIA-AEROPORTO-DO-PORTO-SANTO_07_resize50percent-1024x683.jpg 1024w, https:\/\/srmadeira.oet.pt\/wordpress\/wp-content\/uploads\/2023\/02\/PUBLICO_A-IMPORTANCIA-AEROPORTO-DO-PORTO-SANTO_07_resize50percent-768x512.jpg 768w, https:\/\/srmadeira.oet.pt\/wordpress\/wp-content\/uploads\/2023\/02\/PUBLICO_A-IMPORTANCIA-AEROPORTO-DO-PORTO-SANTO_07_resize50percent-1536x1024.jpg 1536w\" data-sizes=\"(max-width: 300px) 100vw, 300px\" \/>\n\t\t<div class=\"figc no-description\">\n\t\t\t<div class=\"figc-inner\">\n\t\t\t\t\t\t\t\t\t\t\t\t\t\t\t<\/div>\n\t\t<\/div>\n\n\t<\/div>\n\n<\/div><div class=\"modula-item effect-pufrobo\" data-width=\"2\" data-height=\"2\" >\n\t<div class=\"modula-item-overlay\"><\/div>\n\n\t<div class=\"modula-item-content\">\n\n\t\t\t\t\n\t\t\t\t\t<a data-image-id=\"1593\" tabindex=\"0\" rel=\"jtg-1519\" data-caption=\"\" aria-label=\"Open image in lightbox\" role=\"button\" class=\"tile-inner modula-item-link\"><\/a>\n\t\t\n\t\t<img class=\"pic wp-image-1593 lazyload\"  data-valign=\"middle\" data-halign=\"center\" alt=\"\" data-full=\"https:\/\/srmadeira.oet.pt\/wordpress\/wp-content\/uploads\/2023\/02\/PUBLICO_A-IMPORTANCIA-AEROPORTO-DO-PORTO-SANTO_08_resize50percent.jpg\" title=\"P\u00daBLICO_A IMPORT\u00c2NCIA AEROPORTO DO PORTO SANTO_08_resize50percent\" width=\"300\" height=\"200\" data-src=\"https:\/\/srmadeira.oet.pt\/wordpress\/wp-content\/uploads\/2023\/02\/PUBLICO_A-IMPORTANCIA-AEROPORTO-DO-PORTO-SANTO_08_resize50percent-300x200.jpg\" data-caption=\"\" data-source=\"modula\" data-srcset=\"https:\/\/srmadeira.oet.pt\/wordpress\/wp-content\/uploads\/2023\/02\/PUBLICO_A-IMPORTANCIA-AEROPORTO-DO-PORTO-SANTO_08_resize50percent.jpg 1650w, https:\/\/srmadeira.oet.pt\/wordpress\/wp-content\/uploads\/2023\/02\/PUBLICO_A-IMPORTANCIA-AEROPORTO-DO-PORTO-SANTO_08_resize50percent-300x200.jpg 300w, https:\/\/srmadeira.oet.pt\/wordpress\/wp-content\/uploads\/2023\/02\/PUBLICO_A-IMPORTANCIA-AEROPORTO-DO-PORTO-SANTO_08_resize50percent-1024x683.jpg 1024w, https:\/\/srmadeira.oet.pt\/wordpress\/wp-content\/uploads\/2023\/02\/PUBLICO_A-IMPORTANCIA-AEROPORTO-DO-PORTO-SANTO_08_resize50percent-768x512.jpg 768w, https:\/\/srmadeira.oet.pt\/wordpress\/wp-content\/uploads\/2023\/02\/PUBLICO_A-IMPORTANCIA-AEROPORTO-DO-PORTO-SANTO_08_resize50percent-1536x1024.jpg 1536w\" data-sizes=\"(max-width: 300px) 100vw, 300px\" \/>\n\t\t<div class=\"figc no-description\">\n\t\t\t<div class=\"figc-inner\">\n\t\t\t\t\t\t\t\t\t\t\t\t\t\t\t<\/div>\n\t\t<\/div>\n\n\t<\/div>\n\n<\/div><div class=\"modula-item effect-pufrobo\" data-width=\"2\" data-height=\"2\" >\n\t<div class=\"modula-item-overlay\"><\/div>\n\n\t<div class=\"modula-item-content\">\n\n\t\t\t\t\n\t\t\t\t\t<a data-image-id=\"1594\" tabindex=\"0\" rel=\"jtg-1519\" data-caption=\"\" aria-label=\"Open image in lightbox\" role=\"button\" class=\"tile-inner modula-item-link\"><\/a>\n\t\t\n\t\t<img class=\"pic wp-image-1594 lazyload\"  data-valign=\"middle\" data-halign=\"center\" alt=\"\" data-full=\"https:\/\/srmadeira.oet.pt\/wordpress\/wp-content\/uploads\/2023\/02\/PUBLICO_A-IMPORTANCIA-AEROPORTO-DO-PORTO-SANTO_09_resize50percent.jpg\" title=\"P\u00daBLICO_A IMPORT\u00c2NCIA AEROPORTO DO PORTO SANTO_09_resize50percent\" width=\"300\" height=\"200\" data-src=\"https:\/\/srmadeira.oet.pt\/wordpress\/wp-content\/uploads\/2023\/02\/PUBLICO_A-IMPORTANCIA-AEROPORTO-DO-PORTO-SANTO_09_resize50percent-300x200.jpg\" data-caption=\"\" data-source=\"modula\" data-srcset=\"https:\/\/srmadeira.oet.pt\/wordpress\/wp-content\/uploads\/2023\/02\/PUBLICO_A-IMPORTANCIA-AEROPORTO-DO-PORTO-SANTO_09_resize50percent.jpg 1650w, https:\/\/srmadeira.oet.pt\/wordpress\/wp-content\/uploads\/2023\/02\/PUBLICO_A-IMPORTANCIA-AEROPORTO-DO-PORTO-SANTO_09_resize50percent-300x200.jpg 300w, https:\/\/srmadeira.oet.pt\/wordpress\/wp-content\/uploads\/2023\/02\/PUBLICO_A-IMPORTANCIA-AEROPORTO-DO-PORTO-SANTO_09_resize50percent-1024x683.jpg 1024w, https:\/\/srmadeira.oet.pt\/wordpress\/wp-content\/uploads\/2023\/02\/PUBLICO_A-IMPORTANCIA-AEROPORTO-DO-PORTO-SANTO_09_resize50percent-768x512.jpg 768w, https:\/\/srmadeira.oet.pt\/wordpress\/wp-content\/uploads\/2023\/02\/PUBLICO_A-IMPORTANCIA-AEROPORTO-DO-PORTO-SANTO_09_resize50percent-1536x1024.jpg 1536w\" data-sizes=\"(max-width: 300px) 100vw, 300px\" \/>\n\t\t<div class=\"figc no-description\">\n\t\t\t<div class=\"figc-inner\">\n\t\t\t\t\t\t\t\t\t\t\t\t\t\t\t<\/div>\n\t\t<\/div>\n\n\t<\/div>\n\n<\/div><div class=\"modula-item effect-pufrobo\" data-width=\"2\" data-height=\"2\" >\n\t<div class=\"modula-item-overlay\"><\/div>\n\n\t<div class=\"modula-item-content\">\n\n\t\t\t\t\n\t\t\t\t\t<a data-image-id=\"1595\" tabindex=\"0\" rel=\"jtg-1519\" data-caption=\"\" aria-label=\"Open image in lightbox\" role=\"button\" class=\"tile-inner modula-item-link\"><\/a>\n\t\t\n\t\t<img class=\"pic wp-image-1595 lazyload\"  data-valign=\"middle\" data-halign=\"center\" alt=\"\" data-full=\"https:\/\/srmadeira.oet.pt\/wordpress\/wp-content\/uploads\/2023\/02\/PUBLICO_A-IMPORTANCIA-AEROPORTO-DO-PORTO-SANTO_11_resize50percent.jpg\" title=\"P\u00daBLICO_A IMPORT\u00c2NCIA AEROPORTO DO PORTO SANTO_11_resize50percent\" width=\"300\" height=\"200\" data-src=\"https:\/\/srmadeira.oet.pt\/wordpress\/wp-content\/uploads\/2023\/02\/PUBLICO_A-IMPORTANCIA-AEROPORTO-DO-PORTO-SANTO_11_resize50percent-300x200.jpg\" data-caption=\"\" data-source=\"modula\" data-srcset=\"https:\/\/srmadeira.oet.pt\/wordpress\/wp-content\/uploads\/2023\/02\/PUBLICO_A-IMPORTANCIA-AEROPORTO-DO-PORTO-SANTO_11_resize50percent.jpg 1650w, https:\/\/srmadeira.oet.pt\/wordpress\/wp-content\/uploads\/2023\/02\/PUBLICO_A-IMPORTANCIA-AEROPORTO-DO-PORTO-SANTO_11_resize50percent-300x200.jpg 300w, https:\/\/srmadeira.oet.pt\/wordpress\/wp-content\/uploads\/2023\/02\/PUBLICO_A-IMPORTANCIA-AEROPORTO-DO-PORTO-SANTO_11_resize50percent-1024x683.jpg 1024w, https:\/\/srmadeira.oet.pt\/wordpress\/wp-content\/uploads\/2023\/02\/PUBLICO_A-IMPORTANCIA-AEROPORTO-DO-PORTO-SANTO_11_resize50percent-768x512.jpg 768w, https:\/\/srmadeira.oet.pt\/wordpress\/wp-content\/uploads\/2023\/02\/PUBLICO_A-IMPORTANCIA-AEROPORTO-DO-PORTO-SANTO_11_resize50percent-1536x1024.jpg 1536w\" data-sizes=\"(max-width: 300px) 100vw, 300px\" \/>\n\t\t<div class=\"figc no-description\">\n\t\t\t<div class=\"figc-inner\">\n\t\t\t\t\t\t\t\t\t\t\t\t\t\t\t<\/div>\n\t\t<\/div>\n\n\t<\/div>\n\n<\/div><div class=\"modula-item effect-pufrobo\" data-width=\"2\" data-height=\"2\" >\n\t<div class=\"modula-item-overlay\"><\/div>\n\n\t<div class=\"modula-item-content\">\n\n\t\t\t\t\n\t\t\t\t\t<a data-image-id=\"1596\" tabindex=\"0\" rel=\"jtg-1519\" data-caption=\"\" aria-label=\"Open image in lightbox\" role=\"button\" class=\"tile-inner modula-item-link\"><\/a>\n\t\t\n\t\t<img class=\"pic wp-image-1596 lazyload\"  data-valign=\"middle\" data-halign=\"center\" alt=\"\" data-full=\"https:\/\/srmadeira.oet.pt\/wordpress\/wp-content\/uploads\/2023\/02\/PUBLICO_A-IMPORTANCIA-AEROPORTO-DO-PORTO-SANTO_12_resize50percent.jpg\" title=\"P\u00daBLICO_A IMPORT\u00c2NCIA AEROPORTO DO PORTO SANTO_12_resize50percent\" width=\"300\" height=\"200\" data-src=\"https:\/\/srmadeira.oet.pt\/wordpress\/wp-content\/uploads\/2023\/02\/PUBLICO_A-IMPORTANCIA-AEROPORTO-DO-PORTO-SANTO_12_resize50percent-300x200.jpg\" data-caption=\"\" data-source=\"modula\" data-srcset=\"https:\/\/srmadeira.oet.pt\/wordpress\/wp-content\/uploads\/2023\/02\/PUBLICO_A-IMPORTANCIA-AEROPORTO-DO-PORTO-SANTO_12_resize50percent.jpg 1650w, https:\/\/srmadeira.oet.pt\/wordpress\/wp-content\/uploads\/2023\/02\/PUBLICO_A-IMPORTANCIA-AEROPORTO-DO-PORTO-SANTO_12_resize50percent-300x200.jpg 300w, https:\/\/srmadeira.oet.pt\/wordpress\/wp-content\/uploads\/2023\/02\/PUBLICO_A-IMPORTANCIA-AEROPORTO-DO-PORTO-SANTO_12_resize50percent-1024x683.jpg 1024w, https:\/\/srmadeira.oet.pt\/wordpress\/wp-content\/uploads\/2023\/02\/PUBLICO_A-IMPORTANCIA-AEROPORTO-DO-PORTO-SANTO_12_resize50percent-768x512.jpg 768w, https:\/\/srmadeira.oet.pt\/wordpress\/wp-content\/uploads\/2023\/02\/PUBLICO_A-IMPORTANCIA-AEROPORTO-DO-PORTO-SANTO_12_resize50percent-1536x1024.jpg 1536w\" data-sizes=\"(max-width: 300px) 100vw, 300px\" \/>\n\t\t<div class=\"figc no-description\">\n\t\t\t<div class=\"figc-inner\">\n\t\t\t\t\t\t\t\t\t\t\t\t\t\t\t<\/div>\n\t\t<\/div>\n\n\t<\/div>\n\n<\/div><div class=\"modula-item effect-pufrobo\" data-width=\"2\" data-height=\"2\" >\n\t<div class=\"modula-item-overlay\"><\/div>\n\n\t<div class=\"modula-item-content\">\n\n\t\t\t\t\n\t\t\t\t\t<a data-image-id=\"1597\" tabindex=\"0\" rel=\"jtg-1519\" data-caption=\"\" aria-label=\"Open image in lightbox\" role=\"button\" class=\"tile-inner modula-item-link\"><\/a>\n\t\t\n\t\t<img class=\"pic wp-image-1597 lazyload\"  data-valign=\"middle\" data-halign=\"center\" alt=\"\" data-full=\"https:\/\/srmadeira.oet.pt\/wordpress\/wp-content\/uploads\/2023\/02\/PUBLICO_A-IMPORTANCIA-AEROPORTO-DO-PORTO-SANTO_13_resize50percent.jpg\" title=\"P\u00daBLICO_A IMPORT\u00c2NCIA AEROPORTO DO PORTO SANTO_13_resize50percent\" width=\"300\" height=\"200\" data-src=\"https:\/\/srmadeira.oet.pt\/wordpress\/wp-content\/uploads\/2023\/02\/PUBLICO_A-IMPORTANCIA-AEROPORTO-DO-PORTO-SANTO_13_resize50percent-300x200.jpg\" data-caption=\"\" data-source=\"modula\" data-srcset=\"https:\/\/srmadeira.oet.pt\/wordpress\/wp-content\/uploads\/2023\/02\/PUBLICO_A-IMPORTANCIA-AEROPORTO-DO-PORTO-SANTO_13_resize50percent.jpg 1650w, https:\/\/srmadeira.oet.pt\/wordpress\/wp-content\/uploads\/2023\/02\/PUBLICO_A-IMPORTANCIA-AEROPORTO-DO-PORTO-SANTO_13_resize50percent-300x200.jpg 300w, https:\/\/srmadeira.oet.pt\/wordpress\/wp-content\/uploads\/2023\/02\/PUBLICO_A-IMPORTANCIA-AEROPORTO-DO-PORTO-SANTO_13_resize50percent-1024x683.jpg 1024w, https:\/\/srmadeira.oet.pt\/wordpress\/wp-content\/uploads\/2023\/02\/PUBLICO_A-IMPORTANCIA-AEROPORTO-DO-PORTO-SANTO_13_resize50percent-768x512.jpg 768w, https:\/\/srmadeira.oet.pt\/wordpress\/wp-content\/uploads\/2023\/02\/PUBLICO_A-IMPORTANCIA-AEROPORTO-DO-PORTO-SANTO_13_resize50percent-1536x1024.jpg 1536w\" data-sizes=\"(max-width: 300px) 100vw, 300px\" \/>\n\t\t<div class=\"figc no-description\">\n\t\t\t<div class=\"figc-inner\">\n\t\t\t\t\t\t\t\t\t\t\t\t\t\t\t<\/div>\n\t\t<\/div>\n\n\t<\/div>\n\n<\/div><div class=\"modula-item effect-pufrobo\" data-width=\"2\" data-height=\"2\" >\n\t<div class=\"modula-item-overlay\"><\/div>\n\n\t<div class=\"modula-item-content\">\n\n\t\t\t\t\n\t\t\t\t\t<a data-image-id=\"1598\" tabindex=\"0\" rel=\"jtg-1519\" data-caption=\"\" aria-label=\"Open image in lightbox\" role=\"button\" class=\"tile-inner modula-item-link\"><\/a>\n\t\t\n\t\t<img class=\"pic wp-image-1598 lazyload\"  data-valign=\"middle\" data-halign=\"center\" alt=\"\" data-full=\"https:\/\/srmadeira.oet.pt\/wordpress\/wp-content\/uploads\/2023\/02\/PUBLICO_A-IMPORTANCIA-AEROPORTO-DO-PORTO-SANTO_14_resize50percent.jpg\" title=\"P\u00daBLICO_A IMPORT\u00c2NCIA AEROPORTO DO PORTO SANTO_14_resize50percent\" width=\"300\" height=\"200\" data-src=\"https:\/\/srmadeira.oet.pt\/wordpress\/wp-content\/uploads\/2023\/02\/PUBLICO_A-IMPORTANCIA-AEROPORTO-DO-PORTO-SANTO_14_resize50percent-300x200.jpg\" data-caption=\"\" data-source=\"modula\" data-srcset=\"https:\/\/srmadeira.oet.pt\/wordpress\/wp-content\/uploads\/2023\/02\/PUBLICO_A-IMPORTANCIA-AEROPORTO-DO-PORTO-SANTO_14_resize50percent.jpg 1650w, https:\/\/srmadeira.oet.pt\/wordpress\/wp-content\/uploads\/2023\/02\/PUBLICO_A-IMPORTANCIA-AEROPORTO-DO-PORTO-SANTO_14_resize50percent-300x200.jpg 300w, https:\/\/srmadeira.oet.pt\/wordpress\/wp-content\/uploads\/2023\/02\/PUBLICO_A-IMPORTANCIA-AEROPORTO-DO-PORTO-SANTO_14_resize50percent-1024x683.jpg 1024w, https:\/\/srmadeira.oet.pt\/wordpress\/wp-content\/uploads\/2023\/02\/PUBLICO_A-IMPORTANCIA-AEROPORTO-DO-PORTO-SANTO_14_resize50percent-768x512.jpg 768w, https:\/\/srmadeira.oet.pt\/wordpress\/wp-content\/uploads\/2023\/02\/PUBLICO_A-IMPORTANCIA-AEROPORTO-DO-PORTO-SANTO_14_resize50percent-1536x1024.jpg 1536w\" data-sizes=\"(max-width: 300px) 100vw, 300px\" \/>\n\t\t<div class=\"figc no-description\">\n\t\t\t<div class=\"figc-inner\">\n\t\t\t\t\t\t\t\t\t\t\t\t\t\t\t<\/div>\n\t\t<\/div>\n\n\t<\/div>\n\n<\/div><div class=\"modula-item effect-pufrobo\" data-width=\"2\" data-height=\"2\" >\n\t<div class=\"modula-item-overlay\"><\/div>\n\n\t<div class=\"modula-item-content\">\n\n\t\t\t\t\n\t\t\t\t\t<a data-image-id=\"1599\" tabindex=\"0\" rel=\"jtg-1519\" data-caption=\"\" aria-label=\"Open image in lightbox\" role=\"button\" class=\"tile-inner modula-item-link\"><\/a>\n\t\t\n\t\t<img class=\"pic wp-image-1599 lazyload\"  data-valign=\"middle\" data-halign=\"center\" alt=\"\" data-full=\"https:\/\/srmadeira.oet.pt\/wordpress\/wp-content\/uploads\/2023\/02\/PUBLICO_A-IMPORTANCIA-AEROPORTO-DO-PORTO-SANTO_15_resize50percent.jpg\" title=\"P\u00daBLICO_A IMPORT\u00c2NCIA AEROPORTO DO PORTO SANTO_15_resize50percent\" width=\"300\" height=\"200\" data-src=\"https:\/\/srmadeira.oet.pt\/wordpress\/wp-content\/uploads\/2023\/02\/PUBLICO_A-IMPORTANCIA-AEROPORTO-DO-PORTO-SANTO_15_resize50percent-300x200.jpg\" data-caption=\"\" data-source=\"modula\" data-srcset=\"https:\/\/srmadeira.oet.pt\/wordpress\/wp-content\/uploads\/2023\/02\/PUBLICO_A-IMPORTANCIA-AEROPORTO-DO-PORTO-SANTO_15_resize50percent.jpg 1650w, https:\/\/srmadeira.oet.pt\/wordpress\/wp-content\/uploads\/2023\/02\/PUBLICO_A-IMPORTANCIA-AEROPORTO-DO-PORTO-SANTO_15_resize50percent-300x200.jpg 300w, https:\/\/srmadeira.oet.pt\/wordpress\/wp-content\/uploads\/2023\/02\/PUBLICO_A-IMPORTANCIA-AEROPORTO-DO-PORTO-SANTO_15_resize50percent-1024x683.jpg 1024w, https:\/\/srmadeira.oet.pt\/wordpress\/wp-content\/uploads\/2023\/02\/PUBLICO_A-IMPORTANCIA-AEROPORTO-DO-PORTO-SANTO_15_resize50percent-768x512.jpg 768w, https:\/\/srmadeira.oet.pt\/wordpress\/wp-content\/uploads\/2023\/02\/PUBLICO_A-IMPORTANCIA-AEROPORTO-DO-PORTO-SANTO_15_resize50percent-1536x1024.jpg 1536w\" data-sizes=\"(max-width: 300px) 100vw, 300px\" \/>\n\t\t<div class=\"figc no-description\">\n\t\t\t<div class=\"figc-inner\">\n\t\t\t\t\t\t\t\t\t\t\t\t\t\t\t<\/div>\n\t\t<\/div>\n\n\t<\/div>\n\n<\/div><div class=\"modula-item effect-pufrobo\" data-width=\"2\" data-height=\"2\" >\n\t<div class=\"modula-item-overlay\"><\/div>\n\n\t<div class=\"modula-item-content\">\n\n\t\t\t\t\n\t\t\t\t\t<a data-image-id=\"1600\" tabindex=\"0\" rel=\"jtg-1519\" data-caption=\"\" aria-label=\"Open image in lightbox\" role=\"button\" class=\"tile-inner modula-item-link\"><\/a>\n\t\t\n\t\t<img class=\"pic wp-image-1600 lazyload\"  data-valign=\"middle\" data-halign=\"center\" alt=\"\" data-full=\"https:\/\/srmadeira.oet.pt\/wordpress\/wp-content\/uploads\/2023\/02\/PUBLICO_A-IMPORTANCIA-AEROPORTO-DO-PORTO-SANTO_16_resize50percent.jpg\" title=\"P\u00daBLICO_A IMPORT\u00c2NCIA AEROPORTO DO PORTO SANTO_16_resize50percent\" width=\"300\" height=\"200\" data-src=\"https:\/\/srmadeira.oet.pt\/wordpress\/wp-content\/uploads\/2023\/02\/PUBLICO_A-IMPORTANCIA-AEROPORTO-DO-PORTO-SANTO_16_resize50percent-300x200.jpg\" data-caption=\"\" data-source=\"modula\" data-srcset=\"https:\/\/srmadeira.oet.pt\/wordpress\/wp-content\/uploads\/2023\/02\/PUBLICO_A-IMPORTANCIA-AEROPORTO-DO-PORTO-SANTO_16_resize50percent.jpg 1650w, https:\/\/srmadeira.oet.pt\/wordpress\/wp-content\/uploads\/2023\/02\/PUBLICO_A-IMPORTANCIA-AEROPORTO-DO-PORTO-SANTO_16_resize50percent-300x200.jpg 300w, https:\/\/srmadeira.oet.pt\/wordpress\/wp-content\/uploads\/2023\/02\/PUBLICO_A-IMPORTANCIA-AEROPORTO-DO-PORTO-SANTO_16_resize50percent-1024x683.jpg 1024w, https:\/\/srmadeira.oet.pt\/wordpress\/wp-content\/uploads\/2023\/02\/PUBLICO_A-IMPORTANCIA-AEROPORTO-DO-PORTO-SANTO_16_resize50percent-768x512.jpg 768w, https:\/\/srmadeira.oet.pt\/wordpress\/wp-content\/uploads\/2023\/02\/PUBLICO_A-IMPORTANCIA-AEROPORTO-DO-PORTO-SANTO_16_resize50percent-1536x1024.jpg 1536w\" data-sizes=\"(max-width: 300px) 100vw, 300px\" \/>\n\t\t<div class=\"figc no-description\">\n\t\t\t<div class=\"figc-inner\">\n\t\t\t\t\t\t\t\t\t\t\t\t\t\t\t<\/div>\n\t\t<\/div>\n\n\t<\/div>\n\n<\/div><div class=\"modula-item effect-pufrobo\" data-width=\"2\" data-height=\"2\" >\n\t<div class=\"modula-item-overlay\"><\/div>\n\n\t<div class=\"modula-item-content\">\n\n\t\t\t\t\n\t\t\t\t\t<a data-image-id=\"1601\" tabindex=\"0\" rel=\"jtg-1519\" data-caption=\"\" aria-label=\"Open image in lightbox\" role=\"button\" class=\"tile-inner modula-item-link\"><\/a>\n\t\t\n\t\t<img class=\"pic wp-image-1601 lazyload\"  data-valign=\"middle\" data-halign=\"center\" alt=\"\" data-full=\"https:\/\/srmadeira.oet.pt\/wordpress\/wp-content\/uploads\/2023\/02\/PUBLICO_A-IMPORTANCIA-AEROPORTO-DO-PORTO-SANTO_17_resize50percent.jpg\" title=\"P\u00daBLICO_A IMPORT\u00c2NCIA AEROPORTO DO PORTO SANTO_17_resize50percent\" width=\"300\" height=\"200\" data-src=\"https:\/\/srmadeira.oet.pt\/wordpress\/wp-content\/uploads\/2023\/02\/PUBLICO_A-IMPORTANCIA-AEROPORTO-DO-PORTO-SANTO_17_resize50percent-300x200.jpg\" data-caption=\"\" data-source=\"modula\" data-srcset=\"https:\/\/srmadeira.oet.pt\/wordpress\/wp-content\/uploads\/2023\/02\/PUBLICO_A-IMPORTANCIA-AEROPORTO-DO-PORTO-SANTO_17_resize50percent.jpg 1650w, https:\/\/srmadeira.oet.pt\/wordpress\/wp-content\/uploads\/2023\/02\/PUBLICO_A-IMPORTANCIA-AEROPORTO-DO-PORTO-SANTO_17_resize50percent-300x200.jpg 300w, https:\/\/srmadeira.oet.pt\/wordpress\/wp-content\/uploads\/2023\/02\/PUBLICO_A-IMPORTANCIA-AEROPORTO-DO-PORTO-SANTO_17_resize50percent-1024x683.jpg 1024w, https:\/\/srmadeira.oet.pt\/wordpress\/wp-content\/uploads\/2023\/02\/PUBLICO_A-IMPORTANCIA-AEROPORTO-DO-PORTO-SANTO_17_resize50percent-768x512.jpg 768w, https:\/\/srmadeira.oet.pt\/wordpress\/wp-content\/uploads\/2023\/02\/PUBLICO_A-IMPORTANCIA-AEROPORTO-DO-PORTO-SANTO_17_resize50percent-1536x1024.jpg 1536w\" data-sizes=\"(max-width: 300px) 100vw, 300px\" \/>\n\t\t<div class=\"figc no-description\">\n\t\t\t<div class=\"figc-inner\">\n\t\t\t\t\t\t\t\t\t\t\t\t\t\t\t<\/div>\n\t\t<\/div>\n\n\t<\/div>\n\n<\/div><div class=\"modula-item effect-pufrobo\" data-width=\"2\" data-height=\"2\" >\n\t<div class=\"modula-item-overlay\"><\/div>\n\n\t<div class=\"modula-item-content\">\n\n\t\t\t\t\n\t\t\t\t\t<a data-image-id=\"1602\" tabindex=\"0\" rel=\"jtg-1519\" data-caption=\"\" aria-label=\"Open image in lightbox\" role=\"button\" class=\"tile-inner modula-item-link\"><\/a>\n\t\t\n\t\t<img class=\"pic wp-image-1602 lazyload\"  data-valign=\"middle\" data-halign=\"center\" alt=\"\" data-full=\"https:\/\/srmadeira.oet.pt\/wordpress\/wp-content\/uploads\/2023\/02\/PUBLICO_A-IMPORTANCIA-AEROPORTO-DO-PORTO-SANTO_18_resize50percent.jpg\" title=\"P\u00daBLICO_A IMPORT\u00c2NCIA AEROPORTO DO PORTO SANTO_18_resize50percent\" width=\"300\" height=\"200\" data-src=\"https:\/\/srmadeira.oet.pt\/wordpress\/wp-content\/uploads\/2023\/02\/PUBLICO_A-IMPORTANCIA-AEROPORTO-DO-PORTO-SANTO_18_resize50percent-300x200.jpg\" data-caption=\"\" data-source=\"modula\" data-srcset=\"https:\/\/srmadeira.oet.pt\/wordpress\/wp-content\/uploads\/2023\/02\/PUBLICO_A-IMPORTANCIA-AEROPORTO-DO-PORTO-SANTO_18_resize50percent.jpg 1650w, https:\/\/srmadeira.oet.pt\/wordpress\/wp-content\/uploads\/2023\/02\/PUBLICO_A-IMPORTANCIA-AEROPORTO-DO-PORTO-SANTO_18_resize50percent-300x200.jpg 300w, https:\/\/srmadeira.oet.pt\/wordpress\/wp-content\/uploads\/2023\/02\/PUBLICO_A-IMPORTANCIA-AEROPORTO-DO-PORTO-SANTO_18_resize50percent-1024x683.jpg 1024w, https:\/\/srmadeira.oet.pt\/wordpress\/wp-content\/uploads\/2023\/02\/PUBLICO_A-IMPORTANCIA-AEROPORTO-DO-PORTO-SANTO_18_resize50percent-768x512.jpg 768w, https:\/\/srmadeira.oet.pt\/wordpress\/wp-content\/uploads\/2023\/02\/PUBLICO_A-IMPORTANCIA-AEROPORTO-DO-PORTO-SANTO_18_resize50percent-1536x1024.jpg 1536w\" data-sizes=\"(max-width: 300px) 100vw, 300px\" \/>\n\t\t<div class=\"figc no-description\">\n\t\t\t<div class=\"figc-inner\">\n\t\t\t\t\t\t\t\t\t\t\t\t\t\t\t<\/div>\n\t\t<\/div>\n\n\t<\/div>\n\n<\/div><div class=\"modula-item effect-pufrobo\" data-width=\"2\" data-height=\"2\" >\n\t<div class=\"modula-item-overlay\"><\/div>\n\n\t<div class=\"modula-item-content\">\n\n\t\t\t\t\n\t\t\t\t\t<a data-image-id=\"1603\" tabindex=\"0\" rel=\"jtg-1519\" data-caption=\"\" aria-label=\"Open image in lightbox\" role=\"button\" class=\"tile-inner modula-item-link\"><\/a>\n\t\t\n\t\t<img class=\"pic wp-image-1603 lazyload\"  data-valign=\"middle\" data-halign=\"center\" alt=\"\" data-full=\"https:\/\/srmadeira.oet.pt\/wordpress\/wp-content\/uploads\/2023\/02\/PUBLICO_A-IMPORTANCIA-AEROPORTO-DO-PORTO-SANTO_19_resize50percent.jpg\" title=\"P\u00daBLICO_A IMPORT\u00c2NCIA AEROPORTO DO PORTO SANTO_19_resize50percent\" width=\"300\" height=\"200\" data-src=\"https:\/\/srmadeira.oet.pt\/wordpress\/wp-content\/uploads\/2023\/02\/PUBLICO_A-IMPORTANCIA-AEROPORTO-DO-PORTO-SANTO_19_resize50percent-300x200.jpg\" data-caption=\"\" data-source=\"modula\" data-srcset=\"https:\/\/srmadeira.oet.pt\/wordpress\/wp-content\/uploads\/2023\/02\/PUBLICO_A-IMPORTANCIA-AEROPORTO-DO-PORTO-SANTO_19_resize50percent.jpg 1650w, https:\/\/srmadeira.oet.pt\/wordpress\/wp-content\/uploads\/2023\/02\/PUBLICO_A-IMPORTANCIA-AEROPORTO-DO-PORTO-SANTO_19_resize50percent-300x200.jpg 300w, https:\/\/srmadeira.oet.pt\/wordpress\/wp-content\/uploads\/2023\/02\/PUBLICO_A-IMPORTANCIA-AEROPORTO-DO-PORTO-SANTO_19_resize50percent-1024x683.jpg 1024w, https:\/\/srmadeira.oet.pt\/wordpress\/wp-content\/uploads\/2023\/02\/PUBLICO_A-IMPORTANCIA-AEROPORTO-DO-PORTO-SANTO_19_resize50percent-768x512.jpg 768w, https:\/\/srmadeira.oet.pt\/wordpress\/wp-content\/uploads\/2023\/02\/PUBLICO_A-IMPORTANCIA-AEROPORTO-DO-PORTO-SANTO_19_resize50percent-1536x1024.jpg 1536w\" data-sizes=\"(max-width: 300px) 100vw, 300px\" \/>\n\t\t<div class=\"figc no-description\">\n\t\t\t<div class=\"figc-inner\">\n\t\t\t\t\t\t\t\t\t\t\t\t\t\t\t<\/div>\n\t\t<\/div>\n\n\t<\/div>\n\n<\/div><div class=\"modula-item effect-pufrobo\" data-width=\"2\" data-height=\"2\" >\n\t<div class=\"modula-item-overlay\"><\/div>\n\n\t<div class=\"modula-item-content\">\n\n\t\t\t\t\n\t\t\t\t\t<a data-image-id=\"1604\" tabindex=\"0\" rel=\"jtg-1519\" data-caption=\"\" aria-label=\"Open image in lightbox\" role=\"button\" class=\"tile-inner modula-item-link\"><\/a>\n\t\t\n\t\t<img class=\"pic wp-image-1604 lazyload\"  data-valign=\"middle\" data-halign=\"center\" alt=\"\" data-full=\"https:\/\/srmadeira.oet.pt\/wordpress\/wp-content\/uploads\/2023\/02\/RICARDO-FRANCO_A-IMPORTANCIA-AEROPORTO-DO-PORTO-SANTO_01_resize50percent.jpg\" title=\"RICARDO FRANCO_A IMPORT\u00c2NCIA AEROPORTO DO PORTO SANTO_01_resize50percent\" width=\"246\" height=\"300\" data-src=\"https:\/\/srmadeira.oet.pt\/wordpress\/wp-content\/uploads\/2023\/02\/RICARDO-FRANCO_A-IMPORTANCIA-AEROPORTO-DO-PORTO-SANTO_01_resize50percent-246x300.jpg\" data-caption=\"\" data-source=\"modula\" data-srcset=\"https:\/\/srmadeira.oet.pt\/wordpress\/wp-content\/uploads\/2023\/02\/RICARDO-FRANCO_A-IMPORTANCIA-AEROPORTO-DO-PORTO-SANTO_01_resize50percent.jpg 1354w, https:\/\/srmadeira.oet.pt\/wordpress\/wp-content\/uploads\/2023\/02\/RICARDO-FRANCO_A-IMPORTANCIA-AEROPORTO-DO-PORTO-SANTO_01_resize50percent-246x300.jpg 246w, https:\/\/srmadeira.oet.pt\/wordpress\/wp-content\/uploads\/2023\/02\/RICARDO-FRANCO_A-IMPORTANCIA-AEROPORTO-DO-PORTO-SANTO_01_resize50percent-840x1024.jpg 840w, https:\/\/srmadeira.oet.pt\/wordpress\/wp-content\/uploads\/2023\/02\/RICARDO-FRANCO_A-IMPORTANCIA-AEROPORTO-DO-PORTO-SANTO_01_resize50percent-768x936.jpg 768w, https:\/\/srmadeira.oet.pt\/wordpress\/wp-content\/uploads\/2023\/02\/RICARDO-FRANCO_A-IMPORTANCIA-AEROPORTO-DO-PORTO-SANTO_01_resize50percent-1260x1536.jpg 1260w\" data-sizes=\"(max-width: 246px) 100vw, 246px\" \/>\n\t\t<div class=\"figc no-description\">\n\t\t\t<div class=\"figc-inner\">\n\t\t\t\t\t\t\t\t\t\t\t\t\t\t\t<\/div>\n\t\t<\/div>\n\n\t<\/div>\n\n<\/div><div class=\"modula-item effect-pufrobo\" data-width=\"2\" data-height=\"2\" >\n\t<div class=\"modula-item-overlay\"><\/div>\n\n\t<div class=\"modula-item-content\">\n\n\t\t\t\t\n\t\t\t\t\t<a data-image-id=\"1605\" tabindex=\"0\" rel=\"jtg-1519\" data-caption=\"\" aria-label=\"Open image in lightbox\" role=\"button\" class=\"tile-inner modula-item-link\"><\/a>\n\t\t\n\t\t<img class=\"pic wp-image-1605 lazyload\"  data-valign=\"middle\" data-halign=\"center\" alt=\"\" data-full=\"https:\/\/srmadeira.oet.pt\/wordpress\/wp-content\/uploads\/2023\/02\/RICARDO-FRANCO_A-IMPORTANCIA-AEROPORTO-DO-PORTO-SANTO_02_resize50percent.jpg\" title=\"RICARDO FRANCO_A IMPORT\u00c2NCIA AEROPORTO DO PORTO SANTO_02_resize50percent\" width=\"300\" height=\"200\" data-src=\"https:\/\/srmadeira.oet.pt\/wordpress\/wp-content\/uploads\/2023\/02\/RICARDO-FRANCO_A-IMPORTANCIA-AEROPORTO-DO-PORTO-SANTO_02_resize50percent-300x200.jpg\" data-caption=\"\" data-source=\"modula\" data-srcset=\"https:\/\/srmadeira.oet.pt\/wordpress\/wp-content\/uploads\/2023\/02\/RICARDO-FRANCO_A-IMPORTANCIA-AEROPORTO-DO-PORTO-SANTO_02_resize50percent.jpg 1650w, https:\/\/srmadeira.oet.pt\/wordpress\/wp-content\/uploads\/2023\/02\/RICARDO-FRANCO_A-IMPORTANCIA-AEROPORTO-DO-PORTO-SANTO_02_resize50percent-300x200.jpg 300w, https:\/\/srmadeira.oet.pt\/wordpress\/wp-content\/uploads\/2023\/02\/RICARDO-FRANCO_A-IMPORTANCIA-AEROPORTO-DO-PORTO-SANTO_02_resize50percent-1024x683.jpg 1024w, https:\/\/srmadeira.oet.pt\/wordpress\/wp-content\/uploads\/2023\/02\/RICARDO-FRANCO_A-IMPORTANCIA-AEROPORTO-DO-PORTO-SANTO_02_resize50percent-768x512.jpg 768w, https:\/\/srmadeira.oet.pt\/wordpress\/wp-content\/uploads\/2023\/02\/RICARDO-FRANCO_A-IMPORTANCIA-AEROPORTO-DO-PORTO-SANTO_02_resize50percent-1536x1024.jpg 1536w\" data-sizes=\"(max-width: 300px) 100vw, 300px\" \/>\n\t\t<div class=\"figc no-description\">\n\t\t\t<div class=\"figc-inner\">\n\t\t\t\t\t\t\t\t\t\t\t\t\t\t\t<\/div>\n\t\t<\/div>\n\n\t<\/div>\n\n<\/div><div class=\"modula-item effect-pufrobo\" data-width=\"2\" data-height=\"2\" >\n\t<div class=\"modula-item-overlay\"><\/div>\n\n\t<div class=\"modula-item-content\">\n\n\t\t\t\t\n\t\t\t\t\t<a data-image-id=\"1606\" tabindex=\"0\" rel=\"jtg-1519\" data-caption=\"\" aria-label=\"Open image in lightbox\" role=\"button\" class=\"tile-inner modula-item-link\"><\/a>\n\t\t\n\t\t<img class=\"pic wp-image-1606 lazyload\"  data-valign=\"middle\" data-halign=\"center\" alt=\"\" data-full=\"https:\/\/srmadeira.oet.pt\/wordpress\/wp-content\/uploads\/2023\/02\/SERGIO-GONCALVES_A-IMPORTANCIA-AEROPORTO-DO-PORTO-SANTO_01_resize50percent.jpg\" title=\"S\u00c9RGIO GON\u00c7ALVES_A IMPORT\u00c2NCIA AEROPORTO DO PORTO SANTO_01_resize50percent\" width=\"300\" height=\"200\" data-src=\"https:\/\/srmadeira.oet.pt\/wordpress\/wp-content\/uploads\/2023\/02\/SERGIO-GONCALVES_A-IMPORTANCIA-AEROPORTO-DO-PORTO-SANTO_01_resize50percent-300x200.jpg\" data-caption=\"\" data-source=\"modula\" data-srcset=\"https:\/\/srmadeira.oet.pt\/wordpress\/wp-content\/uploads\/2023\/02\/SERGIO-GONCALVES_A-IMPORTANCIA-AEROPORTO-DO-PORTO-SANTO_01_resize50percent.jpg 1650w, https:\/\/srmadeira.oet.pt\/wordpress\/wp-content\/uploads\/2023\/02\/SERGIO-GONCALVES_A-IMPORTANCIA-AEROPORTO-DO-PORTO-SANTO_01_resize50percent-300x200.jpg 300w, https:\/\/srmadeira.oet.pt\/wordpress\/wp-content\/uploads\/2023\/02\/SERGIO-GONCALVES_A-IMPORTANCIA-AEROPORTO-DO-PORTO-SANTO_01_resize50percent-1024x683.jpg 1024w, https:\/\/srmadeira.oet.pt\/wordpress\/wp-content\/uploads\/2023\/02\/SERGIO-GONCALVES_A-IMPORTANCIA-AEROPORTO-DO-PORTO-SANTO_01_resize50percent-768x512.jpg 768w, https:\/\/srmadeira.oet.pt\/wordpress\/wp-content\/uploads\/2023\/02\/SERGIO-GONCALVES_A-IMPORTANCIA-AEROPORTO-DO-PORTO-SANTO_01_resize50percent-1536x1024.jpg 1536w\" data-sizes=\"(max-width: 300px) 100vw, 300px\" \/>\n\t\t<div class=\"figc no-description\">\n\t\t\t<div class=\"figc-inner\">\n\t\t\t\t\t\t\t\t\t\t\t\t\t\t\t<\/div>\n\t\t<\/div>\n\n\t<\/div>\n\n<\/div><div class=\"modula-item effect-pufrobo\" data-width=\"2\" data-height=\"2\" >\n\t<div class=\"modula-item-overlay\"><\/div>\n\n\t<div class=\"modula-item-content\">\n\n\t\t\t\t\n\t\t\t\t\t<a data-image-id=\"1607\" tabindex=\"0\" rel=\"jtg-1519\" data-caption=\"\" aria-label=\"Open image in lightbox\" role=\"button\" class=\"tile-inner modula-item-link\"><\/a>\n\t\t\n\t\t<img class=\"pic wp-image-1607 lazyload\"  data-valign=\"middle\" data-halign=\"center\" alt=\"\" data-full=\"https:\/\/srmadeira.oet.pt\/wordpress\/wp-content\/uploads\/2023\/02\/SERGIO-GONCALVES_A-IMPORTANCIA-AEROPORTO-DO-PORTO-SANTO_02_resize50percent.jpg\" title=\"S\u00c9RGIO GON\u00c7ALVES_A IMPORT\u00c2NCIA AEROPORTO DO PORTO SANTO_02_resize50percent\" width=\"300\" height=\"200\" data-src=\"https:\/\/srmadeira.oet.pt\/wordpress\/wp-content\/uploads\/2023\/02\/SERGIO-GONCALVES_A-IMPORTANCIA-AEROPORTO-DO-PORTO-SANTO_02_resize50percent-300x200.jpg\" data-caption=\"\" data-source=\"modula\" data-srcset=\"https:\/\/srmadeira.oet.pt\/wordpress\/wp-content\/uploads\/2023\/02\/SERGIO-GONCALVES_A-IMPORTANCIA-AEROPORTO-DO-PORTO-SANTO_02_resize50percent.jpg 1650w, https:\/\/srmadeira.oet.pt\/wordpress\/wp-content\/uploads\/2023\/02\/SERGIO-GONCALVES_A-IMPORTANCIA-AEROPORTO-DO-PORTO-SANTO_02_resize50percent-300x200.jpg 300w, https:\/\/srmadeira.oet.pt\/wordpress\/wp-content\/uploads\/2023\/02\/SERGIO-GONCALVES_A-IMPORTANCIA-AEROPORTO-DO-PORTO-SANTO_02_resize50percent-1024x683.jpg 1024w, https:\/\/srmadeira.oet.pt\/wordpress\/wp-content\/uploads\/2023\/02\/SERGIO-GONCALVES_A-IMPORTANCIA-AEROPORTO-DO-PORTO-SANTO_02_resize50percent-768x512.jpg 768w, https:\/\/srmadeira.oet.pt\/wordpress\/wp-content\/uploads\/2023\/02\/SERGIO-GONCALVES_A-IMPORTANCIA-AEROPORTO-DO-PORTO-SANTO_02_resize50percent-1536x1024.jpg 1536w\" data-sizes=\"(max-width: 300px) 100vw, 300px\" \/>\n\t\t<div class=\"figc no-description\">\n\t\t\t<div class=\"figc-inner\">\n\t\t\t\t\t\t\t\t\t\t\t\t\t\t\t<\/div>\n\t\t<\/div>\n\n\t<\/div>\n\n<\/div>\t\t\n\t<\/div>\n\n\t\n\t\n\t<script type=\"application\/ld+json\">\n\t{\n\t\t\"@context\": \"http:\/\/schema.org\",\n\t\t\"@type\"   : \"ImageGallery\",\n\t\t\"id\"      : \"https:\/\/srmadeira.oet.pt\/wordpress\/publicacoes-na-imprensa\/\",\n\t\t\"url\"     : \"https:\/\/srmadeira.oet.pt\/wordpress\/publicacoes-na-imprensa\/\"\n\t}\n\n\t<\/script>\n\n\t\n<\/div>\n\n\n\n<p class=\"has-white-color has-ast-global-color-1-background-color has-text-color has-background has-medium-font-size\">Confer\u00eancia &#8220;Problem\u00e1tica dos Inc\u00eandios Florestais&#8221; &#8211; 24\/03\/2017<\/p>\n\n\n<style>#jtg-1459 .modula-item .jtg-social a, .lightbox-socials.jtg-social a{ fill: #ffffff; color: #ffffff }#jtg-1459 .modula-item .jtg-social-expandable a, #jtg-1459 .modula-item .jtg-social-expandable-icons a{ fill: #ffffff; color: #ffffff }#jtg-1459 .modula-item .jtg-social svg, .lightbox-socials.jtg-social svg { height: 16px; width: 16px }#jtg-1459 .modula-item .jtg-social-expandable svg { height: 16px; width: 16px }#jtg-1459 .modula-item .jtg-social-expandable-icons svg { height: 16px; width: 16px }#jtg-1459 .modula-item .jtg-social a:not(:last-child), .lightbox-socials.jtg-social a:not(:last-child) { margin-right: 10px }#jtg-1459 .modula-item .jtg-social-expandable-icons { gap: 10px }#jtg-1459 .modula-item .figc {color:#ffffff;}#jtg-1459 .modula-item .modula-item-content { transform: scale(1) }#jtg-1459 .modula-items .figc p.description { font-size:14px; }#jtg-1459 .modula-items .figc p.description { color:#ffffff;}#jtg-1459.modula-gallery .modula-item > a, #jtg-1459.modula-gallery .modula-item, #jtg-1459.modula-gallery .modula-item-content > a:not(.modula-no-follow) { cursor:zoom-in; } #jtg-1459.modula-gallery .modula-item-content .modula-no-follow { cursor: default; } @media screen and (max-width:480px){#jtg-1459 .modula-item .figc .jtg-title {  font-size: 12px; }#jtg-1459 .modula-items .figc p.description { color:#ffffff;font-size:10px; }}<\/style>\n<div  id=\"jtg-1459\" class=\"modula modula-gallery modula-custom-grid modula-is-lazy\" data-config=\"{&quot;height&quot;:0,&quot;tabletHeight&quot;:0,&quot;mobileHeight&quot;:0,&quot;desktopHeight&quot;:0,&quot;enableTwitter&quot;:false,&quot;enableWhatsapp&quot;:false,&quot;enableFacebook&quot;:false,&quot;enablePinterest&quot;:false,&quot;enableLinkedin&quot;:false,&quot;enableEmail&quot;:false,&quot;randomFactor&quot;:0,&quot;type&quot;:&quot;custom-grid&quot;,&quot;columns&quot;:12,&quot;gutter&quot;:10,&quot;mobileGutter&quot;:10,&quot;tabletGutter&quot;:10,&quot;desktopGutter&quot;:10,&quot;enableResponsive&quot;:&quot;0&quot;,&quot;tabletColumns&quot;:&quot;2&quot;,&quot;mobileColumns&quot;:&quot;1&quot;,&quot;lazyLoad&quot;:&quot;1&quot;,&quot;lightboxOpts&quot;:{&quot;animated&quot;:true,&quot;Thumbs&quot;:{&quot;type&quot;:&quot;modern&quot;,&quot;showOnStart&quot;:false},&quot;Toolbar&quot;:{&quot;display&quot;:{&quot;right&quot;:[&quot;close&quot;]},&quot;enabled&quot;:true},&quot;Carousel&quot;:{&quot;Panzoom&quot;:{&quot;touch&quot;:false},&quot;infinite&quot;:false},&quot;keyboard&quot;:{&quot;Escape&quot;:&quot;close&quot;,&quot;Delete&quot;:&quot;close&quot;,&quot;Backspace&quot;:&quot;close&quot;,&quot;PageUp&quot;:false,&quot;PageDown&quot;:false,&quot;ArrowUp&quot;:false,&quot;ArrowDown&quot;:false,&quot;ArrowRight&quot;:false,&quot;ArrowLeft&quot;:false},&quot;touch&quot;:false,&quot;backdropClick&quot;:false,&quot;l10n&quot;:{&quot;CLOSE&quot;:&quot;Close&quot;,&quot;NEXT&quot;:&quot;Next&quot;,&quot;PREV&quot;:&quot;Previous&quot;,&quot;Error&quot;:&quot;The requested content cannot be loaded. Please try again later.&quot;,&quot;PLAY_START&quot;:&quot;Start slideshow&quot;,&quot;PLAY_STOP&quot;:&quot;Pause slideshow&quot;,&quot;FULL_SCREEN&quot;:&quot;Full screen&quot;,&quot;THUMBS&quot;:&quot;Thumbnails&quot;,&quot;DOWNLOAD&quot;:&quot;Download&quot;,&quot;SHARE&quot;:&quot;Share&quot;,&quot;ZOOM&quot;:&quot;Zoom&quot;,&quot;EMAIL&quot;:&quot;Here is the link to the image : %%image_link%% and this is the link to the gallery : %%gallery_link%%&quot;,&quot;MODAL&quot;:&quot;You can close this modal content with the ESC key&quot;,&quot;ERROR&quot;:&quot;Something Went Wrong, Please Try Again Later&quot;,&quot;IMAGE_ERROR&quot;:&quot;Image Not Found&quot;,&quot;ELEMENT_NOT_FOUND&quot;:&quot;HTML Element Not Found&quot;,&quot;AJAX_NOT_FOUND&quot;:&quot;Error Loading AJAX : Not Found&quot;,&quot;AJAX_FORBIDDEN&quot;:&quot;Error Loading AJAX : Forbidden&quot;,&quot;IFRAME_ERROR&quot;:&quot;Error Loading Page&quot;,&quot;TOGGLE_ZOOM&quot;:&quot;Toggle zoom level&quot;,&quot;TOGGLE_THUMBS&quot;:&quot;Toggle thumbnails&quot;,&quot;TOGGLE_SLIDESHOW&quot;:&quot;Toggle slideshow&quot;,&quot;TOGGLE_FULLSCREEN&quot;:&quot;Toggle full-screen mode&quot;},&quot;Images&quot;:{&quot;Panzoom&quot;:{&quot;maxScale&quot;:2}},&quot;mainClass&quot;:&quot;modula-fancybox-container modula-lightbox-jtg-1459&quot;,&quot;Html&quot;:{&quot;videoAutoplay&quot;:0,&quot;videoTpl&quot;:&quot;&lt;video class=\\&quot;fancybox__html5video\\&quot; controls muted playsinline controlsList controlsList=\\&quot;nodownload\\&quot; poster=\\&quot;{{poster}}\\&quot; src=\\&quot;{{src}}\\&quot; type=\\&quot;{{format}}\\&quot; &gt;  Sorry, your browser doesn&#039;t support embedded videos, &lt;a href=\\&quot;{{src}}\\&quot;&gt; download &lt;\\\/a&gt; and watch with your favorite video player! &lt;\\\/video&gt;&quot;}},&quot;inView&quot;:false,&quot;email_subject&quot;:&quot;Check out this awesome image !!&quot;,&quot;email_message&quot;:&quot;Here is the link to the image : %%image_link%% and this is the link to the gallery : %%gallery_link%%&quot;,&quot;lightbox&quot;:&quot;fancybox&quot;}\">\n\n\t\n\t<div  class=\"modula-items\">\n\t\t<div class=\"modula-item effect-pufrobo\" data-width=\"2\" data-height=\"2\" >\n\t<div class=\"modula-item-overlay\"><\/div>\n\n\t<div class=\"modula-item-content\">\n\n\t\t\t\t\n\t\t\t\t\t<a data-image-id=\"1469\" tabindex=\"0\" rel=\"jtg-1459\" data-caption=\"\" aria-label=\"Open image in lightbox\" role=\"button\" class=\"tile-inner modula-item-link\"><\/a>\n\t\t\n\t\t<img class=\"pic wp-image-1469 lazyload\"  data-valign=\"middle\" data-halign=\"center\" alt=\"\" data-full=\"https:\/\/srmadeira.oet.pt\/wordpress\/wp-content\/uploads\/2023\/02\/cartaz.jpg\" title=\"cartaz\" width=\"235\" height=\"300\" data-src=\"https:\/\/srmadeira.oet.pt\/wordpress\/wp-content\/uploads\/2023\/02\/cartaz-235x300.jpg\" data-caption=\"\" data-source=\"modula\" data-srcset=\"https:\/\/srmadeira.oet.pt\/wordpress\/wp-content\/uploads\/2023\/02\/cartaz.jpg 711w, https:\/\/srmadeira.oet.pt\/wordpress\/wp-content\/uploads\/2023\/02\/cartaz-235x300.jpg 235w\" data-sizes=\"(max-width: 235px) 100vw, 235px\" \/>\n\t\t<div class=\"figc no-description\">\n\t\t\t<div class=\"figc-inner\">\n\t\t\t\t\t\t\t\t\t\t\t\t\t\t\t<\/div>\n\t\t<\/div>\n\n\t<\/div>\n\n<\/div><div class=\"modula-item effect-pufrobo\" data-width=\"2\" data-height=\"2\" >\n\t<div class=\"modula-item-overlay\"><\/div>\n\n\t<div class=\"modula-item-content\">\n\n\t\t\t\t\n\t\t\t\t\t<a data-image-id=\"1460\" tabindex=\"0\" rel=\"jtg-1459\" data-caption=\"\" aria-label=\"Open image in lightbox\" role=\"button\" class=\"tile-inner modula-item-link\"><\/a>\n\t\t\n\t\t<img class=\"pic wp-image-1460 lazyload\"  data-valign=\"middle\" data-halign=\"center\" alt=\"\" data-full=\"https:\/\/srmadeira.oet.pt\/wordpress\/wp-content\/uploads\/2023\/02\/DSC_0029_resize35percent.jpg\" title=\"DSC_0029_resize35percent\" width=\"226\" height=\"300\" data-src=\"https:\/\/srmadeira.oet.pt\/wordpress\/wp-content\/uploads\/2023\/02\/DSC_0029_resize35percent-226x300.jpg\" data-caption=\"\" data-source=\"modula\" data-srcset=\"https:\/\/srmadeira.oet.pt\/wordpress\/wp-content\/uploads\/2023\/02\/DSC_0029_resize35percent.jpg 628w, https:\/\/srmadeira.oet.pt\/wordpress\/wp-content\/uploads\/2023\/02\/DSC_0029_resize35percent-226x300.jpg 226w\" data-sizes=\"(max-width: 226px) 100vw, 226px\" \/>\n\t\t<div class=\"figc no-description\">\n\t\t\t<div class=\"figc-inner\">\n\t\t\t\t\t\t\t\t\t\t\t\t\t\t\t<\/div>\n\t\t<\/div>\n\n\t<\/div>\n\n<\/div><div class=\"modula-item effect-pufrobo\" data-width=\"2\" data-height=\"2\" >\n\t<div class=\"modula-item-overlay\"><\/div>\n\n\t<div class=\"modula-item-content\">\n\n\t\t\t\t\n\t\t\t\t\t<a data-image-id=\"1461\" tabindex=\"0\" rel=\"jtg-1459\" data-caption=\"\" aria-label=\"Open image in lightbox\" role=\"button\" class=\"tile-inner modula-item-link\"><\/a>\n\t\t\n\t\t<img class=\"pic wp-image-1461 lazyload\"  data-valign=\"middle\" data-halign=\"center\" alt=\"\" data-full=\"https:\/\/srmadeira.oet.pt\/wordpress\/wp-content\/uploads\/2023\/02\/DSC_0038_resize35percent.jpg\" title=\"DSC_0038_resize35percent\" width=\"300\" height=\"226\" data-src=\"https:\/\/srmadeira.oet.pt\/wordpress\/wp-content\/uploads\/2023\/02\/DSC_0038_resize35percent-300x226.jpg\" data-caption=\"\" data-source=\"modula\" data-srcset=\"https:\/\/srmadeira.oet.pt\/wordpress\/wp-content\/uploads\/2023\/02\/DSC_0038_resize35percent.jpg 835w, https:\/\/srmadeira.oet.pt\/wordpress\/wp-content\/uploads\/2023\/02\/DSC_0038_resize35percent-300x226.jpg 300w, https:\/\/srmadeira.oet.pt\/wordpress\/wp-content\/uploads\/2023\/02\/DSC_0038_resize35percent-768x578.jpg 768w\" data-sizes=\"(max-width: 300px) 100vw, 300px\" \/>\n\t\t<div class=\"figc no-description\">\n\t\t\t<div class=\"figc-inner\">\n\t\t\t\t\t\t\t\t\t\t\t\t\t\t\t<\/div>\n\t\t<\/div>\n\n\t<\/div>\n\n<\/div><div class=\"modula-item effect-pufrobo\" data-width=\"2\" data-height=\"2\" >\n\t<div class=\"modula-item-overlay\"><\/div>\n\n\t<div class=\"modula-item-content\">\n\n\t\t\t\t\n\t\t\t\t\t<a data-image-id=\"1462\" tabindex=\"0\" rel=\"jtg-1459\" data-caption=\"\" aria-label=\"Open image in lightbox\" role=\"button\" class=\"tile-inner modula-item-link\"><\/a>\n\t\t\n\t\t<img class=\"pic wp-image-1462 lazyload\"  data-valign=\"middle\" data-halign=\"center\" alt=\"\" data-full=\"https:\/\/srmadeira.oet.pt\/wordpress\/wp-content\/uploads\/2023\/02\/DSC_0041_resize35percent.jpg\" title=\"DSC_0041_resize35percent\" width=\"300\" height=\"226\" data-src=\"https:\/\/srmadeira.oet.pt\/wordpress\/wp-content\/uploads\/2023\/02\/DSC_0041_resize35percent-300x226.jpg\" data-caption=\"\" data-source=\"modula\" data-srcset=\"https:\/\/srmadeira.oet.pt\/wordpress\/wp-content\/uploads\/2023\/02\/DSC_0041_resize35percent.jpg 835w, https:\/\/srmadeira.oet.pt\/wordpress\/wp-content\/uploads\/2023\/02\/DSC_0041_resize35percent-300x226.jpg 300w, https:\/\/srmadeira.oet.pt\/wordpress\/wp-content\/uploads\/2023\/02\/DSC_0041_resize35percent-768x578.jpg 768w\" data-sizes=\"(max-width: 300px) 100vw, 300px\" \/>\n\t\t<div class=\"figc no-description\">\n\t\t\t<div class=\"figc-inner\">\n\t\t\t\t\t\t\t\t\t\t\t\t\t\t\t<\/div>\n\t\t<\/div>\n\n\t<\/div>\n\n<\/div><div class=\"modula-item effect-pufrobo\" data-width=\"2\" data-height=\"2\" >\n\t<div class=\"modula-item-overlay\"><\/div>\n\n\t<div class=\"modula-item-content\">\n\n\t\t\t\t\n\t\t\t\t\t<a data-image-id=\"1463\" tabindex=\"0\" rel=\"jtg-1459\" data-caption=\"\" aria-label=\"Open image in lightbox\" role=\"button\" class=\"tile-inner modula-item-link\"><\/a>\n\t\t\n\t\t<img class=\"pic wp-image-1463 lazyload\"  data-valign=\"middle\" data-halign=\"center\" alt=\"\" data-full=\"https:\/\/srmadeira.oet.pt\/wordpress\/wp-content\/uploads\/2023\/02\/DSC_0043_resize35percent.jpg\" title=\"DSC_0043_resize35percent\" width=\"226\" height=\"300\" data-src=\"https:\/\/srmadeira.oet.pt\/wordpress\/wp-content\/uploads\/2023\/02\/DSC_0043_resize35percent-226x300.jpg\" data-caption=\"\" data-source=\"modula\" data-srcset=\"https:\/\/srmadeira.oet.pt\/wordpress\/wp-content\/uploads\/2023\/02\/DSC_0043_resize35percent.jpg 628w, https:\/\/srmadeira.oet.pt\/wordpress\/wp-content\/uploads\/2023\/02\/DSC_0043_resize35percent-226x300.jpg 226w\" data-sizes=\"(max-width: 226px) 100vw, 226px\" \/>\n\t\t<div class=\"figc no-description\">\n\t\t\t<div class=\"figc-inner\">\n\t\t\t\t\t\t\t\t\t\t\t\t\t\t\t<\/div>\n\t\t<\/div>\n\n\t<\/div>\n\n<\/div><div class=\"modula-item effect-pufrobo\" data-width=\"2\" data-height=\"2\" >\n\t<div class=\"modula-item-overlay\"><\/div>\n\n\t<div class=\"modula-item-content\">\n\n\t\t\t\t\n\t\t\t\t\t<a data-image-id=\"1464\" tabindex=\"0\" rel=\"jtg-1459\" data-caption=\"\" aria-label=\"Open image in lightbox\" role=\"button\" class=\"tile-inner modula-item-link\"><\/a>\n\t\t\n\t\t<img class=\"pic wp-image-1464 lazyload\"  data-valign=\"middle\" data-halign=\"center\" alt=\"\" data-full=\"https:\/\/srmadeira.oet.pt\/wordpress\/wp-content\/uploads\/2023\/02\/DSC_0048_resize35percent.jpg\" title=\"DSC_0048_resize35percent\" width=\"300\" height=\"226\" data-src=\"https:\/\/srmadeira.oet.pt\/wordpress\/wp-content\/uploads\/2023\/02\/DSC_0048_resize35percent-300x226.jpg\" data-caption=\"\" data-source=\"modula\" data-srcset=\"https:\/\/srmadeira.oet.pt\/wordpress\/wp-content\/uploads\/2023\/02\/DSC_0048_resize35percent.jpg 835w, https:\/\/srmadeira.oet.pt\/wordpress\/wp-content\/uploads\/2023\/02\/DSC_0048_resize35percent-300x226.jpg 300w, https:\/\/srmadeira.oet.pt\/wordpress\/wp-content\/uploads\/2023\/02\/DSC_0048_resize35percent-768x578.jpg 768w\" data-sizes=\"(max-width: 300px) 100vw, 300px\" \/>\n\t\t<div class=\"figc no-description\">\n\t\t\t<div class=\"figc-inner\">\n\t\t\t\t\t\t\t\t\t\t\t\t\t\t\t<\/div>\n\t\t<\/div>\n\n\t<\/div>\n\n<\/div><div class=\"modula-item effect-pufrobo\" data-width=\"2\" data-height=\"2\" >\n\t<div class=\"modula-item-overlay\"><\/div>\n\n\t<div class=\"modula-item-content\">\n\n\t\t\t\t\n\t\t\t\t\t<a data-image-id=\"1465\" tabindex=\"0\" rel=\"jtg-1459\" data-caption=\"\" aria-label=\"Open image in lightbox\" role=\"button\" class=\"tile-inner modula-item-link\"><\/a>\n\t\t\n\t\t<img class=\"pic wp-image-1465 lazyload\"  data-valign=\"middle\" data-halign=\"center\" alt=\"\" data-full=\"https:\/\/srmadeira.oet.pt\/wordpress\/wp-content\/uploads\/2023\/02\/DSC_0067_resize35percent.jpg\" title=\"DSC_0067_resize35percent\" width=\"226\" height=\"300\" data-src=\"https:\/\/srmadeira.oet.pt\/wordpress\/wp-content\/uploads\/2023\/02\/DSC_0067_resize35percent-226x300.jpg\" data-caption=\"\" data-source=\"modula\" data-srcset=\"https:\/\/srmadeira.oet.pt\/wordpress\/wp-content\/uploads\/2023\/02\/DSC_0067_resize35percent.jpg 628w, https:\/\/srmadeira.oet.pt\/wordpress\/wp-content\/uploads\/2023\/02\/DSC_0067_resize35percent-226x300.jpg 226w\" data-sizes=\"(max-width: 226px) 100vw, 226px\" \/>\n\t\t<div class=\"figc no-description\">\n\t\t\t<div class=\"figc-inner\">\n\t\t\t\t\t\t\t\t\t\t\t\t\t\t\t<\/div>\n\t\t<\/div>\n\n\t<\/div>\n\n<\/div><div class=\"modula-item effect-pufrobo\" data-width=\"2\" data-height=\"2\" >\n\t<div class=\"modula-item-overlay\"><\/div>\n\n\t<div class=\"modula-item-content\">\n\n\t\t\t\t\n\t\t\t\t\t<a data-image-id=\"1466\" tabindex=\"0\" rel=\"jtg-1459\" data-caption=\"\" aria-label=\"Open image in lightbox\" role=\"button\" class=\"tile-inner modula-item-link\"><\/a>\n\t\t\n\t\t<img class=\"pic wp-image-1466 lazyload\"  data-valign=\"middle\" data-halign=\"center\" alt=\"\" data-full=\"https:\/\/srmadeira.oet.pt\/wordpress\/wp-content\/uploads\/2023\/02\/DSC_0072_resize35percent-1.jpg\" title=\"DSC_0072_resize35percent\" width=\"300\" height=\"226\" data-src=\"https:\/\/srmadeira.oet.pt\/wordpress\/wp-content\/uploads\/2023\/02\/DSC_0072_resize35percent-1-300x226.jpg\" data-caption=\"\" data-source=\"modula\" data-srcset=\"https:\/\/srmadeira.oet.pt\/wordpress\/wp-content\/uploads\/2023\/02\/DSC_0072_resize35percent-1.jpg 835w, https:\/\/srmadeira.oet.pt\/wordpress\/wp-content\/uploads\/2023\/02\/DSC_0072_resize35percent-1-300x226.jpg 300w, https:\/\/srmadeira.oet.pt\/wordpress\/wp-content\/uploads\/2023\/02\/DSC_0072_resize35percent-1-768x578.jpg 768w\" data-sizes=\"(max-width: 300px) 100vw, 300px\" \/>\n\t\t<div class=\"figc no-description\">\n\t\t\t<div class=\"figc-inner\">\n\t\t\t\t\t\t\t\t\t\t\t\t\t\t\t<\/div>\n\t\t<\/div>\n\n\t<\/div>\n\n<\/div><div class=\"modula-item effect-pufrobo\" data-width=\"2\" data-height=\"2\" >\n\t<div class=\"modula-item-overlay\"><\/div>\n\n\t<div class=\"modula-item-content\">\n\n\t\t\t\t\n\t\t\t\t\t<a data-image-id=\"1467\" tabindex=\"0\" rel=\"jtg-1459\" data-caption=\"\" aria-label=\"Open image in lightbox\" role=\"button\" class=\"tile-inner modula-item-link\"><\/a>\n\t\t\n\t\t<img class=\"pic wp-image-1467 lazyload\"  data-valign=\"middle\" data-halign=\"center\" alt=\"\" data-full=\"https:\/\/srmadeira.oet.pt\/wordpress\/wp-content\/uploads\/2023\/02\/DSC_0076_resize35percent.jpg\" title=\"DSC_0076_resize35percent\" width=\"300\" height=\"226\" data-src=\"https:\/\/srmadeira.oet.pt\/wordpress\/wp-content\/uploads\/2023\/02\/DSC_0076_resize35percent-300x226.jpg\" data-caption=\"\" data-source=\"modula\" data-srcset=\"https:\/\/srmadeira.oet.pt\/wordpress\/wp-content\/uploads\/2023\/02\/DSC_0076_resize35percent.jpg 835w, https:\/\/srmadeira.oet.pt\/wordpress\/wp-content\/uploads\/2023\/02\/DSC_0076_resize35percent-300x226.jpg 300w, https:\/\/srmadeira.oet.pt\/wordpress\/wp-content\/uploads\/2023\/02\/DSC_0076_resize35percent-768x578.jpg 768w\" data-sizes=\"(max-width: 300px) 100vw, 300px\" \/>\n\t\t<div class=\"figc no-description\">\n\t\t\t<div class=\"figc-inner\">\n\t\t\t\t\t\t\t\t\t\t\t\t\t\t\t<\/div>\n\t\t<\/div>\n\n\t<\/div>\n\n<\/div><div class=\"modula-item effect-pufrobo\" data-width=\"2\" data-height=\"2\" >\n\t<div class=\"modula-item-overlay\"><\/div>\n\n\t<div class=\"modula-item-content\">\n\n\t\t\t\t\n\t\t\t\t\t<a data-image-id=\"1468\" tabindex=\"0\" rel=\"jtg-1459\" data-caption=\"\" aria-label=\"Open image in lightbox\" role=\"button\" class=\"tile-inner modula-item-link\"><\/a>\n\t\t\n\t\t<img class=\"pic wp-image-1468 lazyload\"  data-valign=\"middle\" data-halign=\"center\" alt=\"\" data-full=\"https:\/\/srmadeira.oet.pt\/wordpress\/wp-content\/uploads\/2023\/02\/DSC_0095_resize35percent.jpg\" title=\"DSC_0095_resize35percent\" width=\"300\" height=\"226\" data-src=\"https:\/\/srmadeira.oet.pt\/wordpress\/wp-content\/uploads\/2023\/02\/DSC_0095_resize35percent-300x226.jpg\" data-caption=\"\" data-source=\"modula\" data-srcset=\"https:\/\/srmadeira.oet.pt\/wordpress\/wp-content\/uploads\/2023\/02\/DSC_0095_resize35percent.jpg 835w, https:\/\/srmadeira.oet.pt\/wordpress\/wp-content\/uploads\/2023\/02\/DSC_0095_resize35percent-300x226.jpg 300w, https:\/\/srmadeira.oet.pt\/wordpress\/wp-content\/uploads\/2023\/02\/DSC_0095_resize35percent-768x578.jpg 768w\" data-sizes=\"(max-width: 300px) 100vw, 300px\" \/>\n\t\t<div class=\"figc no-description\">\n\t\t\t<div class=\"figc-inner\">\n\t\t\t\t\t\t\t\t\t\t\t\t\t\t\t<\/div>\n\t\t<\/div>\n\n\t<\/div>\n\n<\/div>\t\t\n\t<\/div>\n\n\t\n\t\n\t<script type=\"application\/ld+json\">\n\t{\n\t\t\"@context\": \"http:\/\/schema.org\",\n\t\t\"@type\"   : \"ImageGallery\",\n\t\t\"id\"      : \"https:\/\/srmadeira.oet.pt\/wordpress\/publicacoes-na-imprensa\/\",\n\t\t\"url\"     : \"https:\/\/srmadeira.oet.pt\/wordpress\/publicacoes-na-imprensa\/\"\n\t}\n\n\t<\/script>\n\n\t\n<\/div>\n\n\n\n<p class=\"has-white-color has-ast-global-color-1-background-color has-text-color has-background has-medium-font-size\">IV Congresso da OET 2017 &#8211; Porto Santo<\/p>\n\n\n<style>#jtg-1287 .modula-item .jtg-social a, .lightbox-socials.jtg-social a{ fill: #ffffff; color: #ffffff }#jtg-1287 .modula-item .jtg-social-expandable a, #jtg-1287 .modula-item .jtg-social-expandable-icons a{ fill: #ffffff; color: #ffffff }#jtg-1287 .modula-item .jtg-social svg, .lightbox-socials.jtg-social svg { height: 16px; width: 16px }#jtg-1287 .modula-item .jtg-social-expandable svg { height: 16px; width: 16px }#jtg-1287 .modula-item .jtg-social-expandable-icons svg { height: 16px; width: 16px }#jtg-1287 .modula-item .jtg-social a:not(:last-child), .lightbox-socials.jtg-social a:not(:last-child) { margin-right: 10px }#jtg-1287 .modula-item .jtg-social-expandable-icons { gap: 10px }#jtg-1287 .modula-item .figc {color:#ffffff;}#jtg-1287 .modula-item .modula-item-content { transform: scale(1) }#jtg-1287 .modula-items .figc p.description { font-size:14px; }#jtg-1287 .modula-items .figc p.description { color:#ffffff;}#jtg-1287.modula-gallery .modula-item > a, #jtg-1287.modula-gallery .modula-item, #jtg-1287.modula-gallery .modula-item-content > a:not(.modula-no-follow) { cursor:zoom-in; } #jtg-1287.modula-gallery .modula-item-content .modula-no-follow { cursor: default; } @media screen and (max-width:480px){#jtg-1287 .modula-item .figc .jtg-title {  font-size: 12px; }#jtg-1287 .modula-items .figc p.description { color:#ffffff;font-size:10px; }}<\/style>\n<div  id=\"jtg-1287\" class=\"modula modula-gallery modula-custom-grid modula-is-lazy\" data-config=\"{&quot;height&quot;:0,&quot;tabletHeight&quot;:0,&quot;mobileHeight&quot;:0,&quot;desktopHeight&quot;:0,&quot;enableTwitter&quot;:false,&quot;enableWhatsapp&quot;:false,&quot;enableFacebook&quot;:false,&quot;enablePinterest&quot;:false,&quot;enableLinkedin&quot;:false,&quot;enableEmail&quot;:false,&quot;randomFactor&quot;:0,&quot;type&quot;:&quot;custom-grid&quot;,&quot;columns&quot;:12,&quot;gutter&quot;:10,&quot;mobileGutter&quot;:10,&quot;tabletGutter&quot;:10,&quot;desktopGutter&quot;:10,&quot;enableResponsive&quot;:&quot;0&quot;,&quot;tabletColumns&quot;:&quot;2&quot;,&quot;mobileColumns&quot;:&quot;1&quot;,&quot;lazyLoad&quot;:&quot;1&quot;,&quot;lightboxOpts&quot;:{&quot;animated&quot;:true,&quot;Thumbs&quot;:{&quot;type&quot;:&quot;modern&quot;,&quot;showOnStart&quot;:false},&quot;Toolbar&quot;:{&quot;display&quot;:{&quot;right&quot;:[&quot;close&quot;]},&quot;enabled&quot;:true},&quot;Carousel&quot;:{&quot;Panzoom&quot;:{&quot;touch&quot;:false},&quot;infinite&quot;:false},&quot;keyboard&quot;:{&quot;Escape&quot;:&quot;close&quot;,&quot;Delete&quot;:&quot;close&quot;,&quot;Backspace&quot;:&quot;close&quot;,&quot;PageUp&quot;:false,&quot;PageDown&quot;:false,&quot;ArrowUp&quot;:false,&quot;ArrowDown&quot;:false,&quot;ArrowRight&quot;:false,&quot;ArrowLeft&quot;:false},&quot;touch&quot;:false,&quot;backdropClick&quot;:false,&quot;l10n&quot;:{&quot;CLOSE&quot;:&quot;Close&quot;,&quot;NEXT&quot;:&quot;Next&quot;,&quot;PREV&quot;:&quot;Previous&quot;,&quot;Error&quot;:&quot;The requested content cannot be loaded. Please try again later.&quot;,&quot;PLAY_START&quot;:&quot;Start slideshow&quot;,&quot;PLAY_STOP&quot;:&quot;Pause slideshow&quot;,&quot;FULL_SCREEN&quot;:&quot;Full screen&quot;,&quot;THUMBS&quot;:&quot;Thumbnails&quot;,&quot;DOWNLOAD&quot;:&quot;Download&quot;,&quot;SHARE&quot;:&quot;Share&quot;,&quot;ZOOM&quot;:&quot;Zoom&quot;,&quot;EMAIL&quot;:&quot;Here is the link to the image : %%image_link%% and this is the link to the gallery : %%gallery_link%%&quot;,&quot;MODAL&quot;:&quot;You can close this modal content with the ESC key&quot;,&quot;ERROR&quot;:&quot;Something Went Wrong, Please Try Again Later&quot;,&quot;IMAGE_ERROR&quot;:&quot;Image Not Found&quot;,&quot;ELEMENT_NOT_FOUND&quot;:&quot;HTML Element Not Found&quot;,&quot;AJAX_NOT_FOUND&quot;:&quot;Error Loading AJAX : Not Found&quot;,&quot;AJAX_FORBIDDEN&quot;:&quot;Error Loading AJAX : Forbidden&quot;,&quot;IFRAME_ERROR&quot;:&quot;Error Loading Page&quot;,&quot;TOGGLE_ZOOM&quot;:&quot;Toggle zoom level&quot;,&quot;TOGGLE_THUMBS&quot;:&quot;Toggle thumbnails&quot;,&quot;TOGGLE_SLIDESHOW&quot;:&quot;Toggle slideshow&quot;,&quot;TOGGLE_FULLSCREEN&quot;:&quot;Toggle full-screen mode&quot;},&quot;Images&quot;:{&quot;Panzoom&quot;:{&quot;maxScale&quot;:2}},&quot;mainClass&quot;:&quot;modula-fancybox-container modula-lightbox-jtg-1287&quot;,&quot;Html&quot;:{&quot;videoAutoplay&quot;:0,&quot;videoTpl&quot;:&quot;&lt;video class=\\&quot;fancybox__html5video\\&quot; controls muted playsinline controlsList controlsList=\\&quot;nodownload\\&quot; poster=\\&quot;{{poster}}\\&quot; src=\\&quot;{{src}}\\&quot; type=\\&quot;{{format}}\\&quot; &gt;  Sorry, your browser doesn&#039;t support embedded videos, &lt;a href=\\&quot;{{src}}\\&quot;&gt; download &lt;\\\/a&gt; and watch with your favorite video player! &lt;\\\/video&gt;&quot;}},&quot;inView&quot;:false,&quot;email_subject&quot;:&quot;Check out this awesome image !!&quot;,&quot;email_message&quot;:&quot;Here is the link to the image : %%image_link%% and this is the link to the gallery : %%gallery_link%%&quot;,&quot;lightbox&quot;:&quot;fancybox&quot;}\">\n\n\t\n\t<div  class=\"modula-items\">\n\t\t<div class=\"modula-item effect-pufrobo\" data-width=\"2\" data-height=\"2\" >\n\t<div class=\"modula-item-overlay\"><\/div>\n\n\t<div class=\"modula-item-content\">\n\n\t\t\t\t\n\t\t\t\t\t<a data-image-id=\"1288\" tabindex=\"0\" rel=\"jtg-1287\" data-caption=\"\" aria-label=\"Open image in lightbox\" role=\"button\" class=\"tile-inner modula-item-link\"><\/a>\n\t\t\n\t\t<img class=\"pic wp-image-1288 lazyload\"  data-valign=\"middle\" data-halign=\"center\" alt=\"\" data-full=\"https:\/\/srmadeira.oet.pt\/wordpress\/wp-content\/uploads\/2023\/02\/DSC07461_resize35percent-1.jpg\" title=\"DSC07461_resize35percent\" width=\"300\" height=\"225\" data-src=\"https:\/\/srmadeira.oet.pt\/wordpress\/wp-content\/uploads\/2023\/02\/DSC07461_resize35percent-1-300x225.jpg\" data-caption=\"\" data-source=\"modula\" data-srcset=\"https:\/\/srmadeira.oet.pt\/wordpress\/wp-content\/uploads\/2023\/02\/DSC07461_resize35percent-1.jpg 907w, https:\/\/srmadeira.oet.pt\/wordpress\/wp-content\/uploads\/2023\/02\/DSC07461_resize35percent-1-300x225.jpg 300w, https:\/\/srmadeira.oet.pt\/wordpress\/wp-content\/uploads\/2023\/02\/DSC07461_resize35percent-1-768x576.jpg 768w\" data-sizes=\"(max-width: 300px) 100vw, 300px\" \/>\n\t\t<div class=\"figc no-description\">\n\t\t\t<div class=\"figc-inner\">\n\t\t\t\t\t\t\t\t\t\t\t\t\t\t\t<\/div>\n\t\t<\/div>\n\n\t<\/div>\n\n<\/div><div class=\"modula-item effect-pufrobo\" data-width=\"2\" data-height=\"2\" >\n\t<div class=\"modula-item-overlay\"><\/div>\n\n\t<div class=\"modula-item-content\">\n\n\t\t\t\t\n\t\t\t\t\t<a data-image-id=\"1289\" tabindex=\"0\" rel=\"jtg-1287\" data-caption=\"\" aria-label=\"Open image in lightbox\" role=\"button\" class=\"tile-inner modula-item-link\"><\/a>\n\t\t\n\t\t<img class=\"pic wp-image-1289 lazyload\"  data-valign=\"middle\" data-halign=\"center\" alt=\"\" data-full=\"https:\/\/srmadeira.oet.pt\/wordpress\/wp-content\/uploads\/2023\/02\/DSC07463_resize35percent-1.jpg\" title=\"DSC07463_resize35percent\" width=\"300\" height=\"225\" data-src=\"https:\/\/srmadeira.oet.pt\/wordpress\/wp-content\/uploads\/2023\/02\/DSC07463_resize35percent-1-300x225.jpg\" data-caption=\"\" data-source=\"modula\" data-srcset=\"https:\/\/srmadeira.oet.pt\/wordpress\/wp-content\/uploads\/2023\/02\/DSC07463_resize35percent-1.jpg 907w, https:\/\/srmadeira.oet.pt\/wordpress\/wp-content\/uploads\/2023\/02\/DSC07463_resize35percent-1-300x225.jpg 300w, https:\/\/srmadeira.oet.pt\/wordpress\/wp-content\/uploads\/2023\/02\/DSC07463_resize35percent-1-768x576.jpg 768w\" data-sizes=\"(max-width: 300px) 100vw, 300px\" \/>\n\t\t<div class=\"figc no-description\">\n\t\t\t<div class=\"figc-inner\">\n\t\t\t\t\t\t\t\t\t\t\t\t\t\t\t<\/div>\n\t\t<\/div>\n\n\t<\/div>\n\n<\/div><div class=\"modula-item effect-pufrobo\" data-width=\"2\" data-height=\"2\" >\n\t<div class=\"modula-item-overlay\"><\/div>\n\n\t<div class=\"modula-item-content\">\n\n\t\t\t\t\n\t\t\t\t\t<a data-image-id=\"1290\" tabindex=\"0\" rel=\"jtg-1287\" data-caption=\"\" aria-label=\"Open image in lightbox\" role=\"button\" class=\"tile-inner modula-item-link\"><\/a>\n\t\t\n\t\t<img class=\"pic wp-image-1290 lazyload\"  data-valign=\"middle\" data-halign=\"center\" alt=\"\" data-full=\"https:\/\/srmadeira.oet.pt\/wordpress\/wp-content\/uploads\/2023\/02\/DSC07539_resize35percent-1.jpg\" title=\"DSC07539_resize35percent\" width=\"300\" height=\"225\" data-src=\"https:\/\/srmadeira.oet.pt\/wordpress\/wp-content\/uploads\/2023\/02\/DSC07539_resize35percent-1-300x225.jpg\" data-caption=\"\" data-source=\"modula\" data-srcset=\"https:\/\/srmadeira.oet.pt\/wordpress\/wp-content\/uploads\/2023\/02\/DSC07539_resize35percent-1.jpg 907w, https:\/\/srmadeira.oet.pt\/wordpress\/wp-content\/uploads\/2023\/02\/DSC07539_resize35percent-1-300x225.jpg 300w, https:\/\/srmadeira.oet.pt\/wordpress\/wp-content\/uploads\/2023\/02\/DSC07539_resize35percent-1-768x576.jpg 768w\" data-sizes=\"(max-width: 300px) 100vw, 300px\" \/>\n\t\t<div class=\"figc no-description\">\n\t\t\t<div class=\"figc-inner\">\n\t\t\t\t\t\t\t\t\t\t\t\t\t\t\t<\/div>\n\t\t<\/div>\n\n\t<\/div>\n\n<\/div>\t\t\n\t<\/div>\n\n\t\n\t\n\t<script type=\"application\/ld+json\">\n\t{\n\t\t\"@context\": \"http:\/\/schema.org\",\n\t\t\"@type\"   : \"ImageGallery\",\n\t\t\"id\"      : \"https:\/\/srmadeira.oet.pt\/wordpress\/publicacoes-na-imprensa\/\",\n\t\t\"url\"     : \"https:\/\/srmadeira.oet.pt\/wordpress\/publicacoes-na-imprensa\/\"\n\t}\n\n\t<\/script>\n\n\t\n<\/div>\n\n\n\n<p class=\"has-white-color has-ast-global-color-1-background-color has-text-color has-background\">Jornadas T\u00e9cnicas ITED 3 6 Maio 2016 &#8211; 8 Maio Reabilita\u00e7\u00e3o Urbana<\/p>\n\n\n<style>#jtg-1444 .modula-item .jtg-social a, .lightbox-socials.jtg-social a{ fill: #ffffff; color: #ffffff }#jtg-1444 .modula-item .jtg-social-expandable a, #jtg-1444 .modula-item .jtg-social-expandable-icons a{ fill: #ffffff; color: #ffffff }#jtg-1444 .modula-item .jtg-social svg, .lightbox-socials.jtg-social svg { height: 16px; width: 16px }#jtg-1444 .modula-item .jtg-social-expandable svg { height: 16px; width: 16px }#jtg-1444 .modula-item .jtg-social-expandable-icons svg { height: 16px; width: 16px }#jtg-1444 .modula-item .jtg-social a:not(:last-child), .lightbox-socials.jtg-social a:not(:last-child) { margin-right: 10px }#jtg-1444 .modula-item .jtg-social-expandable-icons { gap: 10px }#jtg-1444 .modula-item .figc {color:#ffffff;}#jtg-1444 .modula-item .modula-item-content { transform: scale(1) }#jtg-1444 .modula-items .figc p.description { font-size:14px; }#jtg-1444 .modula-items .figc p.description { color:#ffffff;}#jtg-1444.modula-gallery .modula-item > a, #jtg-1444.modula-gallery .modula-item, #jtg-1444.modula-gallery .modula-item-content > a:not(.modula-no-follow) { cursor:zoom-in; } #jtg-1444.modula-gallery .modula-item-content .modula-no-follow { cursor: default; } @media screen and (max-width:480px){#jtg-1444 .modula-item .figc .jtg-title {  font-size: 12px; }#jtg-1444 .modula-items .figc p.description { color:#ffffff;font-size:10px; }}<\/style>\n<div  id=\"jtg-1444\" class=\"modula modula-gallery modula-custom-grid modula-is-lazy\" data-config=\"{&quot;height&quot;:0,&quot;tabletHeight&quot;:0,&quot;mobileHeight&quot;:0,&quot;desktopHeight&quot;:0,&quot;enableTwitter&quot;:false,&quot;enableWhatsapp&quot;:false,&quot;enableFacebook&quot;:false,&quot;enablePinterest&quot;:false,&quot;enableLinkedin&quot;:false,&quot;enableEmail&quot;:false,&quot;randomFactor&quot;:0,&quot;type&quot;:&quot;custom-grid&quot;,&quot;columns&quot;:12,&quot;gutter&quot;:10,&quot;mobileGutter&quot;:10,&quot;tabletGutter&quot;:10,&quot;desktopGutter&quot;:10,&quot;enableResponsive&quot;:&quot;0&quot;,&quot;tabletColumns&quot;:&quot;2&quot;,&quot;mobileColumns&quot;:&quot;1&quot;,&quot;lazyLoad&quot;:&quot;1&quot;,&quot;lightboxOpts&quot;:{&quot;animated&quot;:true,&quot;Thumbs&quot;:{&quot;type&quot;:&quot;modern&quot;,&quot;showOnStart&quot;:false},&quot;Toolbar&quot;:{&quot;display&quot;:{&quot;right&quot;:[&quot;close&quot;]},&quot;enabled&quot;:true},&quot;Carousel&quot;:{&quot;Panzoom&quot;:{&quot;touch&quot;:false},&quot;infinite&quot;:false},&quot;keyboard&quot;:{&quot;Escape&quot;:&quot;close&quot;,&quot;Delete&quot;:&quot;close&quot;,&quot;Backspace&quot;:&quot;close&quot;,&quot;PageUp&quot;:false,&quot;PageDown&quot;:false,&quot;ArrowUp&quot;:false,&quot;ArrowDown&quot;:false,&quot;ArrowRight&quot;:false,&quot;ArrowLeft&quot;:false},&quot;touch&quot;:false,&quot;backdropClick&quot;:false,&quot;l10n&quot;:{&quot;CLOSE&quot;:&quot;Close&quot;,&quot;NEXT&quot;:&quot;Next&quot;,&quot;PREV&quot;:&quot;Previous&quot;,&quot;Error&quot;:&quot;The requested content cannot be loaded. Please try again later.&quot;,&quot;PLAY_START&quot;:&quot;Start slideshow&quot;,&quot;PLAY_STOP&quot;:&quot;Pause slideshow&quot;,&quot;FULL_SCREEN&quot;:&quot;Full screen&quot;,&quot;THUMBS&quot;:&quot;Thumbnails&quot;,&quot;DOWNLOAD&quot;:&quot;Download&quot;,&quot;SHARE&quot;:&quot;Share&quot;,&quot;ZOOM&quot;:&quot;Zoom&quot;,&quot;EMAIL&quot;:&quot;Here is the link to the image : %%image_link%% and this is the link to the gallery : %%gallery_link%%&quot;,&quot;MODAL&quot;:&quot;You can close this modal content with the ESC key&quot;,&quot;ERROR&quot;:&quot;Something Went Wrong, Please Try Again Later&quot;,&quot;IMAGE_ERROR&quot;:&quot;Image Not Found&quot;,&quot;ELEMENT_NOT_FOUND&quot;:&quot;HTML Element Not Found&quot;,&quot;AJAX_NOT_FOUND&quot;:&quot;Error Loading AJAX : Not Found&quot;,&quot;AJAX_FORBIDDEN&quot;:&quot;Error Loading AJAX : Forbidden&quot;,&quot;IFRAME_ERROR&quot;:&quot;Error Loading Page&quot;,&quot;TOGGLE_ZOOM&quot;:&quot;Toggle zoom level&quot;,&quot;TOGGLE_THUMBS&quot;:&quot;Toggle thumbnails&quot;,&quot;TOGGLE_SLIDESHOW&quot;:&quot;Toggle slideshow&quot;,&quot;TOGGLE_FULLSCREEN&quot;:&quot;Toggle full-screen mode&quot;},&quot;Images&quot;:{&quot;Panzoom&quot;:{&quot;maxScale&quot;:2}},&quot;mainClass&quot;:&quot;modula-fancybox-container modula-lightbox-jtg-1444&quot;,&quot;Html&quot;:{&quot;videoAutoplay&quot;:0,&quot;videoTpl&quot;:&quot;&lt;video class=\\&quot;fancybox__html5video\\&quot; controls muted playsinline controlsList controlsList=\\&quot;nodownload\\&quot; poster=\\&quot;{{poster}}\\&quot; src=\\&quot;{{src}}\\&quot; type=\\&quot;{{format}}\\&quot; &gt;  Sorry, your browser doesn&#039;t support embedded videos, &lt;a href=\\&quot;{{src}}\\&quot;&gt; download &lt;\\\/a&gt; and watch with your favorite video player! &lt;\\\/video&gt;&quot;}},&quot;inView&quot;:false,&quot;email_subject&quot;:&quot;Check out this awesome image !!&quot;,&quot;email_message&quot;:&quot;Here is the link to the image : %%image_link%% and this is the link to the gallery : %%gallery_link%%&quot;,&quot;lightbox&quot;:&quot;fancybox&quot;}\">\n\n\t\n\t<div  class=\"modula-items\">\n\t\t<div class=\"modula-item effect-pufrobo\" data-width=\"2\" data-height=\"2\" >\n\t<div class=\"modula-item-overlay\"><\/div>\n\n\t<div class=\"modula-item-content\">\n\n\t\t\t\t\n\t\t\t\t\t<a data-image-id=\"1453\" tabindex=\"0\" rel=\"jtg-1444\" data-caption=\"\" aria-label=\"Open image in lightbox\" role=\"button\" class=\"tile-inner modula-item-link\"><\/a>\n\t\t\n\t\t<img class=\"pic wp-image-1453 lazyload\"  data-valign=\"middle\" data-halign=\"center\" alt=\"\" data-full=\"https:\/\/srmadeira.oet.pt\/wordpress\/wp-content\/uploads\/2023\/02\/programa.jpg\" title=\"programa\" width=\"202\" height=\"300\" data-src=\"https:\/\/srmadeira.oet.pt\/wordpress\/wp-content\/uploads\/2023\/02\/programa-202x300.jpg\" data-caption=\"\" data-source=\"modula\" data-srcset=\"https:\/\/srmadeira.oet.pt\/wordpress\/wp-content\/uploads\/2023\/02\/programa.jpg 419w, https:\/\/srmadeira.oet.pt\/wordpress\/wp-content\/uploads\/2023\/02\/programa-202x300.jpg 202w\" data-sizes=\"(max-width: 202px) 100vw, 202px\" \/>\n\t\t<div class=\"figc no-description\">\n\t\t\t<div class=\"figc-inner\">\n\t\t\t\t\t\t\t\t\t\t\t\t\t\t\t<\/div>\n\t\t<\/div>\n\n\t<\/div>\n\n<\/div><div class=\"modula-item effect-pufrobo\" data-width=\"2\" data-height=\"2\" >\n\t<div class=\"modula-item-overlay\"><\/div>\n\n\t<div class=\"modula-item-content\">\n\n\t\t\t\t\n\t\t\t\t\t<a data-image-id=\"1445\" tabindex=\"0\" rel=\"jtg-1444\" data-caption=\"\" aria-label=\"Open image in lightbox\" role=\"button\" class=\"tile-inner modula-item-link\"><\/a>\n\t\t\n\t\t<img class=\"pic wp-image-1445 lazyload\"  data-valign=\"middle\" data-halign=\"center\" alt=\"\" data-full=\"https:\/\/srmadeira.oet.pt\/wordpress\/wp-content\/uploads\/2023\/02\/anuncio-jm_resize30percent.jpg\" title=\"anuncio jm_resize30percent\" width=\"229\" height=\"300\" data-src=\"https:\/\/srmadeira.oet.pt\/wordpress\/wp-content\/uploads\/2023\/02\/anuncio-jm_resize30percent-229x300.jpg\" data-caption=\"\" data-source=\"modula\" data-srcset=\"https:\/\/srmadeira.oet.pt\/wordpress\/wp-content\/uploads\/2023\/02\/anuncio-jm_resize30percent.jpg 1134w, https:\/\/srmadeira.oet.pt\/wordpress\/wp-content\/uploads\/2023\/02\/anuncio-jm_resize30percent-229x300.jpg 229w, https:\/\/srmadeira.oet.pt\/wordpress\/wp-content\/uploads\/2023\/02\/anuncio-jm_resize30percent-782x1024.jpg 782w, https:\/\/srmadeira.oet.pt\/wordpress\/wp-content\/uploads\/2023\/02\/anuncio-jm_resize30percent-768x1006.jpg 768w\" data-sizes=\"(max-width: 229px) 100vw, 229px\" \/>\n\t\t<div class=\"figc no-description\">\n\t\t\t<div class=\"figc-inner\">\n\t\t\t\t\t\t\t\t\t\t\t\t\t\t\t<\/div>\n\t\t<\/div>\n\n\t<\/div>\n\n<\/div><div class=\"modula-item effect-pufrobo\" data-width=\"2\" data-height=\"2\" >\n\t<div class=\"modula-item-overlay\"><\/div>\n\n\t<div class=\"modula-item-content\">\n\n\t\t\t\t\n\t\t\t\t\t<a data-image-id=\"1447\" tabindex=\"0\" rel=\"jtg-1444\" data-caption=\"\" aria-label=\"Open image in lightbox\" role=\"button\" class=\"tile-inner modula-item-link\"><\/a>\n\t\t\n\t\t<img class=\"pic wp-image-1447 lazyload\"  data-valign=\"middle\" data-halign=\"center\" alt=\"\" data-full=\"https:\/\/srmadeira.oet.pt\/wordpress\/wp-content\/uploads\/2023\/02\/DSC_0078_resize30percent-1.jpg\" title=\"DSC_0078_resize30percent\" width=\"300\" height=\"214\" data-src=\"https:\/\/srmadeira.oet.pt\/wordpress\/wp-content\/uploads\/2023\/02\/DSC_0078_resize30percent-1-300x214.jpg\" data-caption=\"\" data-source=\"modula\" data-srcset=\"https:\/\/srmadeira.oet.pt\/wordpress\/wp-content\/uploads\/2023\/02\/DSC_0078_resize30percent-1.jpg 1155w, https:\/\/srmadeira.oet.pt\/wordpress\/wp-content\/uploads\/2023\/02\/DSC_0078_resize30percent-1-300x214.jpg 300w, https:\/\/srmadeira.oet.pt\/wordpress\/wp-content\/uploads\/2023\/02\/DSC_0078_resize30percent-1-1024x731.jpg 1024w, https:\/\/srmadeira.oet.pt\/wordpress\/wp-content\/uploads\/2023\/02\/DSC_0078_resize30percent-1-768x548.jpg 768w\" data-sizes=\"(max-width: 300px) 100vw, 300px\" \/>\n\t\t<div class=\"figc no-description\">\n\t\t\t<div class=\"figc-inner\">\n\t\t\t\t\t\t\t\t\t\t\t\t\t\t\t<\/div>\n\t\t<\/div>\n\n\t<\/div>\n\n<\/div><div class=\"modula-item effect-pufrobo\" data-width=\"2\" data-height=\"2\" >\n\t<div class=\"modula-item-overlay\"><\/div>\n\n\t<div class=\"modula-item-content\">\n\n\t\t\t\t\n\t\t\t\t\t<a data-image-id=\"1448\" tabindex=\"0\" rel=\"jtg-1444\" data-caption=\"\" aria-label=\"Open image in lightbox\" role=\"button\" class=\"tile-inner modula-item-link\"><\/a>\n\t\t\n\t\t<img class=\"pic wp-image-1448 lazyload\"  data-valign=\"middle\" data-halign=\"center\" alt=\"\" data-full=\"https:\/\/srmadeira.oet.pt\/wordpress\/wp-content\/uploads\/2023\/02\/DSC_0094_resize30percent.jpg\" title=\"DSC_0094_resize30percent\" width=\"300\" height=\"198\" data-src=\"https:\/\/srmadeira.oet.pt\/wordpress\/wp-content\/uploads\/2023\/02\/DSC_0094_resize30percent-300x198.jpg\" data-caption=\"\" data-source=\"modula\" data-srcset=\"https:\/\/srmadeira.oet.pt\/wordpress\/wp-content\/uploads\/2023\/02\/DSC_0094_resize30percent.jpg 1117w, https:\/\/srmadeira.oet.pt\/wordpress\/wp-content\/uploads\/2023\/02\/DSC_0094_resize30percent-300x198.jpg 300w, https:\/\/srmadeira.oet.pt\/wordpress\/wp-content\/uploads\/2023\/02\/DSC_0094_resize30percent-1024x677.jpg 1024w, https:\/\/srmadeira.oet.pt\/wordpress\/wp-content\/uploads\/2023\/02\/DSC_0094_resize30percent-768x508.jpg 768w\" data-sizes=\"(max-width: 300px) 100vw, 300px\" \/>\n\t\t<div class=\"figc no-description\">\n\t\t\t<div class=\"figc-inner\">\n\t\t\t\t\t\t\t\t\t\t\t\t\t\t\t<\/div>\n\t\t<\/div>\n\n\t<\/div>\n\n<\/div><div class=\"modula-item effect-pufrobo\" data-width=\"2\" data-height=\"2\" >\n\t<div class=\"modula-item-overlay\"><\/div>\n\n\t<div class=\"modula-item-content\">\n\n\t\t\t\t\n\t\t\t\t\t<a data-image-id=\"1449\" tabindex=\"0\" rel=\"jtg-1444\" data-caption=\"\" aria-label=\"Open image in lightbox\" role=\"button\" class=\"tile-inner modula-item-link\"><\/a>\n\t\t\n\t\t<img class=\"pic wp-image-1449 lazyload\"  data-valign=\"middle\" data-halign=\"center\" alt=\"\" data-full=\"https:\/\/srmadeira.oet.pt\/wordpress\/wp-content\/uploads\/2023\/02\/DSC_0104_resize30percent-1.jpg\" title=\"DSC_0104_resize30percent\" width=\"300\" height=\"198\" data-src=\"https:\/\/srmadeira.oet.pt\/wordpress\/wp-content\/uploads\/2023\/02\/DSC_0104_resize30percent-1-300x198.jpg\" data-caption=\"\" data-source=\"modula\" data-srcset=\"https:\/\/srmadeira.oet.pt\/wordpress\/wp-content\/uploads\/2023\/02\/DSC_0104_resize30percent-1.jpg 1198w, https:\/\/srmadeira.oet.pt\/wordpress\/wp-content\/uploads\/2023\/02\/DSC_0104_resize30percent-1-300x198.jpg 300w, https:\/\/srmadeira.oet.pt\/wordpress\/wp-content\/uploads\/2023\/02\/DSC_0104_resize30percent-1-1024x677.jpg 1024w, https:\/\/srmadeira.oet.pt\/wordpress\/wp-content\/uploads\/2023\/02\/DSC_0104_resize30percent-1-768x508.jpg 768w\" data-sizes=\"(max-width: 300px) 100vw, 300px\" \/>\n\t\t<div class=\"figc no-description\">\n\t\t\t<div class=\"figc-inner\">\n\t\t\t\t\t\t\t\t\t\t\t\t\t\t\t<\/div>\n\t\t<\/div>\n\n\t<\/div>\n\n<\/div><div class=\"modula-item effect-pufrobo\" data-width=\"2\" data-height=\"2\" >\n\t<div class=\"modula-item-overlay\"><\/div>\n\n\t<div class=\"modula-item-content\">\n\n\t\t\t\t\n\t\t\t\t\t<a data-image-id=\"1450\" tabindex=\"0\" rel=\"jtg-1444\" data-caption=\"\" aria-label=\"Open image in lightbox\" role=\"button\" class=\"tile-inner modula-item-link\"><\/a>\n\t\t\n\t\t<img class=\"pic wp-image-1450 lazyload\"  data-valign=\"middle\" data-halign=\"center\" alt=\"\" data-full=\"https:\/\/srmadeira.oet.pt\/wordpress\/wp-content\/uploads\/2023\/02\/DSC_0109_resize30percent-1.jpg\" title=\"DSC_0109_resize30percent\" width=\"300\" height=\"199\" data-src=\"https:\/\/srmadeira.oet.pt\/wordpress\/wp-content\/uploads\/2023\/02\/DSC_0109_resize30percent-1-300x199.jpg\" data-caption=\"\" data-source=\"modula\" data-srcset=\"https:\/\/srmadeira.oet.pt\/wordpress\/wp-content\/uploads\/2023\/02\/DSC_0109_resize30percent-1.jpg 1286w, https:\/\/srmadeira.oet.pt\/wordpress\/wp-content\/uploads\/2023\/02\/DSC_0109_resize30percent-1-300x199.jpg 300w, https:\/\/srmadeira.oet.pt\/wordpress\/wp-content\/uploads\/2023\/02\/DSC_0109_resize30percent-1-1024x680.jpg 1024w, https:\/\/srmadeira.oet.pt\/wordpress\/wp-content\/uploads\/2023\/02\/DSC_0109_resize30percent-1-768x510.jpg 768w\" data-sizes=\"(max-width: 300px) 100vw, 300px\" \/>\n\t\t<div class=\"figc no-description\">\n\t\t\t<div class=\"figc-inner\">\n\t\t\t\t\t\t\t\t\t\t\t\t\t\t\t<\/div>\n\t\t<\/div>\n\n\t<\/div>\n\n<\/div><div class=\"modula-item effect-pufrobo\" data-width=\"2\" data-height=\"2\" >\n\t<div class=\"modula-item-overlay\"><\/div>\n\n\t<div class=\"modula-item-content\">\n\n\t\t\t\t\n\t\t\t\t\t<a data-image-id=\"1451\" tabindex=\"0\" rel=\"jtg-1444\" data-caption=\"\" aria-label=\"Open image in lightbox\" role=\"button\" class=\"tile-inner modula-item-link\"><\/a>\n\t\t\n\t\t<img class=\"pic wp-image-1451 lazyload\"  data-valign=\"middle\" data-halign=\"center\" alt=\"\" data-full=\"https:\/\/srmadeira.oet.pt\/wordpress\/wp-content\/uploads\/2023\/02\/DSC_0117_resize30percent-2.jpg\" title=\"DSC_0117_resize30percent\" width=\"300\" height=\"194\" data-src=\"https:\/\/srmadeira.oet.pt\/wordpress\/wp-content\/uploads\/2023\/02\/DSC_0117_resize30percent-2-300x194.jpg\" data-caption=\"\" data-source=\"modula\" data-srcset=\"https:\/\/srmadeira.oet.pt\/wordpress\/wp-content\/uploads\/2023\/02\/DSC_0117_resize30percent-2.jpg 1186w, https:\/\/srmadeira.oet.pt\/wordpress\/wp-content\/uploads\/2023\/02\/DSC_0117_resize30percent-2-300x194.jpg 300w, https:\/\/srmadeira.oet.pt\/wordpress\/wp-content\/uploads\/2023\/02\/DSC_0117_resize30percent-2-1024x663.jpg 1024w, https:\/\/srmadeira.oet.pt\/wordpress\/wp-content\/uploads\/2023\/02\/DSC_0117_resize30percent-2-768x497.jpg 768w\" data-sizes=\"(max-width: 300px) 100vw, 300px\" \/>\n\t\t<div class=\"figc no-description\">\n\t\t\t<div class=\"figc-inner\">\n\t\t\t\t\t\t\t\t\t\t\t\t\t\t\t<\/div>\n\t\t<\/div>\n\n\t<\/div>\n\n<\/div><div class=\"modula-item effect-pufrobo\" data-width=\"2\" data-height=\"2\" >\n\t<div class=\"modula-item-overlay\"><\/div>\n\n\t<div class=\"modula-item-content\">\n\n\t\t\t\t\n\t\t\t\t\t<a data-image-id=\"1452\" tabindex=\"0\" rel=\"jtg-1444\" data-caption=\"\" aria-label=\"Open image in lightbox\" role=\"button\" class=\"tile-inner modula-item-link\"><\/a>\n\t\t\n\t\t<img class=\"pic wp-image-1452 lazyload\"  data-valign=\"middle\" data-halign=\"center\" alt=\"\" data-full=\"https:\/\/srmadeira.oet.pt\/wordpress\/wp-content\/uploads\/2023\/02\/DSC_0135_resize30percent-1.jpg\" title=\"DSC_0135_resize30percent\" width=\"300\" height=\"199\" data-src=\"https:\/\/srmadeira.oet.pt\/wordpress\/wp-content\/uploads\/2023\/02\/DSC_0135_resize30percent-1-300x199.jpg\" data-caption=\"\" data-source=\"modula\" data-srcset=\"https:\/\/srmadeira.oet.pt\/wordpress\/wp-content\/uploads\/2023\/02\/DSC_0135_resize30percent-1.jpg 1286w, https:\/\/srmadeira.oet.pt\/wordpress\/wp-content\/uploads\/2023\/02\/DSC_0135_resize30percent-1-300x199.jpg 300w, https:\/\/srmadeira.oet.pt\/wordpress\/wp-content\/uploads\/2023\/02\/DSC_0135_resize30percent-1-1024x680.jpg 1024w, https:\/\/srmadeira.oet.pt\/wordpress\/wp-content\/uploads\/2023\/02\/DSC_0135_resize30percent-1-768x510.jpg 768w\" data-sizes=\"(max-width: 300px) 100vw, 300px\" \/>\n\t\t<div class=\"figc no-description\">\n\t\t\t<div class=\"figc-inner\">\n\t\t\t\t\t\t\t\t\t\t\t\t\t\t\t<\/div>\n\t\t<\/div>\n\n\t<\/div>\n\n<\/div>\t\t\n\t<\/div>\n\n\t\n\t\n\t<script type=\"application\/ld+json\">\n\t{\n\t\t\"@context\": \"http:\/\/schema.org\",\n\t\t\"@type\"   : \"ImageGallery\",\n\t\t\"id\"      : \"https:\/\/srmadeira.oet.pt\/wordpress\/publicacoes-na-imprensa\/\",\n\t\t\"url\"     : \"https:\/\/srmadeira.oet.pt\/wordpress\/publicacoes-na-imprensa\/\"\n\t}\n\n\t<\/script>\n\n\t\n<\/div>\n\n\n\n<p class=\"has-ast-global-color-5-color has-ast-global-color-1-background-color has-text-color has-background\">4 de Dezembro de 2015, Semin\u00e1rio\/Sess\u00e3o de esclarecimento sobre as implica\u00e7\u00f5es que a Lei n\u00ba40\/2015 e a Lei n\u00ba41\/2015 ter\u00e3o no Exerc\u00edcio da Atividade da Constru\u00e7\u00e3o (Novos Alvar\u00e1s) e na Qualifica\u00e7\u00e3o Profissional Exigida aos T\u00e9cnicos.<\/p>\n\n\n<style>#jtg-1315 .modula-item .jtg-social a, .lightbox-socials.jtg-social a{ fill: #ffffff; color: #ffffff }#jtg-1315 .modula-item .jtg-social-expandable a, #jtg-1315 .modula-item .jtg-social-expandable-icons a{ fill: #ffffff; color: #ffffff }#jtg-1315 .modula-item .jtg-social svg, .lightbox-socials.jtg-social svg { height: 16px; width: 16px }#jtg-1315 .modula-item .jtg-social-expandable svg { height: 16px; width: 16px }#jtg-1315 .modula-item .jtg-social-expandable-icons svg { height: 16px; width: 16px }#jtg-1315 .modula-item .jtg-social a:not(:last-child), .lightbox-socials.jtg-social a:not(:last-child) { margin-right: 10px }#jtg-1315 .modula-item .jtg-social-expandable-icons { gap: 10px }#jtg-1315 .modula-item .figc {color:#ffffff;}#jtg-1315 .modula-item .modula-item-content { transform: scale(1) }#jtg-1315 .modula-items .figc p.description { font-size:14px; }#jtg-1315 .modula-items .figc p.description { color:#ffffff;}#jtg-1315.modula-gallery .modula-item > a, #jtg-1315.modula-gallery .modula-item, #jtg-1315.modula-gallery .modula-item-content > a:not(.modula-no-follow) { cursor:zoom-in; } #jtg-1315.modula-gallery .modula-item-content .modula-no-follow { cursor: default; } @media screen and (max-width:480px){#jtg-1315 .modula-item .figc .jtg-title {  font-size: 12px; }#jtg-1315 .modula-items .figc p.description { color:#ffffff;font-size:10px; }}<\/style>\n<div  id=\"jtg-1315\" class=\"modula modula-gallery modula-custom-grid modula-is-lazy\" data-config=\"{&quot;height&quot;:0,&quot;tabletHeight&quot;:0,&quot;mobileHeight&quot;:0,&quot;desktopHeight&quot;:0,&quot;enableTwitter&quot;:false,&quot;enableWhatsapp&quot;:false,&quot;enableFacebook&quot;:false,&quot;enablePinterest&quot;:false,&quot;enableLinkedin&quot;:false,&quot;enableEmail&quot;:false,&quot;randomFactor&quot;:0,&quot;type&quot;:&quot;custom-grid&quot;,&quot;columns&quot;:12,&quot;gutter&quot;:10,&quot;mobileGutter&quot;:10,&quot;tabletGutter&quot;:10,&quot;desktopGutter&quot;:10,&quot;enableResponsive&quot;:&quot;0&quot;,&quot;tabletColumns&quot;:&quot;2&quot;,&quot;mobileColumns&quot;:&quot;1&quot;,&quot;lazyLoad&quot;:&quot;1&quot;,&quot;lightboxOpts&quot;:{&quot;animated&quot;:true,&quot;Thumbs&quot;:{&quot;type&quot;:&quot;modern&quot;,&quot;showOnStart&quot;:false},&quot;Toolbar&quot;:{&quot;display&quot;:{&quot;right&quot;:[&quot;close&quot;]},&quot;enabled&quot;:true},&quot;Carousel&quot;:{&quot;Panzoom&quot;:{&quot;touch&quot;:false},&quot;infinite&quot;:false},&quot;keyboard&quot;:{&quot;Escape&quot;:&quot;close&quot;,&quot;Delete&quot;:&quot;close&quot;,&quot;Backspace&quot;:&quot;close&quot;,&quot;PageUp&quot;:false,&quot;PageDown&quot;:false,&quot;ArrowUp&quot;:false,&quot;ArrowDown&quot;:false,&quot;ArrowRight&quot;:false,&quot;ArrowLeft&quot;:false},&quot;touch&quot;:false,&quot;backdropClick&quot;:false,&quot;l10n&quot;:{&quot;CLOSE&quot;:&quot;Close&quot;,&quot;NEXT&quot;:&quot;Next&quot;,&quot;PREV&quot;:&quot;Previous&quot;,&quot;Error&quot;:&quot;The requested content cannot be loaded. Please try again later.&quot;,&quot;PLAY_START&quot;:&quot;Start slideshow&quot;,&quot;PLAY_STOP&quot;:&quot;Pause slideshow&quot;,&quot;FULL_SCREEN&quot;:&quot;Full screen&quot;,&quot;THUMBS&quot;:&quot;Thumbnails&quot;,&quot;DOWNLOAD&quot;:&quot;Download&quot;,&quot;SHARE&quot;:&quot;Share&quot;,&quot;ZOOM&quot;:&quot;Zoom&quot;,&quot;EMAIL&quot;:&quot;Here is the link to the image : %%image_link%% and this is the link to the gallery : %%gallery_link%%&quot;,&quot;MODAL&quot;:&quot;You can close this modal content with the ESC key&quot;,&quot;ERROR&quot;:&quot;Something Went Wrong, Please Try Again Later&quot;,&quot;IMAGE_ERROR&quot;:&quot;Image Not Found&quot;,&quot;ELEMENT_NOT_FOUND&quot;:&quot;HTML Element Not Found&quot;,&quot;AJAX_NOT_FOUND&quot;:&quot;Error Loading AJAX : Not Found&quot;,&quot;AJAX_FORBIDDEN&quot;:&quot;Error Loading AJAX : Forbidden&quot;,&quot;IFRAME_ERROR&quot;:&quot;Error Loading Page&quot;,&quot;TOGGLE_ZOOM&quot;:&quot;Toggle zoom level&quot;,&quot;TOGGLE_THUMBS&quot;:&quot;Toggle thumbnails&quot;,&quot;TOGGLE_SLIDESHOW&quot;:&quot;Toggle slideshow&quot;,&quot;TOGGLE_FULLSCREEN&quot;:&quot;Toggle full-screen mode&quot;},&quot;Images&quot;:{&quot;Panzoom&quot;:{&quot;maxScale&quot;:2}},&quot;mainClass&quot;:&quot;modula-fancybox-container modula-lightbox-jtg-1315&quot;,&quot;Html&quot;:{&quot;videoAutoplay&quot;:0,&quot;videoTpl&quot;:&quot;&lt;video class=\\&quot;fancybox__html5video\\&quot; controls muted playsinline controlsList controlsList=\\&quot;nodownload\\&quot; poster=\\&quot;{{poster}}\\&quot; src=\\&quot;{{src}}\\&quot; type=\\&quot;{{format}}\\&quot; &gt;  Sorry, your browser doesn&#039;t support embedded videos, &lt;a href=\\&quot;{{src}}\\&quot;&gt; download &lt;\\\/a&gt; and watch with your favorite video player! &lt;\\\/video&gt;&quot;}},&quot;inView&quot;:false,&quot;email_subject&quot;:&quot;Check out this awesome image !!&quot;,&quot;email_message&quot;:&quot;Here is the link to the image : %%image_link%% and this is the link to the gallery : %%gallery_link%%&quot;,&quot;lightbox&quot;:&quot;fancybox&quot;}\">\n\n\t\n\t<div  class=\"modula-items\">\n\t\t<div class=\"modula-item effect-pufrobo\" data-width=\"2\" data-height=\"2\" >\n\t<div class=\"modula-item-overlay\"><\/div>\n\n\t<div class=\"modula-item-content\">\n\n\t\t\t\t\n\t\t\t\t\t<a data-image-id=\"1316\" tabindex=\"0\" rel=\"jtg-1315\" data-caption=\"\" aria-label=\"Open image in lightbox\" role=\"button\" class=\"tile-inner modula-item-link\"><\/a>\n\t\t\n\t\t<img class=\"pic wp-image-1316 lazyload\"  data-valign=\"middle\" data-halign=\"center\" alt=\"\" data-full=\"https:\/\/srmadeira.oet.pt\/wordpress\/wp-content\/uploads\/2023\/02\/IMG_0093_resize40percent.jpg\" title=\"IMG_0093_resize40percent\" width=\"300\" height=\"225\" data-src=\"https:\/\/srmadeira.oet.pt\/wordpress\/wp-content\/uploads\/2023\/02\/IMG_0093_resize40percent-300x225.jpg\" data-caption=\"\" data-source=\"modula\" data-srcset=\"https:\/\/srmadeira.oet.pt\/wordpress\/wp-content\/uploads\/2023\/02\/IMG_0093_resize40percent.jpg 1612w, https:\/\/srmadeira.oet.pt\/wordpress\/wp-content\/uploads\/2023\/02\/IMG_0093_resize40percent-300x225.jpg 300w, https:\/\/srmadeira.oet.pt\/wordpress\/wp-content\/uploads\/2023\/02\/IMG_0093_resize40percent-1024x768.jpg 1024w, https:\/\/srmadeira.oet.pt\/wordpress\/wp-content\/uploads\/2023\/02\/IMG_0093_resize40percent-768x576.jpg 768w, https:\/\/srmadeira.oet.pt\/wordpress\/wp-content\/uploads\/2023\/02\/IMG_0093_resize40percent-1536x1152.jpg 1536w\" data-sizes=\"(max-width: 300px) 100vw, 300px\" \/>\n\t\t<div class=\"figc no-description\">\n\t\t\t<div class=\"figc-inner\">\n\t\t\t\t\t\t\t\t\t\t\t\t\t\t\t<\/div>\n\t\t<\/div>\n\n\t<\/div>\n\n<\/div><div class=\"modula-item effect-pufrobo\" data-width=\"2\" data-height=\"2\" >\n\t<div class=\"modula-item-overlay\"><\/div>\n\n\t<div class=\"modula-item-content\">\n\n\t\t\t\t\n\t\t\t\t\t<a data-image-id=\"1317\" tabindex=\"0\" rel=\"jtg-1315\" data-caption=\"\" aria-label=\"Open image in lightbox\" role=\"button\" class=\"tile-inner modula-item-link\"><\/a>\n\t\t\n\t\t<img class=\"pic wp-image-1317 lazyload\"  data-valign=\"middle\" data-halign=\"center\" alt=\"\" data-full=\"https:\/\/srmadeira.oet.pt\/wordpress\/wp-content\/uploads\/2023\/02\/IMG_0100_resize40percent.jpg\" title=\"IMG_0100_resize40percent\" width=\"300\" height=\"225\" data-src=\"https:\/\/srmadeira.oet.pt\/wordpress\/wp-content\/uploads\/2023\/02\/IMG_0100_resize40percent-300x225.jpg\" data-caption=\"\" data-source=\"modula\" data-srcset=\"https:\/\/srmadeira.oet.pt\/wordpress\/wp-content\/uploads\/2023\/02\/IMG_0100_resize40percent.jpg 1612w, https:\/\/srmadeira.oet.pt\/wordpress\/wp-content\/uploads\/2023\/02\/IMG_0100_resize40percent-300x225.jpg 300w, https:\/\/srmadeira.oet.pt\/wordpress\/wp-content\/uploads\/2023\/02\/IMG_0100_resize40percent-1024x768.jpg 1024w, https:\/\/srmadeira.oet.pt\/wordpress\/wp-content\/uploads\/2023\/02\/IMG_0100_resize40percent-768x576.jpg 768w, https:\/\/srmadeira.oet.pt\/wordpress\/wp-content\/uploads\/2023\/02\/IMG_0100_resize40percent-1536x1152.jpg 1536w\" data-sizes=\"(max-width: 300px) 100vw, 300px\" \/>\n\t\t<div class=\"figc no-description\">\n\t\t\t<div class=\"figc-inner\">\n\t\t\t\t\t\t\t\t\t\t\t\t\t\t\t<\/div>\n\t\t<\/div>\n\n\t<\/div>\n\n<\/div><div class=\"modula-item effect-pufrobo\" data-width=\"2\" data-height=\"2\" >\n\t<div class=\"modula-item-overlay\"><\/div>\n\n\t<div class=\"modula-item-content\">\n\n\t\t\t\t\n\t\t\t\t\t<a data-image-id=\"1318\" tabindex=\"0\" rel=\"jtg-1315\" data-caption=\"\" aria-label=\"Open image in lightbox\" role=\"button\" class=\"tile-inner modula-item-link\"><\/a>\n\t\t\n\t\t<img class=\"pic wp-image-1318 lazyload\"  data-valign=\"middle\" data-halign=\"center\" alt=\"\" data-full=\"https:\/\/srmadeira.oet.pt\/wordpress\/wp-content\/uploads\/2023\/02\/IMG_0102_resize40percent.jpg\" title=\"IMG_0102_resize40percent\" width=\"300\" height=\"225\" data-src=\"https:\/\/srmadeira.oet.pt\/wordpress\/wp-content\/uploads\/2023\/02\/IMG_0102_resize40percent-300x225.jpg\" data-caption=\"\" data-source=\"modula\" data-srcset=\"https:\/\/srmadeira.oet.pt\/wordpress\/wp-content\/uploads\/2023\/02\/IMG_0102_resize40percent.jpg 1612w, https:\/\/srmadeira.oet.pt\/wordpress\/wp-content\/uploads\/2023\/02\/IMG_0102_resize40percent-300x225.jpg 300w, https:\/\/srmadeira.oet.pt\/wordpress\/wp-content\/uploads\/2023\/02\/IMG_0102_resize40percent-1024x768.jpg 1024w, https:\/\/srmadeira.oet.pt\/wordpress\/wp-content\/uploads\/2023\/02\/IMG_0102_resize40percent-768x576.jpg 768w, https:\/\/srmadeira.oet.pt\/wordpress\/wp-content\/uploads\/2023\/02\/IMG_0102_resize40percent-1536x1152.jpg 1536w\" data-sizes=\"(max-width: 300px) 100vw, 300px\" \/>\n\t\t<div class=\"figc no-description\">\n\t\t\t<div class=\"figc-inner\">\n\t\t\t\t\t\t\t\t\t\t\t\t\t\t\t<\/div>\n\t\t<\/div>\n\n\t<\/div>\n\n<\/div><div class=\"modula-item effect-pufrobo\" data-width=\"2\" data-height=\"2\" >\n\t<div class=\"modula-item-overlay\"><\/div>\n\n\t<div class=\"modula-item-content\">\n\n\t\t\t\t\n\t\t\t\t\t<a data-image-id=\"1319\" tabindex=\"0\" rel=\"jtg-1315\" data-caption=\"\" aria-label=\"Open image in lightbox\" role=\"button\" class=\"tile-inner modula-item-link\"><\/a>\n\t\t\n\t\t<img class=\"pic wp-image-1319 lazyload\"  data-valign=\"middle\" data-halign=\"center\" alt=\"\" data-full=\"https:\/\/srmadeira.oet.pt\/wordpress\/wp-content\/uploads\/2023\/02\/IMG_0109_resize40percent.jpg\" title=\"IMG_0109_resize40percent\" width=\"300\" height=\"225\" data-src=\"https:\/\/srmadeira.oet.pt\/wordpress\/wp-content\/uploads\/2023\/02\/IMG_0109_resize40percent-300x225.jpg\" data-caption=\"\" data-source=\"modula\" data-srcset=\"https:\/\/srmadeira.oet.pt\/wordpress\/wp-content\/uploads\/2023\/02\/IMG_0109_resize40percent.jpg 1612w, https:\/\/srmadeira.oet.pt\/wordpress\/wp-content\/uploads\/2023\/02\/IMG_0109_resize40percent-300x225.jpg 300w, https:\/\/srmadeira.oet.pt\/wordpress\/wp-content\/uploads\/2023\/02\/IMG_0109_resize40percent-1024x768.jpg 1024w, https:\/\/srmadeira.oet.pt\/wordpress\/wp-content\/uploads\/2023\/02\/IMG_0109_resize40percent-768x576.jpg 768w, https:\/\/srmadeira.oet.pt\/wordpress\/wp-content\/uploads\/2023\/02\/IMG_0109_resize40percent-1536x1152.jpg 1536w\" data-sizes=\"(max-width: 300px) 100vw, 300px\" \/>\n\t\t<div class=\"figc no-description\">\n\t\t\t<div class=\"figc-inner\">\n\t\t\t\t\t\t\t\t\t\t\t\t\t\t\t<\/div>\n\t\t<\/div>\n\n\t<\/div>\n\n<\/div><div class=\"modula-item effect-pufrobo\" data-width=\"2\" data-height=\"2\" >\n\t<div class=\"modula-item-overlay\"><\/div>\n\n\t<div class=\"modula-item-content\">\n\n\t\t\t\t\n\t\t\t\t\t<a data-image-id=\"1320\" tabindex=\"0\" rel=\"jtg-1315\" data-caption=\"\" aria-label=\"Open image in lightbox\" role=\"button\" class=\"tile-inner modula-item-link\"><\/a>\n\t\t\n\t\t<img class=\"pic wp-image-1320 lazyload\"  data-valign=\"middle\" data-halign=\"center\" alt=\"\" data-full=\"https:\/\/srmadeira.oet.pt\/wordpress\/wp-content\/uploads\/2023\/02\/IMG_0116_resize40percent.jpg\" title=\"IMG_0116_resize40percent\" width=\"300\" height=\"225\" data-src=\"https:\/\/srmadeira.oet.pt\/wordpress\/wp-content\/uploads\/2023\/02\/IMG_0116_resize40percent-300x225.jpg\" data-caption=\"\" data-source=\"modula\" data-srcset=\"https:\/\/srmadeira.oet.pt\/wordpress\/wp-content\/uploads\/2023\/02\/IMG_0116_resize40percent.jpg 1612w, https:\/\/srmadeira.oet.pt\/wordpress\/wp-content\/uploads\/2023\/02\/IMG_0116_resize40percent-300x225.jpg 300w, https:\/\/srmadeira.oet.pt\/wordpress\/wp-content\/uploads\/2023\/02\/IMG_0116_resize40percent-1024x768.jpg 1024w, https:\/\/srmadeira.oet.pt\/wordpress\/wp-content\/uploads\/2023\/02\/IMG_0116_resize40percent-768x576.jpg 768w, https:\/\/srmadeira.oet.pt\/wordpress\/wp-content\/uploads\/2023\/02\/IMG_0116_resize40percent-1536x1152.jpg 1536w\" data-sizes=\"(max-width: 300px) 100vw, 300px\" \/>\n\t\t<div class=\"figc no-description\">\n\t\t\t<div class=\"figc-inner\">\n\t\t\t\t\t\t\t\t\t\t\t\t\t\t\t<\/div>\n\t\t<\/div>\n\n\t<\/div>\n\n<\/div><div class=\"modula-item effect-pufrobo\" data-width=\"2\" data-height=\"2\" >\n\t<div class=\"modula-item-overlay\"><\/div>\n\n\t<div class=\"modula-item-content\">\n\n\t\t\t\t\n\t\t\t\t\t<a data-image-id=\"1321\" tabindex=\"0\" rel=\"jtg-1315\" data-caption=\"\" aria-label=\"Open image in lightbox\" role=\"button\" class=\"tile-inner modula-item-link\"><\/a>\n\t\t\n\t\t<img class=\"pic wp-image-1321 lazyload\"  data-valign=\"middle\" data-halign=\"center\" alt=\"\" data-full=\"https:\/\/srmadeira.oet.pt\/wordpress\/wp-content\/uploads\/2023\/02\/IMG_0119_resize40percent.jpg\" title=\"IMG_0119_resize40percent\" width=\"300\" height=\"225\" data-src=\"https:\/\/srmadeira.oet.pt\/wordpress\/wp-content\/uploads\/2023\/02\/IMG_0119_resize40percent-300x225.jpg\" data-caption=\"\" data-source=\"modula\" data-srcset=\"https:\/\/srmadeira.oet.pt\/wordpress\/wp-content\/uploads\/2023\/02\/IMG_0119_resize40percent.jpg 1612w, https:\/\/srmadeira.oet.pt\/wordpress\/wp-content\/uploads\/2023\/02\/IMG_0119_resize40percent-300x225.jpg 300w, https:\/\/srmadeira.oet.pt\/wordpress\/wp-content\/uploads\/2023\/02\/IMG_0119_resize40percent-1024x768.jpg 1024w, https:\/\/srmadeira.oet.pt\/wordpress\/wp-content\/uploads\/2023\/02\/IMG_0119_resize40percent-768x576.jpg 768w, https:\/\/srmadeira.oet.pt\/wordpress\/wp-content\/uploads\/2023\/02\/IMG_0119_resize40percent-1536x1152.jpg 1536w\" data-sizes=\"(max-width: 300px) 100vw, 300px\" \/>\n\t\t<div class=\"figc no-description\">\n\t\t\t<div class=\"figc-inner\">\n\t\t\t\t\t\t\t\t\t\t\t\t\t\t\t<\/div>\n\t\t<\/div>\n\n\t<\/div>\n\n<\/div>\t\t\n\t<\/div>\n\n\t\n\t\n\t<script type=\"application\/ld+json\">\n\t{\n\t\t\"@context\": \"http:\/\/schema.org\",\n\t\t\"@type\"   : \"ImageGallery\",\n\t\t\"id\"      : \"https:\/\/srmadeira.oet.pt\/wordpress\/publicacoes-na-imprensa\/\",\n\t\t\"url\"     : \"https:\/\/srmadeira.oet.pt\/wordpress\/publicacoes-na-imprensa\/\"\n\t}\n\n\t<\/script>\n\n\t\n<\/div>\n\n\n\n<p class=\"has-white-color has-ast-global-color-1-background-color has-text-color has-background has-small-font-size\">Conselho Directivo Regional \u2013 Porto Santo 10 e 11 de maio de 2012 Visita t\u00e9cnica \u00e0 \u201cUnidade de Captura e Uso Biol\u00f3gico de CO2 com Valoriza\u00e7\u00e3o Energ\u00e9tica\u201d.<\/p>\n\n\n<style>#jtg-1303 .modula-item .jtg-social a, .lightbox-socials.jtg-social a{ fill: #ffffff; color: #ffffff }#jtg-1303 .modula-item .jtg-social-expandable a, #jtg-1303 .modula-item .jtg-social-expandable-icons a{ fill: #ffffff; color: #ffffff }#jtg-1303 .modula-item .jtg-social svg, .lightbox-socials.jtg-social svg { height: 16px; width: 16px }#jtg-1303 .modula-item .jtg-social-expandable svg { height: 16px; width: 16px }#jtg-1303 .modula-item .jtg-social-expandable-icons svg { height: 16px; width: 16px }#jtg-1303 .modula-item .jtg-social a:not(:last-child), .lightbox-socials.jtg-social a:not(:last-child) { margin-right: 10px }#jtg-1303 .modula-item .jtg-social-expandable-icons { gap: 10px }#jtg-1303 .modula-item .figc {color:#ffffff;}#jtg-1303 .modula-item .modula-item-content { transform: scale(1) }#jtg-1303 .modula-items .figc p.description { font-size:14px; }#jtg-1303 .modula-items .figc p.description { color:#ffffff;}#jtg-1303.modula-gallery .modula-item > a, #jtg-1303.modula-gallery .modula-item, #jtg-1303.modula-gallery .modula-item-content > a:not(.modula-no-follow) { cursor:zoom-in; } #jtg-1303.modula-gallery .modula-item-content .modula-no-follow { cursor: default; } @media screen and (max-width:480px){#jtg-1303 .modula-item .figc .jtg-title {  font-size: 12px; }#jtg-1303 .modula-items .figc p.description { color:#ffffff;font-size:10px; }}<\/style>\n<div  id=\"jtg-1303\" class=\"modula modula-gallery modula-custom-grid modula-is-lazy\" data-config=\"{&quot;height&quot;:0,&quot;tabletHeight&quot;:0,&quot;mobileHeight&quot;:0,&quot;desktopHeight&quot;:0,&quot;enableTwitter&quot;:false,&quot;enableWhatsapp&quot;:false,&quot;enableFacebook&quot;:false,&quot;enablePinterest&quot;:false,&quot;enableLinkedin&quot;:false,&quot;enableEmail&quot;:false,&quot;randomFactor&quot;:0,&quot;type&quot;:&quot;custom-grid&quot;,&quot;columns&quot;:12,&quot;gutter&quot;:10,&quot;mobileGutter&quot;:10,&quot;tabletGutter&quot;:10,&quot;desktopGutter&quot;:10,&quot;enableResponsive&quot;:&quot;0&quot;,&quot;tabletColumns&quot;:&quot;2&quot;,&quot;mobileColumns&quot;:&quot;1&quot;,&quot;lazyLoad&quot;:&quot;1&quot;,&quot;lightboxOpts&quot;:{&quot;animated&quot;:true,&quot;Thumbs&quot;:{&quot;type&quot;:&quot;modern&quot;,&quot;showOnStart&quot;:false},&quot;Toolbar&quot;:{&quot;display&quot;:{&quot;right&quot;:[&quot;close&quot;]},&quot;enabled&quot;:true},&quot;Carousel&quot;:{&quot;Panzoom&quot;:{&quot;touch&quot;:false},&quot;infinite&quot;:false},&quot;keyboard&quot;:{&quot;Escape&quot;:&quot;close&quot;,&quot;Delete&quot;:&quot;close&quot;,&quot;Backspace&quot;:&quot;close&quot;,&quot;PageUp&quot;:false,&quot;PageDown&quot;:false,&quot;ArrowUp&quot;:false,&quot;ArrowDown&quot;:false,&quot;ArrowRight&quot;:false,&quot;ArrowLeft&quot;:false},&quot;touch&quot;:false,&quot;backdropClick&quot;:false,&quot;l10n&quot;:{&quot;CLOSE&quot;:&quot;Close&quot;,&quot;NEXT&quot;:&quot;Next&quot;,&quot;PREV&quot;:&quot;Previous&quot;,&quot;Error&quot;:&quot;The requested content cannot be loaded. Please try again later.&quot;,&quot;PLAY_START&quot;:&quot;Start slideshow&quot;,&quot;PLAY_STOP&quot;:&quot;Pause slideshow&quot;,&quot;FULL_SCREEN&quot;:&quot;Full screen&quot;,&quot;THUMBS&quot;:&quot;Thumbnails&quot;,&quot;DOWNLOAD&quot;:&quot;Download&quot;,&quot;SHARE&quot;:&quot;Share&quot;,&quot;ZOOM&quot;:&quot;Zoom&quot;,&quot;EMAIL&quot;:&quot;Here is the link to the image : %%image_link%% and this is the link to the gallery : %%gallery_link%%&quot;,&quot;MODAL&quot;:&quot;You can close this modal content with the ESC key&quot;,&quot;ERROR&quot;:&quot;Something Went Wrong, Please Try Again Later&quot;,&quot;IMAGE_ERROR&quot;:&quot;Image Not Found&quot;,&quot;ELEMENT_NOT_FOUND&quot;:&quot;HTML Element Not Found&quot;,&quot;AJAX_NOT_FOUND&quot;:&quot;Error Loading AJAX : Not Found&quot;,&quot;AJAX_FORBIDDEN&quot;:&quot;Error Loading AJAX : Forbidden&quot;,&quot;IFRAME_ERROR&quot;:&quot;Error Loading Page&quot;,&quot;TOGGLE_ZOOM&quot;:&quot;Toggle zoom level&quot;,&quot;TOGGLE_THUMBS&quot;:&quot;Toggle thumbnails&quot;,&quot;TOGGLE_SLIDESHOW&quot;:&quot;Toggle slideshow&quot;,&quot;TOGGLE_FULLSCREEN&quot;:&quot;Toggle full-screen mode&quot;},&quot;Images&quot;:{&quot;Panzoom&quot;:{&quot;maxScale&quot;:2}},&quot;mainClass&quot;:&quot;modula-fancybox-container modula-lightbox-jtg-1303&quot;,&quot;Html&quot;:{&quot;videoAutoplay&quot;:0,&quot;videoTpl&quot;:&quot;&lt;video class=\\&quot;fancybox__html5video\\&quot; controls muted playsinline controlsList controlsList=\\&quot;nodownload\\&quot; poster=\\&quot;{{poster}}\\&quot; src=\\&quot;{{src}}\\&quot; type=\\&quot;{{format}}\\&quot; &gt;  Sorry, your browser doesn&#039;t support embedded videos, &lt;a href=\\&quot;{{src}}\\&quot;&gt; download &lt;\\\/a&gt; and watch with your favorite video player! &lt;\\\/video&gt;&quot;}},&quot;inView&quot;:false,&quot;email_subject&quot;:&quot;Check out this awesome image !!&quot;,&quot;email_message&quot;:&quot;Here is the link to the image : %%image_link%% and this is the link to the gallery : %%gallery_link%%&quot;,&quot;lightbox&quot;:&quot;fancybox&quot;}\">\n\n\t\n\t<div  class=\"modula-items\">\n\t\t<div class=\"modula-item effect-pufrobo\" data-width=\"2\" data-height=\"2\" >\n\t<div class=\"modula-item-overlay\"><\/div>\n\n\t<div class=\"modula-item-content\">\n\n\t\t\t\t\n\t\t\t\t\t<a data-image-id=\"1304\" tabindex=\"0\" rel=\"jtg-1303\" data-caption=\"\" aria-label=\"Open image in lightbox\" role=\"button\" class=\"tile-inner modula-item-link\"><\/a>\n\t\t\n\t\t<img class=\"pic wp-image-1304 lazyload\"  data-valign=\"middle\" data-halign=\"center\" alt=\"\" data-full=\"https:\/\/srmadeira.oet.pt\/wordpress\/wp-content\/uploads\/2023\/02\/FOTO-CDR-visita_resize35percent.jpg\" title=\"FOTO CDR visita_resize35percent\" width=\"225\" height=\"300\" data-src=\"https:\/\/srmadeira.oet.pt\/wordpress\/wp-content\/uploads\/2023\/02\/FOTO-CDR-visita_resize35percent-225x300.jpg\" data-caption=\"\" data-source=\"modula\" data-srcset=\"https:\/\/srmadeira.oet.pt\/wordpress\/wp-content\/uploads\/2023\/02\/FOTO-CDR-visita_resize35percent.jpg 856w, https:\/\/srmadeira.oet.pt\/wordpress\/wp-content\/uploads\/2023\/02\/FOTO-CDR-visita_resize35percent-225x300.jpg 225w, https:\/\/srmadeira.oet.pt\/wordpress\/wp-content\/uploads\/2023\/02\/FOTO-CDR-visita_resize35percent-768x1025.jpg 768w\" data-sizes=\"(max-width: 225px) 100vw, 225px\" \/>\n\t\t<div class=\"figc no-description\">\n\t\t\t<div class=\"figc-inner\">\n\t\t\t\t\t\t\t\t\t\t\t\t\t\t\t<\/div>\n\t\t<\/div>\n\n\t<\/div>\n\n<\/div><div class=\"modula-item effect-pufrobo\" data-width=\"2\" data-height=\"2\" >\n\t<div class=\"modula-item-overlay\"><\/div>\n\n\t<div class=\"modula-item-content\">\n\n\t\t\t\t\n\t\t\t\t\t<a data-image-id=\"1305\" tabindex=\"0\" rel=\"jtg-1303\" data-caption=\"\" aria-label=\"Open image in lightbox\" role=\"button\" class=\"tile-inner modula-item-link\"><\/a>\n\t\t\n\t\t<img class=\"pic wp-image-1305 lazyload\"  data-valign=\"middle\" data-halign=\"center\" alt=\"\" data-full=\"https:\/\/srmadeira.oet.pt\/wordpress\/wp-content\/uploads\/2023\/02\/fotografia-IV_resize35percent.jpg\" title=\"fotografia IV_resize35percent\" width=\"300\" height=\"225\" data-src=\"https:\/\/srmadeira.oet.pt\/wordpress\/wp-content\/uploads\/2023\/02\/fotografia-IV_resize35percent-300x225.jpg\" data-caption=\"\" data-source=\"modula\" data-srcset=\"https:\/\/srmadeira.oet.pt\/wordpress\/wp-content\/uploads\/2023\/02\/fotografia-IV_resize35percent.jpg 1142w, https:\/\/srmadeira.oet.pt\/wordpress\/wp-content\/uploads\/2023\/02\/fotografia-IV_resize35percent-300x225.jpg 300w, https:\/\/srmadeira.oet.pt\/wordpress\/wp-content\/uploads\/2023\/02\/fotografia-IV_resize35percent-1024x768.jpg 1024w, https:\/\/srmadeira.oet.pt\/wordpress\/wp-content\/uploads\/2023\/02\/fotografia-IV_resize35percent-768x576.jpg 768w\" data-sizes=\"(max-width: 300px) 100vw, 300px\" \/>\n\t\t<div class=\"figc no-description\">\n\t\t\t<div class=\"figc-inner\">\n\t\t\t\t\t\t\t\t\t\t\t\t\t\t\t<\/div>\n\t\t<\/div>\n\n\t<\/div>\n\n<\/div><div class=\"modula-item effect-pufrobo\" data-width=\"2\" data-height=\"2\" >\n\t<div class=\"modula-item-overlay\"><\/div>\n\n\t<div class=\"modula-item-content\">\n\n\t\t\t\t\n\t\t\t\t\t<a data-image-id=\"1306\" tabindex=\"0\" rel=\"jtg-1303\" data-caption=\"\" aria-label=\"Open image in lightbox\" role=\"button\" class=\"tile-inner modula-item-link\"><\/a>\n\t\t\n\t\t<img class=\"pic wp-image-1306 lazyload\"  data-valign=\"middle\" data-halign=\"center\" alt=\"\" data-full=\"https:\/\/srmadeira.oet.pt\/wordpress\/wp-content\/uploads\/2023\/02\/fotografia-VI_resize35percent.jpg\" title=\"fotografia VI_resize35percent\" width=\"300\" height=\"225\" data-src=\"https:\/\/srmadeira.oet.pt\/wordpress\/wp-content\/uploads\/2023\/02\/fotografia-VI_resize35percent-300x225.jpg\" data-caption=\"\" data-source=\"modula\" data-srcset=\"https:\/\/srmadeira.oet.pt\/wordpress\/wp-content\/uploads\/2023\/02\/fotografia-VI_resize35percent.jpg 1142w, https:\/\/srmadeira.oet.pt\/wordpress\/wp-content\/uploads\/2023\/02\/fotografia-VI_resize35percent-300x225.jpg 300w, https:\/\/srmadeira.oet.pt\/wordpress\/wp-content\/uploads\/2023\/02\/fotografia-VI_resize35percent-1024x768.jpg 1024w, https:\/\/srmadeira.oet.pt\/wordpress\/wp-content\/uploads\/2023\/02\/fotografia-VI_resize35percent-768x576.jpg 768w\" data-sizes=\"(max-width: 300px) 100vw, 300px\" \/>\n\t\t<div class=\"figc no-description\">\n\t\t\t<div class=\"figc-inner\">\n\t\t\t\t\t\t\t\t\t\t\t\t\t\t\t<\/div>\n\t\t<\/div>\n\n\t<\/div>\n\n<\/div><div class=\"modula-item effect-pufrobo\" data-width=\"2\" data-height=\"2\" >\n\t<div class=\"modula-item-overlay\"><\/div>\n\n\t<div class=\"modula-item-content\">\n\n\t\t\t\t\n\t\t\t\t\t<a data-image-id=\"1307\" tabindex=\"0\" rel=\"jtg-1303\" data-caption=\"\" aria-label=\"Open image in lightbox\" role=\"button\" class=\"tile-inner modula-item-link\"><\/a>\n\t\t\n\t\t<img class=\"pic wp-image-1307 lazyload\"  data-valign=\"middle\" data-halign=\"center\" alt=\"\" data-full=\"https:\/\/srmadeira.oet.pt\/wordpress\/wp-content\/uploads\/2023\/02\/fotografia-VII_resize35percent.jpg\" title=\"fotografia VII_resize35percent\" width=\"300\" height=\"225\" data-src=\"https:\/\/srmadeira.oet.pt\/wordpress\/wp-content\/uploads\/2023\/02\/fotografia-VII_resize35percent-300x225.jpg\" data-caption=\"\" data-source=\"modula\" data-srcset=\"https:\/\/srmadeira.oet.pt\/wordpress\/wp-content\/uploads\/2023\/02\/fotografia-VII_resize35percent.jpg 1142w, https:\/\/srmadeira.oet.pt\/wordpress\/wp-content\/uploads\/2023\/02\/fotografia-VII_resize35percent-300x225.jpg 300w, https:\/\/srmadeira.oet.pt\/wordpress\/wp-content\/uploads\/2023\/02\/fotografia-VII_resize35percent-1024x768.jpg 1024w, https:\/\/srmadeira.oet.pt\/wordpress\/wp-content\/uploads\/2023\/02\/fotografia-VII_resize35percent-768x576.jpg 768w\" data-sizes=\"(max-width: 300px) 100vw, 300px\" \/>\n\t\t<div class=\"figc no-description\">\n\t\t\t<div class=\"figc-inner\">\n\t\t\t\t\t\t\t\t\t\t\t\t\t\t\t<\/div>\n\t\t<\/div>\n\n\t<\/div>\n\n<\/div><div class=\"modula-item effect-pufrobo\" data-width=\"2\" data-height=\"2\" >\n\t<div class=\"modula-item-overlay\"><\/div>\n\n\t<div class=\"modula-item-content\">\n\n\t\t\t\t\n\t\t\t\t\t<a data-image-id=\"1308\" tabindex=\"0\" rel=\"jtg-1303\" data-caption=\"\" aria-label=\"Open image in lightbox\" role=\"button\" class=\"tile-inner modula-item-link\"><\/a>\n\t\t\n\t\t<img class=\"pic wp-image-1308 lazyload\"  data-valign=\"middle\" data-halign=\"center\" alt=\"\" data-full=\"https:\/\/srmadeira.oet.pt\/wordpress\/wp-content\/uploads\/2023\/02\/fotografia-X_resize35percent.jpg\" title=\"fotografia X_resize35percent\" width=\"225\" height=\"300\" data-src=\"https:\/\/srmadeira.oet.pt\/wordpress\/wp-content\/uploads\/2023\/02\/fotografia-X_resize35percent-225x300.jpg\" data-caption=\"\" data-source=\"modula\" data-srcset=\"https:\/\/srmadeira.oet.pt\/wordpress\/wp-content\/uploads\/2023\/02\/fotografia-X_resize35percent.jpg 856w, https:\/\/srmadeira.oet.pt\/wordpress\/wp-content\/uploads\/2023\/02\/fotografia-X_resize35percent-225x300.jpg 225w, https:\/\/srmadeira.oet.pt\/wordpress\/wp-content\/uploads\/2023\/02\/fotografia-X_resize35percent-768x1025.jpg 768w\" data-sizes=\"(max-width: 225px) 100vw, 225px\" \/>\n\t\t<div class=\"figc no-description\">\n\t\t\t<div class=\"figc-inner\">\n\t\t\t\t\t\t\t\t\t\t\t\t\t\t\t<\/div>\n\t\t<\/div>\n\n\t<\/div>\n\n<\/div><div class=\"modula-item effect-pufrobo\" data-width=\"2\" data-height=\"2\" >\n\t<div class=\"modula-item-overlay\"><\/div>\n\n\t<div class=\"modula-item-content\">\n\n\t\t\t\t\n\t\t\t\t\t<a data-image-id=\"1309\" tabindex=\"0\" rel=\"jtg-1303\" data-caption=\"\" aria-label=\"Open image in lightbox\" role=\"button\" class=\"tile-inner modula-item-link\"><\/a>\n\t\t\n\t\t<img class=\"pic wp-image-1309 lazyload\"  data-valign=\"middle\" data-halign=\"center\" alt=\"\" data-full=\"https:\/\/srmadeira.oet.pt\/wordpress\/wp-content\/uploads\/2023\/02\/fotografia-XI_resize35percent.jpg\" title=\"fotografia XI_resize35percent\" width=\"225\" height=\"300\" data-src=\"https:\/\/srmadeira.oet.pt\/wordpress\/wp-content\/uploads\/2023\/02\/fotografia-XI_resize35percent-225x300.jpg\" data-caption=\"\" data-source=\"modula\" data-srcset=\"https:\/\/srmadeira.oet.pt\/wordpress\/wp-content\/uploads\/2023\/02\/fotografia-XI_resize35percent.jpg 856w, https:\/\/srmadeira.oet.pt\/wordpress\/wp-content\/uploads\/2023\/02\/fotografia-XI_resize35percent-225x300.jpg 225w, https:\/\/srmadeira.oet.pt\/wordpress\/wp-content\/uploads\/2023\/02\/fotografia-XI_resize35percent-768x1025.jpg 768w\" data-sizes=\"(max-width: 225px) 100vw, 225px\" \/>\n\t\t<div class=\"figc no-description\">\n\t\t\t<div class=\"figc-inner\">\n\t\t\t\t\t\t\t\t\t\t\t\t\t\t\t<\/div>\n\t\t<\/div>\n\n\t<\/div>\n\n<\/div><div class=\"modula-item effect-pufrobo\" data-width=\"2\" data-height=\"2\" >\n\t<div class=\"modula-item-overlay\"><\/div>\n\n\t<div class=\"modula-item-content\">\n\n\t\t\t\t\n\t\t\t\t\t<a data-image-id=\"1310\" tabindex=\"0\" rel=\"jtg-1303\" data-caption=\"\" aria-label=\"Open image in lightbox\" role=\"button\" class=\"tile-inner modula-item-link\"><\/a>\n\t\t\n\t\t<img class=\"pic wp-image-1310 lazyload\"  data-valign=\"middle\" data-halign=\"center\" alt=\"\" data-full=\"https:\/\/srmadeira.oet.pt\/wordpress\/wp-content\/uploads\/2023\/02\/fotografia_resize35percent.jpg\" title=\"fotografia_resize35percent\" width=\"300\" height=\"225\" data-src=\"https:\/\/srmadeira.oet.pt\/wordpress\/wp-content\/uploads\/2023\/02\/fotografia_resize35percent-300x225.jpg\" data-caption=\"\" data-source=\"modula\" data-srcset=\"https:\/\/srmadeira.oet.pt\/wordpress\/wp-content\/uploads\/2023\/02\/fotografia_resize35percent.jpg 1142w, https:\/\/srmadeira.oet.pt\/wordpress\/wp-content\/uploads\/2023\/02\/fotografia_resize35percent-300x225.jpg 300w, https:\/\/srmadeira.oet.pt\/wordpress\/wp-content\/uploads\/2023\/02\/fotografia_resize35percent-1024x768.jpg 1024w, https:\/\/srmadeira.oet.pt\/wordpress\/wp-content\/uploads\/2023\/02\/fotografia_resize35percent-768x576.jpg 768w\" data-sizes=\"(max-width: 300px) 100vw, 300px\" \/>\n\t\t<div class=\"figc no-description\">\n\t\t\t<div class=\"figc-inner\">\n\t\t\t\t\t\t\t\t\t\t\t\t\t\t\t<\/div>\n\t\t<\/div>\n\n\t<\/div>\n\n<\/div>\t\t\n\t<\/div>\n\n\t\n\t\n\t<script type=\"application\/ld+json\">\n\t{\n\t\t\"@context\": \"http:\/\/schema.org\",\n\t\t\"@type\"   : \"ImageGallery\",\n\t\t\"id\"      : \"https:\/\/srmadeira.oet.pt\/wordpress\/publicacoes-na-imprensa\/\",\n\t\t\"url\"     : \"https:\/\/srmadeira.oet.pt\/wordpress\/publicacoes-na-imprensa\/\"\n\t}\n\n\t<\/script>\n\n\t\n<\/div>\n\n\n\n<div class=\"wp-block-uagb-advanced-heading uagb-block-9f4a53b2\"><h6 class=\"uagb-heading-text\">FIC\/2011 e Confer\u00eancia sobre os temas \u201cReabilita\u00e7\u00e3o Urbana\u201d e \u201cExerc\u00edcio da Profiss\u00e3o\u201d. 14 de setembro de 2011<\/h6><\/div>\n\n\n<style>#jtg-1230 .modula-item .jtg-social a, .lightbox-socials.jtg-social a{ fill: #ffffff; color: #ffffff }#jtg-1230 .modula-item .jtg-social-expandable a, #jtg-1230 .modula-item .jtg-social-expandable-icons a{ fill: #ffffff; color: #ffffff }#jtg-1230 .modula-item .jtg-social svg, .lightbox-socials.jtg-social svg { height: 16px; width: 16px }#jtg-1230 .modula-item .jtg-social-expandable svg { height: 16px; width: 16px }#jtg-1230 .modula-item .jtg-social-expandable-icons svg { height: 16px; width: 16px }#jtg-1230 .modula-item .jtg-social a:not(:last-child), .lightbox-socials.jtg-social a:not(:last-child) { margin-right: 10px }#jtg-1230 .modula-item .jtg-social-expandable-icons { gap: 10px }#jtg-1230 .modula-item .figc {color:#ffffff;}#jtg-1230 .modula-item .modula-item-content { transform: scale(1) }#jtg-1230 .modula-items .figc p.description { font-size:14px; }#jtg-1230 .modula-items .figc p.description { color:#ffffff;}#jtg-1230.modula-gallery .modula-item > a, #jtg-1230.modula-gallery .modula-item, #jtg-1230.modula-gallery .modula-item-content > a:not(.modula-no-follow) { cursor:zoom-in; } #jtg-1230.modula-gallery .modula-item-content .modula-no-follow { cursor: default; } @media screen and (max-width:480px){#jtg-1230 .modula-item .figc .jtg-title {  font-size: 12px; }#jtg-1230 .modula-items .figc p.description { color:#ffffff;font-size:10px; }}<\/style>\n<div  id=\"jtg-1230\" class=\"modula modula-gallery modula-custom-grid modula-is-lazy\" data-config=\"{&quot;height&quot;:0,&quot;tabletHeight&quot;:0,&quot;mobileHeight&quot;:0,&quot;desktopHeight&quot;:0,&quot;enableTwitter&quot;:false,&quot;enableWhatsapp&quot;:false,&quot;enableFacebook&quot;:false,&quot;enablePinterest&quot;:false,&quot;enableLinkedin&quot;:false,&quot;enableEmail&quot;:false,&quot;randomFactor&quot;:0,&quot;type&quot;:&quot;custom-grid&quot;,&quot;columns&quot;:12,&quot;gutter&quot;:10,&quot;mobileGutter&quot;:10,&quot;tabletGutter&quot;:10,&quot;desktopGutter&quot;:10,&quot;enableResponsive&quot;:&quot;0&quot;,&quot;tabletColumns&quot;:&quot;2&quot;,&quot;mobileColumns&quot;:&quot;1&quot;,&quot;lazyLoad&quot;:&quot;1&quot;,&quot;lightboxOpts&quot;:{&quot;animated&quot;:true,&quot;Thumbs&quot;:{&quot;type&quot;:&quot;modern&quot;,&quot;showOnStart&quot;:false},&quot;Toolbar&quot;:{&quot;display&quot;:{&quot;right&quot;:[&quot;close&quot;]},&quot;enabled&quot;:true},&quot;Carousel&quot;:{&quot;Panzoom&quot;:{&quot;touch&quot;:false},&quot;infinite&quot;:false},&quot;keyboard&quot;:{&quot;Escape&quot;:&quot;close&quot;,&quot;Delete&quot;:&quot;close&quot;,&quot;Backspace&quot;:&quot;close&quot;,&quot;PageUp&quot;:false,&quot;PageDown&quot;:false,&quot;ArrowUp&quot;:false,&quot;ArrowDown&quot;:false,&quot;ArrowRight&quot;:false,&quot;ArrowLeft&quot;:false},&quot;touch&quot;:false,&quot;backdropClick&quot;:false,&quot;l10n&quot;:{&quot;CLOSE&quot;:&quot;Close&quot;,&quot;NEXT&quot;:&quot;Next&quot;,&quot;PREV&quot;:&quot;Previous&quot;,&quot;Error&quot;:&quot;The requested content cannot be loaded. Please try again later.&quot;,&quot;PLAY_START&quot;:&quot;Start slideshow&quot;,&quot;PLAY_STOP&quot;:&quot;Pause slideshow&quot;,&quot;FULL_SCREEN&quot;:&quot;Full screen&quot;,&quot;THUMBS&quot;:&quot;Thumbnails&quot;,&quot;DOWNLOAD&quot;:&quot;Download&quot;,&quot;SHARE&quot;:&quot;Share&quot;,&quot;ZOOM&quot;:&quot;Zoom&quot;,&quot;EMAIL&quot;:&quot;Here is the link to the image : %%image_link%% and this is the link to the gallery : %%gallery_link%%&quot;,&quot;MODAL&quot;:&quot;You can close this modal content with the ESC key&quot;,&quot;ERROR&quot;:&quot;Something Went Wrong, Please Try Again Later&quot;,&quot;IMAGE_ERROR&quot;:&quot;Image Not Found&quot;,&quot;ELEMENT_NOT_FOUND&quot;:&quot;HTML Element Not Found&quot;,&quot;AJAX_NOT_FOUND&quot;:&quot;Error Loading AJAX : Not Found&quot;,&quot;AJAX_FORBIDDEN&quot;:&quot;Error Loading AJAX : Forbidden&quot;,&quot;IFRAME_ERROR&quot;:&quot;Error Loading Page&quot;,&quot;TOGGLE_ZOOM&quot;:&quot;Toggle zoom level&quot;,&quot;TOGGLE_THUMBS&quot;:&quot;Toggle thumbnails&quot;,&quot;TOGGLE_SLIDESHOW&quot;:&quot;Toggle slideshow&quot;,&quot;TOGGLE_FULLSCREEN&quot;:&quot;Toggle full-screen mode&quot;},&quot;Images&quot;:{&quot;Panzoom&quot;:{&quot;maxScale&quot;:2}},&quot;mainClass&quot;:&quot;modula-fancybox-container modula-lightbox-jtg-1230&quot;,&quot;Html&quot;:{&quot;videoAutoplay&quot;:0,&quot;videoTpl&quot;:&quot;&lt;video class=\\&quot;fancybox__html5video\\&quot; controls muted playsinline controlsList controlsList=\\&quot;nodownload\\&quot; poster=\\&quot;{{poster}}\\&quot; src=\\&quot;{{src}}\\&quot; type=\\&quot;{{format}}\\&quot; &gt;  Sorry, your browser doesn&#039;t support embedded videos, &lt;a href=\\&quot;{{src}}\\&quot;&gt; download &lt;\\\/a&gt; and watch with your favorite video player! &lt;\\\/video&gt;&quot;}},&quot;inView&quot;:false,&quot;email_subject&quot;:&quot;Check out this awesome image !!&quot;,&quot;email_message&quot;:&quot;Here is the link to the image : %%image_link%% and this is the link to the gallery : %%gallery_link%%&quot;,&quot;lightbox&quot;:&quot;fancybox&quot;}\">\n\n\t\n\t<div  class=\"modula-items\">\n\t\t<div class=\"modula-item effect-pufrobo\" data-width=\"2\" data-height=\"2\" >\n\t<div class=\"modula-item-overlay\"><\/div>\n\n\t<div class=\"modula-item-content\">\n\n\t\t\t\t\n\t\t\t\t\t<a data-image-id=\"1231\" tabindex=\"0\" rel=\"jtg-1230\" data-caption=\"\" aria-label=\"Open image in lightbox\" role=\"button\" class=\"tile-inner modula-item-link\"><\/a>\n\t\t\n\t\t<img class=\"pic wp-image-1231 lazyload\"  data-valign=\"middle\" data-halign=\"center\" alt=\"\" data-full=\"https:\/\/srmadeira.oet.pt\/wordpress\/wp-content\/uploads\/2023\/02\/DSC_5243_resize25percent.jpg\" title=\"DSC_5243_resize25percent\" width=\"300\" height=\"199\" data-src=\"https:\/\/srmadeira.oet.pt\/wordpress\/wp-content\/uploads\/2023\/02\/DSC_5243_resize25percent-300x199.jpg\" data-caption=\"\" data-source=\"modula\" data-srcset=\"https:\/\/srmadeira.oet.pt\/wordpress\/wp-content\/uploads\/2023\/02\/DSC_5243_resize25percent.jpg 1072w, https:\/\/srmadeira.oet.pt\/wordpress\/wp-content\/uploads\/2023\/02\/DSC_5243_resize25percent-300x199.jpg 300w, https:\/\/srmadeira.oet.pt\/wordpress\/wp-content\/uploads\/2023\/02\/DSC_5243_resize25percent-1024x680.jpg 1024w, https:\/\/srmadeira.oet.pt\/wordpress\/wp-content\/uploads\/2023\/02\/DSC_5243_resize25percent-768x510.jpg 768w\" data-sizes=\"(max-width: 300px) 100vw, 300px\" \/>\n\t\t<div class=\"figc no-description\">\n\t\t\t<div class=\"figc-inner\">\n\t\t\t\t\t\t\t\t\t\t\t\t\t\t\t<\/div>\n\t\t<\/div>\n\n\t<\/div>\n\n<\/div><div class=\"modula-item effect-pufrobo\" data-width=\"2\" data-height=\"2\" >\n\t<div class=\"modula-item-overlay\"><\/div>\n\n\t<div class=\"modula-item-content\">\n\n\t\t\t\t\n\t\t\t\t\t<a data-image-id=\"1232\" tabindex=\"0\" rel=\"jtg-1230\" data-caption=\"\" aria-label=\"Open image in lightbox\" role=\"button\" class=\"tile-inner modula-item-link\"><\/a>\n\t\t\n\t\t<img class=\"pic wp-image-1232 lazyload\"  data-valign=\"middle\" data-halign=\"center\" alt=\"\" data-full=\"https:\/\/srmadeira.oet.pt\/wordpress\/wp-content\/uploads\/2023\/02\/DSC_5277_resize25percent.jpg\" title=\"DSC_5277_resize25percent\" width=\"300\" height=\"199\" data-src=\"https:\/\/srmadeira.oet.pt\/wordpress\/wp-content\/uploads\/2023\/02\/DSC_5277_resize25percent-300x199.jpg\" data-caption=\"\" data-source=\"modula\" data-srcset=\"https:\/\/srmadeira.oet.pt\/wordpress\/wp-content\/uploads\/2023\/02\/DSC_5277_resize25percent.jpg 1072w, https:\/\/srmadeira.oet.pt\/wordpress\/wp-content\/uploads\/2023\/02\/DSC_5277_resize25percent-300x199.jpg 300w, https:\/\/srmadeira.oet.pt\/wordpress\/wp-content\/uploads\/2023\/02\/DSC_5277_resize25percent-1024x680.jpg 1024w, https:\/\/srmadeira.oet.pt\/wordpress\/wp-content\/uploads\/2023\/02\/DSC_5277_resize25percent-768x510.jpg 768w\" data-sizes=\"(max-width: 300px) 100vw, 300px\" \/>\n\t\t<div class=\"figc no-description\">\n\t\t\t<div class=\"figc-inner\">\n\t\t\t\t\t\t\t\t\t\t\t\t\t\t\t<\/div>\n\t\t<\/div>\n\n\t<\/div>\n\n<\/div><div class=\"modula-item effect-pufrobo\" data-width=\"2\" data-height=\"2\" >\n\t<div class=\"modula-item-overlay\"><\/div>\n\n\t<div class=\"modula-item-content\">\n\n\t\t\t\t\n\t\t\t\t\t<a data-image-id=\"1233\" tabindex=\"0\" rel=\"jtg-1230\" data-caption=\"\" aria-label=\"Open image in lightbox\" role=\"button\" class=\"tile-inner modula-item-link\"><\/a>\n\t\t\n\t\t<img class=\"pic wp-image-1233 lazyload\"  data-valign=\"middle\" data-halign=\"center\" alt=\"\" data-full=\"https:\/\/srmadeira.oet.pt\/wordpress\/wp-content\/uploads\/2023\/02\/DSC_5283_resize25percent.jpg\" title=\"DSC_5283_resize25percent\" width=\"300\" height=\"199\" data-src=\"https:\/\/srmadeira.oet.pt\/wordpress\/wp-content\/uploads\/2023\/02\/DSC_5283_resize25percent-300x199.jpg\" data-caption=\"\" data-source=\"modula\" data-srcset=\"https:\/\/srmadeira.oet.pt\/wordpress\/wp-content\/uploads\/2023\/02\/DSC_5283_resize25percent.jpg 1072w, https:\/\/srmadeira.oet.pt\/wordpress\/wp-content\/uploads\/2023\/02\/DSC_5283_resize25percent-300x199.jpg 300w, https:\/\/srmadeira.oet.pt\/wordpress\/wp-content\/uploads\/2023\/02\/DSC_5283_resize25percent-1024x680.jpg 1024w, https:\/\/srmadeira.oet.pt\/wordpress\/wp-content\/uploads\/2023\/02\/DSC_5283_resize25percent-768x510.jpg 768w\" data-sizes=\"(max-width: 300px) 100vw, 300px\" \/>\n\t\t<div class=\"figc no-description\">\n\t\t\t<div class=\"figc-inner\">\n\t\t\t\t\t\t\t\t\t\t\t\t\t\t\t<\/div>\n\t\t<\/div>\n\n\t<\/div>\n\n<\/div><div class=\"modula-item effect-pufrobo\" data-width=\"2\" data-height=\"2\" >\n\t<div class=\"modula-item-overlay\"><\/div>\n\n\t<div class=\"modula-item-content\">\n\n\t\t\t\t\n\t\t\t\t\t<a data-image-id=\"1234\" tabindex=\"0\" rel=\"jtg-1230\" data-caption=\"\" aria-label=\"Open image in lightbox\" role=\"button\" class=\"tile-inner modula-item-link\"><\/a>\n\t\t\n\t\t<img class=\"pic wp-image-1234 lazyload\"  data-valign=\"middle\" data-halign=\"center\" alt=\"\" data-full=\"https:\/\/srmadeira.oet.pt\/wordpress\/wp-content\/uploads\/2023\/02\/DSC_5325_resize25percent.jpg\" title=\"DSC_5325_resize25percent\" width=\"300\" height=\"199\" data-src=\"https:\/\/srmadeira.oet.pt\/wordpress\/wp-content\/uploads\/2023\/02\/DSC_5325_resize25percent-300x199.jpg\" data-caption=\"\" data-source=\"modula\" data-srcset=\"https:\/\/srmadeira.oet.pt\/wordpress\/wp-content\/uploads\/2023\/02\/DSC_5325_resize25percent.jpg 1072w, https:\/\/srmadeira.oet.pt\/wordpress\/wp-content\/uploads\/2023\/02\/DSC_5325_resize25percent-300x199.jpg 300w, https:\/\/srmadeira.oet.pt\/wordpress\/wp-content\/uploads\/2023\/02\/DSC_5325_resize25percent-1024x680.jpg 1024w, https:\/\/srmadeira.oet.pt\/wordpress\/wp-content\/uploads\/2023\/02\/DSC_5325_resize25percent-768x510.jpg 768w\" data-sizes=\"(max-width: 300px) 100vw, 300px\" \/>\n\t\t<div class=\"figc no-description\">\n\t\t\t<div class=\"figc-inner\">\n\t\t\t\t\t\t\t\t\t\t\t\t\t\t\t<\/div>\n\t\t<\/div>\n\n\t<\/div>\n\n<\/div><div class=\"modula-item effect-pufrobo\" data-width=\"2\" data-height=\"2\" >\n\t<div class=\"modula-item-overlay\"><\/div>\n\n\t<div class=\"modula-item-content\">\n\n\t\t\t\t\n\t\t\t\t\t<a data-image-id=\"1235\" tabindex=\"0\" rel=\"jtg-1230\" data-caption=\"\" aria-label=\"Open image in lightbox\" role=\"button\" class=\"tile-inner modula-item-link\"><\/a>\n\t\t\n\t\t<img class=\"pic wp-image-1235 lazyload\"  data-valign=\"middle\" data-halign=\"center\" alt=\"\" data-full=\"https:\/\/srmadeira.oet.pt\/wordpress\/wp-content\/uploads\/2023\/02\/DSC_5327_resize25percent.jpg\" title=\"DSC_5327_resize25percent\" width=\"300\" height=\"199\" data-src=\"https:\/\/srmadeira.oet.pt\/wordpress\/wp-content\/uploads\/2023\/02\/DSC_5327_resize25percent-300x199.jpg\" data-caption=\"\" data-source=\"modula\" data-srcset=\"https:\/\/srmadeira.oet.pt\/wordpress\/wp-content\/uploads\/2023\/02\/DSC_5327_resize25percent.jpg 1072w, https:\/\/srmadeira.oet.pt\/wordpress\/wp-content\/uploads\/2023\/02\/DSC_5327_resize25percent-300x199.jpg 300w, https:\/\/srmadeira.oet.pt\/wordpress\/wp-content\/uploads\/2023\/02\/DSC_5327_resize25percent-1024x680.jpg 1024w, https:\/\/srmadeira.oet.pt\/wordpress\/wp-content\/uploads\/2023\/02\/DSC_5327_resize25percent-768x510.jpg 768w\" data-sizes=\"(max-width: 300px) 100vw, 300px\" \/>\n\t\t<div class=\"figc no-description\">\n\t\t\t<div class=\"figc-inner\">\n\t\t\t\t\t\t\t\t\t\t\t\t\t\t\t<\/div>\n\t\t<\/div>\n\n\t<\/div>\n\n<\/div><div class=\"modula-item effect-pufrobo\" data-width=\"2\" data-height=\"2\" >\n\t<div class=\"modula-item-overlay\"><\/div>\n\n\t<div class=\"modula-item-content\">\n\n\t\t\t\t\n\t\t\t\t\t<a data-image-id=\"1236\" tabindex=\"0\" rel=\"jtg-1230\" data-caption=\"\" aria-label=\"Open image in lightbox\" role=\"button\" class=\"tile-inner modula-item-link\"><\/a>\n\t\t\n\t\t<img class=\"pic wp-image-1236 lazyload\"  data-valign=\"middle\" data-halign=\"center\" alt=\"\" data-full=\"https:\/\/srmadeira.oet.pt\/wordpress\/wp-content\/uploads\/2023\/02\/DSC_5357_resize25percent.jpg\" title=\"DSC_5357_resize25percent\" width=\"300\" height=\"199\" data-src=\"https:\/\/srmadeira.oet.pt\/wordpress\/wp-content\/uploads\/2023\/02\/DSC_5357_resize25percent-300x199.jpg\" data-caption=\"\" data-source=\"modula\" data-srcset=\"https:\/\/srmadeira.oet.pt\/wordpress\/wp-content\/uploads\/2023\/02\/DSC_5357_resize25percent.jpg 1072w, https:\/\/srmadeira.oet.pt\/wordpress\/wp-content\/uploads\/2023\/02\/DSC_5357_resize25percent-300x199.jpg 300w, https:\/\/srmadeira.oet.pt\/wordpress\/wp-content\/uploads\/2023\/02\/DSC_5357_resize25percent-1024x680.jpg 1024w, https:\/\/srmadeira.oet.pt\/wordpress\/wp-content\/uploads\/2023\/02\/DSC_5357_resize25percent-768x510.jpg 768w\" data-sizes=\"(max-width: 300px) 100vw, 300px\" \/>\n\t\t<div class=\"figc no-description\">\n\t\t\t<div class=\"figc-inner\">\n\t\t\t\t\t\t\t\t\t\t\t\t\t\t\t<\/div>\n\t\t<\/div>\n\n\t<\/div>\n\n<\/div><div class=\"modula-item effect-pufrobo\" data-width=\"2\" data-height=\"2\" >\n\t<div class=\"modula-item-overlay\"><\/div>\n\n\t<div class=\"modula-item-content\">\n\n\t\t\t\t\n\t\t\t\t\t<a data-image-id=\"1237\" tabindex=\"0\" rel=\"jtg-1230\" data-caption=\"\" aria-label=\"Open image in lightbox\" role=\"button\" class=\"tile-inner modula-item-link\"><\/a>\n\t\t\n\t\t<img class=\"pic wp-image-1237 lazyload\"  data-valign=\"middle\" data-halign=\"center\" alt=\"\" data-full=\"https:\/\/srmadeira.oet.pt\/wordpress\/wp-content\/uploads\/2023\/02\/DSC_5366_resize25percent.jpg\" title=\"DSC_5366_resize25percent\" width=\"300\" height=\"199\" data-src=\"https:\/\/srmadeira.oet.pt\/wordpress\/wp-content\/uploads\/2023\/02\/DSC_5366_resize25percent-300x199.jpg\" data-caption=\"\" data-source=\"modula\" data-srcset=\"https:\/\/srmadeira.oet.pt\/wordpress\/wp-content\/uploads\/2023\/02\/DSC_5366_resize25percent.jpg 1072w, https:\/\/srmadeira.oet.pt\/wordpress\/wp-content\/uploads\/2023\/02\/DSC_5366_resize25percent-300x199.jpg 300w, https:\/\/srmadeira.oet.pt\/wordpress\/wp-content\/uploads\/2023\/02\/DSC_5366_resize25percent-1024x680.jpg 1024w, https:\/\/srmadeira.oet.pt\/wordpress\/wp-content\/uploads\/2023\/02\/DSC_5366_resize25percent-768x510.jpg 768w\" data-sizes=\"(max-width: 300px) 100vw, 300px\" \/>\n\t\t<div class=\"figc no-description\">\n\t\t\t<div class=\"figc-inner\">\n\t\t\t\t\t\t\t\t\t\t\t\t\t\t\t<\/div>\n\t\t<\/div>\n\n\t<\/div>\n\n<\/div><div class=\"modula-item effect-pufrobo\" data-width=\"2\" data-height=\"2\" >\n\t<div class=\"modula-item-overlay\"><\/div>\n\n\t<div class=\"modula-item-content\">\n\n\t\t\t\t\n\t\t\t\t\t<a data-image-id=\"1238\" tabindex=\"0\" rel=\"jtg-1230\" data-caption=\"\" aria-label=\"Open image in lightbox\" role=\"button\" class=\"tile-inner modula-item-link\"><\/a>\n\t\t\n\t\t<img class=\"pic wp-image-1238 lazyload\"  data-valign=\"middle\" data-halign=\"center\" alt=\"\" data-full=\"https:\/\/srmadeira.oet.pt\/wordpress\/wp-content\/uploads\/2023\/02\/DSC_5377_resize25percent.jpg\" title=\"DSC_5377_resize25percent\" width=\"300\" height=\"199\" data-src=\"https:\/\/srmadeira.oet.pt\/wordpress\/wp-content\/uploads\/2023\/02\/DSC_5377_resize25percent-300x199.jpg\" data-caption=\"\" data-source=\"modula\" data-srcset=\"https:\/\/srmadeira.oet.pt\/wordpress\/wp-content\/uploads\/2023\/02\/DSC_5377_resize25percent.jpg 1072w, https:\/\/srmadeira.oet.pt\/wordpress\/wp-content\/uploads\/2023\/02\/DSC_5377_resize25percent-300x199.jpg 300w, https:\/\/srmadeira.oet.pt\/wordpress\/wp-content\/uploads\/2023\/02\/DSC_5377_resize25percent-1024x680.jpg 1024w, https:\/\/srmadeira.oet.pt\/wordpress\/wp-content\/uploads\/2023\/02\/DSC_5377_resize25percent-768x510.jpg 768w\" data-sizes=\"(max-width: 300px) 100vw, 300px\" \/>\n\t\t<div class=\"figc no-description\">\n\t\t\t<div class=\"figc-inner\">\n\t\t\t\t\t\t\t\t\t\t\t\t\t\t\t<\/div>\n\t\t<\/div>\n\n\t<\/div>\n\n<\/div><div class=\"modula-item effect-pufrobo\" data-width=\"2\" data-height=\"2\" >\n\t<div class=\"modula-item-overlay\"><\/div>\n\n\t<div class=\"modula-item-content\">\n\n\t\t\t\t\n\t\t\t\t\t<a data-image-id=\"1239\" tabindex=\"0\" rel=\"jtg-1230\" data-caption=\"\" aria-label=\"Open image in lightbox\" role=\"button\" class=\"tile-inner modula-item-link\"><\/a>\n\t\t\n\t\t<img class=\"pic wp-image-1239 lazyload\"  data-valign=\"middle\" data-halign=\"center\" alt=\"\" data-full=\"https:\/\/srmadeira.oet.pt\/wordpress\/wp-content\/uploads\/2023\/02\/DSC_5390_resize25percent.jpg\" title=\"DSC_5390_resize25percent\" width=\"300\" height=\"199\" data-src=\"https:\/\/srmadeira.oet.pt\/wordpress\/wp-content\/uploads\/2023\/02\/DSC_5390_resize25percent-300x199.jpg\" data-caption=\"\" data-source=\"modula\" data-srcset=\"https:\/\/srmadeira.oet.pt\/wordpress\/wp-content\/uploads\/2023\/02\/DSC_5390_resize25percent.jpg 1072w, https:\/\/srmadeira.oet.pt\/wordpress\/wp-content\/uploads\/2023\/02\/DSC_5390_resize25percent-300x199.jpg 300w, https:\/\/srmadeira.oet.pt\/wordpress\/wp-content\/uploads\/2023\/02\/DSC_5390_resize25percent-1024x680.jpg 1024w, https:\/\/srmadeira.oet.pt\/wordpress\/wp-content\/uploads\/2023\/02\/DSC_5390_resize25percent-768x510.jpg 768w\" data-sizes=\"(max-width: 300px) 100vw, 300px\" \/>\n\t\t<div class=\"figc no-description\">\n\t\t\t<div class=\"figc-inner\">\n\t\t\t\t\t\t\t\t\t\t\t\t\t\t\t<\/div>\n\t\t<\/div>\n\n\t<\/div>\n\n<\/div><div class=\"modula-item effect-pufrobo\" data-width=\"2\" data-height=\"2\" >\n\t<div class=\"modula-item-overlay\"><\/div>\n\n\t<div class=\"modula-item-content\">\n\n\t\t\t\t\n\t\t\t\t\t<a data-image-id=\"1240\" tabindex=\"0\" rel=\"jtg-1230\" data-caption=\"\" aria-label=\"Open image in lightbox\" role=\"button\" class=\"tile-inner modula-item-link\"><\/a>\n\t\t\n\t\t<img class=\"pic wp-image-1240 lazyload\"  data-valign=\"middle\" data-halign=\"center\" alt=\"\" data-full=\"https:\/\/srmadeira.oet.pt\/wordpress\/wp-content\/uploads\/2023\/02\/DSC_5392_resize25percent.jpg\" title=\"DSC_5392_resize25percent\" width=\"300\" height=\"199\" data-src=\"https:\/\/srmadeira.oet.pt\/wordpress\/wp-content\/uploads\/2023\/02\/DSC_5392_resize25percent-300x199.jpg\" data-caption=\"\" data-source=\"modula\" data-srcset=\"https:\/\/srmadeira.oet.pt\/wordpress\/wp-content\/uploads\/2023\/02\/DSC_5392_resize25percent.jpg 1072w, https:\/\/srmadeira.oet.pt\/wordpress\/wp-content\/uploads\/2023\/02\/DSC_5392_resize25percent-300x199.jpg 300w, https:\/\/srmadeira.oet.pt\/wordpress\/wp-content\/uploads\/2023\/02\/DSC_5392_resize25percent-1024x680.jpg 1024w, https:\/\/srmadeira.oet.pt\/wordpress\/wp-content\/uploads\/2023\/02\/DSC_5392_resize25percent-768x510.jpg 768w\" data-sizes=\"(max-width: 300px) 100vw, 300px\" \/>\n\t\t<div class=\"figc no-description\">\n\t\t\t<div class=\"figc-inner\">\n\t\t\t\t\t\t\t\t\t\t\t\t\t\t\t<\/div>\n\t\t<\/div>\n\n\t<\/div>\n\n<\/div><div class=\"modula-item effect-pufrobo\" data-width=\"2\" data-height=\"2\" >\n\t<div class=\"modula-item-overlay\"><\/div>\n\n\t<div class=\"modula-item-content\">\n\n\t\t\t\t\n\t\t\t\t\t<a data-image-id=\"1241\" tabindex=\"0\" rel=\"jtg-1230\" data-caption=\"\" aria-label=\"Open image in lightbox\" role=\"button\" class=\"tile-inner modula-item-link\"><\/a>\n\t\t\n\t\t<img class=\"pic wp-image-1241 lazyload\"  data-valign=\"middle\" data-halign=\"center\" alt=\"\" data-full=\"https:\/\/srmadeira.oet.pt\/wordpress\/wp-content\/uploads\/2023\/02\/DSC_5393_resize25percent.jpg\" title=\"DSC_5393_resize25percent\" width=\"300\" height=\"199\" data-src=\"https:\/\/srmadeira.oet.pt\/wordpress\/wp-content\/uploads\/2023\/02\/DSC_5393_resize25percent-300x199.jpg\" data-caption=\"\" data-source=\"modula\" data-srcset=\"https:\/\/srmadeira.oet.pt\/wordpress\/wp-content\/uploads\/2023\/02\/DSC_5393_resize25percent.jpg 1072w, https:\/\/srmadeira.oet.pt\/wordpress\/wp-content\/uploads\/2023\/02\/DSC_5393_resize25percent-300x199.jpg 300w, https:\/\/srmadeira.oet.pt\/wordpress\/wp-content\/uploads\/2023\/02\/DSC_5393_resize25percent-1024x680.jpg 1024w, https:\/\/srmadeira.oet.pt\/wordpress\/wp-content\/uploads\/2023\/02\/DSC_5393_resize25percent-768x510.jpg 768w\" data-sizes=\"(max-width: 300px) 100vw, 300px\" \/>\n\t\t<div class=\"figc no-description\">\n\t\t\t<div class=\"figc-inner\">\n\t\t\t\t\t\t\t\t\t\t\t\t\t\t\t<\/div>\n\t\t<\/div>\n\n\t<\/div>\n\n<\/div><div class=\"modula-item effect-pufrobo\" data-width=\"2\" data-height=\"2\" >\n\t<div class=\"modula-item-overlay\"><\/div>\n\n\t<div class=\"modula-item-content\">\n\n\t\t\t\t\n\t\t\t\t\t<a data-image-id=\"1242\" tabindex=\"0\" rel=\"jtg-1230\" data-caption=\"\" aria-label=\"Open image in lightbox\" role=\"button\" class=\"tile-inner modula-item-link\"><\/a>\n\t\t\n\t\t<img class=\"pic wp-image-1242 lazyload\"  data-valign=\"middle\" data-halign=\"center\" alt=\"\" data-full=\"https:\/\/srmadeira.oet.pt\/wordpress\/wp-content\/uploads\/2023\/02\/DSC_5418_resize25percent.jpg\" title=\"DSC_5418_resize25percent\" width=\"300\" height=\"199\" data-src=\"https:\/\/srmadeira.oet.pt\/wordpress\/wp-content\/uploads\/2023\/02\/DSC_5418_resize25percent-300x199.jpg\" data-caption=\"\" data-source=\"modula\" data-srcset=\"https:\/\/srmadeira.oet.pt\/wordpress\/wp-content\/uploads\/2023\/02\/DSC_5418_resize25percent.jpg 1072w, https:\/\/srmadeira.oet.pt\/wordpress\/wp-content\/uploads\/2023\/02\/DSC_5418_resize25percent-300x199.jpg 300w, https:\/\/srmadeira.oet.pt\/wordpress\/wp-content\/uploads\/2023\/02\/DSC_5418_resize25percent-1024x680.jpg 1024w, https:\/\/srmadeira.oet.pt\/wordpress\/wp-content\/uploads\/2023\/02\/DSC_5418_resize25percent-768x510.jpg 768w\" data-sizes=\"(max-width: 300px) 100vw, 300px\" \/>\n\t\t<div class=\"figc no-description\">\n\t\t\t<div class=\"figc-inner\">\n\t\t\t\t\t\t\t\t\t\t\t\t\t\t\t<\/div>\n\t\t<\/div>\n\n\t<\/div>\n\n<\/div><div class=\"modula-item effect-pufrobo\" data-width=\"2\" data-height=\"2\" >\n\t<div class=\"modula-item-overlay\"><\/div>\n\n\t<div class=\"modula-item-content\">\n\n\t\t\t\t\n\t\t\t\t\t<a data-image-id=\"1243\" tabindex=\"0\" rel=\"jtg-1230\" data-caption=\"\" aria-label=\"Open image in lightbox\" role=\"button\" class=\"tile-inner modula-item-link\"><\/a>\n\t\t\n\t\t<img class=\"pic wp-image-1243 lazyload\"  data-valign=\"middle\" data-halign=\"center\" alt=\"\" data-full=\"https:\/\/srmadeira.oet.pt\/wordpress\/wp-content\/uploads\/2023\/02\/DSC_5441_resize25percent.jpg\" title=\"DSC_5441_resize25percent\" width=\"300\" height=\"199\" data-src=\"https:\/\/srmadeira.oet.pt\/wordpress\/wp-content\/uploads\/2023\/02\/DSC_5441_resize25percent-300x199.jpg\" data-caption=\"\" data-source=\"modula\" data-srcset=\"https:\/\/srmadeira.oet.pt\/wordpress\/wp-content\/uploads\/2023\/02\/DSC_5441_resize25percent.jpg 1072w, https:\/\/srmadeira.oet.pt\/wordpress\/wp-content\/uploads\/2023\/02\/DSC_5441_resize25percent-300x199.jpg 300w, https:\/\/srmadeira.oet.pt\/wordpress\/wp-content\/uploads\/2023\/02\/DSC_5441_resize25percent-1024x680.jpg 1024w, https:\/\/srmadeira.oet.pt\/wordpress\/wp-content\/uploads\/2023\/02\/DSC_5441_resize25percent-768x510.jpg 768w\" data-sizes=\"(max-width: 300px) 100vw, 300px\" \/>\n\t\t<div class=\"figc no-description\">\n\t\t\t<div class=\"figc-inner\">\n\t\t\t\t\t\t\t\t\t\t\t\t\t\t\t<\/div>\n\t\t<\/div>\n\n\t<\/div>\n\n<\/div><div class=\"modula-item effect-pufrobo\" data-width=\"2\" data-height=\"2\" >\n\t<div class=\"modula-item-overlay\"><\/div>\n\n\t<div class=\"modula-item-content\">\n\n\t\t\t\t\n\t\t\t\t\t<a data-image-id=\"1244\" tabindex=\"0\" rel=\"jtg-1230\" data-caption=\"\" aria-label=\"Open image in lightbox\" role=\"button\" class=\"tile-inner modula-item-link\"><\/a>\n\t\t\n\t\t<img class=\"pic wp-image-1244 lazyload\"  data-valign=\"middle\" data-halign=\"center\" alt=\"\" data-full=\"https:\/\/srmadeira.oet.pt\/wordpress\/wp-content\/uploads\/2023\/02\/DSC_5455_resize25percent.jpg\" title=\"DSC_5455_resize25percent\" width=\"300\" height=\"199\" data-src=\"https:\/\/srmadeira.oet.pt\/wordpress\/wp-content\/uploads\/2023\/02\/DSC_5455_resize25percent-300x199.jpg\" data-caption=\"\" data-source=\"modula\" data-srcset=\"https:\/\/srmadeira.oet.pt\/wordpress\/wp-content\/uploads\/2023\/02\/DSC_5455_resize25percent.jpg 1072w, https:\/\/srmadeira.oet.pt\/wordpress\/wp-content\/uploads\/2023\/02\/DSC_5455_resize25percent-300x199.jpg 300w, https:\/\/srmadeira.oet.pt\/wordpress\/wp-content\/uploads\/2023\/02\/DSC_5455_resize25percent-1024x680.jpg 1024w, https:\/\/srmadeira.oet.pt\/wordpress\/wp-content\/uploads\/2023\/02\/DSC_5455_resize25percent-768x510.jpg 768w\" data-sizes=\"(max-width: 300px) 100vw, 300px\" \/>\n\t\t<div class=\"figc no-description\">\n\t\t\t<div class=\"figc-inner\">\n\t\t\t\t\t\t\t\t\t\t\t\t\t\t\t<\/div>\n\t\t<\/div>\n\n\t<\/div>\n\n<\/div><div class=\"modula-item effect-pufrobo\" data-width=\"2\" data-height=\"2\" >\n\t<div class=\"modula-item-overlay\"><\/div>\n\n\t<div class=\"modula-item-content\">\n\n\t\t\t\t\n\t\t\t\t\t<a data-image-id=\"1245\" tabindex=\"0\" rel=\"jtg-1230\" data-caption=\"\" aria-label=\"Open image in lightbox\" role=\"button\" class=\"tile-inner modula-item-link\"><\/a>\n\t\t\n\t\t<img class=\"pic wp-image-1245 lazyload\"  data-valign=\"middle\" data-halign=\"center\" alt=\"\" data-full=\"https:\/\/srmadeira.oet.pt\/wordpress\/wp-content\/uploads\/2023\/02\/DSC_5466_resize25percent.jpg\" title=\"DSC_5466_resize25percent\" width=\"300\" height=\"199\" data-src=\"https:\/\/srmadeira.oet.pt\/wordpress\/wp-content\/uploads\/2023\/02\/DSC_5466_resize25percent-300x199.jpg\" data-caption=\"\" data-source=\"modula\" data-srcset=\"https:\/\/srmadeira.oet.pt\/wordpress\/wp-content\/uploads\/2023\/02\/DSC_5466_resize25percent.jpg 1072w, https:\/\/srmadeira.oet.pt\/wordpress\/wp-content\/uploads\/2023\/02\/DSC_5466_resize25percent-300x199.jpg 300w, https:\/\/srmadeira.oet.pt\/wordpress\/wp-content\/uploads\/2023\/02\/DSC_5466_resize25percent-1024x680.jpg 1024w, https:\/\/srmadeira.oet.pt\/wordpress\/wp-content\/uploads\/2023\/02\/DSC_5466_resize25percent-768x510.jpg 768w\" data-sizes=\"(max-width: 300px) 100vw, 300px\" \/>\n\t\t<div class=\"figc no-description\">\n\t\t\t<div class=\"figc-inner\">\n\t\t\t\t\t\t\t\t\t\t\t\t\t\t\t<\/div>\n\t\t<\/div>\n\n\t<\/div>\n\n<\/div><div class=\"modula-item effect-pufrobo\" data-width=\"2\" data-height=\"2\" >\n\t<div class=\"modula-item-overlay\"><\/div>\n\n\t<div class=\"modula-item-content\">\n\n\t\t\t\t\n\t\t\t\t\t<a data-image-id=\"1246\" tabindex=\"0\" rel=\"jtg-1230\" data-caption=\"\" aria-label=\"Open image in lightbox\" role=\"button\" class=\"tile-inner modula-item-link\"><\/a>\n\t\t\n\t\t<img class=\"pic wp-image-1246 lazyload\"  data-valign=\"middle\" data-halign=\"center\" alt=\"\" data-full=\"https:\/\/srmadeira.oet.pt\/wordpress\/wp-content\/uploads\/2023\/02\/DSC_5494_resize25percent.jpg\" title=\"DSC_5494_resize25percent\" width=\"300\" height=\"199\" data-src=\"https:\/\/srmadeira.oet.pt\/wordpress\/wp-content\/uploads\/2023\/02\/DSC_5494_resize25percent-300x199.jpg\" data-caption=\"\" data-source=\"modula\" data-srcset=\"https:\/\/srmadeira.oet.pt\/wordpress\/wp-content\/uploads\/2023\/02\/DSC_5494_resize25percent.jpg 1072w, https:\/\/srmadeira.oet.pt\/wordpress\/wp-content\/uploads\/2023\/02\/DSC_5494_resize25percent-300x199.jpg 300w, https:\/\/srmadeira.oet.pt\/wordpress\/wp-content\/uploads\/2023\/02\/DSC_5494_resize25percent-1024x680.jpg 1024w, https:\/\/srmadeira.oet.pt\/wordpress\/wp-content\/uploads\/2023\/02\/DSC_5494_resize25percent-768x510.jpg 768w\" data-sizes=\"(max-width: 300px) 100vw, 300px\" \/>\n\t\t<div class=\"figc no-description\">\n\t\t\t<div class=\"figc-inner\">\n\t\t\t\t\t\t\t\t\t\t\t\t\t\t\t<\/div>\n\t\t<\/div>\n\n\t<\/div>\n\n<\/div><div class=\"modula-item effect-pufrobo\" data-width=\"2\" data-height=\"2\" >\n\t<div class=\"modula-item-overlay\"><\/div>\n\n\t<div class=\"modula-item-content\">\n\n\t\t\t\t\n\t\t\t\t\t<a data-image-id=\"1247\" tabindex=\"0\" rel=\"jtg-1230\" data-caption=\"\" aria-label=\"Open image in lightbox\" role=\"button\" class=\"tile-inner modula-item-link\"><\/a>\n\t\t\n\t\t<img class=\"pic wp-image-1247 lazyload\"  data-valign=\"middle\" data-halign=\"center\" alt=\"\" data-full=\"https:\/\/srmadeira.oet.pt\/wordpress\/wp-content\/uploads\/2023\/02\/DSC_5499_resize25percent.jpg\" title=\"DSC_5499_resize25percent\" width=\"300\" height=\"199\" data-src=\"https:\/\/srmadeira.oet.pt\/wordpress\/wp-content\/uploads\/2023\/02\/DSC_5499_resize25percent-300x199.jpg\" data-caption=\"\" data-source=\"modula\" data-srcset=\"https:\/\/srmadeira.oet.pt\/wordpress\/wp-content\/uploads\/2023\/02\/DSC_5499_resize25percent.jpg 1072w, https:\/\/srmadeira.oet.pt\/wordpress\/wp-content\/uploads\/2023\/02\/DSC_5499_resize25percent-300x199.jpg 300w, https:\/\/srmadeira.oet.pt\/wordpress\/wp-content\/uploads\/2023\/02\/DSC_5499_resize25percent-1024x680.jpg 1024w, https:\/\/srmadeira.oet.pt\/wordpress\/wp-content\/uploads\/2023\/02\/DSC_5499_resize25percent-768x510.jpg 768w\" data-sizes=\"(max-width: 300px) 100vw, 300px\" \/>\n\t\t<div class=\"figc no-description\">\n\t\t\t<div class=\"figc-inner\">\n\t\t\t\t\t\t\t\t\t\t\t\t\t\t\t<\/div>\n\t\t<\/div>\n\n\t<\/div>\n\n<\/div><div class=\"modula-item effect-pufrobo\" data-width=\"2\" data-height=\"2\" >\n\t<div class=\"modula-item-overlay\"><\/div>\n\n\t<div class=\"modula-item-content\">\n\n\t\t\t\t\n\t\t\t\t\t<a data-image-id=\"1248\" tabindex=\"0\" rel=\"jtg-1230\" data-caption=\"\" aria-label=\"Open image in lightbox\" role=\"button\" class=\"tile-inner modula-item-link\"><\/a>\n\t\t\n\t\t<img class=\"pic wp-image-1248 lazyload\"  data-valign=\"middle\" data-halign=\"center\" alt=\"\" data-full=\"https:\/\/srmadeira.oet.pt\/wordpress\/wp-content\/uploads\/2023\/02\/DSC_5513_resize25percent.jpg\" title=\"DSC_5513_resize25percent\" width=\"300\" height=\"199\" data-src=\"https:\/\/srmadeira.oet.pt\/wordpress\/wp-content\/uploads\/2023\/02\/DSC_5513_resize25percent-300x199.jpg\" data-caption=\"\" data-source=\"modula\" data-srcset=\"https:\/\/srmadeira.oet.pt\/wordpress\/wp-content\/uploads\/2023\/02\/DSC_5513_resize25percent.jpg 1072w, https:\/\/srmadeira.oet.pt\/wordpress\/wp-content\/uploads\/2023\/02\/DSC_5513_resize25percent-300x199.jpg 300w, https:\/\/srmadeira.oet.pt\/wordpress\/wp-content\/uploads\/2023\/02\/DSC_5513_resize25percent-1024x680.jpg 1024w, https:\/\/srmadeira.oet.pt\/wordpress\/wp-content\/uploads\/2023\/02\/DSC_5513_resize25percent-768x510.jpg 768w\" data-sizes=\"(max-width: 300px) 100vw, 300px\" \/>\n\t\t<div class=\"figc no-description\">\n\t\t\t<div class=\"figc-inner\">\n\t\t\t\t\t\t\t\t\t\t\t\t\t\t\t<\/div>\n\t\t<\/div>\n\n\t<\/div>\n\n<\/div><div class=\"modula-item effect-pufrobo\" data-width=\"2\" data-height=\"2\" >\n\t<div class=\"modula-item-overlay\"><\/div>\n\n\t<div class=\"modula-item-content\">\n\n\t\t\t\t\n\t\t\t\t\t<a data-image-id=\"1249\" tabindex=\"0\" rel=\"jtg-1230\" data-caption=\"\" aria-label=\"Open image in lightbox\" role=\"button\" class=\"tile-inner modula-item-link\"><\/a>\n\t\t\n\t\t<img class=\"pic wp-image-1249 lazyload\"  data-valign=\"middle\" data-halign=\"center\" alt=\"\" data-full=\"https:\/\/srmadeira.oet.pt\/wordpress\/wp-content\/uploads\/2023\/02\/DSC_5526_resize25percent.jpg\" title=\"DSC_5526_resize25percent\" width=\"300\" height=\"199\" data-src=\"https:\/\/srmadeira.oet.pt\/wordpress\/wp-content\/uploads\/2023\/02\/DSC_5526_resize25percent-300x199.jpg\" data-caption=\"\" data-source=\"modula\" data-srcset=\"https:\/\/srmadeira.oet.pt\/wordpress\/wp-content\/uploads\/2023\/02\/DSC_5526_resize25percent.jpg 1072w, https:\/\/srmadeira.oet.pt\/wordpress\/wp-content\/uploads\/2023\/02\/DSC_5526_resize25percent-300x199.jpg 300w, https:\/\/srmadeira.oet.pt\/wordpress\/wp-content\/uploads\/2023\/02\/DSC_5526_resize25percent-1024x680.jpg 1024w, https:\/\/srmadeira.oet.pt\/wordpress\/wp-content\/uploads\/2023\/02\/DSC_5526_resize25percent-768x510.jpg 768w\" data-sizes=\"(max-width: 300px) 100vw, 300px\" \/>\n\t\t<div class=\"figc no-description\">\n\t\t\t<div class=\"figc-inner\">\n\t\t\t\t\t\t\t\t\t\t\t\t\t\t\t<\/div>\n\t\t<\/div>\n\n\t<\/div>\n\n<\/div><div class=\"modula-item effect-pufrobo\" data-width=\"2\" data-height=\"2\" >\n\t<div class=\"modula-item-overlay\"><\/div>\n\n\t<div class=\"modula-item-content\">\n\n\t\t\t\t\n\t\t\t\t\t<a data-image-id=\"1250\" tabindex=\"0\" rel=\"jtg-1230\" data-caption=\"\" aria-label=\"Open image in lightbox\" role=\"button\" class=\"tile-inner modula-item-link\"><\/a>\n\t\t\n\t\t<img class=\"pic wp-image-1250 lazyload\"  data-valign=\"middle\" data-halign=\"center\" alt=\"\" data-full=\"https:\/\/srmadeira.oet.pt\/wordpress\/wp-content\/uploads\/2023\/02\/DSC_5531_resize25percent.jpg\" title=\"DSC_5531_resize25percent\" width=\"300\" height=\"199\" data-src=\"https:\/\/srmadeira.oet.pt\/wordpress\/wp-content\/uploads\/2023\/02\/DSC_5531_resize25percent-300x199.jpg\" data-caption=\"\" data-source=\"modula\" data-srcset=\"https:\/\/srmadeira.oet.pt\/wordpress\/wp-content\/uploads\/2023\/02\/DSC_5531_resize25percent.jpg 1072w, https:\/\/srmadeira.oet.pt\/wordpress\/wp-content\/uploads\/2023\/02\/DSC_5531_resize25percent-300x199.jpg 300w, https:\/\/srmadeira.oet.pt\/wordpress\/wp-content\/uploads\/2023\/02\/DSC_5531_resize25percent-1024x680.jpg 1024w, https:\/\/srmadeira.oet.pt\/wordpress\/wp-content\/uploads\/2023\/02\/DSC_5531_resize25percent-768x510.jpg 768w\" data-sizes=\"(max-width: 300px) 100vw, 300px\" \/>\n\t\t<div class=\"figc no-description\">\n\t\t\t<div class=\"figc-inner\">\n\t\t\t\t\t\t\t\t\t\t\t\t\t\t\t<\/div>\n\t\t<\/div>\n\n\t<\/div>\n\n<\/div><div class=\"modula-item effect-pufrobo\" data-width=\"2\" data-height=\"2\" >\n\t<div class=\"modula-item-overlay\"><\/div>\n\n\t<div class=\"modula-item-content\">\n\n\t\t\t\t\n\t\t\t\t\t<a data-image-id=\"1251\" tabindex=\"0\" rel=\"jtg-1230\" data-caption=\"\" aria-label=\"Open image in lightbox\" role=\"button\" class=\"tile-inner modula-item-link\"><\/a>\n\t\t\n\t\t<img class=\"pic wp-image-1251 lazyload\"  data-valign=\"middle\" data-halign=\"center\" alt=\"\" data-full=\"https:\/\/srmadeira.oet.pt\/wordpress\/wp-content\/uploads\/2023\/02\/DSC_5550_resize25percent.jpg\" title=\"DSC_5550_resize25percent\" width=\"300\" height=\"199\" data-src=\"https:\/\/srmadeira.oet.pt\/wordpress\/wp-content\/uploads\/2023\/02\/DSC_5550_resize25percent-300x199.jpg\" data-caption=\"\" data-source=\"modula\" data-srcset=\"https:\/\/srmadeira.oet.pt\/wordpress\/wp-content\/uploads\/2023\/02\/DSC_5550_resize25percent.jpg 1072w, https:\/\/srmadeira.oet.pt\/wordpress\/wp-content\/uploads\/2023\/02\/DSC_5550_resize25percent-300x199.jpg 300w, https:\/\/srmadeira.oet.pt\/wordpress\/wp-content\/uploads\/2023\/02\/DSC_5550_resize25percent-1024x680.jpg 1024w, https:\/\/srmadeira.oet.pt\/wordpress\/wp-content\/uploads\/2023\/02\/DSC_5550_resize25percent-768x510.jpg 768w\" data-sizes=\"(max-width: 300px) 100vw, 300px\" \/>\n\t\t<div class=\"figc no-description\">\n\t\t\t<div class=\"figc-inner\">\n\t\t\t\t\t\t\t\t\t\t\t\t\t\t\t<\/div>\n\t\t<\/div>\n\n\t<\/div>\n\n<\/div><div class=\"modula-item effect-pufrobo\" data-width=\"2\" data-height=\"2\" >\n\t<div class=\"modula-item-overlay\"><\/div>\n\n\t<div class=\"modula-item-content\">\n\n\t\t\t\t\n\t\t\t\t\t<a data-image-id=\"1252\" tabindex=\"0\" rel=\"jtg-1230\" data-caption=\"\" aria-label=\"Open image in lightbox\" role=\"button\" class=\"tile-inner modula-item-link\"><\/a>\n\t\t\n\t\t<img class=\"pic wp-image-1252 lazyload\"  data-valign=\"middle\" data-halign=\"center\" alt=\"\" data-full=\"https:\/\/srmadeira.oet.pt\/wordpress\/wp-content\/uploads\/2023\/02\/DSC_5554_resize25percent.jpg\" title=\"DSC_5554_resize25percent\" width=\"300\" height=\"201\" data-src=\"https:\/\/srmadeira.oet.pt\/wordpress\/wp-content\/uploads\/2023\/02\/DSC_5554_resize25percent-300x201.jpg\" data-caption=\"\" data-source=\"modula\" data-srcset=\"https:\/\/srmadeira.oet.pt\/wordpress\/wp-content\/uploads\/2023\/02\/DSC_5554_resize25percent.jpg 891w, https:\/\/srmadeira.oet.pt\/wordpress\/wp-content\/uploads\/2023\/02\/DSC_5554_resize25percent-300x201.jpg 300w, https:\/\/srmadeira.oet.pt\/wordpress\/wp-content\/uploads\/2023\/02\/DSC_5554_resize25percent-768x514.jpg 768w\" data-sizes=\"(max-width: 300px) 100vw, 300px\" \/>\n\t\t<div class=\"figc no-description\">\n\t\t\t<div class=\"figc-inner\">\n\t\t\t\t\t\t\t\t\t\t\t\t\t\t\t<\/div>\n\t\t<\/div>\n\n\t<\/div>\n\n<\/div><div class=\"modula-item effect-pufrobo\" data-width=\"2\" data-height=\"2\" >\n\t<div class=\"modula-item-overlay\"><\/div>\n\n\t<div class=\"modula-item-content\">\n\n\t\t\t\t\n\t\t\t\t\t<a data-image-id=\"1253\" tabindex=\"0\" rel=\"jtg-1230\" data-caption=\"\" aria-label=\"Open image in lightbox\" role=\"button\" class=\"tile-inner modula-item-link\"><\/a>\n\t\t\n\t\t<img class=\"pic wp-image-1253 lazyload\"  data-valign=\"middle\" data-halign=\"center\" alt=\"\" data-full=\"https:\/\/srmadeira.oet.pt\/wordpress\/wp-content\/uploads\/2023\/02\/DSC_6351_resize25percent.jpg\" title=\"DSC_6351_resize25percent\" width=\"300\" height=\"225\" data-src=\"https:\/\/srmadeira.oet.pt\/wordpress\/wp-content\/uploads\/2023\/02\/DSC_6351_resize25percent-300x225.jpg\" data-caption=\"\" data-source=\"modula\" data-srcset=\"https:\/\/srmadeira.oet.pt\/wordpress\/wp-content\/uploads\/2023\/02\/DSC_6351_resize25percent.jpg 1181w, https:\/\/srmadeira.oet.pt\/wordpress\/wp-content\/uploads\/2023\/02\/DSC_6351_resize25percent-300x225.jpg 300w, https:\/\/srmadeira.oet.pt\/wordpress\/wp-content\/uploads\/2023\/02\/DSC_6351_resize25percent-1024x767.jpg 1024w, https:\/\/srmadeira.oet.pt\/wordpress\/wp-content\/uploads\/2023\/02\/DSC_6351_resize25percent-768x576.jpg 768w\" data-sizes=\"(max-width: 300px) 100vw, 300px\" \/>\n\t\t<div class=\"figc no-description\">\n\t\t\t<div class=\"figc-inner\">\n\t\t\t\t\t\t\t\t\t\t\t\t\t\t\t<\/div>\n\t\t<\/div>\n\n\t<\/div>\n\n<\/div>\t\t\n\t<\/div>\n\n\t\n\t\n\t<script type=\"application\/ld+json\">\n\t{\n\t\t\"@context\": \"http:\/\/schema.org\",\n\t\t\"@type\"   : \"ImageGallery\",\n\t\t\"id\"      : \"https:\/\/srmadeira.oet.pt\/wordpress\/publicacoes-na-imprensa\/\",\n\t\t\"url\"     : \"https:\/\/srmadeira.oet.pt\/wordpress\/publicacoes-na-imprensa\/\"\n\t}\n\n\t<\/script>\n\n\t\n<\/div>\n\n\n\n<p class=\"has-white-color has-ast-global-color-1-background-color has-text-color has-background has-small-font-size\"><strong>16\/10\/2009 &#8211; Museu Casa da Luz o Semin\u00e1rio \u201cSeguran\u00e7a Contra Inc\u00eandios em Edif\u00edcios \u2013 Aplica\u00e7\u00e3o da nova legisla\u00e7\u00e3o\u201d<\/strong><\/p>\n\n\n<style>#jtg-1271 .modula-item .jtg-social a, .lightbox-socials.jtg-social a{ fill: #ffffff; color: #ffffff }#jtg-1271 .modula-item .jtg-social-expandable a, #jtg-1271 .modula-item .jtg-social-expandable-icons a{ fill: #ffffff; color: #ffffff }#jtg-1271 .modula-item .jtg-social svg, .lightbox-socials.jtg-social svg { height: 16px; width: 16px }#jtg-1271 .modula-item .jtg-social-expandable svg { height: 16px; width: 16px }#jtg-1271 .modula-item .jtg-social-expandable-icons svg { height: 16px; width: 16px }#jtg-1271 .modula-item .jtg-social a:not(:last-child), .lightbox-socials.jtg-social a:not(:last-child) { margin-right: 10px }#jtg-1271 .modula-item .jtg-social-expandable-icons { gap: 10px }#jtg-1271 .modula-item .figc {color:#ffffff;}#jtg-1271 .modula-item .modula-item-content { transform: scale(1) }#jtg-1271 .modula-items .figc p.description { font-size:14px; }#jtg-1271 .modula-items .figc p.description { color:#ffffff;}#jtg-1271.modula-gallery .modula-item > a, #jtg-1271.modula-gallery .modula-item, #jtg-1271.modula-gallery .modula-item-content > a:not(.modula-no-follow) { cursor:zoom-in; } #jtg-1271.modula-gallery .modula-item-content .modula-no-follow { cursor: default; } @media screen and (max-width:480px){#jtg-1271 .modula-item .figc .jtg-title {  font-size: 12px; }#jtg-1271 .modula-items .figc p.description { color:#ffffff;font-size:10px; }}<\/style>\n<div  id=\"jtg-1271\" class=\"modula modula-gallery modula-custom-grid modula-is-lazy\" data-config=\"{&quot;height&quot;:0,&quot;tabletHeight&quot;:0,&quot;mobileHeight&quot;:0,&quot;desktopHeight&quot;:0,&quot;enableTwitter&quot;:false,&quot;enableWhatsapp&quot;:false,&quot;enableFacebook&quot;:false,&quot;enablePinterest&quot;:false,&quot;enableLinkedin&quot;:false,&quot;enableEmail&quot;:false,&quot;randomFactor&quot;:0,&quot;type&quot;:&quot;custom-grid&quot;,&quot;columns&quot;:12,&quot;gutter&quot;:10,&quot;mobileGutter&quot;:10,&quot;tabletGutter&quot;:10,&quot;desktopGutter&quot;:10,&quot;enableResponsive&quot;:&quot;0&quot;,&quot;tabletColumns&quot;:&quot;2&quot;,&quot;mobileColumns&quot;:&quot;1&quot;,&quot;lazyLoad&quot;:&quot;1&quot;,&quot;lightboxOpts&quot;:{&quot;animated&quot;:true,&quot;Thumbs&quot;:{&quot;type&quot;:&quot;modern&quot;,&quot;showOnStart&quot;:false},&quot;Toolbar&quot;:{&quot;display&quot;:{&quot;right&quot;:[&quot;close&quot;]},&quot;enabled&quot;:true},&quot;Carousel&quot;:{&quot;Panzoom&quot;:{&quot;touch&quot;:false},&quot;infinite&quot;:false},&quot;keyboard&quot;:{&quot;Escape&quot;:&quot;close&quot;,&quot;Delete&quot;:&quot;close&quot;,&quot;Backspace&quot;:&quot;close&quot;,&quot;PageUp&quot;:false,&quot;PageDown&quot;:false,&quot;ArrowUp&quot;:false,&quot;ArrowDown&quot;:false,&quot;ArrowRight&quot;:false,&quot;ArrowLeft&quot;:false},&quot;touch&quot;:false,&quot;backdropClick&quot;:false,&quot;l10n&quot;:{&quot;CLOSE&quot;:&quot;Close&quot;,&quot;NEXT&quot;:&quot;Next&quot;,&quot;PREV&quot;:&quot;Previous&quot;,&quot;Error&quot;:&quot;The requested content cannot be loaded. Please try again later.&quot;,&quot;PLAY_START&quot;:&quot;Start slideshow&quot;,&quot;PLAY_STOP&quot;:&quot;Pause slideshow&quot;,&quot;FULL_SCREEN&quot;:&quot;Full screen&quot;,&quot;THUMBS&quot;:&quot;Thumbnails&quot;,&quot;DOWNLOAD&quot;:&quot;Download&quot;,&quot;SHARE&quot;:&quot;Share&quot;,&quot;ZOOM&quot;:&quot;Zoom&quot;,&quot;EMAIL&quot;:&quot;Here is the link to the image : %%image_link%% and this is the link to the gallery : %%gallery_link%%&quot;,&quot;MODAL&quot;:&quot;You can close this modal content with the ESC key&quot;,&quot;ERROR&quot;:&quot;Something Went Wrong, Please Try Again Later&quot;,&quot;IMAGE_ERROR&quot;:&quot;Image Not Found&quot;,&quot;ELEMENT_NOT_FOUND&quot;:&quot;HTML Element Not Found&quot;,&quot;AJAX_NOT_FOUND&quot;:&quot;Error Loading AJAX : Not Found&quot;,&quot;AJAX_FORBIDDEN&quot;:&quot;Error Loading AJAX : Forbidden&quot;,&quot;IFRAME_ERROR&quot;:&quot;Error Loading Page&quot;,&quot;TOGGLE_ZOOM&quot;:&quot;Toggle zoom level&quot;,&quot;TOGGLE_THUMBS&quot;:&quot;Toggle thumbnails&quot;,&quot;TOGGLE_SLIDESHOW&quot;:&quot;Toggle slideshow&quot;,&quot;TOGGLE_FULLSCREEN&quot;:&quot;Toggle full-screen mode&quot;},&quot;Images&quot;:{&quot;Panzoom&quot;:{&quot;maxScale&quot;:2}},&quot;mainClass&quot;:&quot;modula-fancybox-container modula-lightbox-jtg-1271&quot;,&quot;Html&quot;:{&quot;videoAutoplay&quot;:0,&quot;videoTpl&quot;:&quot;&lt;video class=\\&quot;fancybox__html5video\\&quot; controls muted playsinline controlsList controlsList=\\&quot;nodownload\\&quot; poster=\\&quot;{{poster}}\\&quot; src=\\&quot;{{src}}\\&quot; type=\\&quot;{{format}}\\&quot; &gt;  Sorry, your browser doesn&#039;t support embedded videos, &lt;a href=\\&quot;{{src}}\\&quot;&gt; download &lt;\\\/a&gt; and watch with your favorite video player! &lt;\\\/video&gt;&quot;}},&quot;inView&quot;:false,&quot;email_subject&quot;:&quot;Check out this awesome image !!&quot;,&quot;email_message&quot;:&quot;Here is the link to the image : %%image_link%% and this is the link to the gallery : %%gallery_link%%&quot;,&quot;lightbox&quot;:&quot;fancybox&quot;}\">\n\n\t\n\t<div  class=\"modula-items\">\n\t\t<div class=\"modula-item effect-pufrobo\" data-width=\"2\" data-height=\"2\" >\n\t<div class=\"modula-item-overlay\"><\/div>\n\n\t<div class=\"modula-item-content\">\n\n\t\t\t\t\n\t\t\t\t\t<a data-image-id=\"1278\" tabindex=\"0\" rel=\"jtg-1271\" data-caption=\"\" aria-label=\"Open image in lightbox\" role=\"button\" class=\"tile-inner modula-item-link\"><\/a>\n\t\t\n\t\t<img class=\"pic wp-image-1278 lazyload\"  data-valign=\"middle\" data-halign=\"center\" alt=\"\" data-full=\"https:\/\/srmadeira.oet.pt\/wordpress\/wp-content\/uploads\/2023\/02\/ROG_2041_resize35percent.jpg\" title=\"ROG_2041_resize35percent\" width=\"199\" height=\"300\" data-src=\"https:\/\/srmadeira.oet.pt\/wordpress\/wp-content\/uploads\/2023\/02\/ROG_2041_resize35percent-199x300.jpg\" data-caption=\"\" data-source=\"modula\" data-srcset=\"https:\/\/srmadeira.oet.pt\/wordpress\/wp-content\/uploads\/2023\/02\/ROG_2041_resize35percent.jpg 996w, https:\/\/srmadeira.oet.pt\/wordpress\/wp-content\/uploads\/2023\/02\/ROG_2041_resize35percent-199x300.jpg 199w, https:\/\/srmadeira.oet.pt\/wordpress\/wp-content\/uploads\/2023\/02\/ROG_2041_resize35percent-680x1024.jpg 680w, https:\/\/srmadeira.oet.pt\/wordpress\/wp-content\/uploads\/2023\/02\/ROG_2041_resize35percent-768x1157.jpg 768w\" data-sizes=\"(max-width: 199px) 100vw, 199px\" \/>\n\t\t<div class=\"figc no-description\">\n\t\t\t<div class=\"figc-inner\">\n\t\t\t\t\t\t\t\t\t\t\t\t\t\t\t<\/div>\n\t\t<\/div>\n\n\t<\/div>\n\n<\/div><div class=\"modula-item effect-pufrobo\" data-width=\"2\" data-height=\"2\" >\n\t<div class=\"modula-item-overlay\"><\/div>\n\n\t<div class=\"modula-item-content\">\n\n\t\t\t\t\n\t\t\t\t\t<a data-image-id=\"1272\" tabindex=\"0\" rel=\"jtg-1271\" data-caption=\"\" aria-label=\"Open image in lightbox\" role=\"button\" class=\"tile-inner modula-item-link\"><\/a>\n\t\t\n\t\t<img class=\"pic wp-image-1272 lazyload\"  data-valign=\"middle\" data-halign=\"center\" alt=\"\" data-full=\"https:\/\/srmadeira.oet.pt\/wordpress\/wp-content\/uploads\/2023\/02\/ROG_1984_resize35percent.jpg\" title=\"ROG_1984_resize35percent\" width=\"300\" height=\"199\" data-src=\"https:\/\/srmadeira.oet.pt\/wordpress\/wp-content\/uploads\/2023\/02\/ROG_1984_resize35percent-300x199.jpg\" data-caption=\"\" data-source=\"modula\" data-srcset=\"https:\/\/srmadeira.oet.pt\/wordpress\/wp-content\/uploads\/2023\/02\/ROG_1984_resize35percent.jpg 1500w, https:\/\/srmadeira.oet.pt\/wordpress\/wp-content\/uploads\/2023\/02\/ROG_1984_resize35percent-300x199.jpg 300w, https:\/\/srmadeira.oet.pt\/wordpress\/wp-content\/uploads\/2023\/02\/ROG_1984_resize35percent-1024x680.jpg 1024w, https:\/\/srmadeira.oet.pt\/wordpress\/wp-content\/uploads\/2023\/02\/ROG_1984_resize35percent-768x510.jpg 768w\" data-sizes=\"(max-width: 300px) 100vw, 300px\" \/>\n\t\t<div class=\"figc no-description\">\n\t\t\t<div class=\"figc-inner\">\n\t\t\t\t\t\t\t\t\t\t\t\t\t\t\t<\/div>\n\t\t<\/div>\n\n\t<\/div>\n\n<\/div><div class=\"modula-item effect-pufrobo\" data-width=\"2\" data-height=\"2\" >\n\t<div class=\"modula-item-overlay\"><\/div>\n\n\t<div class=\"modula-item-content\">\n\n\t\t\t\t\n\t\t\t\t\t<a data-image-id=\"1273\" tabindex=\"0\" rel=\"jtg-1271\" data-caption=\"\" aria-label=\"Open image in lightbox\" role=\"button\" class=\"tile-inner modula-item-link\"><\/a>\n\t\t\n\t\t<img class=\"pic wp-image-1273 lazyload\"  data-valign=\"middle\" data-halign=\"center\" alt=\"\" data-full=\"https:\/\/srmadeira.oet.pt\/wordpress\/wp-content\/uploads\/2023\/02\/ROG_1995_resize35percent.jpg\" title=\"ROG_1995_resize35percent\" width=\"300\" height=\"199\" data-src=\"https:\/\/srmadeira.oet.pt\/wordpress\/wp-content\/uploads\/2023\/02\/ROG_1995_resize35percent-300x199.jpg\" data-caption=\"\" data-source=\"modula\" data-srcset=\"https:\/\/srmadeira.oet.pt\/wordpress\/wp-content\/uploads\/2023\/02\/ROG_1995_resize35percent.jpg 1500w, https:\/\/srmadeira.oet.pt\/wordpress\/wp-content\/uploads\/2023\/02\/ROG_1995_resize35percent-300x199.jpg 300w, https:\/\/srmadeira.oet.pt\/wordpress\/wp-content\/uploads\/2023\/02\/ROG_1995_resize35percent-1024x680.jpg 1024w, https:\/\/srmadeira.oet.pt\/wordpress\/wp-content\/uploads\/2023\/02\/ROG_1995_resize35percent-768x510.jpg 768w\" data-sizes=\"(max-width: 300px) 100vw, 300px\" \/>\n\t\t<div class=\"figc no-description\">\n\t\t\t<div class=\"figc-inner\">\n\t\t\t\t\t\t\t\t\t\t\t\t\t\t\t<\/div>\n\t\t<\/div>\n\n\t<\/div>\n\n<\/div><div class=\"modula-item effect-pufrobo\" data-width=\"2\" data-height=\"2\" >\n\t<div class=\"modula-item-overlay\"><\/div>\n\n\t<div class=\"modula-item-content\">\n\n\t\t\t\t\n\t\t\t\t\t<a data-image-id=\"1274\" tabindex=\"0\" rel=\"jtg-1271\" data-caption=\"\" aria-label=\"Open image in lightbox\" role=\"button\" class=\"tile-inner modula-item-link\"><\/a>\n\t\t\n\t\t<img class=\"pic wp-image-1274 lazyload\"  data-valign=\"middle\" data-halign=\"center\" alt=\"\" data-full=\"https:\/\/srmadeira.oet.pt\/wordpress\/wp-content\/uploads\/2023\/02\/ROG_2004_resize35percent.jpg\" title=\"ROG_2004_resize35percent\" width=\"300\" height=\"199\" data-src=\"https:\/\/srmadeira.oet.pt\/wordpress\/wp-content\/uploads\/2023\/02\/ROG_2004_resize35percent-300x199.jpg\" data-caption=\"\" data-source=\"modula\" data-srcset=\"https:\/\/srmadeira.oet.pt\/wordpress\/wp-content\/uploads\/2023\/02\/ROG_2004_resize35percent.jpg 1500w, https:\/\/srmadeira.oet.pt\/wordpress\/wp-content\/uploads\/2023\/02\/ROG_2004_resize35percent-300x199.jpg 300w, https:\/\/srmadeira.oet.pt\/wordpress\/wp-content\/uploads\/2023\/02\/ROG_2004_resize35percent-1024x680.jpg 1024w, https:\/\/srmadeira.oet.pt\/wordpress\/wp-content\/uploads\/2023\/02\/ROG_2004_resize35percent-768x510.jpg 768w\" data-sizes=\"(max-width: 300px) 100vw, 300px\" \/>\n\t\t<div class=\"figc no-description\">\n\t\t\t<div class=\"figc-inner\">\n\t\t\t\t\t\t\t\t\t\t\t\t\t\t\t<\/div>\n\t\t<\/div>\n\n\t<\/div>\n\n<\/div><div class=\"modula-item effect-pufrobo\" data-width=\"2\" data-height=\"2\" >\n\t<div class=\"modula-item-overlay\"><\/div>\n\n\t<div class=\"modula-item-content\">\n\n\t\t\t\t\n\t\t\t\t\t<a data-image-id=\"1275\" tabindex=\"0\" rel=\"jtg-1271\" data-caption=\"\" aria-label=\"Open image in lightbox\" role=\"button\" class=\"tile-inner modula-item-link\"><\/a>\n\t\t\n\t\t<img class=\"pic wp-image-1275 lazyload\"  data-valign=\"middle\" data-halign=\"center\" alt=\"\" data-full=\"https:\/\/srmadeira.oet.pt\/wordpress\/wp-content\/uploads\/2023\/02\/ROG_2016_resize35percent.jpg\" title=\"ROG_2016_resize35percent\" width=\"300\" height=\"199\" data-src=\"https:\/\/srmadeira.oet.pt\/wordpress\/wp-content\/uploads\/2023\/02\/ROG_2016_resize35percent-300x199.jpg\" data-caption=\"\" data-source=\"modula\" data-srcset=\"https:\/\/srmadeira.oet.pt\/wordpress\/wp-content\/uploads\/2023\/02\/ROG_2016_resize35percent.jpg 1500w, https:\/\/srmadeira.oet.pt\/wordpress\/wp-content\/uploads\/2023\/02\/ROG_2016_resize35percent-300x199.jpg 300w, https:\/\/srmadeira.oet.pt\/wordpress\/wp-content\/uploads\/2023\/02\/ROG_2016_resize35percent-1024x680.jpg 1024w, https:\/\/srmadeira.oet.pt\/wordpress\/wp-content\/uploads\/2023\/02\/ROG_2016_resize35percent-768x510.jpg 768w\" data-sizes=\"(max-width: 300px) 100vw, 300px\" \/>\n\t\t<div class=\"figc no-description\">\n\t\t\t<div class=\"figc-inner\">\n\t\t\t\t\t\t\t\t\t\t\t\t\t\t\t<\/div>\n\t\t<\/div>\n\n\t<\/div>\n\n<\/div><div class=\"modula-item effect-pufrobo\" data-width=\"2\" data-height=\"2\" >\n\t<div class=\"modula-item-overlay\"><\/div>\n\n\t<div class=\"modula-item-content\">\n\n\t\t\t\t\n\t\t\t\t\t<a data-image-id=\"1276\" tabindex=\"0\" rel=\"jtg-1271\" data-caption=\"\" aria-label=\"Open image in lightbox\" role=\"button\" class=\"tile-inner modula-item-link\"><\/a>\n\t\t\n\t\t<img class=\"pic wp-image-1276 lazyload\"  data-valign=\"middle\" data-halign=\"center\" alt=\"\" data-full=\"https:\/\/srmadeira.oet.pt\/wordpress\/wp-content\/uploads\/2023\/02\/ROG_2027_resize35percent.jpg\" title=\"ROG_2027_resize35percent\" width=\"300\" height=\"199\" data-src=\"https:\/\/srmadeira.oet.pt\/wordpress\/wp-content\/uploads\/2023\/02\/ROG_2027_resize35percent-300x199.jpg\" data-caption=\"\" data-source=\"modula\" data-srcset=\"https:\/\/srmadeira.oet.pt\/wordpress\/wp-content\/uploads\/2023\/02\/ROG_2027_resize35percent.jpg 1500w, https:\/\/srmadeira.oet.pt\/wordpress\/wp-content\/uploads\/2023\/02\/ROG_2027_resize35percent-300x199.jpg 300w, https:\/\/srmadeira.oet.pt\/wordpress\/wp-content\/uploads\/2023\/02\/ROG_2027_resize35percent-1024x680.jpg 1024w, https:\/\/srmadeira.oet.pt\/wordpress\/wp-content\/uploads\/2023\/02\/ROG_2027_resize35percent-768x510.jpg 768w\" data-sizes=\"(max-width: 300px) 100vw, 300px\" \/>\n\t\t<div class=\"figc no-description\">\n\t\t\t<div class=\"figc-inner\">\n\t\t\t\t\t\t\t\t\t\t\t\t\t\t\t<\/div>\n\t\t<\/div>\n\n\t<\/div>\n\n<\/div><div class=\"modula-item effect-pufrobo\" data-width=\"2\" data-height=\"2\" >\n\t<div class=\"modula-item-overlay\"><\/div>\n\n\t<div class=\"modula-item-content\">\n\n\t\t\t\t\n\t\t\t\t\t<a data-image-id=\"1277\" tabindex=\"0\" rel=\"jtg-1271\" data-caption=\"\" aria-label=\"Open image in lightbox\" role=\"button\" class=\"tile-inner modula-item-link\"><\/a>\n\t\t\n\t\t<img class=\"pic wp-image-1277 lazyload\"  data-valign=\"middle\" data-halign=\"center\" alt=\"\" data-full=\"https:\/\/srmadeira.oet.pt\/wordpress\/wp-content\/uploads\/2023\/02\/ROG_2031_resize35percent.jpg\" title=\"ROG_2031_resize35percent\" width=\"300\" height=\"199\" data-src=\"https:\/\/srmadeira.oet.pt\/wordpress\/wp-content\/uploads\/2023\/02\/ROG_2031_resize35percent-300x199.jpg\" data-caption=\"\" data-source=\"modula\" data-srcset=\"https:\/\/srmadeira.oet.pt\/wordpress\/wp-content\/uploads\/2023\/02\/ROG_2031_resize35percent.jpg 1500w, https:\/\/srmadeira.oet.pt\/wordpress\/wp-content\/uploads\/2023\/02\/ROG_2031_resize35percent-300x199.jpg 300w, https:\/\/srmadeira.oet.pt\/wordpress\/wp-content\/uploads\/2023\/02\/ROG_2031_resize35percent-1024x680.jpg 1024w, https:\/\/srmadeira.oet.pt\/wordpress\/wp-content\/uploads\/2023\/02\/ROG_2031_resize35percent-768x510.jpg 768w\" data-sizes=\"(max-width: 300px) 100vw, 300px\" \/>\n\t\t<div class=\"figc no-description\">\n\t\t\t<div class=\"figc-inner\">\n\t\t\t\t\t\t\t\t\t\t\t\t\t\t\t<\/div>\n\t\t<\/div>\n\n\t<\/div>\n\n<\/div>\t\t\n\t<\/div>\n\n\t\n\t\n\t<script type=\"application\/ld+json\">\n\t{\n\t\t\"@context\": \"http:\/\/schema.org\",\n\t\t\"@type\"   : \"ImageGallery\",\n\t\t\"id\"      : \"https:\/\/srmadeira.oet.pt\/wordpress\/publicacoes-na-imprensa\/\",\n\t\t\"url\"     : \"https:\/\/srmadeira.oet.pt\/wordpress\/publicacoes-na-imprensa\/\"\n\t}\n\n\t<\/script>\n\n\t\n<\/div>\n<\/div>\n\n\n\n<div class=\"wp-block-uagb-tabs-child uagb-tabs__body-container uagb-inner-tab-2\" aria-labelledby=\"uagb-tabs__tab2\">\n<div class=\"wp-block-uagb-container uagb-block-3ad553f4 alignfull uagb-is-root-container\"><div class=\"uagb-container-inner-blocks-wrap\">\n<div class=\"wp-block-columns is-layout-flex wp-container-core-columns-is-layout-28f84493 wp-block-columns-is-layout-flex\">\n<div class=\"wp-block-column is-layout-flow wp-block-column-is-layout-flow\">\n<div class=\"wp-block-uagb-content-timeline uagb-timeline__outer-wrap uagb-block-188ae3a8-bb84-4af7-9600-0271024ef8aa uagb-timeline__content-wrap uagb-timeline__center-block  uagb-timeline__arrow-center uagb-timeline\">\n<article class=\"wp-block-uagb-content-timeline-child uagb-timeline__field uagb-timeline-child-43781944-8492-42c9-9583-c1241c32b2b8 uagb-timeline__right\"><div class=\"uagb-timeline__marker out-view-uagb-timeline__icon\"><svg xmlns=\"https:\/\/www.w3.org\/2000\/svg\" viewBox=\"0 0 448 512\"><path d=\"M160 32V64H288V32C288 14.33 302.3 0 320 0C337.7 0 352 14.33 352 32V64H400C426.5 64 448 85.49 448 112V160H0V112C0 85.49 21.49 64 48 64H96V32C96 14.33 110.3 0 128 0C145.7 0 160 14.33 160 32zM0 192H448V464C448 490.5 426.5 512 400 512H48C21.49 512 0 490.5 0 464V192zM64 304C64 312.8 71.16 320 80 320H112C120.8 320 128 312.8 128 304V272C128 263.2 120.8 256 112 256H80C71.16 256 64 263.2 64 272V304zM192 304C192 312.8 199.2 320 208 320H240C248.8 320 256 312.8 256 304V272C256 263.2 248.8 256 240 256H208C199.2 256 192 263.2 192 272V304zM336 256C327.2 256 320 263.2 320 272V304C320 312.8 327.2 320 336 320H368C376.8 320 384 312.8 384 304V272C384 263.2 376.8 256 368 256H336zM64 432C64 440.8 71.16 448 80 448H112C120.8 448 128 440.8 128 432V400C128 391.2 120.8 384 112 384H80C71.16 384 64 391.2 64 400V432zM208 384C199.2 384 192 391.2 192 400V432C192 440.8 199.2 448 208 448H240C248.8 448 256 440.8 256 432V400C256 391.2 248.8 384 240 384H208zM320 432C320 440.8 327.2 448 336 448H368C376.8 448 384 440.8 384 432V400C384 391.2 376.8 384 368 384H336C327.2 384 320 391.2 320 400V432z\"><\/path><\/svg><\/div><div class=\"uagb-timeline__day-new uagb-timeline__day-right uagb-timeline__events-inner-new\"><div class=\"uagb-timeline__events-inner--content\"><div class=\"uagb-timeline__date-hide uagb-timeline__inner-date-new\">Dezembro 31, 2021<\/div><h4 class=\"uagb-timeline__heading\"><a href=\"https:\/\/srmadeira.oet.pt\/publicacoes\/DN\/DN-20211231.pdf\" target=\"_blank\" rel=\"noreferrer noopener\">Sistemas de Gest\u00e3o T\u00e9cnica<\/a><\/h4><p class=\"uagb-timeline-desc-content\">Eng. T\u00e9cnico Mec\u00e2nico S\u00e9nior<br>Manuel Silva<br>Eng. T\u00e9cnico de Energia<br>e Sistemas de Pot\u00eancia<\/p><div class=\"uagb-timeline__arrow\"><\/div><\/div><\/div><div class=\"uagb-timeline__date-new\">Dezembro 31, 2021<\/div><\/article>\n\n\n\n<article class=\"wp-block-uagb-content-timeline-child uagb-timeline__field uagb-timeline-child-bce49e3e-a14f-4b74-b15e-ac4bd4aeb5da uagb-timeline__left\"><div class=\"uagb-timeline__marker out-view-uagb-timeline__icon\"><svg xmlns=\"https:\/\/www.w3.org\/2000\/svg\" viewBox=\"0 0 448 512\"><path d=\"M160 32V64H288V32C288 14.33 302.3 0 320 0C337.7 0 352 14.33 352 32V64H400C426.5 64 448 85.49 448 112V160H0V112C0 85.49 21.49 64 48 64H96V32C96 14.33 110.3 0 128 0C145.7 0 160 14.33 160 32zM0 192H448V464C448 490.5 426.5 512 400 512H48C21.49 512 0 490.5 0 464V192zM64 304C64 312.8 71.16 320 80 320H112C120.8 320 128 312.8 128 304V272C128 263.2 120.8 256 112 256H80C71.16 256 64 263.2 64 272V304zM192 304C192 312.8 199.2 320 208 320H240C248.8 320 256 312.8 256 304V272C256 263.2 248.8 256 240 256H208C199.2 256 192 263.2 192 272V304zM336 256C327.2 256 320 263.2 320 272V304C320 312.8 327.2 320 336 320H368C376.8 320 384 312.8 384 304V272C384 263.2 376.8 256 368 256H336zM64 432C64 440.8 71.16 448 80 448H112C120.8 448 128 440.8 128 432V400C128 391.2 120.8 384 112 384H80C71.16 384 64 391.2 64 400V432zM208 384C199.2 384 192 391.2 192 400V432C192 440.8 199.2 448 208 448H240C248.8 448 256 440.8 256 432V400C256 391.2 248.8 384 240 384H208zM320 432C320 440.8 327.2 448 336 448H368C376.8 448 384 440.8 384 432V400C384 391.2 376.8 384 368 384H336C327.2 384 320 391.2 320 400V432z\"><\/path><\/svg><\/div><div class=\"uagb-timeline__day-new uagb-timeline__day-left uagb-timeline__events-inner-new\"><div class=\"uagb-timeline__events-inner--content\"><div class=\"uagb-timeline__date-hide uagb-timeline__inner-date-new\">Outubro 31, 2021<\/div><h4 class=\"uagb-timeline__heading\"><a rel=\"noreferrer noopener\" href=\"https:\/\/srmadeira.oet.pt\/publicacoes\/DN\/DN-20211031.pdf\" target=\"_blank\">Contributo da OET na<\/a><a href=\"https:\/\/srmadeira.oet.pt\/publicacoes\/DN\/DN-20211031.pdf\" target=\"_blank\" rel=\"noreferrer noopener\"> <\/a><a rel=\"noreferrer noopener\" href=\"https:\/\/srmadeira.oet.pt\/publicacoes\/DN\/DN-20211031.pdf\" target=\"_blank\">dignifica\u00e7\u00e3o da Engenharia<\/a><\/h4><p class=\"uagb-timeline-desc-content\">ENG\u00ba T\u00c9CNICO JOS\u00c9<br>FRANCISCO DA COSTA GIL,  Presidente da Sec\u00e7\u00e3o Regional da Madeira<\/p><div class=\"uagb-timeline__arrow\"><\/div><\/div><\/div><div class=\"uagb-timeline__date-new\">Outubro 31, 2021<\/div><\/article>\n\n\n\n<article class=\"wp-block-uagb-content-timeline-child uagb-timeline__field uagb-timeline-child-037f084b-d7f2-425a-abee-e45cb20c4bae uagb-timeline__right\"><div class=\"uagb-timeline__marker out-view-uagb-timeline__icon\"><svg xmlns=\"https:\/\/www.w3.org\/2000\/svg\" viewBox=\"0 0 448 512\"><path d=\"M160 32V64H288V32C288 14.33 302.3 0 320 0C337.7 0 352 14.33 352 32V64H400C426.5 64 448 85.49 448 112V160H0V112C0 85.49 21.49 64 48 64H96V32C96 14.33 110.3 0 128 0C145.7 0 160 14.33 160 32zM0 192H448V464C448 490.5 426.5 512 400 512H48C21.49 512 0 490.5 0 464V192zM64 304C64 312.8 71.16 320 80 320H112C120.8 320 128 312.8 128 304V272C128 263.2 120.8 256 112 256H80C71.16 256 64 263.2 64 272V304zM192 304C192 312.8 199.2 320 208 320H240C248.8 320 256 312.8 256 304V272C256 263.2 248.8 256 240 256H208C199.2 256 192 263.2 192 272V304zM336 256C327.2 256 320 263.2 320 272V304C320 312.8 327.2 320 336 320H368C376.8 320 384 312.8 384 304V272C384 263.2 376.8 256 368 256H336zM64 432C64 440.8 71.16 448 80 448H112C120.8 448 128 440.8 128 432V400C128 391.2 120.8 384 112 384H80C71.16 384 64 391.2 64 400V432zM208 384C199.2 384 192 391.2 192 400V432C192 440.8 199.2 448 208 448H240C248.8 448 256 440.8 256 432V400C256 391.2 248.8 384 240 384H208zM320 432C320 440.8 327.2 448 336 448H368C376.8 448 384 440.8 384 432V400C384 391.2 376.8 384 368 384H336C327.2 384 320 391.2 320 400V432z\"><\/path><\/svg><\/div><div class=\"uagb-timeline__day-new uagb-timeline__day-right uagb-timeline__events-inner-new\"><div class=\"uagb-timeline__events-inner--content\"><div class=\"uagb-timeline__date-hide uagb-timeline__inner-date-new\">Setembro 26, 2021<\/div><h4 class=\"uagb-timeline__heading\"><a href=\"https:\/\/srmadeira.oet.pt\/publicacoes\/DN\/DN-20210926.pdf\" target=\"_blank\" rel=\"noreferrer noopener\">A engenharia t\u00e9cnica na limpeza urbana<\/a><\/h4><p class=\"uagb-timeline-desc-content\">ANA OLIVEIRA<br>Engenheira T\u00e9cnica, do Col\u00e9gio de Especialidade de Engenharia do Ambiente<\/p><div class=\"uagb-timeline__arrow\"><\/div><\/div><\/div><div class=\"uagb-timeline__date-new\">Setembro 26, 2021<\/div><\/article>\n\n\n\n<article class=\"wp-block-uagb-content-timeline-child uagb-timeline__field uagb-timeline-child-d7d2ce55-16e2-4cc7-850e-61a6ee9f2abe uagb-timeline__left\"><div class=\"uagb-timeline__marker out-view-uagb-timeline__icon\"><svg xmlns=\"https:\/\/www.w3.org\/2000\/svg\" viewBox=\"0 0 448 512\"><path d=\"M160 32V64H288V32C288 14.33 302.3 0 320 0C337.7 0 352 14.33 352 32V64H400C426.5 64 448 85.49 448 112V160H0V112C0 85.49 21.49 64 48 64H96V32C96 14.33 110.3 0 128 0C145.7 0 160 14.33 160 32zM0 192H448V464C448 490.5 426.5 512 400 512H48C21.49 512 0 490.5 0 464V192zM64 304C64 312.8 71.16 320 80 320H112C120.8 320 128 312.8 128 304V272C128 263.2 120.8 256 112 256H80C71.16 256 64 263.2 64 272V304zM192 304C192 312.8 199.2 320 208 320H240C248.8 320 256 312.8 256 304V272C256 263.2 248.8 256 240 256H208C199.2 256 192 263.2 192 272V304zM336 256C327.2 256 320 263.2 320 272V304C320 312.8 327.2 320 336 320H368C376.8 320 384 312.8 384 304V272C384 263.2 376.8 256 368 256H336zM64 432C64 440.8 71.16 448 80 448H112C120.8 448 128 440.8 128 432V400C128 391.2 120.8 384 112 384H80C71.16 384 64 391.2 64 400V432zM208 384C199.2 384 192 391.2 192 400V432C192 440.8 199.2 448 208 448H240C248.8 448 256 440.8 256 432V400C256 391.2 248.8 384 240 384H208zM320 432C320 440.8 327.2 448 336 448H368C376.8 448 384 440.8 384 432V400C384 391.2 376.8 384 368 384H336C327.2 384 320 391.2 320 400V432z\"><\/path><\/svg><\/div><div class=\"uagb-timeline__day-new uagb-timeline__day-left uagb-timeline__events-inner-new\"><div class=\"uagb-timeline__events-inner--content\"><div class=\"uagb-timeline__date-hide uagb-timeline__inner-date-new\">Agosto 29, 2021<\/div><h4 class=\"uagb-timeline__heading\"><a href=\"https:\/\/srmadeira.oet.pt\/publicacoes\/DN\/DN-20210829.pdf\" target=\"_blank\" rel=\"noreferrer noopener\">Motores T\u00e9rmicos vs. Motores El\u00e9tricos<\/a><\/h4><p class=\"uagb-timeline-desc-content\">ADELINO FILIPE<br>Especialidade Engenharia<br>Mec\u00e2nica<\/p><div class=\"uagb-timeline__arrow\"><\/div><\/div><\/div><div class=\"uagb-timeline__date-new\">Agosto 29, 2021<\/div><\/article>\n\n\n\n<article class=\"wp-block-uagb-content-timeline-child uagb-timeline__field uagb-timeline-child-92e32760-4414-459b-9ade-5d16c8e0164f uagb-timeline__right\"><div class=\"uagb-timeline__marker out-view-uagb-timeline__icon\"><svg xmlns=\"https:\/\/www.w3.org\/2000\/svg\" viewBox=\"0 0 448 512\"><path d=\"M160 32V64H288V32C288 14.33 302.3 0 320 0C337.7 0 352 14.33 352 32V64H400C426.5 64 448 85.49 448 112V160H0V112C0 85.49 21.49 64 48 64H96V32C96 14.33 110.3 0 128 0C145.7 0 160 14.33 160 32zM0 192H448V464C448 490.5 426.5 512 400 512H48C21.49 512 0 490.5 0 464V192zM64 304C64 312.8 71.16 320 80 320H112C120.8 320 128 312.8 128 304V272C128 263.2 120.8 256 112 256H80C71.16 256 64 263.2 64 272V304zM192 304C192 312.8 199.2 320 208 320H240C248.8 320 256 312.8 256 304V272C256 263.2 248.8 256 240 256H208C199.2 256 192 263.2 192 272V304zM336 256C327.2 256 320 263.2 320 272V304C320 312.8 327.2 320 336 320H368C376.8 320 384 312.8 384 304V272C384 263.2 376.8 256 368 256H336zM64 432C64 440.8 71.16 448 80 448H112C120.8 448 128 440.8 128 432V400C128 391.2 120.8 384 112 384H80C71.16 384 64 391.2 64 400V432zM208 384C199.2 384 192 391.2 192 400V432C192 440.8 199.2 448 208 448H240C248.8 448 256 440.8 256 432V400C256 391.2 248.8 384 240 384H208zM320 432C320 440.8 327.2 448 336 448H368C376.8 448 384 440.8 384 432V400C384 391.2 376.8 384 368 384H336C327.2 384 320 391.2 320 400V432z\"><\/path><\/svg><\/div><div class=\"uagb-timeline__day-new uagb-timeline__day-right uagb-timeline__events-inner-new\"><div class=\"uagb-timeline__events-inner--content\"><div class=\"uagb-timeline__date-hide uagb-timeline__inner-date-new\">Julho 25, 2021<\/div><h4 class=\"uagb-timeline__heading\"><a href=\"https:\/\/srmadeira.oet.pt\/publicacoes\/DN\/DN-20210725.pdf\" target=\"_blank\" rel=\"noreferrer noopener\">10 Solu\u00e7\u00f5es para efici\u00eancia h\u00eddrica<\/a><\/h4><p class=\"uagb-timeline-desc-content\">D\u00c9BORA SANTOS<br>Eng.\u00aa T\u00e9cnica do Ambiente<\/p><div class=\"uagb-timeline__arrow\"><\/div><\/div><\/div><div class=\"uagb-timeline__date-new\">Julho 25, 2021<\/div><\/article>\n\n\n\n<article class=\"wp-block-uagb-content-timeline-child uagb-timeline__field uagb-timeline-child-2833f7b8-4f12-40ab-9c6e-ced8377a0121 uagb-timeline__left\"><div class=\"uagb-timeline__marker out-view-uagb-timeline__icon\"><svg xmlns=\"https:\/\/www.w3.org\/2000\/svg\" viewBox=\"0 0 448 512\"><path d=\"M160 32V64H288V32C288 14.33 302.3 0 320 0C337.7 0 352 14.33 352 32V64H400C426.5 64 448 85.49 448 112V160H0V112C0 85.49 21.49 64 48 64H96V32C96 14.33 110.3 0 128 0C145.7 0 160 14.33 160 32zM0 192H448V464C448 490.5 426.5 512 400 512H48C21.49 512 0 490.5 0 464V192zM64 304C64 312.8 71.16 320 80 320H112C120.8 320 128 312.8 128 304V272C128 263.2 120.8 256 112 256H80C71.16 256 64 263.2 64 272V304zM192 304C192 312.8 199.2 320 208 320H240C248.8 320 256 312.8 256 304V272C256 263.2 248.8 256 240 256H208C199.2 256 192 263.2 192 272V304zM336 256C327.2 256 320 263.2 320 272V304C320 312.8 327.2 320 336 320H368C376.8 320 384 312.8 384 304V272C384 263.2 376.8 256 368 256H336zM64 432C64 440.8 71.16 448 80 448H112C120.8 448 128 440.8 128 432V400C128 391.2 120.8 384 112 384H80C71.16 384 64 391.2 64 400V432zM208 384C199.2 384 192 391.2 192 400V432C192 440.8 199.2 448 208 448H240C248.8 448 256 440.8 256 432V400C256 391.2 248.8 384 240 384H208zM320 432C320 440.8 327.2 448 336 448H368C376.8 448 384 440.8 384 432V400C384 391.2 376.8 384 368 384H336C327.2 384 320 391.2 320 400V432z\"><\/path><\/svg><\/div><div class=\"uagb-timeline__day-new uagb-timeline__day-left uagb-timeline__events-inner-new\"><div class=\"uagb-timeline__events-inner--content\"><div class=\"uagb-timeline__date-hide uagb-timeline__inner-date-new\">Junho 27, 2021<\/div><h4 class=\"uagb-timeline__heading\"><a href=\"https:\/\/srmadeira.oet.pt\/publicacoes\/DN\/DN-20210627.pdf\" target=\"_blank\" rel=\"noreferrer noopener\">Fiscaliza\u00e7\u00e3o e coordena\u00e7\u00e3o<br>de seguran\u00e7a<\/a><\/h4><p class=\"uagb-timeline-desc-content\">F\u00c1BIO C\u00c9SAR<br>VIEIRA PESTANA<br>Engenheiro T\u00e9cnico Civil<\/p><div class=\"uagb-timeline__arrow\"><\/div><\/div><\/div><div class=\"uagb-timeline__date-new\">Junho 27, 2021<\/div><\/article>\n\n\n\n<article class=\"wp-block-uagb-content-timeline-child uagb-timeline__field uagb-timeline-child-02bf0bf1-48aa-49b7-961a-6e845e1bfe77 uagb-timeline__right\"><div class=\"uagb-timeline__marker out-view-uagb-timeline__icon\"><svg xmlns=\"https:\/\/www.w3.org\/2000\/svg\" viewBox=\"0 0 448 512\"><path d=\"M160 32V64H288V32C288 14.33 302.3 0 320 0C337.7 0 352 14.33 352 32V64H400C426.5 64 448 85.49 448 112V160H0V112C0 85.49 21.49 64 48 64H96V32C96 14.33 110.3 0 128 0C145.7 0 160 14.33 160 32zM0 192H448V464C448 490.5 426.5 512 400 512H48C21.49 512 0 490.5 0 464V192zM64 304C64 312.8 71.16 320 80 320H112C120.8 320 128 312.8 128 304V272C128 263.2 120.8 256 112 256H80C71.16 256 64 263.2 64 272V304zM192 304C192 312.8 199.2 320 208 320H240C248.8 320 256 312.8 256 304V272C256 263.2 248.8 256 240 256H208C199.2 256 192 263.2 192 272V304zM336 256C327.2 256 320 263.2 320 272V304C320 312.8 327.2 320 336 320H368C376.8 320 384 312.8 384 304V272C384 263.2 376.8 256 368 256H336zM64 432C64 440.8 71.16 448 80 448H112C120.8 448 128 440.8 128 432V400C128 391.2 120.8 384 112 384H80C71.16 384 64 391.2 64 400V432zM208 384C199.2 384 192 391.2 192 400V432C192 440.8 199.2 448 208 448H240C248.8 448 256 440.8 256 432V400C256 391.2 248.8 384 240 384H208zM320 432C320 440.8 327.2 448 336 448H368C376.8 448 384 440.8 384 432V400C384 391.2 376.8 384 368 384H336C327.2 384 320 391.2 320 400V432z\"><\/path><\/svg><\/div><div class=\"uagb-timeline__day-new uagb-timeline__day-right uagb-timeline__events-inner-new\"><div class=\"uagb-timeline__events-inner--content\"><div class=\"uagb-timeline__date-hide uagb-timeline__inner-date-new\">Maio 30, 2021<\/div><h4 class=\"uagb-timeline__heading\"><a href=\"https:\/\/srmadeira.oet.pt\/publicacoes\/DN\/DN-20210530.pdf\" target=\"_blank\" rel=\"noreferrer noopener\">O desafio da energia el\u00e9trica<\/a><\/h4><p class=\"uagb-timeline-desc-content\">GON\u00c7ALO MIGUEL<br>GOUVEIA CAFOFO<br>Engenheiro T\u00e9cnico de Energia e Sistemas de Pot\u00eancia<\/p><div class=\"uagb-timeline__arrow\"><\/div><\/div><\/div><div class=\"uagb-timeline__date-new\">Maio 30, 2021<\/div><\/article>\n\n\n\n<article class=\"wp-block-uagb-content-timeline-child uagb-timeline__field uagb-timeline-child-ac15968f-8c57-4fd0-9595-d04b6cdef250 uagb-timeline__left\"><div class=\"uagb-timeline__marker out-view-uagb-timeline__icon\"><svg xmlns=\"https:\/\/www.w3.org\/2000\/svg\" viewBox=\"0 0 448 512\"><path d=\"M160 32V64H288V32C288 14.33 302.3 0 320 0C337.7 0 352 14.33 352 32V64H400C426.5 64 448 85.49 448 112V160H0V112C0 85.49 21.49 64 48 64H96V32C96 14.33 110.3 0 128 0C145.7 0 160 14.33 160 32zM0 192H448V464C448 490.5 426.5 512 400 512H48C21.49 512 0 490.5 0 464V192zM64 304C64 312.8 71.16 320 80 320H112C120.8 320 128 312.8 128 304V272C128 263.2 120.8 256 112 256H80C71.16 256 64 263.2 64 272V304zM192 304C192 312.8 199.2 320 208 320H240C248.8 320 256 312.8 256 304V272C256 263.2 248.8 256 240 256H208C199.2 256 192 263.2 192 272V304zM336 256C327.2 256 320 263.2 320 272V304C320 312.8 327.2 320 336 320H368C376.8 320 384 312.8 384 304V272C384 263.2 376.8 256 368 256H336zM64 432C64 440.8 71.16 448 80 448H112C120.8 448 128 440.8 128 432V400C128 391.2 120.8 384 112 384H80C71.16 384 64 391.2 64 400V432zM208 384C199.2 384 192 391.2 192 400V432C192 440.8 199.2 448 208 448H240C248.8 448 256 440.8 256 432V400C256 391.2 248.8 384 240 384H208zM320 432C320 440.8 327.2 448 336 448H368C376.8 448 384 440.8 384 432V400C384 391.2 376.8 384 368 384H336C327.2 384 320 391.2 320 400V432z\"><\/path><\/svg><\/div><div class=\"uagb-timeline__day-new uagb-timeline__day-left uagb-timeline__events-inner-new\"><div class=\"uagb-timeline__events-inner--content\"><div class=\"uagb-timeline__date-hide uagb-timeline__inner-date-new\">Abril 25, 2021<\/div><h4 class=\"uagb-timeline__heading\"><a href=\"https:\/\/srmadeira.oet.pt\/publicacoes\/DN\/DN-20210425.pdf\" target=\"_blank\" rel=\"noreferrer noopener\">Engenharia na Constru\u00e7\u00e3o<br>de uma Moradia<\/a><\/h4><p class=\"uagb-timeline-desc-content\">F\u00c1BIO C\u00c9SAR PESTANA<br>Engenheiro T\u00e9cnico Civil<\/p><div class=\"uagb-timeline__arrow\"><\/div><\/div><\/div><div class=\"uagb-timeline__date-new\">Abril 25, 2021<\/div><\/article>\n\n\n\n<article class=\"wp-block-uagb-content-timeline-child uagb-timeline__field uagb-timeline-child-5169eb1c-a5cd-4148-b9b4-95a06aa8dce0 uagb-timeline__right\"><div class=\"uagb-timeline__marker out-view-uagb-timeline__icon\"><svg xmlns=\"https:\/\/www.w3.org\/2000\/svg\" viewBox=\"0 0 448 512\"><path d=\"M160 32V64H288V32C288 14.33 302.3 0 320 0C337.7 0 352 14.33 352 32V64H400C426.5 64 448 85.49 448 112V160H0V112C0 85.49 21.49 64 48 64H96V32C96 14.33 110.3 0 128 0C145.7 0 160 14.33 160 32zM0 192H448V464C448 490.5 426.5 512 400 512H48C21.49 512 0 490.5 0 464V192zM64 304C64 312.8 71.16 320 80 320H112C120.8 320 128 312.8 128 304V272C128 263.2 120.8 256 112 256H80C71.16 256 64 263.2 64 272V304zM192 304C192 312.8 199.2 320 208 320H240C248.8 320 256 312.8 256 304V272C256 263.2 248.8 256 240 256H208C199.2 256 192 263.2 192 272V304zM336 256C327.2 256 320 263.2 320 272V304C320 312.8 327.2 320 336 320H368C376.8 320 384 312.8 384 304V272C384 263.2 376.8 256 368 256H336zM64 432C64 440.8 71.16 448 80 448H112C120.8 448 128 440.8 128 432V400C128 391.2 120.8 384 112 384H80C71.16 384 64 391.2 64 400V432zM208 384C199.2 384 192 391.2 192 400V432C192 440.8 199.2 448 208 448H240C248.8 448 256 440.8 256 432V400C256 391.2 248.8 384 240 384H208zM320 432C320 440.8 327.2 448 336 448H368C376.8 448 384 440.8 384 432V400C384 391.2 376.8 384 368 384H336C327.2 384 320 391.2 320 400V432z\"><\/path><\/svg><\/div><div class=\"uagb-timeline__day-new uagb-timeline__day-right uagb-timeline__events-inner-new\"><div class=\"uagb-timeline__events-inner--content\"><div class=\"uagb-timeline__date-hide uagb-timeline__inner-date-new\">Mar\u00e7o 28, 2021<\/div><h4 class=\"uagb-timeline__heading\"><a href=\"https:\/\/srmadeira.oet.pt\/publicacoes\/DN\/DN-20210328.pdf\" target=\"_blank\" rel=\"noreferrer noopener\">Engenharia e \u00c1guas Residuais<\/a><\/h4><p class=\"uagb-timeline-desc-content\">D\u00c9BORA SANTOS<br>Eng.\u00aa T\u00e9cnica do Ambiente<\/p><div class=\"uagb-timeline__arrow\"><\/div><\/div><\/div><div class=\"uagb-timeline__date-new\">Mar\u00e7o 28, 2021<\/div><\/article>\n\n\n\n<article class=\"wp-block-uagb-content-timeline-child uagb-timeline__field uagb-timeline-child-1d0799ea-8edd-46c7-876a-7b5b1fa6d74b uagb-timeline__left\"><div class=\"uagb-timeline__marker out-view-uagb-timeline__icon\"><svg xmlns=\"https:\/\/www.w3.org\/2000\/svg\" viewBox=\"0 0 448 512\"><path d=\"M160 32V64H288V32C288 14.33 302.3 0 320 0C337.7 0 352 14.33 352 32V64H400C426.5 64 448 85.49 448 112V160H0V112C0 85.49 21.49 64 48 64H96V32C96 14.33 110.3 0 128 0C145.7 0 160 14.33 160 32zM0 192H448V464C448 490.5 426.5 512 400 512H48C21.49 512 0 490.5 0 464V192zM64 304C64 312.8 71.16 320 80 320H112C120.8 320 128 312.8 128 304V272C128 263.2 120.8 256 112 256H80C71.16 256 64 263.2 64 272V304zM192 304C192 312.8 199.2 320 208 320H240C248.8 320 256 312.8 256 304V272C256 263.2 248.8 256 240 256H208C199.2 256 192 263.2 192 272V304zM336 256C327.2 256 320 263.2 320 272V304C320 312.8 327.2 320 336 320H368C376.8 320 384 312.8 384 304V272C384 263.2 376.8 256 368 256H336zM64 432C64 440.8 71.16 448 80 448H112C120.8 448 128 440.8 128 432V400C128 391.2 120.8 384 112 384H80C71.16 384 64 391.2 64 400V432zM208 384C199.2 384 192 391.2 192 400V432C192 440.8 199.2 448 208 448H240C248.8 448 256 440.8 256 432V400C256 391.2 248.8 384 240 384H208zM320 432C320 440.8 327.2 448 336 448H368C376.8 448 384 440.8 384 432V400C384 391.2 376.8 384 368 384H336C327.2 384 320 391.2 320 400V432z\"><\/path><\/svg><\/div><div class=\"uagb-timeline__day-new uagb-timeline__day-left uagb-timeline__events-inner-new\"><div class=\"uagb-timeline__events-inner--content\"><div class=\"uagb-timeline__date-hide uagb-timeline__inner-date-new\">Fevereiro 28, 2021<\/div><h4 class=\"uagb-timeline__heading\"><a href=\"https:\/\/srmadeira.oet.pt\/publicacoes\/DN\/DN-20210227.pdf\" target=\"_blank\" rel=\"noreferrer noopener\">Para onde vai o lixo?<\/a><\/h4><p class=\"uagb-timeline-desc-content\">D\u00c9CIO ALVES<br>Engenheiro T\u00e9cnico<br>do Ambiente<\/p><div class=\"uagb-timeline__arrow\"><\/div><\/div><\/div><div class=\"uagb-timeline__date-new\">Fevereiro 28, 2021<\/div><\/article>\n<div class=\"uagb-timeline__line\"><div class=\"uagb-timeline__line__inner\"><\/div><\/div><\/div>\n<\/div>\n\n\n\n<div class=\"wp-block-column is-layout-flow wp-block-column-is-layout-flow\">\n<div class=\"wp-block-uagb-advanced-heading uagb-block-b220dc83\"><h2 class=\"uagb-heading-text\"><\/h2><\/div>\n\n\n\n<div class=\"wp-block-uagb-advanced-heading uagb-block-b92eebbc\"><h2 class=\"uagb-heading-text\"><\/h2><\/div>\n\n\n\n<div class=\"wp-block-uagb-advanced-heading uagb-block-41eba773\"><h2 class=\"uagb-heading-text\"><\/h2><\/div>\n\n\n\n<div class=\"wp-block-uagb-advanced-heading uagb-block-4fffb238\"><h2 class=\"uagb-heading-text\"><\/h2><\/div>\n\n\n\n<div class=\"wp-block-uagb-advanced-heading uagb-block-e5fa102d\"><h2 class=\"uagb-heading-text\"><\/h2><\/div>\n\n\n\n<div class=\"wp-block-uagb-advanced-heading uagb-block-d5ccbf08\"><h2 class=\"uagb-heading-text\"><\/h2><\/div>\n\n\n\n<div class=\"wp-block-uagb-advanced-heading uagb-block-bd1db800\"><h2 class=\"uagb-heading-text\"><\/h2><\/div>\n\n\n\n<div class=\"wp-block-uagb-advanced-heading uagb-block-ce275c7f\"><h2 class=\"uagb-heading-text\"><\/h2><\/div>\n\n\n\n<div class=\"wp-block-uagb-advanced-heading uagb-block-aaa3c4aa\"><h2 class=\"uagb-heading-text\"><\/h2><\/div>\n\n\n\n<div class=\"wp-block-uagb-advanced-heading uagb-block-d0e24939\"><h2 class=\"uagb-heading-text\"><\/h2><\/div>\n<\/div>\n<\/div>\n<\/div><\/div>\n<\/div>\n\n\n\n<div class=\"wp-block-uagb-tabs-child uagb-tabs__body-container uagb-inner-tab-3\" aria-labelledby=\"uagb-tabs__tab3\">\n<div class=\"wp-block-uagb-container uagb-block-1cc7d4b6 alignfull uagb-is-root-container\"><div class=\"uagb-container-inner-blocks-wrap\">\n<div class=\"wp-block-uagb-container uagb-block-c6168901\">\n<div class=\"wp-block-uagb-container uagb-block-56dc0be0\">\n<div class=\"wp-block-columns is-layout-flex wp-container-core-columns-is-layout-28f84493 wp-block-columns-is-layout-flex\">\n<div class=\"wp-block-column is-layout-flow wp-block-column-is-layout-flow\">\n<div class=\"wp-block-uagb-content-timeline uagb-timeline__outer-wrap uagb-block-927515b1-dec7-4e62-a3c6-8561ebdd5f74 uagb-timeline__content-wrap uagb-timeline__center-block  uagb-timeline__arrow-center uagb-timeline\">\n<article class=\"wp-block-uagb-content-timeline-child uagb-timeline__field uagb-timeline-child-06ff4f20-d8f2-4f86-a807-fb2e9988125a uagb-timeline__right\"><div class=\"uagb-timeline__marker out-view-uagb-timeline__icon\"><svg xmlns=\"https:\/\/www.w3.org\/2000\/svg\" viewBox=\"0 0 448 512\"><path d=\"M160 32V64H288V32C288 14.33 302.3 0 320 0C337.7 0 352 14.33 352 32V64H400C426.5 64 448 85.49 448 112V160H0V112C0 85.49 21.49 64 48 64H96V32C96 14.33 110.3 0 128 0C145.7 0 160 14.33 160 32zM0 192H448V464C448 490.5 426.5 512 400 512H48C21.49 512 0 490.5 0 464V192zM64 304C64 312.8 71.16 320 80 320H112C120.8 320 128 312.8 128 304V272C128 263.2 120.8 256 112 256H80C71.16 256 64 263.2 64 272V304zM192 304C192 312.8 199.2 320 208 320H240C248.8 320 256 312.8 256 304V272C256 263.2 248.8 256 240 256H208C199.2 256 192 263.2 192 272V304zM336 256C327.2 256 320 263.2 320 272V304C320 312.8 327.2 320 336 320H368C376.8 320 384 312.8 384 304V272C384 263.2 376.8 256 368 256H336zM64 432C64 440.8 71.16 448 80 448H112C120.8 448 128 440.8 128 432V400C128 391.2 120.8 384 112 384H80C71.16 384 64 391.2 64 400V432zM208 384C199.2 384 192 391.2 192 400V432C192 440.8 199.2 448 208 448H240C248.8 448 256 440.8 256 432V400C256 391.2 248.8 384 240 384H208zM320 432C320 440.8 327.2 448 336 448H368C376.8 448 384 440.8 384 432V400C384 391.2 376.8 384 368 384H336C327.2 384 320 391.2 320 400V432z\"><\/path><\/svg><\/div><div class=\"uagb-timeline__day-new uagb-timeline__day-right uagb-timeline__events-inner-new\"><div class=\"uagb-timeline__events-inner--content\"><div class=\"uagb-timeline__date-hide uagb-timeline__inner-date-new\">Dezembro 4, 2022<\/div><h4 class=\"uagb-timeline__heading\"><a href=\"https:\/\/srmadeira.oet.pt\/publicacoes\/DN\/DN-20221204.pdf\" target=\"_blank\" rel=\"noreferrer noopener\">R\u00d3TULOS ALIMENTARES:<br>Como interpretar?<\/a><\/h4><p class=\"uagb-timeline-desc-content\">Eng.\u00aa T\u00e9c.\u00aa Marilyn Ferraz,<br>Col\u00e9gio de Especialidade de Engenharia Alimentar da OET<\/p><div class=\"uagb-timeline__arrow\"><\/div><\/div><\/div><div class=\"uagb-timeline__date-new\">Dezembro 4, 2022<\/div><\/article>\n\n\n\n<article class=\"wp-block-uagb-content-timeline-child uagb-timeline__field uagb-timeline-child-2bdfdcc9-1a94-4e9c-b509-8a8540d89ace uagb-timeline__left\"><div class=\"uagb-timeline__marker out-view-uagb-timeline__icon\"><svg xmlns=\"https:\/\/www.w3.org\/2000\/svg\" viewBox=\"0 0 448 512\"><path d=\"M160 32V64H288V32C288 14.33 302.3 0 320 0C337.7 0 352 14.33 352 32V64H400C426.5 64 448 85.49 448 112V160H0V112C0 85.49 21.49 64 48 64H96V32C96 14.33 110.3 0 128 0C145.7 0 160 14.33 160 32zM0 192H448V464C448 490.5 426.5 512 400 512H48C21.49 512 0 490.5 0 464V192zM64 304C64 312.8 71.16 320 80 320H112C120.8 320 128 312.8 128 304V272C128 263.2 120.8 256 112 256H80C71.16 256 64 263.2 64 272V304zM192 304C192 312.8 199.2 320 208 320H240C248.8 320 256 312.8 256 304V272C256 263.2 248.8 256 240 256H208C199.2 256 192 263.2 192 272V304zM336 256C327.2 256 320 263.2 320 272V304C320 312.8 327.2 320 336 320H368C376.8 320 384 312.8 384 304V272C384 263.2 376.8 256 368 256H336zM64 432C64 440.8 71.16 448 80 448H112C120.8 448 128 440.8 128 432V400C128 391.2 120.8 384 112 384H80C71.16 384 64 391.2 64 400V432zM208 384C199.2 384 192 391.2 192 400V432C192 440.8 199.2 448 208 448H240C248.8 448 256 440.8 256 432V400C256 391.2 248.8 384 240 384H208zM320 432C320 440.8 327.2 448 336 448H368C376.8 448 384 440.8 384 432V400C384 391.2 376.8 384 368 384H336C327.2 384 320 391.2 320 400V432z\"><\/path><\/svg><\/div><div class=\"uagb-timeline__day-new uagb-timeline__day-left uagb-timeline__events-inner-new\"><div class=\"uagb-timeline__events-inner--content\"><div class=\"uagb-timeline__date-hide uagb-timeline__inner-date-new\">Outubro 30, 2022<\/div><h4 class=\"uagb-timeline__heading\"><a href=\"https:\/\/srmadeira.oet.pt\/publicacoes\/DN\/DN-20221030.pdf\" target=\"_blank\" rel=\"noreferrer noopener\">A arte da \u00e1gua e da energia<\/a><\/h4><p class=\"uagb-timeline-desc-content\">Eng.\u00ba T\u00e9c.\u00ba Jos\u00e9 Jesus<br>Col\u00e9gio de Especialidade<br>de Mec\u00e2nica<\/p><div class=\"uagb-timeline__arrow\"><\/div><\/div><\/div><div class=\"uagb-timeline__date-new\">Outubro 30, 2022<\/div><\/article>\n\n\n\n<article class=\"wp-block-uagb-content-timeline-child uagb-timeline__field uagb-timeline-child-f8652113-8b78-4eb3-9c9b-250fc9a3645a uagb-timeline__right\"><div class=\"uagb-timeline__marker out-view-uagb-timeline__icon\"><svg xmlns=\"https:\/\/www.w3.org\/2000\/svg\" viewBox=\"0 0 448 512\"><path d=\"M160 32V64H288V32C288 14.33 302.3 0 320 0C337.7 0 352 14.33 352 32V64H400C426.5 64 448 85.49 448 112V160H0V112C0 85.49 21.49 64 48 64H96V32C96 14.33 110.3 0 128 0C145.7 0 160 14.33 160 32zM0 192H448V464C448 490.5 426.5 512 400 512H48C21.49 512 0 490.5 0 464V192zM64 304C64 312.8 71.16 320 80 320H112C120.8 320 128 312.8 128 304V272C128 263.2 120.8 256 112 256H80C71.16 256 64 263.2 64 272V304zM192 304C192 312.8 199.2 320 208 320H240C248.8 320 256 312.8 256 304V272C256 263.2 248.8 256 240 256H208C199.2 256 192 263.2 192 272V304zM336 256C327.2 256 320 263.2 320 272V304C320 312.8 327.2 320 336 320H368C376.8 320 384 312.8 384 304V272C384 263.2 376.8 256 368 256H336zM64 432C64 440.8 71.16 448 80 448H112C120.8 448 128 440.8 128 432V400C128 391.2 120.8 384 112 384H80C71.16 384 64 391.2 64 400V432zM208 384C199.2 384 192 391.2 192 400V432C192 440.8 199.2 448 208 448H240C248.8 448 256 440.8 256 432V400C256 391.2 248.8 384 240 384H208zM320 432C320 440.8 327.2 448 336 448H368C376.8 448 384 440.8 384 432V400C384 391.2 376.8 384 368 384H336C327.2 384 320 391.2 320 400V432z\"><\/path><\/svg><\/div><div class=\"uagb-timeline__day-new uagb-timeline__day-right uagb-timeline__events-inner-new\"><div class=\"uagb-timeline__events-inner--content\"><div class=\"uagb-timeline__date-hide uagb-timeline__inner-date-new\">Setembro 25, 2022<\/div><h4 class=\"uagb-timeline__heading\"><a href=\"https:\/\/srmadeira.oet.pt\/publicacoes\/DN\/DN20220925.pdf\" target=\"_blank\" rel=\"noreferrer noopener\">\u201cO cidad\u00e3o \u2013 como protagonista<br>de prote\u00e7\u00e3o civil\u201d<\/a><\/h4><p class=\"uagb-timeline-desc-content\">Eng.\u00ba T\u00e9c.\u00ba Jo\u00e3o Garanito,<br>Coordenador do Col\u00e9gio<br>de Especialidade de<br>Engenharia de Protec\u00e7\u00e3o Civil.<\/p><div class=\"uagb-timeline__arrow\"><\/div><\/div><\/div><div class=\"uagb-timeline__date-new\">Setembro 25, 2022<\/div><\/article>\n\n\n\n<article class=\"wp-block-uagb-content-timeline-child uagb-timeline__field uagb-timeline-child-69ad1db3-e1c3-473f-aa20-1768fabcd63d uagb-timeline__left\"><div class=\"uagb-timeline__marker out-view-uagb-timeline__icon\"><svg xmlns=\"https:\/\/www.w3.org\/2000\/svg\" viewBox=\"0 0 448 512\"><path d=\"M160 32V64H288V32C288 14.33 302.3 0 320 0C337.7 0 352 14.33 352 32V64H400C426.5 64 448 85.49 448 112V160H0V112C0 85.49 21.49 64 48 64H96V32C96 14.33 110.3 0 128 0C145.7 0 160 14.33 160 32zM0 192H448V464C448 490.5 426.5 512 400 512H48C21.49 512 0 490.5 0 464V192zM64 304C64 312.8 71.16 320 80 320H112C120.8 320 128 312.8 128 304V272C128 263.2 120.8 256 112 256H80C71.16 256 64 263.2 64 272V304zM192 304C192 312.8 199.2 320 208 320H240C248.8 320 256 312.8 256 304V272C256 263.2 248.8 256 240 256H208C199.2 256 192 263.2 192 272V304zM336 256C327.2 256 320 263.2 320 272V304C320 312.8 327.2 320 336 320H368C376.8 320 384 312.8 384 304V272C384 263.2 376.8 256 368 256H336zM64 432C64 440.8 71.16 448 80 448H112C120.8 448 128 440.8 128 432V400C128 391.2 120.8 384 112 384H80C71.16 384 64 391.2 64 400V432zM208 384C199.2 384 192 391.2 192 400V432C192 440.8 199.2 448 208 448H240C248.8 448 256 440.8 256 432V400C256 391.2 248.8 384 240 384H208zM320 432C320 440.8 327.2 448 336 448H368C376.8 448 384 440.8 384 432V400C384 391.2 376.8 384 368 384H336C327.2 384 320 391.2 320 400V432z\"><\/path><\/svg><\/div><div class=\"uagb-timeline__day-new uagb-timeline__day-left uagb-timeline__events-inner-new\"><div class=\"uagb-timeline__events-inner--content\"><div class=\"uagb-timeline__date-hide uagb-timeline__inner-date-new\">Agosto 28, 2022<\/div><h4 class=\"uagb-timeline__heading\"><a href=\"https:\/\/srmadeira.oet.pt\/publicacoes\/DN\/DN20220828.pdf\" target=\"_blank\" rel=\"noreferrer noopener\">O prest\u00edgio de ser engenheiro t\u00e9cnico<\/a><\/h4><p class=\"uagb-timeline-desc-content\">Eng\u00aa T\u00e9c. D\u00e9bora Santos<br>Vice-Presidente do Conselho Diretivo da Sec\u00e7\u00e3o Regional<br>da Madeira da OET.<\/p><div class=\"uagb-timeline__arrow\"><\/div><\/div><\/div><div class=\"uagb-timeline__date-new\">Agosto 28, 2022<\/div><\/article>\n\n\n\n<article class=\"wp-block-uagb-content-timeline-child uagb-timeline__field uagb-timeline-child-c8ac1567-4ecc-482d-bf6e-4578757f1c02 uagb-timeline__right\"><div class=\"uagb-timeline__marker out-view-uagb-timeline__icon\"><svg xmlns=\"https:\/\/www.w3.org\/2000\/svg\" viewBox=\"0 0 448 512\"><path d=\"M160 32V64H288V32C288 14.33 302.3 0 320 0C337.7 0 352 14.33 352 32V64H400C426.5 64 448 85.49 448 112V160H0V112C0 85.49 21.49 64 48 64H96V32C96 14.33 110.3 0 128 0C145.7 0 160 14.33 160 32zM0 192H448V464C448 490.5 426.5 512 400 512H48C21.49 512 0 490.5 0 464V192zM64 304C64 312.8 71.16 320 80 320H112C120.8 320 128 312.8 128 304V272C128 263.2 120.8 256 112 256H80C71.16 256 64 263.2 64 272V304zM192 304C192 312.8 199.2 320 208 320H240C248.8 320 256 312.8 256 304V272C256 263.2 248.8 256 240 256H208C199.2 256 192 263.2 192 272V304zM336 256C327.2 256 320 263.2 320 272V304C320 312.8 327.2 320 336 320H368C376.8 320 384 312.8 384 304V272C384 263.2 376.8 256 368 256H336zM64 432C64 440.8 71.16 448 80 448H112C120.8 448 128 440.8 128 432V400C128 391.2 120.8 384 112 384H80C71.16 384 64 391.2 64 400V432zM208 384C199.2 384 192 391.2 192 400V432C192 440.8 199.2 448 208 448H240C248.8 448 256 440.8 256 432V400C256 391.2 248.8 384 240 384H208zM320 432C320 440.8 327.2 448 336 448H368C376.8 448 384 440.8 384 432V400C384 391.2 376.8 384 368 384H336C327.2 384 320 391.2 320 400V432z\"><\/path><\/svg><\/div><div class=\"uagb-timeline__day-new uagb-timeline__day-right uagb-timeline__events-inner-new\"><div class=\"uagb-timeline__events-inner--content\"><div class=\"uagb-timeline__date-hide uagb-timeline__inner-date-new\">Julho 31, 2022<\/div><h4 class=\"uagb-timeline__heading\"><a href=\"https:\/\/srmadeira.oet.pt\/publicacoes\/DN\/DN-20220731.pdf\" target=\"_blank\" rel=\"noreferrer noopener\">A engenharia<\/a><\/h4><p class=\"uagb-timeline-desc-content\">ENG.\u00ba<br>PEDRO DE SOUSA,<br>Engenheiro T\u00e9cnico Civil..<\/p><div class=\"uagb-timeline__arrow\"><\/div><\/div><\/div><div class=\"uagb-timeline__date-new\">Julho 31, 2022<\/div><\/article>\n\n\n\n<article class=\"wp-block-uagb-content-timeline-child uagb-timeline__field uagb-timeline-child-518d1c23-845d-4949-a7ba-4d6becd66852 uagb-timeline__left\"><div class=\"uagb-timeline__marker out-view-uagb-timeline__icon\"><svg xmlns=\"https:\/\/www.w3.org\/2000\/svg\" viewBox=\"0 0 448 512\"><path d=\"M160 32V64H288V32C288 14.33 302.3 0 320 0C337.7 0 352 14.33 352 32V64H400C426.5 64 448 85.49 448 112V160H0V112C0 85.49 21.49 64 48 64H96V32C96 14.33 110.3 0 128 0C145.7 0 160 14.33 160 32zM0 192H448V464C448 490.5 426.5 512 400 512H48C21.49 512 0 490.5 0 464V192zM64 304C64 312.8 71.16 320 80 320H112C120.8 320 128 312.8 128 304V272C128 263.2 120.8 256 112 256H80C71.16 256 64 263.2 64 272V304zM192 304C192 312.8 199.2 320 208 320H240C248.8 320 256 312.8 256 304V272C256 263.2 248.8 256 240 256H208C199.2 256 192 263.2 192 272V304zM336 256C327.2 256 320 263.2 320 272V304C320 312.8 327.2 320 336 320H368C376.8 320 384 312.8 384 304V272C384 263.2 376.8 256 368 256H336zM64 432C64 440.8 71.16 448 80 448H112C120.8 448 128 440.8 128 432V400C128 391.2 120.8 384 112 384H80C71.16 384 64 391.2 64 400V432zM208 384C199.2 384 192 391.2 192 400V432C192 440.8 199.2 448 208 448H240C248.8 448 256 440.8 256 432V400C256 391.2 248.8 384 240 384H208zM320 432C320 440.8 327.2 448 336 448H368C376.8 448 384 440.8 384 432V400C384 391.2 376.8 384 368 384H336C327.2 384 320 391.2 320 400V432z\"><\/path><\/svg><\/div><div class=\"uagb-timeline__day-new uagb-timeline__day-left uagb-timeline__events-inner-new\"><div class=\"uagb-timeline__events-inner--content\"><div class=\"uagb-timeline__date-hide uagb-timeline__inner-date-new\">Junho 26, 2022<\/div><h4 class=\"uagb-timeline__heading\"><a href=\"https:\/\/srmadeira.oet.pt\/publicacoes\/DN\/DN-20220626.pdf\" target=\"_blank\" rel=\"noreferrer noopener\">Apache OpenOffice Software de escrit\u00f3rio de c\u00f3digo aberto<\/a><\/h4><p class=\"uagb-timeline-desc-content\">ENG.\u00ba T\u00c9C.\u00ba HERBERTO SILVA,<br>Col\u00e9gio de<br>Especialidade de Engenharia Inform\u00e1tica.<\/p><div class=\"uagb-timeline__arrow\"><\/div><\/div><\/div><div class=\"uagb-timeline__date-new\">Junho 26, 2022<\/div><\/article>\n\n\n\n<article class=\"wp-block-uagb-content-timeline-child uagb-timeline__field uagb-timeline-child-bfad58de-eb2f-41fb-8f6d-22a99cfe0134 uagb-timeline__right\"><div class=\"uagb-timeline__marker out-view-uagb-timeline__icon\"><svg xmlns=\"https:\/\/www.w3.org\/2000\/svg\" viewBox=\"0 0 448 512\"><path d=\"M160 32V64H288V32C288 14.33 302.3 0 320 0C337.7 0 352 14.33 352 32V64H400C426.5 64 448 85.49 448 112V160H0V112C0 85.49 21.49 64 48 64H96V32C96 14.33 110.3 0 128 0C145.7 0 160 14.33 160 32zM0 192H448V464C448 490.5 426.5 512 400 512H48C21.49 512 0 490.5 0 464V192zM64 304C64 312.8 71.16 320 80 320H112C120.8 320 128 312.8 128 304V272C128 263.2 120.8 256 112 256H80C71.16 256 64 263.2 64 272V304zM192 304C192 312.8 199.2 320 208 320H240C248.8 320 256 312.8 256 304V272C256 263.2 248.8 256 240 256H208C199.2 256 192 263.2 192 272V304zM336 256C327.2 256 320 263.2 320 272V304C320 312.8 327.2 320 336 320H368C376.8 320 384 312.8 384 304V272C384 263.2 376.8 256 368 256H336zM64 432C64 440.8 71.16 448 80 448H112C120.8 448 128 440.8 128 432V400C128 391.2 120.8 384 112 384H80C71.16 384 64 391.2 64 400V432zM208 384C199.2 384 192 391.2 192 400V432C192 440.8 199.2 448 208 448H240C248.8 448 256 440.8 256 432V400C256 391.2 248.8 384 240 384H208zM320 432C320 440.8 327.2 448 336 448H368C376.8 448 384 440.8 384 432V400C384 391.2 376.8 384 368 384H336C327.2 384 320 391.2 320 400V432z\"><\/path><\/svg><\/div><div class=\"uagb-timeline__day-new uagb-timeline__day-right uagb-timeline__events-inner-new\"><div class=\"uagb-timeline__events-inner--content\"><div class=\"uagb-timeline__date-hide uagb-timeline__inner-date-new\">Maio 29, 2022<\/div><h4 class=\"uagb-timeline__heading\"><a href=\"https:\/\/srmadeira.oet.pt\/publicacoes\/DN\/DN-20220529.pdf\" target=\"_blank\" rel=\"noreferrer noopener\">Topografia \u2013 uma breve<br>explica\u00e7\u00e3o<\/a><\/h4><p class=\"uagb-timeline-desc-content\">MARTA ALVES<br> Col\u00e9gio de Engenharia<br>Geogr\u00e1fica\/Topogr\u00e1fica<\/p><div class=\"uagb-timeline__arrow\"><\/div><\/div><\/div><div class=\"uagb-timeline__date-new\">Maio 29, 2022<\/div><\/article>\n\n\n\n<article class=\"wp-block-uagb-content-timeline-child uagb-timeline__field uagb-timeline-child-fd5e6532-9cda-491d-b149-63a1caf10332 uagb-timeline__left\"><div class=\"uagb-timeline__marker out-view-uagb-timeline__icon\"><svg xmlns=\"https:\/\/www.w3.org\/2000\/svg\" viewBox=\"0 0 448 512\"><path d=\"M160 32V64H288V32C288 14.33 302.3 0 320 0C337.7 0 352 14.33 352 32V64H400C426.5 64 448 85.49 448 112V160H0V112C0 85.49 21.49 64 48 64H96V32C96 14.33 110.3 0 128 0C145.7 0 160 14.33 160 32zM0 192H448V464C448 490.5 426.5 512 400 512H48C21.49 512 0 490.5 0 464V192zM64 304C64 312.8 71.16 320 80 320H112C120.8 320 128 312.8 128 304V272C128 263.2 120.8 256 112 256H80C71.16 256 64 263.2 64 272V304zM192 304C192 312.8 199.2 320 208 320H240C248.8 320 256 312.8 256 304V272C256 263.2 248.8 256 240 256H208C199.2 256 192 263.2 192 272V304zM336 256C327.2 256 320 263.2 320 272V304C320 312.8 327.2 320 336 320H368C376.8 320 384 312.8 384 304V272C384 263.2 376.8 256 368 256H336zM64 432C64 440.8 71.16 448 80 448H112C120.8 448 128 440.8 128 432V400C128 391.2 120.8 384 112 384H80C71.16 384 64 391.2 64 400V432zM208 384C199.2 384 192 391.2 192 400V432C192 440.8 199.2 448 208 448H240C248.8 448 256 440.8 256 432V400C256 391.2 248.8 384 240 384H208zM320 432C320 440.8 327.2 448 336 448H368C376.8 448 384 440.8 384 432V400C384 391.2 376.8 384 368 384H336C327.2 384 320 391.2 320 400V432z\"><\/path><\/svg><\/div><div class=\"uagb-timeline__day-new uagb-timeline__day-left uagb-timeline__events-inner-new\"><div class=\"uagb-timeline__events-inner--content\"><div class=\"uagb-timeline__date-hide uagb-timeline__inner-date-new\">Abril 28, 2022<\/div><h4 class=\"uagb-timeline__heading\"><a href=\"https:\/\/srmadeira.oet.pt\/publicacoes\/DN\/DN-20220428.PDF\" target=\"_blank\" rel=\"noreferrer noopener\">Energias Renov\u00e1veis,<br>que futuro, como chegar l\u00e1<br>Energias Renov\u00e1veis<br>e o Ambiente<\/a><\/h4><p class=\"uagb-timeline-desc-content\">JOS\u00c9 DELGADO<br>Engenheiro T\u00e9cnico Civil<br>D\u00c9CIO ALVES<br>Engenheiro T\u00e9cnico do Ambiente<\/p><div class=\"uagb-timeline__arrow\"><\/div><\/div><\/div><div class=\"uagb-timeline__date-new\">Abril 28, 2022<\/div><\/article>\n\n\n\n<article class=\"wp-block-uagb-content-timeline-child uagb-timeline__field uagb-timeline-child-242b1f56-80ec-4251-b33d-ac6ada0b3e19 uagb-timeline__right\"><div class=\"uagb-timeline__marker out-view-uagb-timeline__icon\"><svg xmlns=\"https:\/\/www.w3.org\/2000\/svg\" viewBox=\"0 0 448 512\"><path d=\"M160 32V64H288V32C288 14.33 302.3 0 320 0C337.7 0 352 14.33 352 32V64H400C426.5 64 448 85.49 448 112V160H0V112C0 85.49 21.49 64 48 64H96V32C96 14.33 110.3 0 128 0C145.7 0 160 14.33 160 32zM0 192H448V464C448 490.5 426.5 512 400 512H48C21.49 512 0 490.5 0 464V192zM64 304C64 312.8 71.16 320 80 320H112C120.8 320 128 312.8 128 304V272C128 263.2 120.8 256 112 256H80C71.16 256 64 263.2 64 272V304zM192 304C192 312.8 199.2 320 208 320H240C248.8 320 256 312.8 256 304V272C256 263.2 248.8 256 240 256H208C199.2 256 192 263.2 192 272V304zM336 256C327.2 256 320 263.2 320 272V304C320 312.8 327.2 320 336 320H368C376.8 320 384 312.8 384 304V272C384 263.2 376.8 256 368 256H336zM64 432C64 440.8 71.16 448 80 448H112C120.8 448 128 440.8 128 432V400C128 391.2 120.8 384 112 384H80C71.16 384 64 391.2 64 400V432zM208 384C199.2 384 192 391.2 192 400V432C192 440.8 199.2 448 208 448H240C248.8 448 256 440.8 256 432V400C256 391.2 248.8 384 240 384H208zM320 432C320 440.8 327.2 448 336 448H368C376.8 448 384 440.8 384 432V400C384 391.2 376.8 384 368 384H336C327.2 384 320 391.2 320 400V432z\"><\/path><\/svg><\/div><div class=\"uagb-timeline__day-new uagb-timeline__day-right uagb-timeline__events-inner-new\"><div class=\"uagb-timeline__events-inner--content\"><div class=\"uagb-timeline__date-hide uagb-timeline__inner-date-new\">Abril 24, 2022<\/div><h4 class=\"uagb-timeline__heading\"><a href=\"https:\/\/srmadeira.oet.pt\/publicacoes\/DN\/DN-20220424.pdf\" target=\"_blank\" rel=\"noreferrer noopener\">ACIDENTES DE TRABALHO<br>Um problema para o trabalhador<br>e para a empresa (Parte 2)<\/a><\/h4><p class=\"uagb-timeline-desc-content\">CRISTINA SILVA<br>Licenciada em Seguran\u00e7a no Trabalho<br>Eng.\u00aa T\u00e9cnica Agro-Industrial<\/p><div class=\"uagb-timeline__arrow\"><\/div><\/div><\/div><div class=\"uagb-timeline__date-new\">Abril 24, 2022<\/div><\/article>\n\n\n\n<article class=\"wp-block-uagb-content-timeline-child uagb-timeline__field uagb-timeline-child-125931d0-6712-45ca-8b67-540f682615db uagb-timeline__left\"><div class=\"uagb-timeline__marker out-view-uagb-timeline__icon\"><svg xmlns=\"https:\/\/www.w3.org\/2000\/svg\" viewBox=\"0 0 448 512\"><path d=\"M160 32V64H288V32C288 14.33 302.3 0 320 0C337.7 0 352 14.33 352 32V64H400C426.5 64 448 85.49 448 112V160H0V112C0 85.49 21.49 64 48 64H96V32C96 14.33 110.3 0 128 0C145.7 0 160 14.33 160 32zM0 192H448V464C448 490.5 426.5 512 400 512H48C21.49 512 0 490.5 0 464V192zM64 304C64 312.8 71.16 320 80 320H112C120.8 320 128 312.8 128 304V272C128 263.2 120.8 256 112 256H80C71.16 256 64 263.2 64 272V304zM192 304C192 312.8 199.2 320 208 320H240C248.8 320 256 312.8 256 304V272C256 263.2 248.8 256 240 256H208C199.2 256 192 263.2 192 272V304zM336 256C327.2 256 320 263.2 320 272V304C320 312.8 327.2 320 336 320H368C376.8 320 384 312.8 384 304V272C384 263.2 376.8 256 368 256H336zM64 432C64 440.8 71.16 448 80 448H112C120.8 448 128 440.8 128 432V400C128 391.2 120.8 384 112 384H80C71.16 384 64 391.2 64 400V432zM208 384C199.2 384 192 391.2 192 400V432C192 440.8 199.2 448 208 448H240C248.8 448 256 440.8 256 432V400C256 391.2 248.8 384 240 384H208zM320 432C320 440.8 327.2 448 336 448H368C376.8 448 384 440.8 384 432V400C384 391.2 376.8 384 368 384H336C327.2 384 320 391.2 320 400V432z\"><\/path><\/svg><\/div><div class=\"uagb-timeline__day-new uagb-timeline__day-left uagb-timeline__events-inner-new\"><div class=\"uagb-timeline__events-inner--content\"><div class=\"uagb-timeline__date-hide uagb-timeline__inner-date-new\">Mar\u00e7o 27, 2022<\/div><h4 class=\"uagb-timeline__heading\"><a href=\"https:\/\/srmadeira.oet.pt\/publicacoes\/DN\/DN-20220327.pdf\" target=\"_blank\" rel=\"noreferrer noopener\">ACIDENTES DE TRABALHO<br>Um problema para o trabalhador<br>e para a empresa (Parte 1)<\/a><\/h4><p class=\"uagb-timeline-desc-content\">CRISTINA SILVA<br>Licenciada em Seguran\u00e7a no Trabalho<br>Eng.\u00aa T\u00e9cnica Agro-Industrial<\/p><div class=\"uagb-timeline__arrow\"><\/div><\/div><\/div><div class=\"uagb-timeline__date-new\">Mar\u00e7o 27, 2022<\/div><\/article>\n\n\n\n<article class=\"wp-block-uagb-content-timeline-child uagb-timeline__field uagb-timeline-child-dc240205-6377-4996-8a25-9bb731aee72e uagb-timeline__right\"><div class=\"uagb-timeline__marker out-view-uagb-timeline__icon\"><svg xmlns=\"https:\/\/www.w3.org\/2000\/svg\" viewBox=\"0 0 448 512\"><path d=\"M160 32V64H288V32C288 14.33 302.3 0 320 0C337.7 0 352 14.33 352 32V64H400C426.5 64 448 85.49 448 112V160H0V112C0 85.49 21.49 64 48 64H96V32C96 14.33 110.3 0 128 0C145.7 0 160 14.33 160 32zM0 192H448V464C448 490.5 426.5 512 400 512H48C21.49 512 0 490.5 0 464V192zM64 304C64 312.8 71.16 320 80 320H112C120.8 320 128 312.8 128 304V272C128 263.2 120.8 256 112 256H80C71.16 256 64 263.2 64 272V304zM192 304C192 312.8 199.2 320 208 320H240C248.8 320 256 312.8 256 304V272C256 263.2 248.8 256 240 256H208C199.2 256 192 263.2 192 272V304zM336 256C327.2 256 320 263.2 320 272V304C320 312.8 327.2 320 336 320H368C376.8 320 384 312.8 384 304V272C384 263.2 376.8 256 368 256H336zM64 432C64 440.8 71.16 448 80 448H112C120.8 448 128 440.8 128 432V400C128 391.2 120.8 384 112 384H80C71.16 384 64 391.2 64 400V432zM208 384C199.2 384 192 391.2 192 400V432C192 440.8 199.2 448 208 448H240C248.8 448 256 440.8 256 432V400C256 391.2 248.8 384 240 384H208zM320 432C320 440.8 327.2 448 336 448H368C376.8 448 384 440.8 384 432V400C384 391.2 376.8 384 368 384H336C327.2 384 320 391.2 320 400V432z\"><\/path><\/svg><\/div><div class=\"uagb-timeline__day-new uagb-timeline__day-right uagb-timeline__events-inner-new\"><div class=\"uagb-timeline__events-inner--content\"><div class=\"uagb-timeline__date-hide uagb-timeline__inner-date-new\">Fevereiro 27, 2022<\/div><h4 class=\"uagb-timeline__heading\"><a href=\"https:\/\/srmadeira.oet.pt\/publicacoes\/DN\/DN-20220227.pdf\" target=\"_blank\" rel=\"noreferrer noopener\">A engenharia no combate \u00e0 pandemia<\/a><\/h4><p class=\"uagb-timeline-desc-content\">D\u00c9BORA SANTOS<br>Eng.\u00aa T\u00e9cnica do Ambiente<\/p><div class=\"uagb-timeline__arrow\"><\/div><\/div><\/div><div class=\"uagb-timeline__date-new\">Fevereiro 27, 2022<\/div><\/article>\n\n\n\n<article class=\"wp-block-uagb-content-timeline-child uagb-timeline__field uagb-timeline-child-c370f244-e846-43a2-aa48-add9560d88f1 uagb-timeline__left\"><div class=\"uagb-timeline__marker out-view-uagb-timeline__icon\"><svg xmlns=\"https:\/\/www.w3.org\/2000\/svg\" viewBox=\"0 0 448 512\"><path d=\"M160 32V64H288V32C288 14.33 302.3 0 320 0C337.7 0 352 14.33 352 32V64H400C426.5 64 448 85.49 448 112V160H0V112C0 85.49 21.49 64 48 64H96V32C96 14.33 110.3 0 128 0C145.7 0 160 14.33 160 32zM0 192H448V464C448 490.5 426.5 512 400 512H48C21.49 512 0 490.5 0 464V192zM64 304C64 312.8 71.16 320 80 320H112C120.8 320 128 312.8 128 304V272C128 263.2 120.8 256 112 256H80C71.16 256 64 263.2 64 272V304zM192 304C192 312.8 199.2 320 208 320H240C248.8 320 256 312.8 256 304V272C256 263.2 248.8 256 240 256H208C199.2 256 192 263.2 192 272V304zM336 256C327.2 256 320 263.2 320 272V304C320 312.8 327.2 320 336 320H368C376.8 320 384 312.8 384 304V272C384 263.2 376.8 256 368 256H336zM64 432C64 440.8 71.16 448 80 448H112C120.8 448 128 440.8 128 432V400C128 391.2 120.8 384 112 384H80C71.16 384 64 391.2 64 400V432zM208 384C199.2 384 192 391.2 192 400V432C192 440.8 199.2 448 208 448H240C248.8 448 256 440.8 256 432V400C256 391.2 248.8 384 240 384H208zM320 432C320 440.8 327.2 448 336 448H368C376.8 448 384 440.8 384 432V400C384 391.2 376.8 384 368 384H336C327.2 384 320 391.2 320 400V432z\"><\/path><\/svg><\/div><div class=\"uagb-timeline__day-new uagb-timeline__day-left uagb-timeline__events-inner-new\"><div class=\"uagb-timeline__events-inner--content\"><div class=\"uagb-timeline__date-hide uagb-timeline__inner-date-new\">Janeiro 30, 2022<\/div><h4 class=\"uagb-timeline__heading\"><a href=\"https:\/\/srmadeira.oet.pt\/publicacoes\/DN\/DN-20220130.pdf\" target=\"_blank\" rel=\"noreferrer noopener\">Tend\u00eancias tecnol\u00f3gicas para 2022<\/a><\/h4><p class=\"uagb-timeline-desc-content\">ENG. T\u00c9C. HERBERTO SILVA<br>Especialidade Engenharia Inform\u00e1tica<\/p><div class=\"uagb-timeline__arrow\"><\/div><\/div><\/div><div class=\"uagb-timeline__date-new\">Janeiro 30, 2022<\/div><\/article>\n<div class=\"uagb-timeline__line\"><div class=\"uagb-timeline__line__inner\"><\/div><\/div><\/div>\n<\/div>\n\n\n\n<div class=\"wp-block-column is-layout-flow wp-block-column-is-layout-flow\">\n<div class=\"wp-block-uagb-advanced-heading uagb-block-c959a3ca\"><h2 class=\"uagb-heading-text\"><\/h2><\/div>\n\n\n\n<div class=\"wp-block-uagb-advanced-heading uagb-block-d9a6278f\"><h2 class=\"uagb-heading-text\"><\/h2><\/div>\n\n\n\n<div class=\"wp-block-uagb-advanced-heading uagb-block-5d49cc4a\"><h2 class=\"uagb-heading-text\"><\/h2><\/div>\n\n\n\n<div class=\"wp-block-uagb-advanced-heading uagb-block-8159754f\"><h2 class=\"uagb-heading-text\"><\/h2><\/div>\n\n\n\n<div class=\"wp-block-uagb-advanced-heading uagb-block-cff41a75\"><h2 class=\"uagb-heading-text\"><\/h2><\/div>\n\n\n\n<div class=\"wp-block-uagb-advanced-heading uagb-block-0cdb0a7a\"><h2 class=\"uagb-heading-text\"><\/h2><\/div>\n\n\n\n<div class=\"wp-block-uagb-advanced-heading uagb-block-01b10df3\"><h2 class=\"uagb-heading-text\"><\/h2><\/div>\n\n\n\n<div class=\"wp-block-uagb-advanced-heading uagb-block-215901c7\"><h2 class=\"uagb-heading-text\"><\/h2><\/div>\n\n\n\n<div class=\"wp-block-uagb-advanced-heading uagb-block-2dfee799\"><h2 class=\"uagb-heading-text\"><\/h2><\/div>\n\n\n\n<div class=\"wp-block-uagb-advanced-heading uagb-block-e1082005\"><h2 class=\"uagb-heading-text\"><\/h2><\/div>\n\n\n\n<div class=\"wp-block-uagb-advanced-heading uagb-block-f2733d1c\"><h2 class=\"uagb-heading-text\"><\/h2><\/div>\n\n\n\n<div class=\"wp-block-uagb-advanced-heading uagb-block-b76b38e1\"><h2 class=\"uagb-heading-text\"><\/h2><\/div>\n<\/div>\n<\/div>\n<\/div>\n<\/div>\n<\/div><\/div>\n<\/div>\n\n\n\n<div class=\"wp-block-uagb-tabs-child uagb-tabs__body-container uagb-inner-tab-4\" aria-labelledby=\"uagb-tabs__tab4\">\n<div class=\"wp-block-uagb-container uagb-block-47548896 alignfull uagb-is-root-container\"><div class=\"uagb-container-inner-blocks-wrap\">\n<div class=\"wp-block-columns is-layout-flex wp-container-core-columns-is-layout-28f84493 wp-block-columns-is-layout-flex\">\n<div class=\"wp-block-column is-layout-flow wp-block-column-is-layout-flow\">\n<div class=\"wp-block-uagb-content-timeline uagb-timeline__outer-wrap uagb-block-757a8139-a733-411d-b001-47e1986dbfb2 uagb-timeline__content-wrap uagb-timeline__center-block  uagb-timeline__arrow-center uagb-timeline\">\n<article class=\"wp-block-uagb-content-timeline-child uagb-timeline__field uagb-timeline-child-40e2ebc5-2020-47fb-a8e4-ae238ae83606 uagb-timeline__right\"><div class=\"uagb-timeline__marker out-view-uagb-timeline__icon\"><svg xmlns=\"https:\/\/www.w3.org\/2000\/svg\" viewBox=\"0 0 448 512\"><path d=\"M160 32V64H288V32C288 14.33 302.3 0 320 0C337.7 0 352 14.33 352 32V64H400C426.5 64 448 85.49 448 112V160H0V112C0 85.49 21.49 64 48 64H96V32C96 14.33 110.3 0 128 0C145.7 0 160 14.33 160 32zM0 192H448V464C448 490.5 426.5 512 400 512H48C21.49 512 0 490.5 0 464V192zM64 304C64 312.8 71.16 320 80 320H112C120.8 320 128 312.8 128 304V272C128 263.2 120.8 256 112 256H80C71.16 256 64 263.2 64 272V304zM192 304C192 312.8 199.2 320 208 320H240C248.8 320 256 312.8 256 304V272C256 263.2 248.8 256 240 256H208C199.2 256 192 263.2 192 272V304zM336 256C327.2 256 320 263.2 320 272V304C320 312.8 327.2 320 336 320H368C376.8 320 384 312.8 384 304V272C384 263.2 376.8 256 368 256H336zM64 432C64 440.8 71.16 448 80 448H112C120.8 448 128 440.8 128 432V400C128 391.2 120.8 384 112 384H80C71.16 384 64 391.2 64 400V432zM208 384C199.2 384 192 391.2 192 400V432C192 440.8 199.2 448 208 448H240C248.8 448 256 440.8 256 432V400C256 391.2 248.8 384 240 384H208zM320 432C320 440.8 327.2 448 336 448H368C376.8 448 384 440.8 384 432V400C384 391.2 376.8 384 368 384H336C327.2 384 320 391.2 320 400V432z\"><\/path><\/svg><\/div><div class=\"uagb-timeline__day-new uagb-timeline__day-right uagb-timeline__events-inner-new\"><div class=\"uagb-timeline__events-inner--content\"><div class=\"uagb-timeline__date-hide uagb-timeline__inner-date-new\">Novembro 10, 2022<\/div><h4 class=\"uagb-timeline__heading\"><a href=\"https:\/\/srmadeira.oet.pt\/publicacoes\/JM\/JM-20221110.pdf\" target=\"_blank\" rel=\"noreferrer noopener\">Altera\u00e7\u00f5es clim\u00e1ticas ainda s\u00e3o um desafio subestimado<\/a><\/h4><p class=\"uagb-timeline-desc-content\">D\u00e9bora Santos<\/p><div class=\"uagb-timeline__arrow\"><\/div><\/div><\/div><div class=\"uagb-timeline__date-new\">Novembro 10, 2022<\/div><\/article>\n\n\n\n<article class=\"wp-block-uagb-content-timeline-child uagb-timeline__field uagb-timeline-child-67995c15-3af3-47f0-9027-a0022fe98b29 uagb-timeline__left\"><div class=\"uagb-timeline__marker out-view-uagb-timeline__icon\"><svg xmlns=\"https:\/\/www.w3.org\/2000\/svg\" viewBox=\"0 0 448 512\"><path d=\"M160 32V64H288V32C288 14.33 302.3 0 320 0C337.7 0 352 14.33 352 32V64H400C426.5 64 448 85.49 448 112V160H0V112C0 85.49 21.49 64 48 64H96V32C96 14.33 110.3 0 128 0C145.7 0 160 14.33 160 32zM0 192H448V464C448 490.5 426.5 512 400 512H48C21.49 512 0 490.5 0 464V192zM64 304C64 312.8 71.16 320 80 320H112C120.8 320 128 312.8 128 304V272C128 263.2 120.8 256 112 256H80C71.16 256 64 263.2 64 272V304zM192 304C192 312.8 199.2 320 208 320H240C248.8 320 256 312.8 256 304V272C256 263.2 248.8 256 240 256H208C199.2 256 192 263.2 192 272V304zM336 256C327.2 256 320 263.2 320 272V304C320 312.8 327.2 320 336 320H368C376.8 320 384 312.8 384 304V272C384 263.2 376.8 256 368 256H336zM64 432C64 440.8 71.16 448 80 448H112C120.8 448 128 440.8 128 432V400C128 391.2 120.8 384 112 384H80C71.16 384 64 391.2 64 400V432zM208 384C199.2 384 192 391.2 192 400V432C192 440.8 199.2 448 208 448H240C248.8 448 256 440.8 256 432V400C256 391.2 248.8 384 240 384H208zM320 432C320 440.8 327.2 448 336 448H368C376.8 448 384 440.8 384 432V400C384 391.2 376.8 384 368 384H336C327.2 384 320 391.2 320 400V432z\"><\/path><\/svg><\/div><div class=\"uagb-timeline__day-new uagb-timeline__day-left uagb-timeline__events-inner-new\"><div class=\"uagb-timeline__events-inner--content\"><div class=\"uagb-timeline__date-hide uagb-timeline__inner-date-new\">Fevereiro 24, 2022<\/div><h4 class=\"uagb-timeline__heading\"><a href=\"https:\/\/srmadeira.oet.pt\/publicacoes\/JM\/JM-20220224.PDF\" target=\"_blank\" rel=\"noreferrer noopener\">\u00c1GUA &#8211; Madeira tem vantangens, mas ainda h\u00e1 trabalhos a fazer<\/a><\/h4><p class=\"uagb-timeline-desc-content\">D\u00e9bora Santos<br>Marco Milho (JM)<\/p><div class=\"uagb-timeline__arrow\"><\/div><\/div><\/div><div class=\"uagb-timeline__date-new\">Fevereiro 24, 2022<\/div><\/article>\n\n\n\n<article class=\"wp-block-uagb-content-timeline-child uagb-timeline__field uagb-timeline-child-8acfd0f0-1a58-4f0d-90b7-e4105b94229f uagb-timeline__right\"><div class=\"uagb-timeline__marker out-view-uagb-timeline__icon\"><svg xmlns=\"https:\/\/www.w3.org\/2000\/svg\" viewBox=\"0 0 448 512\"><path d=\"M160 32V64H288V32C288 14.33 302.3 0 320 0C337.7 0 352 14.33 352 32V64H400C426.5 64 448 85.49 448 112V160H0V112C0 85.49 21.49 64 48 64H96V32C96 14.33 110.3 0 128 0C145.7 0 160 14.33 160 32zM0 192H448V464C448 490.5 426.5 512 400 512H48C21.49 512 0 490.5 0 464V192zM64 304C64 312.8 71.16 320 80 320H112C120.8 320 128 312.8 128 304V272C128 263.2 120.8 256 112 256H80C71.16 256 64 263.2 64 272V304zM192 304C192 312.8 199.2 320 208 320H240C248.8 320 256 312.8 256 304V272C256 263.2 248.8 256 240 256H208C199.2 256 192 263.2 192 272V304zM336 256C327.2 256 320 263.2 320 272V304C320 312.8 327.2 320 336 320H368C376.8 320 384 312.8 384 304V272C384 263.2 376.8 256 368 256H336zM64 432C64 440.8 71.16 448 80 448H112C120.8 448 128 440.8 128 432V400C128 391.2 120.8 384 112 384H80C71.16 384 64 391.2 64 400V432zM208 384C199.2 384 192 391.2 192 400V432C192 440.8 199.2 448 208 448H240C248.8 448 256 440.8 256 432V400C256 391.2 248.8 384 240 384H208zM320 432C320 440.8 327.2 448 336 448H368C376.8 448 384 440.8 384 432V400C384 391.2 376.8 384 368 384H336C327.2 384 320 391.2 320 400V432z\"><\/path><\/svg><\/div><div class=\"uagb-timeline__day-new uagb-timeline__day-right uagb-timeline__events-inner-new\"><div class=\"uagb-timeline__events-inner--content\"><div class=\"uagb-timeline__date-hide uagb-timeline__inner-date-new\">Fevereiro 23, 2022<\/div><h4 class=\"uagb-timeline__heading\"><a href=\"https:\/\/srmadeira.oet.pt\/publicacoes\/JM\/JM-20220223.pdf\" target=\"_blank\" rel=\"noreferrer noopener\">PRR Madeira tem oportunidade para evoluir para energias renov\u00e1veis<\/a><\/h4><p class=\"uagb-timeline-desc-content\">D\u00e9bora Santos<br>Marco Milho (JM)<\/p><div class=\"uagb-timeline__arrow\"><\/div><\/div><\/div><div class=\"uagb-timeline__date-new\">Fevereiro 23, 2022<\/div><\/article>\n\n\n\n<article class=\"wp-block-uagb-content-timeline-child uagb-timeline__field uagb-timeline-child-eaeb580e-b16e-4901-b396-e638a4f07c2f uagb-timeline__left\"><div class=\"uagb-timeline__marker out-view-uagb-timeline__icon\"><svg xmlns=\"https:\/\/www.w3.org\/2000\/svg\" viewBox=\"0 0 448 512\"><path d=\"M160 32V64H288V32C288 14.33 302.3 0 320 0C337.7 0 352 14.33 352 32V64H400C426.5 64 448 85.49 448 112V160H0V112C0 85.49 21.49 64 48 64H96V32C96 14.33 110.3 0 128 0C145.7 0 160 14.33 160 32zM0 192H448V464C448 490.5 426.5 512 400 512H48C21.49 512 0 490.5 0 464V192zM64 304C64 312.8 71.16 320 80 320H112C120.8 320 128 312.8 128 304V272C128 263.2 120.8 256 112 256H80C71.16 256 64 263.2 64 272V304zM192 304C192 312.8 199.2 320 208 320H240C248.8 320 256 312.8 256 304V272C256 263.2 248.8 256 240 256H208C199.2 256 192 263.2 192 272V304zM336 256C327.2 256 320 263.2 320 272V304C320 312.8 327.2 320 336 320H368C376.8 320 384 312.8 384 304V272C384 263.2 376.8 256 368 256H336zM64 432C64 440.8 71.16 448 80 448H112C120.8 448 128 440.8 128 432V400C128 391.2 120.8 384 112 384H80C71.16 384 64 391.2 64 400V432zM208 384C199.2 384 192 391.2 192 400V432C192 440.8 199.2 448 208 448H240C248.8 448 256 440.8 256 432V400C256 391.2 248.8 384 240 384H208zM320 432C320 440.8 327.2 448 336 448H368C376.8 448 384 440.8 384 432V400C384 391.2 376.8 384 368 384H336C327.2 384 320 391.2 320 400V432z\"><\/path><\/svg><\/div><div class=\"uagb-timeline__day-new uagb-timeline__day-left uagb-timeline__events-inner-new\"><div class=\"uagb-timeline__events-inner--content\"><div class=\"uagb-timeline__date-hide uagb-timeline__inner-date-new\">Fevereiro 22, 2022<\/div><h4 class=\"uagb-timeline__heading\"><a href=\"https:\/\/srmadeira.oet.pt\/publicacoes\/JM\/JM-22022022.pdf\" target=\"_blank\" rel=\"noreferrer noopener\">Sustentabilidade F\u00e1bricas de \u00c1gua d\u00e3o nova vida aos recursos das \u00e1guas residuais<\/a><\/h4><p class=\"uagb-timeline-desc-content\">D\u00e9bora Santos<br>Marco Milho (JM)<\/p><div class=\"uagb-timeline__arrow\"><\/div><\/div><\/div><div class=\"uagb-timeline__date-new\">Fevereiro 22, 2022<\/div><\/article>\n\n\n\n<article class=\"wp-block-uagb-content-timeline-child uagb-timeline__field uagb-timeline-child-8c83c6ef-1ab1-495a-8755-668d1819173f uagb-timeline__right\"><div class=\"uagb-timeline__marker out-view-uagb-timeline__icon\"><svg xmlns=\"https:\/\/www.w3.org\/2000\/svg\" viewBox=\"0 0 448 512\"><path d=\"M160 32V64H288V32C288 14.33 302.3 0 320 0C337.7 0 352 14.33 352 32V64H400C426.5 64 448 85.49 448 112V160H0V112C0 85.49 21.49 64 48 64H96V32C96 14.33 110.3 0 128 0C145.7 0 160 14.33 160 32zM0 192H448V464C448 490.5 426.5 512 400 512H48C21.49 512 0 490.5 0 464V192zM64 304C64 312.8 71.16 320 80 320H112C120.8 320 128 312.8 128 304V272C128 263.2 120.8 256 112 256H80C71.16 256 64 263.2 64 272V304zM192 304C192 312.8 199.2 320 208 320H240C248.8 320 256 312.8 256 304V272C256 263.2 248.8 256 240 256H208C199.2 256 192 263.2 192 272V304zM336 256C327.2 256 320 263.2 320 272V304C320 312.8 327.2 320 336 320H368C376.8 320 384 312.8 384 304V272C384 263.2 376.8 256 368 256H336zM64 432C64 440.8 71.16 448 80 448H112C120.8 448 128 440.8 128 432V400C128 391.2 120.8 384 112 384H80C71.16 384 64 391.2 64 400V432zM208 384C199.2 384 192 391.2 192 400V432C192 440.8 199.2 448 208 448H240C248.8 448 256 440.8 256 432V400C256 391.2 248.8 384 240 384H208zM320 432C320 440.8 327.2 448 336 448H368C376.8 448 384 440.8 384 432V400C384 391.2 376.8 384 368 384H336C327.2 384 320 391.2 320 400V432z\"><\/path><\/svg><\/div><div class=\"uagb-timeline__day-new uagb-timeline__day-right uagb-timeline__events-inner-new\"><div class=\"uagb-timeline__events-inner--content\"><div class=\"uagb-timeline__date-hide uagb-timeline__inner-date-new\">Outubro 13, 2017<\/div><h4 class=\"uagb-timeline__heading\"><a href=\"https:\/\/srmadeira.oet.pt\/publicacoes\/JM\/JM-13-10-2017.pdf\" target=\"_blank\" rel=\"noreferrer noopener\">Visita ao Savoy<\/a><\/h4><p class=\"uagb-timeline-desc-content\">\u00c9 tempo de Potenciar o Investimento, considera Augusto Ferreira Guedes<\/p><div class=\"uagb-timeline__arrow\"><\/div><\/div><\/div><div class=\"uagb-timeline__date-new\">Outubro 13, 2017<\/div><\/article>\n<div class=\"uagb-timeline__line\"><div class=\"uagb-timeline__line__inner\"><\/div><\/div><\/div>\n<\/div>\n\n\n\n<div class=\"wp-block-column is-layout-flow wp-block-column-is-layout-flow\">\n<div class=\"wp-block-uagb-advanced-heading uagb-block-9b214fc2\"><h2 class=\"uagb-heading-text\"><\/h2><\/div>\n\n\n\n<div class=\"wp-block-uagb-advanced-heading uagb-block-a0f42f81\"><h2 class=\"uagb-heading-text\"><\/h2><\/div>\n\n\n\n<div class=\"wp-block-uagb-advanced-heading uagb-block-25cf6b74\"><h2 class=\"uagb-heading-text\"><\/h2><\/div>\n\n\n\n<div class=\"wp-block-uagb-advanced-heading uagb-block-c1e38e29\"><h2 class=\"uagb-heading-text\"><\/h2><\/div>\n\n\n\n<div class=\"wp-block-uagb-advanced-heading uagb-block-8eb71b0a\"><h2 class=\"uagb-heading-text\"><\/h2><\/div>\n<\/div>\n<\/div>\n<\/div><\/div>\n<\/div>\n\n\n\n<div class=\"wp-block-uagb-tabs-child uagb-tabs__body-container uagb-inner-tab-5\" aria-labelledby=\"uagb-tabs__tab5\">\n<p>Lorem ipsum dolor sit amet, consectetur adipiscing elit. Ut elit tellus, luctus nec ullamcorper mattis, pulvinar dapibus leo.<\/p>\n\n\n\n<div class=\"wp-block-columns is-layout-flex wp-container-core-columns-is-layout-28f84493 wp-block-columns-is-layout-flex\">\n<div class=\"wp-block-column is-layout-flow wp-block-column-is-layout-flow\">\n<div class=\"wp-block-uagb-content-timeline uagb-timeline__outer-wrap uagb-block-5cfce444-aea5-4b6e-b489-9ad0aa413238 uagb-timeline__content-wrap uagb-timeline__center-block  uagb-timeline__arrow-center uagb-timeline\">\n<article class=\"wp-block-uagb-content-timeline-child uagb-timeline__field uagb-timeline-child-3543d964-2280-4d5f-bd4c-61c1ed485076 uagb-timeline__right\"><div class=\"uagb-timeline__marker out-view-uagb-timeline__icon\"><svg xmlns=\"https:\/\/www.w3.org\/2000\/svg\" viewBox=\"0 0 448 512\"><path d=\"M160 32V64H288V32C288 14.33 302.3 0 320 0C337.7 0 352 14.33 352 32V64H400C426.5 64 448 85.49 448 112V160H0V112C0 85.49 21.49 64 48 64H96V32C96 14.33 110.3 0 128 0C145.7 0 160 14.33 160 32zM0 192H448V464C448 490.5 426.5 512 400 512H48C21.49 512 0 490.5 0 464V192zM64 304C64 312.8 71.16 320 80 320H112C120.8 320 128 312.8 128 304V272C128 263.2 120.8 256 112 256H80C71.16 256 64 263.2 64 272V304zM192 304C192 312.8 199.2 320 208 320H240C248.8 320 256 312.8 256 304V272C256 263.2 248.8 256 240 256H208C199.2 256 192 263.2 192 272V304zM336 256C327.2 256 320 263.2 320 272V304C320 312.8 327.2 320 336 320H368C376.8 320 384 312.8 384 304V272C384 263.2 376.8 256 368 256H336zM64 432C64 440.8 71.16 448 80 448H112C120.8 448 128 440.8 128 432V400C128 391.2 120.8 384 112 384H80C71.16 384 64 391.2 64 400V432zM208 384C199.2 384 192 391.2 192 400V432C192 440.8 199.2 448 208 448H240C248.8 448 256 440.8 256 432V400C256 391.2 248.8 384 240 384H208zM320 432C320 440.8 327.2 448 336 448H368C376.8 448 384 440.8 384 432V400C384 391.2 376.8 384 368 384H336C327.2 384 320 391.2 320 400V432z\"><\/path><\/svg><\/div><div class=\"uagb-timeline__day-new uagb-timeline__day-right uagb-timeline__events-inner-new\"><div class=\"uagb-timeline__events-inner--content\"><div class=\"uagb-timeline__date-hide uagb-timeline__inner-date-new\">Outubro 13, 2017<\/div><h4 class=\"uagb-timeline__heading\"><a href=\"https:\/\/srmadeira.oet.pt\/publicacoes\/DN\/DN-13-10-2017.pdf\" target=\"_blank\" rel=\"noreferrer noopener\">Visita \u00e0 Constru\u00e7\u00e3o do Savoy<\/a><\/h4><p class=\"uagb-timeline-desc-content\">Reconhecimento da import\u00e2ncia por parte da OET<\/p><div class=\"uagb-timeline__arrow\"><\/div><\/div><\/div><div class=\"uagb-timeline__date-new\">Outubro 13, 2017<\/div><\/article>\n<div class=\"uagb-timeline__line\"><div class=\"uagb-timeline__line__inner\"><\/div><\/div><\/div>\n<\/div>\n\n\n\n<div class=\"wp-block-column is-layout-flow wp-block-column-is-layout-flow\">\n<div class=\"wp-block-uagb-advanced-heading uagb-block-82f37055\"><h5 class=\"uagb-heading-text\"><\/h5><\/div>\n<\/div>\n<\/div>\n<\/div>\n\n\n\n<div class=\"wp-block-uagb-tabs-child uagb-tabs__body-container uagb-inner-tab-6\" aria-labelledby=\"uagb-tabs__tab6\">\n<p class=\"has-ast-global-color-6-background-color has-background has-medium-font-size\"><strong>DI\u00c1RIO de NOT\u00cdCIAS SUPLEMENTO DIA MUNDIAL DO AMBIENTE. S\u00e1bado, 5 de Junho de 2021<\/strong><\/p>\n\n\n\n<p class=\"has-ast-global-color-7-background-color has-background\"><strong>D\u00c9BORA SANTOS &#8211; Engenheira T\u00e9cnica do Ambiente<br>D\u00c9CIO ALVES &#8211; Engenheiro T\u00e9cnico do Ambiente<br>MARTA ALVES &#8211; Engenheira T\u00e9cnica Geogr\u00e1fica Topogr\u00e1fica<br>ANA OLIVEIRA &#8211; Engenheira T\u00e9cnica do Ambiente<\/strong><\/p>\n\n\n\n\n\n\n\n<p><\/p>\n\n\n\n<p class=\"has-ast-global-color-6-background-color has-background has-medium-font-size\"><strong>JM DESTAC\u00c1VEL DIA MUNDIAL DA \u00c1GUA, S\u00e1bado, 5 de Junho de 2021<\/strong><\/p>\n\n\n\n<p class=\"has-ast-global-color-7-background-color has-background\"><strong>PEDRO SOUSA &#8211; Engenheiro T\u00e9cnico de Engenharia Civil<br>D\u00c9BORA SANTOS &#8211; Engenheira T\u00e9cnica do Ambiente<br>D\u00c9CIO ALVES &#8211; Engenheiro T\u00e9cnico do Ambiente<\/strong><\/p>\n\n\n\n\n\n\n\n<p><\/p>\n\n\n\n<p class=\"has-ast-global-color-6-background-color has-background has-medium-font-size\"><strong>DN Sustentabilidade: A Constru\u00e7\u00e3o Civil do novo mil\u00e9nio 21 Maio 2021<\/strong><\/p>\n\n\n\n<p class=\"has-ast-global-color-7-background-color has-background\"><strong>JOS\u00c9 JESUS &#8211; Engenheiro T\u00e9cnico Mec\u00e2nico<br>D\u00c9BORA SANTOS &#8211; Engenheira T\u00e9cnica do Ambiente<br>CARLOS DE OLIVEIRA NOGUEIRA- Engenheiro T\u00e9cnico Mec\u00e2nico Perito Qualificado do SCE<\/strong><\/p>\n\n\n\n\n<\/div>\n<\/div><\/div>\n","protected":false},"excerpt":{"rendered":"","protected":false},"author":1,"featured_media":0,"parent":0,"menu_order":0,"comment_status":"closed","ping_status":"closed","template":"","meta":{"_uag_custom_page_level_css":"","site-sidebar-layout":"default","site-content-layout":"default","ast-global-header-display":"","ast-main-header-display":"","ast-hfb-above-header-display":"","ast-hfb-below-header-display":"","ast-hfb-mobile-header-display":"","site-post-title":"","ast-breadcrumbs-content":"","ast-featured-img":"","footer-sml-layout":"","theme-transparent-header-meta":"","adv-header-id-meta":"","stick-header-meta":"","header-above-stick-meta":"","header-main-stick-meta":"","header-below-stick-meta":"","ngg_post_thumbnail":0,"footnotes":""},"class_list":["post-391","page","type-page","status-publish","hentry"],"uagb_featured_image_src":{"full":false,"thumbnail":false,"medium":false,"medium_large":false,"large":false,"1536x1536":false,"2048x2048":false},"uagb_author_info":{"display_name":"oetsrm_admin","author_link":"https:\/\/srmadeira.oet.pt\/wordpress\/author\/oetsrm_admin\/"},"uagb_comment_info":0,"uagb_excerpt":null,"_links":{"self":[{"href":"https:\/\/srmadeira.oet.pt\/wordpress\/wp-json\/wp\/v2\/pages\/391","targetHints":{"allow":["GET"]}}],"collection":[{"href":"https:\/\/srmadeira.oet.pt\/wordpress\/wp-json\/wp\/v2\/pages"}],"about":[{"href":"https:\/\/srmadeira.oet.pt\/wordpress\/wp-json\/wp\/v2\/types\/page"}],"author":[{"embeddable":true,"href":"https:\/\/srmadeira.oet.pt\/wordpress\/wp-json\/wp\/v2\/users\/1"}],"replies":[{"embeddable":true,"href":"https:\/\/srmadeira.oet.pt\/wordpress\/wp-json\/wp\/v2\/comments?post=391"}],"version-history":[{"count":235,"href":"https:\/\/srmadeira.oet.pt\/wordpress\/wp-json\/wp\/v2\/pages\/391\/revisions"}],"predecessor-version":[{"id":1799,"href":"https:\/\/srmadeira.oet.pt\/wordpress\/wp-json\/wp\/v2\/pages\/391\/revisions\/1799"}],"wp:attachment":[{"href":"https:\/\/srmadeira.oet.pt\/wordpress\/wp-json\/wp\/v2\/media?parent=391"}],"curies":[{"name":"wp","href":"https:\/\/api.w.org\/{rel}","templated":true}]}}